{"id":113,"date":"2017-02-05T00:49:50","date_gmt":"2017-02-04T23:49:50","guid":{"rendered":"http:\/\/mediagoras.fr\/?page_id=113"},"modified":"2026-08-16T18:31:58","modified_gmt":"2026-08-16T16:31:58","slug":"semaine-dinformation-sur-la-sante-mentale","status":"publish","type":"page","link":"https:\/\/mediagoras.fr\/exemple\/semaine-dinformation-sur-la-sante-mentale\/","title":{"rendered":"Semaine d&rsquo;information sur la sant\u00e9 mentale"},"content":{"rendered":"[et_pb_section fb_built=\u00a0\u00bb1&Prime; admin_label=\u00a0\u00bbsection\u00a0\u00bb _builder_version=\u00a0\u00bb4.16&Prime; global_colors_info=\u00a0\u00bb{}\u00a0\u00bb][et_pb_row admin_label=\u00a0\u00bbrow\u00a0\u00bb _builder_version=\u00a0\u00bb4.16&Prime; background_size=\u00a0\u00bbinitial\u00a0\u00bb background_position=\u00a0\u00bbtop_left\u00a0\u00bb background_repeat=\u00a0\u00bbrepeat\u00a0\u00bb global_colors_info=\u00a0\u00bb{}\u00a0\u00bb][et_pb_column type=\u00a0\u00bb4_4&Prime; _builder_version=\u00a0\u00bb4.16&Prime; custom_padding=\u00a0\u00bb|||\u00a0\u00bb global_colors_info=\u00a0\u00bb{}\u00a0\u00bb custom_padding__hover=\u00a0\u00bb|||\u00a0\u00bb][et_pb_text admin_label=\u00a0\u00bbText\u00a0\u00bb _builder_version=\u00a0\u00bb4.27.6&Prime; background_size=\u00a0\u00bbinitial\u00a0\u00bb background_position=\u00a0\u00bbtop_left\u00a0\u00bb background_repeat=\u00a0\u00bbrepeat\u00a0\u00bb hover_enabled=\u00a0\u00bb0&Prime; global_colors_info=\u00a0\u00bb{}\u00a0\u00bb header_3_text_color=\u00a0\u00bb#fc711c\u00a0\u00bb sticky_enabled=\u00a0\u00bb0&Prime;]\n<p style=\"text-align: left;\">Cette ann\u00e9e, les Semaines d&rsquo;information sur la sant\u00e9 mentale (SISM) se d\u00e9rouleront du <span style=\"background-color: #ffff99;\"><strong>13 au 26 mars 2017<\/strong><\/span><span style=\"font-size: small;\">(*)<\/span>. Des manifestations seront organis\u00e9es dans plusieurs r\u00e9gions fran\u00e7aises.<\/p>\n<p style=\"text-align: left;\">Voici &#8211;&gt; <a href=\"http:\/\/semaine-sante-mentale.fr\/\" target=\"_blank\" rel=\"noopener\">l&rsquo;adresse du site national<\/a>\u00a0 &lt;&#8211;<\/p>\n<p style=\"text-align: left;\">Et quelques adresses de <a href=\"http:\/\/www.semaine-sante-mentale.fr\/collectif-sism\/collectifs-locaux\/\" target=\"_blank\" rel=\"noopener\">sites r\u00e9gionaux<\/a> (souvent + complets localement)<\/p>\n<p style=\"text-align: left;\">La plupart de ces sites donnent le programme d\u00e9taill\u00e9 de toutes leurs manifestations avec souvent la possibilit\u00e9 de l&rsquo;imprimer.<\/p>\n<p>On peut trouver de nombreuses informations et contacts dans ces diverses manifestations, destin\u00e9es (pour certaines d&rsquo;entre elles) aussi bien aux professionnels qu&rsquo;au grand public.<\/p>\n<p>N&rsquo;h\u00e9sitez pas \u00e0 profiter de la SISM pour aller \u00e0 la rencontre des structures soignantes et des associations de patients de votre d\u00e9partement et \u00e0 nous faire part de vos commentaires par le formulaire ci-dessous.<\/p>\n<h3>C&rsquo;est \u00e0 force de tirer de nombreuses sonnettes que vous trouverez les bonnes pour vous-m\u00eame ou vos proches !<\/h3>\n<p style=\"text-align: left;\"><span style=\"font-size: small;\">(*) <span class=\"Apple-style-span\">dans certains d\u00e9partements,\u00a0<\/span>quelques manifestations se d\u00e9rouleront qqs jours avant ou apr\u00e8s.<span style=\"color: #ff0000;\"><br \/><\/span><\/span><\/p>\n[\/et_pb_text][\/et_pb_column][\/et_pb_row][\/et_pb_section]\n","protected":false},"excerpt":{"rendered":"<p>Cette ann\u00e9e, les Semaines d&rsquo;information sur la sant\u00e9 mentale (SISM) se d\u00e9rouleront du 13 au 26 mars 2017(*). Des manifestations seront organis\u00e9es dans plusieurs r\u00e9gions fran\u00e7aises. Voici &#8211;&gt; l&rsquo;adresse du site national\u00a0 &lt;&#8211; Et quelques adresses de sites r\u00e9gionaux (souvent + complets localement) La plupart de ces sites donnent le programme d\u00e9taill\u00e9 de toutes leurs [&hellip;]<\/p>\n","protected":false},"author":38,"featured_media":3904,"parent":0,"menu_order":0,"comment_status":"open","ping_status":"closed","template":"","meta":{"_et_pb_use_builder":"on","_et_pb_old_content":"<p style=\"text-align: center\">Cette ann\u00e9e, les Semaines d'information sur la sant\u00e9 mentale (SISM) se d\u00e9rouleront du <span style=\"background-color: #ffff99\"><strong>13 au 26 mars 2017<\/strong><\/span><span style=\"font-size: small\">(*)<\/span>. Des manifestations seront organis\u00e9es dans plusieurs r\u00e9gions fran\u00e7aises.<\/p>\n<p style=\"text-align: center\">Voici --&gt; <a href=\"http:\/\/semaine-sante-mentale.fr\/\" target=\"_blank\">l'adresse du site national<\/a>\u00a0 &lt;--<\/p>\n<p style=\"text-align: center\">Et quelques adresses de <a href=\"http:\/\/www.semaine-sante-mentale.fr\/collectif-sism\/collectifs-locaux\/\" target=\"_blank\">sites r\u00e9gionaux<\/a> (souvent + complets localement)<\/p>\n<p style=\"text-align: center\">La plupart de ces sites donnent le programme d\u00e9taill\u00e9 de toutes leurs manifestations avec souvent la possibilit\u00e9 de l'imprimer.<\/p>\n<p style=\"text-align: center\">On peut trouver de nombreuses informations et contacts dans ces diverses manifestations, destin\u00e9es (pour certaines d'entre elles) aussi bien aux professionnels qu'au grand public.<\/p>\n<p style=\"text-align: center\">N'h\u00e9sitez pas \u00e0 profiter de la SISM pour aller \u00e0 la rencontre des structures soignantes et des associations de patients de votre d\u00e9partement et \u00e0 nous faire part de vos commentaires par le formulaire ci-dessous.<\/p>\n<p style=\"text-align: center\"><span style=\"font-size: large;font-family: comic sans ms,sans-serif\">C'est \u00e0 force de tirer de nombreuses sonnettes que vous trouverez les bonnes pour vous-m\u00eame ou vos proches !<\/span><\/p>\n<span style=\"font-size: small\">(*) <span class=\"Apple-style-span\">dans certains d\u00e9partements,\u00a0<\/span>quelques manifestations se d\u00e9rouleront qqs jours avant ou apr\u00e8s.<span style=\"color: #ff0000\">\n<\/span><\/span>","_et_gb_content_width":"","footnotes":""},"class_list":["post-113","page","type-page","status-publish","has-post-thumbnail","hentry"],"yoast_head":"<!-- This site is optimized with the Yoast SEO plugin v28.3 - https:\/\/yoast.com\/product\/yoast-seo-wordpress\/ -->\n<title>Semaine d&#039;information sur la sant\u00e9 mentale - Mediagoras<\/title>\n<meta name=\"robots\" content=\"index, follow, max-snippet:-1, max-image-preview:large, max-video-preview:-1\" \/>\n<link rel=\"canonical\" href=\"https:\/\/mediagoras.fr\/exemple\/semaine-dinformation-sur-la-sante-mentale\/\" \/>\n<meta property=\"og:locale\" content=\"fr_FR\" \/>\n<meta property=\"og:type\" content=\"article\" \/>\n<meta property=\"og:title\" content=\"Semaine d&#039;information sur la sant\u00e9 mentale - Mediagoras\" \/>\n<meta property=\"og:description\" content=\"Cette ann\u00e9e, les Semaines d&#039;information sur la sant\u00e9 mentale (SISM) se d\u00e9rouleront du 13 au 26 mars 2017(*). Des manifestations seront organis\u00e9es dans plusieurs r\u00e9gions fran\u00e7aises. Voici --&gt; l&#039;adresse du site national\u00a0 &lt;-- Et quelques adresses de sites r\u00e9gionaux (souvent + complets localement) La plupart de ces sites donnent le programme d\u00e9taill\u00e9 de toutes leurs [&hellip;]\" \/>\n<meta property=\"og:url\" content=\"https:\/\/mediagoras.fr\/exemple\/semaine-dinformation-sur-la-sante-mentale\/\" \/>\n<meta property=\"og:site_name\" content=\"M\u00e9diagoras Lyon\" \/>\n<meta property=\"article:modified_time\" content=\"2026-08-16T16:31:58+00:00\" \/>\n<meta property=\"og:image\" content=\"http:\/\/mediagoras.fr\/exemple\/files\/2026\/08\/semaine-sante-mentale.jpg\" \/>\n\t<meta property=\"og:image:width\" content=\"1000\" \/>\n\t<meta property=\"og:image:height\" content=\"560\" \/>\n\t<meta property=\"og:image:type\" content=\"image\/jpeg\" \/>\n<meta name=\"twitter:card\" content=\"summary_large_image\" \/>\n<meta name=\"twitter:label1\" content=\"Dur\u00e9e de lecture estim\u00e9e\" \/>\n\t<meta name=\"twitter:data1\" content=\"1 minute\" \/>\n<script type=\"application\/ld+json\" class=\"yoast-schema-graph\">{\"@context\":\"https:\\\/\\\/schema.org\",\"@graph\":[{\"@type\":\"WebPage\",\"@id\":\"https:\\\/\\\/mediagoras.fr\\\/exemple\\\/semaine-dinformation-sur-la-sante-mentale\\\/\",\"url\":\"https:\\\/\\\/mediagoras.fr\\\/exemple\\\/semaine-dinformation-sur-la-sante-mentale\\\/\",\"name\":\"Semaine d'information sur la sant\u00e9 mentale - Mediagoras\",\"isPartOf\":{\"@id\":\"https:\\\/\\\/mediagoras.fr\\\/exemple\\\/#website\"},\"primaryImageOfPage\":{\"@id\":\"https:\\\/\\\/mediagoras.fr\\\/exemple\\\/semaine-dinformation-sur-la-sante-mentale\\\/#primaryimage\"},\"image\":{\"@id\":\"https:\\\/\\\/mediagoras.fr\\\/exemple\\\/semaine-dinformation-sur-la-sante-mentale\\\/#primaryimage\"},\"thumbnailUrl\":\"https:\\\/\\\/mediagoras.fr\\\/exemple\\\/files\\\/2026\\\/08\\\/semaine-sante-mentale.jpg\",\"datePublished\":\"2017-02-04T23:49:50+00:00\",\"dateModified\":\"2026-08-16T16:31:58+00:00\",\"breadcrumb\":{\"@id\":\"https:\\\/\\\/mediagoras.fr\\\/exemple\\\/semaine-dinformation-sur-la-sante-mentale\\\/#breadcrumb\"},\"inLanguage\":\"fr-FR\",\"potentialAction\":[{\"@type\":\"ReadAction\",\"target\":[\"https:\\\/\\\/mediagoras.fr\\\/exemple\\\/semaine-dinformation-sur-la-sante-mentale\\\/\"]}]},{\"@type\":\"ImageObject\",\"inLanguage\":\"fr-FR\",\"@id\":\"https:\\\/\\\/mediagoras.fr\\\/exemple\\\/semaine-dinformation-sur-la-sante-mentale\\\/#primaryimage\",\"url\":\"https:\\\/\\\/mediagoras.fr\\\/exemple\\\/files\\\/2026\\\/08\\\/semaine-sante-mentale.jpg\",\"contentUrl\":\"https:\\\/\\\/mediagoras.fr\\\/exemple\\\/files\\\/2026\\\/08\\\/semaine-sante-mentale.jpg\",\"width\":1000,\"height\":560},{\"@type\":\"BreadcrumbList\",\"@id\":\"https:\\\/\\\/mediagoras.fr\\\/exemple\\\/semaine-dinformation-sur-la-sante-mentale\\\/#breadcrumb\",\"itemListElement\":[{\"@type\":\"ListItem\",\"position\":1,\"name\":\"Accueil\",\"item\":\"https:\\\/\\\/mediagoras.fr\\\/exemple\\\/\"},{\"@type\":\"ListItem\",\"position\":2,\"name\":\"Semaine d&rsquo;information sur la sant\u00e9 mentale\"}]},{\"@type\":\"WebSite\",\"@id\":\"https:\\\/\\\/mediagoras.fr\\\/exemple\\\/#website\",\"url\":\"https:\\\/\\\/mediagoras.fr\\\/exemple\\\/\",\"name\":\"M\u00e9diagoras Lyon\",\"description\":\"Un site utilisant R\u00e9seau Mediagora\",\"potentialAction\":[{\"@type\":\"SearchAction\",\"target\":{\"@type\":\"EntryPoint\",\"urlTemplate\":\"https:\\\/\\\/mediagoras.fr\\\/exemple\\\/?s={search_term_string}\"},\"query-input\":{\"@type\":\"PropertyValueSpecification\",\"valueRequired\":true,\"valueName\":\"search_term_string\"}}],\"inLanguage\":\"fr-FR\"}]}<\/script>\n<!-- \/ Yoast SEO plugin. -->","yoast_head_json":{"title":"Semaine d'information sur la sant\u00e9 mentale - Mediagoras","robots":{"index":"index","follow":"follow","max-snippet":"max-snippet:-1","max-image-preview":"max-image-preview:large","max-video-preview":"max-video-preview:-1"},"canonical":"https:\/\/mediagoras.fr\/exemple\/semaine-dinformation-sur-la-sante-mentale\/","og_locale":"fr_FR","og_type":"article","og_title":"Semaine d'information sur la sant\u00e9 mentale - Mediagoras","og_description":"Cette ann\u00e9e, les Semaines d'information sur la sant\u00e9 mentale (SISM) se d\u00e9rouleront du 13 au 26 mars 2017(*). Des manifestations seront organis\u00e9es dans plusieurs r\u00e9gions fran\u00e7aises. Voici --&gt; l'adresse du site national\u00a0 &lt;-- Et quelques adresses de sites r\u00e9gionaux (souvent + complets localement) La plupart de ces sites donnent le programme d\u00e9taill\u00e9 de toutes leurs [&hellip;]","og_url":"https:\/\/mediagoras.fr\/exemple\/semaine-dinformation-sur-la-sante-mentale\/","og_site_name":"M\u00e9diagoras Lyon","article_modified_time":"2026-08-16T16:31:58+00:00","og_image":[{"width":1000,"height":560,"url":"http:\/\/mediagoras.fr\/exemple\/files\/2026\/08\/semaine-sante-mentale.jpg","type":"image\/jpeg"}],"twitter_card":"summary_large_image","twitter_misc":{"Dur\u00e9e de lecture estim\u00e9e":"1 minute"},"schema":{"@context":"https:\/\/schema.org","@graph":[{"@type":"WebPage","@id":"https:\/\/mediagoras.fr\/exemple\/semaine-dinformation-sur-la-sante-mentale\/","url":"https:\/\/mediagoras.fr\/exemple\/semaine-dinformation-sur-la-sante-mentale\/","name":"Semaine d'information sur la sant\u00e9 mentale - Mediagoras","isPartOf":{"@id":"https:\/\/mediagoras.fr\/exemple\/#website"},"primaryImageOfPage":{"@id":"https:\/\/mediagoras.fr\/exemple\/semaine-dinformation-sur-la-sante-mentale\/#primaryimage"},"image":{"@id":"https:\/\/mediagoras.fr\/exemple\/semaine-dinformation-sur-la-sante-mentale\/#primaryimage"},"thumbnailUrl":"https:\/\/mediagoras.fr\/exemple\/files\/2026\/08\/semaine-sante-mentale.jpg","datePublished":"2017-02-04T23:49:50+00:00","dateModified":"2026-08-16T16:31:58+00:00","breadcrumb":{"@id":"https:\/\/mediagoras.fr\/exemple\/semaine-dinformation-sur-la-sante-mentale\/#breadcrumb"},"inLanguage":"fr-FR","potentialAction":[{"@type":"ReadAction","target":["https:\/\/mediagoras.fr\/exemple\/semaine-dinformation-sur-la-sante-mentale\/"]}]},{"@type":"ImageObject","inLanguage":"fr-FR","@id":"https:\/\/mediagoras.fr\/exemple\/semaine-dinformation-sur-la-sante-mentale\/#primaryimage","url":"https:\/\/mediagoras.fr\/exemple\/files\/2026\/08\/semaine-sante-mentale.jpg","contentUrl":"https:\/\/mediagoras.fr\/exemple\/files\/2026\/08\/semaine-sante-mentale.jpg","width":1000,"height":560},{"@type":"BreadcrumbList","@id":"https:\/\/mediagoras.fr\/exemple\/semaine-dinformation-sur-la-sante-mentale\/#breadcrumb","itemListElement":[{"@type":"ListItem","position":1,"name":"Accueil","item":"https:\/\/mediagoras.fr\/exemple\/"},{"@type":"ListItem","position":2,"name":"Semaine d&rsquo;information sur la sant\u00e9 mentale"}]},{"@type":"WebSite","@id":"https:\/\/mediagoras.fr\/exemple\/#website","url":"https:\/\/mediagoras.fr\/exemple\/","name":"M\u00e9diagoras Lyon","description":"Un site utilisant R\u00e9seau Mediagora","potentialAction":[{"@type":"SearchAction","target":{"@type":"EntryPoint","urlTemplate":"https:\/\/mediagoras.fr\/exemple\/?s={search_term_string}"},"query-input":{"@type":"PropertyValueSpecification","valueRequired":true,"valueName":"search_term_string"}}],"inLanguage":"fr-FR"}]}},"_links":{"self":[{"href":"https:\/\/mediagoras.fr\/exemple\/wp-json\/wp\/v2\/pages\/113","targetHints":{"allow":["GET"]}}],"collection":[{"href":"https:\/\/mediagoras.fr\/exemple\/wp-json\/wp\/v2\/pages"}],"about":[{"href":"https:\/\/mediagoras.fr\/exemple\/wp-json\/wp\/v2\/types\/page"}],"author":[{"embeddable":true,"href":"https:\/\/mediagoras.fr\/exemple\/wp-json\/wp\/v2\/users\/38"}],"replies":[{"embeddable":true,"href":"https:\/\/mediagoras.fr\/exemple\/wp-json\/wp\/v2\/comments?post=113"}],"version-history":[{"count":3,"href":"https:\/\/mediagoras.fr\/exemple\/wp-json\/wp\/v2\/pages\/113\/revisions"}],"predecessor-version":[{"id":3902,"href":"https:\/\/mediagoras.fr\/exemple\/wp-json\/wp\/v2\/pages\/113\/revisions\/3902"}],"wp:featuredmedia":[{"embeddable":true,"href":"https:\/\/mediagoras.fr\/exemple\/wp-json\/wp\/v2\/media\/3904"}],"wp:attachment":[{"href":"https:\/\/mediagoras.fr\/exemple\/wp-json\/wp\/v2\/media?parent=113"}],"curies":[{"name":"wp","href":"https:\/\/api.w.org\/{rel}","templated":true}]}}