{"id":1420,"date":"2026-04-09T18:17:42","date_gmt":"2026-04-09T16:17:42","guid":{"rendered":"https:\/\/mediagoras.fr\/exemple\/?page_id=1420"},"modified":"2026-08-31T16:37:41","modified_gmt":"2026-08-31T14:37:41","slug":"aide-anxiete-phobies","status":"publish","type":"page","link":"https:\/\/mediagoras.fr\/exemple\/aide-anxiete-phobies\/","title":{"rendered":"A quoi sert M\u00e9diagora ?"},"content":{"rendered":"[et_pb_section fb_built=\u00a0\u00bb1&Prime; admin_label=\u00a0\u00bbsection\u00a0\u00bb _builder_version=\u00a0\u00bb4.16&Prime; global_colors_info=\u00a0\u00bb{}\u00a0\u00bb][et_pb_row column_structure=\u00a0\u00bb1_2,1_2&Prime; admin_label=\u00a0\u00bbrow\u00a0\u00bb _builder_version=\u00a0\u00bb4.16&Prime; background_size=\u00a0\u00bbinitial\u00a0\u00bb background_position=\u00a0\u00bbtop_left\u00a0\u00bb background_repeat=\u00a0\u00bbrepeat\u00a0\u00bb global_colors_info=\u00a0\u00bb{}\u00a0\u00bb][et_pb_column type=\u00a0\u00bb1_2&Prime; _builder_version=\u00a0\u00bb4.16&Prime; custom_padding=\u00a0\u00bb|||\u00a0\u00bb global_colors_info=\u00a0\u00bb{}\u00a0\u00bb custom_padding__hover=\u00a0\u00bb|||\u00a0\u00bb][et_pb_image src=\u00a0\u00bbhttp:\/\/mediagoras.fr\/exemple\/files\/2026\/07\/Reunion_coloree.png\u00a0\u00bb alt=\u00a0\u00bbAider les personnes anxieuses &#038; leur entourage\u00a0\u00bb title_text=\u00a0\u00bbAider les personnes anxieuses &#038; leur entourage\u00a0\u00bb disabled_on=\u00a0\u00bboff|off|on\u00a0\u00bb _builder_version=\u00a0\u00bb4.27.6&Prime; _module_preset=\u00a0\u00bbdefault\u00a0\u00bb border_radii=\u00a0\u00bbon|10px|10px|10px|10px\u00a0\u00bb global_colors_info=\u00a0\u00bb{}\u00a0\u00bb][\/et_pb_image][et_pb_text _builder_version=\u00a0\u00bb4.27.6&Prime; ul_font=\u00a0\u00bb||||||||\u00a0\u00bb ol_font=\u00a0\u00bb||||||||\u00a0\u00bb header_font=\u00a0\u00bb||||||||\u00a0\u00bb header_2_text_color=\u00a0\u00bb#6e1950&Prime; header_2_font_size=\u00a0\u00bb44px\u00a0\u00bb header_2_line_height=\u00a0\u00bb1.2em\u00a0\u00bb custom_margin=\u00a0\u00bb||20px|\u00a0\u00bb header_2_font_size_tablet=\u00a0\u00bb36px\u00a0\u00bb header_2_font_size_phone=\u00a0\u00bb\u00a0\u00bb header_2_font_size_last_edited=\u00a0\u00bbon|phone\u00a0\u00bb locked=\u00a0\u00bboff\u00a0\u00bb global_colors_info=\u00a0\u00bb{}\u00a0\u00bb]\n<div id=\"ez-toc-container\" class=\"ez-toc-v2_0_87 counter-hierarchy ez-toc-counter ez-toc-light-blue ez-toc-container-direction\">\n<div class=\"ez-toc-title-container\">\n<p class=\"ez-toc-title\" style=\"cursor:inherit\">Contenu de cette page<\/p>\n<span class=\"ez-toc-title-toggle\"><a href=\"#\" class=\"ez-toc-pull-right ez-toc-btn ez-toc-btn-xs ez-toc-btn-default ez-toc-toggle\" aria-label=\"Toggle Table of Content\"><span class=\"ez-toc-js-icon-con\"><span class=\"\"><span class=\"eztoc-hide\" style=\"display:none;\">Toggle<\/span><span class=\"ez-toc-icon-toggle-span\"><svg style=\"fill: #98009b;color:#98009b\" xmlns=\"http:\/\/www.w3.org\/2000\/svg\" class=\"list-377408\" width=\"20px\" height=\"20px\" viewBox=\"0 0 24 24\" fill=\"none\"><path d=\"M6 6H4v2h2V6zm14 0H8v2h12V6zM4 11h2v2H4v-2zm16 0H8v2h12v-2zM4 16h2v2H4v-2zm16 0H8v2h12v-2z\" fill=\"currentColor\"><\/path><\/svg><svg style=\"fill: #98009b;color:#98009b\" class=\"arrow-unsorted-368013\" xmlns=\"http:\/\/www.w3.org\/2000\/svg\" width=\"10px\" height=\"10px\" viewBox=\"0 0 24 24\" version=\"1.2\" baseProfile=\"tiny\"><path d=\"M18.2 9.3l-6.2-6.3-6.2 6.3c-.2.2-.3.4-.3.7s.1.5.3.7c.2.2.4.3.7.3h11c.3 0 .5-.1.7-.3.2-.2.3-.5.3-.7s-.1-.5-.3-.7zM5.8 14.7l6.2 6.3 6.2-6.3c.2-.2.3-.5.3-.7s-.1-.5-.3-.7c-.2-.2-.4-.3-.7-.3h-11c-.3 0-.5.1-.7.3-.2.2-.3.5-.3.7s.1.5.3.7z\"\/><\/svg><\/span><\/span><\/span><\/a><\/span><\/div>\n<nav><ul class='ez-toc-list ez-toc-list-level-1 ' ><li class='ez-toc-page-1 ez-toc-heading-level-2'><a class=\"ez-toc-link ez-toc-heading-1\" href=\"https:\/\/mediagoras.fr\/exemple\/aide-anxiete-phobies\/#Aider_les_personnes_anxieuses_leur_entourage\" >Aider les personnes anxieuses &amp; leur entourage<\/a><\/li><li class='ez-toc-page-1 ez-toc-heading-level-2'><a class=\"ez-toc-link ez-toc-heading-2\" href=\"https:\/\/mediagoras.fr\/exemple\/aide-anxiete-phobies\/#Conseils_infos_et_ecoute\" >Conseils, infos, et \u00e9coute<\/a><ul class='ez-toc-list-level-3' ><li class='ez-toc-heading-level-3'><a class=\"ez-toc-link ez-toc-heading-3\" href=\"https:\/\/mediagoras.fr\/exemple\/aide-anxiete-phobies\/#Aider_les_personnes_et_leur_entourage_proche_en_leur_apportant_informations_et_soutien_moral_avant_et_pendant_leur_demarche_de_soins_en_banalisant_notamment_limage_du_therapeute\" >Aider les personnes et leur entourage proche en leur apportant informations et soutien moral avant et pendant leur d\u00e9marche de soins en banalisant notamment l\u2019image du th\u00e9rapeute.<\/a><\/li><li class='ez-toc-page-1 ez-toc-heading-level-3'><a class=\"ez-toc-link ez-toc-heading-4\" href=\"https:\/\/mediagoras.fr\/exemple\/aide-anxiete-phobies\/#Agir_sur_lenvironnement_familial_scolaire_universitaire_professionnel_et_le_sensibiliser_sur_les_troubles_anxieux\" >Agir sur l\u2019environnement (familial, scolaire, universitaire, professionnel) et le sensibiliser sur les troubles anxieux.<\/a><\/li><li class='ez-toc-page-1 ez-toc-heading-level-3'><a class=\"ez-toc-link ez-toc-heading-5\" href=\"https:\/\/mediagoras.fr\/exemple\/aide-anxiete-phobies\/#Pour_atteindre_ses_objectifs_Mediagora_Lyon_developpe_2_poles_essentiels\" >Pour atteindre ses objectifs, M\u00e9diagora Lyon d\u00e9veloppe 2 p\u00f4les essentiels :<\/a><\/li><\/ul><\/li><\/ul><\/nav><\/div>\n<h2><span class=\"ez-toc-section\" id=\"Aider_les_personnes_anxieuses_leur_entourage\"><\/span>Aider les personnes anxieuses &amp; leur entourage<span class=\"ez-toc-section-end\"><\/span><\/h2>\n[\/et_pb_text][et_pb_divider divider_weight=\u00a0\u00bb9px\u00a0\u00bb _builder_version=\u00a0\u00bb4.27.6&Prime; max_width=\u00a0\u00bb50px\u00a0\u00bb locked=\u00a0\u00bboff\u00a0\u00bb global_colors_info=\u00a0\u00bb{}\u00a0\u00bb][\/et_pb_divider][et_pb_text _builder_version=\u00a0\u00bb4.27.6&Prime; _module_preset=\u00a0\u00bbdefault\u00a0\u00bb global_colors_info=\u00a0\u00bb{}\u00a0\u00bb]\n<p>L\u2019association M\u00e9diagora a pour vocation de venir en aide aux personnes souffrant de troubles anxieux ou de phobies, que ces personnes soient en soin ou non. Elle a aussi vocation \u00e0 aider leurs proches.<\/p>\n<p>Le principe premier des membres de l\u2019association est un engagement b\u00e9n\u00e9vole; ce sont des personnes en souffrance ou r\u00e9tablies, ou des th\u00e9rapeutes b\u00e9n\u00e9voles qui animent l\u2019association M\u00e9diagora.<\/p>\n<p>M\u00e9diagora se veut ind\u00e9pendante de tout pouvoir m\u00e9dical et pharmaceutique. Aucun essai th\u00e9rapeutique m\u00e9dicamenteux n\u2019est accept\u00e9 au sein m\u00eame de l\u2019association.<\/p>\n<p>M\u00e9diagora respecte la confidentialit\u00e9.<\/p>\n<p>M\u00e9diagora est apolitique et respecte les convictions religieuses de chacun.<\/p>\n[\/et_pb_text][\/et_pb_column][et_pb_column type=\u00a0\u00bb1_2&Prime; _builder_version=\u00a0\u00bb4.16&Prime; custom_padding=\u00a0\u00bb|||\u00a0\u00bb global_colors_info=\u00a0\u00bb{}\u00a0\u00bb custom_padding__hover=\u00a0\u00bb|||\u00a0\u00bb][et_pb_image src=\u00a0\u00bbhttp:\/\/mediagoras.fr\/exemple\/files\/2026\/08\/Reunion-ouverte-allegee-scaled.jpg\u00a0\u00bb alt=\u00a0\u00bbAider les personnes anxieuses &#038; leur entourage\u00a0\u00bb title_text=\u00a0\u00bbPatients discussing their psychological or addiction problem\u00a0\u00bb disabled_on=\u00a0\u00bbon|on|off\u00a0\u00bb _builder_version=\u00a0\u00bb4.27.6&Prime; _module_preset=\u00a0\u00bbdefault\u00a0\u00bb hover_enabled=\u00a0\u00bb0&Prime; border_radii=\u00a0\u00bbon|10px|10px|10px|10px\u00a0\u00bb global_colors_info=\u00a0\u00bb{}\u00a0\u00bb sticky_enabled=\u00a0\u00bb0&Prime;][\/et_pb_image][\/et_pb_column][\/et_pb_row][et_pb_row column_structure=\u00a0\u00bb1_2,1_2&Prime; admin_label=\u00a0\u00bbrow\u00a0\u00bb _builder_version=\u00a0\u00bb4.16&Prime; background_size=\u00a0\u00bbinitial\u00a0\u00bb background_position=\u00a0\u00bbtop_left\u00a0\u00bb background_repeat=\u00a0\u00bbrepeat\u00a0\u00bb global_colors_info=\u00a0\u00bb{}\u00a0\u00bb][et_pb_column type=\u00a0\u00bb1_2&Prime; _builder_version=\u00a0\u00bb4.16&Prime; custom_padding=\u00a0\u00bb|||\u00a0\u00bb global_colors_info=\u00a0\u00bb{}\u00a0\u00bb custom_padding__hover=\u00a0\u00bb|||\u00a0\u00bb][et_pb_image src=\u00a0\u00bbhttp:\/\/mediagoras.fr\/exemple\/files\/2026\/07\/Conseils-infos-et-ecoute.jpg\u00a0\u00bb alt=\u00a0\u00bbConseils, informations et \u00e9coute &#8211; Mediagoras Lyon\u00a0\u00bb title_text=\u00a0\u00bbConseils, infos et \u00e9coute\u00a0\u00bb _builder_version=\u00a0\u00bb4.27.6&Prime; _module_preset=\u00a0\u00bbdefault\u00a0\u00bb border_radii=\u00a0\u00bbon|10px|10px|10px|10px\u00a0\u00bb global_colors_info=\u00a0\u00bb{}\u00a0\u00bb][\/et_pb_image][\/et_pb_column][et_pb_column type=\u00a0\u00bb1_2&Prime; _builder_version=\u00a0\u00bb4.16&Prime; custom_padding=\u00a0\u00bb|||\u00a0\u00bb global_colors_info=\u00a0\u00bb{}\u00a0\u00bb custom_padding__hover=\u00a0\u00bb|||\u00a0\u00bb][et_pb_text _builder_version=\u00a0\u00bb4.27.6&Prime; ul_font=\u00a0\u00bb||||||||\u00a0\u00bb ol_font=\u00a0\u00bb||||||||\u00a0\u00bb header_font=\u00a0\u00bb||||||||\u00a0\u00bb header_2_text_color=\u00a0\u00bb#6e1950&Prime; header_2_font_size=\u00a0\u00bb44px\u00a0\u00bb header_2_line_height=\u00a0\u00bb1.2em\u00a0\u00bb custom_margin=\u00a0\u00bb||20px|\u00a0\u00bb header_2_font_size_tablet=\u00a0\u00bb36px\u00a0\u00bb header_2_font_size_phone=\u00a0\u00bb\u00a0\u00bb header_2_font_size_last_edited=\u00a0\u00bbon|phone\u00a0\u00bb locked=\u00a0\u00bboff\u00a0\u00bb global_colors_info=\u00a0\u00bb{}\u00a0\u00bb]\n<h2><span class=\"ez-toc-section\" id=\"Conseils_infos_et_ecoute\"><\/span>Conseils, infos, et \u00e9coute<span class=\"ez-toc-section-end\"><\/span><\/h2>\n[\/et_pb_text][et_pb_divider divider_weight=\u00a0\u00bb9px\u00a0\u00bb _builder_version=\u00a0\u00bb4.27.6&Prime; max_width=\u00a0\u00bb50px\u00a0\u00bb locked=\u00a0\u00bboff\u00a0\u00bb global_colors_info=\u00a0\u00bb{}\u00a0\u00bb][\/et_pb_divider][et_pb_text admin_label=\u00a0\u00bbText\u00a0\u00bb _builder_version=\u00a0\u00bb4.27.6&Prime; background_size=\u00a0\u00bbinitial\u00a0\u00bb background_position=\u00a0\u00bbtop_left\u00a0\u00bb background_repeat=\u00a0\u00bbrepeat\u00a0\u00bb global_colors_info=\u00a0\u00bb{}\u00a0\u00bb]\n<h3><span class=\"ez-toc-section\" id=\"Aider_les_personnes_et_leur_entourage_proche_en_leur_apportant_informations_et_soutien_moral_avant_et_pendant_leur_demarche_de_soins_en_banalisant_notamment_limage_du_therapeute\"><\/span><span style=\"font-family: inherit;\">Aider les personnes et leur entourage proche en leur apportant informations et soutien moral avant et pendant leur d\u00e9marche de soins en banalisant notamment l\u2019image du th\u00e9rapeute.<\/span><span class=\"ez-toc-section-end\"><\/span><\/h3>\n<p><span style=\"font-family: inherit;\">Favoriser la communication entre personnes pendant les r\u00e9unions et apr\u00e8s, gr\u00e2ce notamment \u00e0 notre Forum web priv\u00e9 et \u00e0 l\u2019\u00e9coute t\u00e9l\u00e9phonique. <\/span><span style=\"font-family: inherit;\">Recr\u00e9er un r\u00e9seau social bas\u00e9 sur des valeurs de confiance, respect, \u00e9coute, et confidentialit\u00e9. Celui-ci doit permettre \u00e0 chacun de faire le point sur son v\u00e9cu en le partageant, et de trouver un rythme propre capable de l\u2019aiguiller vers les diff\u00e9rentes th\u00e9rapies efficaces car pr\u00e9c\u00e9demment \u00e9prouv\u00e9es. On ne mesure jamais assez le bien-fond\u00e9 d\u2019un groupe \u00e0 travers son soutien et son exp\u00e9rience.<\/span><\/p>\n<h3><span class=\"ez-toc-section\" id=\"Agir_sur_lenvironnement_familial_scolaire_universitaire_professionnel_et_le_sensibiliser_sur_les_troubles_anxieux\"><\/span><span style=\"font-family: inherit;\">Agir sur l\u2019environnement (familial, scolaire, universitaire, professionnel) et le sensibiliser sur les troubles anxieux.<\/span><span class=\"ez-toc-section-end\"><\/span><\/h3>\n<p><span style=\"font-family: inherit;\">Contribuer \u00e0 instaurer \u00e0 terme un nouveau mod\u00e8le relationnel triangulaire \u00ab patient\/th\u00e9rapeute\/association \u00bb qui nous para\u00eet s\u2019inscrire dans la lign\u00e9e de l\u2019esprit des Th\u00e9rapies modernes, qui redonnent au patient, soutenu par le th\u00e9rapeute et relay\u00e9 par l\u2019association, un r\u00f4le actif dans la gestion de sa sant\u00e9 au sein de son environnement propre.<\/span><\/p>\n<h3><span class=\"ez-toc-section\" id=\"Pour_atteindre_ses_objectifs_Mediagora_Lyon_developpe_2_poles_essentiels\"><\/span><span style=\"font-family: inherit;\">Pour atteindre ses objectifs, M\u00e9diagora Lyon d\u00e9veloppe 2 p\u00f4les essentiels :<\/span><span class=\"ez-toc-section-end\"><\/span><\/h3>\n<p><span style=\"font-family: inherit;\">L\u2019information et le soutien \u00e0 distance (cf les menus \u00ab <a href=\"https:\/\/mediagoras.fr\/exemple\/liens\/\">Liens<\/a> \u00bb et \u00ab <a href=\"https:\/\/mediagoras.fr\/exemple\/nous-contacter\/\">Nous contacter<\/a> \u00bb). <\/span><span style=\"font-family: inherit; font-size: 14px;\">Des r\u00e9unions p\u00e9riodiques ainsi qu\u2019un forum priv\u00e9 (cf le menu \u00ab<\/span><a href=\"https:\/\/mediagoras.fr\/exemple\/reunions-hebdomadaires\/\" style=\"font-family: inherit; font-size: 14px;\"> Nos r\u00e9unions<\/a><span style=\"font-family: inherit; font-size: 14px;\"> \u00bb).<\/span><\/p>\n[\/et_pb_text][\/et_pb_column][\/et_pb_row][et_pb_row column_structure=\u00a0\u00bb1_4,1_4,1_4,1_4&Prime; use_custom_gutter=\u00a0\u00bbon\u00a0\u00bb gutter_width=\u00a0\u00bb2&Prime; _builder_version=\u00a0\u00bb4.27.6&Prime; _module_preset=\u00a0\u00bbdefault\u00a0\u00bb max_width=\u00a0\u00bb96%\u00a0\u00bb locked=\u00a0\u00bboff\u00a0\u00bb global_colors_info=\u00a0\u00bb{}\u00a0\u00bb][et_pb_column type=\u00a0\u00bb1_4&Prime; _builder_version=\u00a0\u00bb4.27.6&Prime; _module_preset=\u00a0\u00bbdefault\u00a0\u00bb global_colors_info=\u00a0\u00bb{}\u00a0\u00bb][\/et_pb_column][et_pb_column type=\u00a0\u00bb1_4&Prime; _builder_version=\u00a0\u00bb4.27.6&Prime; _module_preset=\u00a0\u00bbdefault\u00a0\u00bb global_colors_info=\u00a0\u00bb{}\u00a0\u00bb][et_pb_button button_url=\u00a0\u00bbhttps:\/\/mediagoras.fr\/exemple\/nous-contacter\/\u00a0\u00bb button_text=\u00a0\u00bbNous contacter\u00a0\u00bb button_alignment=\u00a0\u00bbcenter\u00a0\u00bb _builder_version=\u00a0\u00bb4.27.6&Prime; custom_button=\u00a0\u00bbon\u00a0\u00bb button_text_size=\u00a0\u00bb14px\u00a0\u00bb button_bg_color=\u00a0\u00bb#fc711c\u00a0\u00bb button_border_width=\u00a0\u00bb12px\u00a0\u00bb button_border_color=\u00a0\u00bb#fc711c\u00a0\u00bb button_font=\u00a0\u00bb|600||on|||||\u00a0\u00bb button_icon=\u00a0\u00bb&#x24;||divi||400&Prime; background_layout=\u00a0\u00bbdark\u00a0\u00bb custom_margin=\u00a0\u00bb||55px||false|false\u00a0\u00bb custom_padding=\u00a0\u00bb||||false|false\u00a0\u00bb animation_style=\u00a0\u00bbslide\u00a0\u00bb animation_direction=\u00a0\u00bbtop\u00a0\u00bb animation_intensity_slide=\u00a0\u00bb20%\u00a0\u00bb locked=\u00a0\u00bboff\u00a0\u00bb global_colors_info=\u00a0\u00bb{}\u00a0\u00bb button_text_size__hover_enabled=\u00a0\u00bboff\u00a0\u00bb button_one_text_size__hover_enabled=\u00a0\u00bboff\u00a0\u00bb button_two_text_size__hover_enabled=\u00a0\u00bboff\u00a0\u00bb button_text_color__hover_enabled=\u00a0\u00bboff\u00a0\u00bb button_one_text_color__hover_enabled=\u00a0\u00bboff\u00a0\u00bb button_two_text_color__hover_enabled=\u00a0\u00bboff\u00a0\u00bb button_border_width__hover_enabled=\u00a0\u00bboff\u00a0\u00bb button_one_border_width__hover_enabled=\u00a0\u00bboff\u00a0\u00bb button_two_border_width__hover_enabled=\u00a0\u00bboff\u00a0\u00bb button_border_color__hover_enabled=\u00a0\u00bboff\u00a0\u00bb button_one_border_color__hover_enabled=\u00a0\u00bboff\u00a0\u00bb button_two_border_color__hover_enabled=\u00a0\u00bboff\u00a0\u00bb button_border_radius__hover_enabled=\u00a0\u00bboff\u00a0\u00bb button_one_border_radius__hover_enabled=\u00a0\u00bboff\u00a0\u00bb button_two_border_radius__hover_enabled=\u00a0\u00bboff\u00a0\u00bb button_letter_spacing__hover_enabled=\u00a0\u00bboff\u00a0\u00bb button_one_letter_spacing__hover_enabled=\u00a0\u00bboff\u00a0\u00bb button_two_letter_spacing__hover_enabled=\u00a0\u00bboff\u00a0\u00bb button_bg_color__hover_enabled=\u00a0\u00bboff\u00a0\u00bb button_one_bg_color__hover_enabled=\u00a0\u00bboff\u00a0\u00bb button_two_bg_color__hover_enabled=\u00a0\u00bboff\u00a0\u00bb][\/et_pb_button][\/et_pb_column][et_pb_column type=\u00a0\u00bb1_4&Prime; _builder_version=\u00a0\u00bb4.27.6&Prime; _module_preset=\u00a0\u00bbdefault\u00a0\u00bb global_colors_info=\u00a0\u00bb{}\u00a0\u00bb][et_pb_button button_url=\u00a0\u00bbhttps:\/\/mediagoras.fr\/exemple\/reunions-hebdomadaires\/\u00a0\u00bb button_text=\u00a0\u00bbNos r\u00e9unions\u00a0\u00bb button_alignment=\u00a0\u00bbcenter\u00a0\u00bb _builder_version=\u00a0\u00bb4.27.6&Prime; custom_button=\u00a0\u00bbon\u00a0\u00bb button_text_size=\u00a0\u00bb14px\u00a0\u00bb button_bg_color=\u00a0\u00bb#fc711c\u00a0\u00bb button_border_width=\u00a0\u00bb12px\u00a0\u00bb button_border_color=\u00a0\u00bb#fc711c\u00a0\u00bb button_font=\u00a0\u00bb|600||on|||||\u00a0\u00bb button_icon=\u00a0\u00bb&#x24;||divi||400&Prime; background_layout=\u00a0\u00bbdark\u00a0\u00bb custom_margin=\u00a0\u00bb||55px||false|false\u00a0\u00bb custom_padding=\u00a0\u00bb||||false|false\u00a0\u00bb animation_style=\u00a0\u00bbslide\u00a0\u00bb animation_direction=\u00a0\u00bbtop\u00a0\u00bb animation_intensity_slide=\u00a0\u00bb20%\u00a0\u00bb locked=\u00a0\u00bboff\u00a0\u00bb global_colors_info=\u00a0\u00bb{}\u00a0\u00bb button_text_size__hover_enabled=\u00a0\u00bboff\u00a0\u00bb button_one_text_size__hover_enabled=\u00a0\u00bboff\u00a0\u00bb button_two_text_size__hover_enabled=\u00a0\u00bboff\u00a0\u00bb button_text_color__hover_enabled=\u00a0\u00bboff\u00a0\u00bb button_one_text_color__hover_enabled=\u00a0\u00bboff\u00a0\u00bb button_two_text_color__hover_enabled=\u00a0\u00bboff\u00a0\u00bb button_border_width__hover_enabled=\u00a0\u00bboff\u00a0\u00bb button_one_border_width__hover_enabled=\u00a0\u00bboff\u00a0\u00bb button_two_border_width__hover_enabled=\u00a0\u00bboff\u00a0\u00bb button_border_color__hover_enabled=\u00a0\u00bboff\u00a0\u00bb button_one_border_color__hover_enabled=\u00a0\u00bboff\u00a0\u00bb button_two_border_color__hover_enabled=\u00a0\u00bboff\u00a0\u00bb button_border_radius__hover_enabled=\u00a0\u00bboff\u00a0\u00bb button_one_border_radius__hover_enabled=\u00a0\u00bboff\u00a0\u00bb button_two_border_radius__hover_enabled=\u00a0\u00bboff\u00a0\u00bb button_letter_spacing__hover_enabled=\u00a0\u00bboff\u00a0\u00bb button_one_letter_spacing__hover_enabled=\u00a0\u00bboff\u00a0\u00bb button_two_letter_spacing__hover_enabled=\u00a0\u00bboff\u00a0\u00bb button_bg_color__hover_enabled=\u00a0\u00bboff\u00a0\u00bb button_one_bg_color__hover_enabled=\u00a0\u00bboff\u00a0\u00bb button_two_bg_color__hover_enabled=\u00a0\u00bboff\u00a0\u00bb][\/et_pb_button][\/et_pb_column][et_pb_column type=\u00a0\u00bb1_4&Prime; _builder_version=\u00a0\u00bb4.27.6&Prime; _module_preset=\u00a0\u00bbdefault\u00a0\u00bb global_colors_info=\u00a0\u00bb{}\u00a0\u00bb][\/et_pb_column][\/et_pb_row][\/et_pb_section]\n","protected":false},"excerpt":{"rendered":"<p>Aider les personnes anxieuses &amp; leur entourageL\u2019association M\u00e9diagora a pour vocation de venir en aide aux personnes souffrant de troubles anxieux ou de phobies, que ces personnes soient en soin ou non. Elle a aussi vocation \u00e0 aider leurs proches. Le principe premier des membres de l\u2019association est un engagement b\u00e9n\u00e9vole; ce sont des personnes [&hellip;]<\/p>\n","protected":false},"author":38,"featured_media":0,"parent":0,"menu_order":0,"comment_status":"closed","ping_status":"closed","template":"","meta":{"_et_pb_use_builder":"on","_et_pb_old_content":"<h2>Aider les anxieux et leurs entourages<\/h2>\r\nL\u2019association M\u00e9diagora a pour vocation de venir en aide aux personnes souffrant de troubles anxieux ou de phobies, que ces personnes soient en soin ou non. Elle a aussi vocation \u00e0 aider leurs proches.\r\n\r\nLe principe premier des membres de l\u2019association est un engagement b\u00e9n\u00e9vole; ce sont des personnes en souffrance ou gu\u00e9ries, ou des th\u00e9rapeutes b\u00e9n\u00e9voles qui animent l\u2019association M\u00e9diagora.\r\n\r\nM\u00e9diagora se veut ind\u00e9pendante de tout pouvoir m\u00e9dical et pharmaceutique. Aucun essai th\u00e9rapeutique m\u00e9dicamenteux n\u2019est accept\u00e9 au sein m\u00eame de l\u2019association.\r\n\r\nM\u00e9diagora respecte la confidentialit\u00e9.\r\n\r\nM\u00e9diagora est apolitique et respecte les convictions religieuses de chacun.\r\n<h2>Conseils, informations et \u00e9coute<\/h2>\r\nAider les personnes et leur entourage proche en leur apportant informations et soutien moral avant et pendant leur d\u00e9marche de soins en banalisant notamment l\u2019image du th\u00e9rapeute.\r\nFavoriser la communication entre personnes pendant les r\u00e9unions et apr\u00e8s, gr\u00e2ce notamment \u00e0 notre Forum web priv\u00e9 et \u00e0 l\u2019\u00e9coute t\u00e9l\u00e9phonique.\r\nRecr\u00e9er un r\u00e9seau social bas\u00e9 sur des valeurs de confiance, respect, \u00e9coute, et confidentialit\u00e9. Celui-ci doit permettre \u00e0 chacun de faire le point sur son v\u00e9cu en le partageant, et de trouver un rythme propre capable de l\u2019aiguiller vers les diff\u00e9rentes th\u00e9rapies efficaces car pr\u00e9c\u00e9demment \u00e9prouv\u00e9es. On ne mesure jamais assez le bien-fond\u00e9 d\u2019un groupe \u00e0 travers son soutien et son exp\u00e9rience.\r\nAgir sur l\u2019environnement (familial, scolaire, universitaire, professionnel) et le sensibiliser sur les troubles anxieux.\r\nContribuer \u00e0 instaurer \u00e0 terme un nouveau mod\u00e8le relationnel triangulaire \u00ab patient\/th\u00e9rapeute\/association \u00bb qui nous para\u00eet s\u2019inscrire dans la lign\u00e9e de l\u2019esprit des Th\u00e9rapies modernes, qui redonnent au patient, soutenu par le th\u00e9rapeute et relay\u00e9 par l\u2019association, un r\u00f4le actif dans la gestion de sa sant\u00e9 au sein de son environnement propre.\r\n\r\nPour atteindre ses objectifs, M\u00e9diagora Lyon d\u00e9veloppe 2 p\u00f4les essentiels:\r\n\r\nL\u2019information et le soutien \u00e0 distance (cf les menus \u00ab Liens \u00bb et \u00ab Nous contacter \u00bb)\r\nDes r\u00e9unions p\u00e9riodiques ainsi qu\u2019un forum priv\u00e9 (cf le menu \u00ab Nos r\u00e9unions \u00bb).","_et_gb_content_width":"","footnotes":""},"class_list":["post-1420","page","type-page","status-publish","hentry"],"yoast_head":"<!-- This site is optimized with the Yoast SEO plugin v28.3 - https:\/\/yoast.com\/product\/yoast-seo-wordpress\/ -->\n<title>A quoi sert M\u00e9diagora ? - M\u00e9diagoras Lyon<\/title>\n<meta name=\"description\" content=\"Aide anxi\u00e9t\u00e9 phobies sont trait\u00e9es par l&#039;association M\u00e9diagora Lyon qui apporte son exp\u00e9rience et ses solutions pour traiter les probl\u00e8mes.\" \/>\n<meta name=\"robots\" content=\"index, follow, max-snippet:-1, max-image-preview:large, max-video-preview:-1\" \/>\n<link rel=\"canonical\" href=\"https:\/\/mediagoras.fr\/exemple\/aide-anxiete-phobies\/\" \/>\n<meta property=\"og:locale\" content=\"fr_FR\" \/>\n<meta property=\"og:type\" content=\"article\" \/>\n<meta property=\"og:title\" content=\"A quoi sert M\u00e9diagora ? - M\u00e9diagoras Lyon\" \/>\n<meta property=\"og:description\" content=\"Aide anxi\u00e9t\u00e9 phobies sont trait\u00e9es par l&#039;association M\u00e9diagora Lyon qui apporte son exp\u00e9rience et ses solutions pour traiter les probl\u00e8mes.\" \/>\n<meta property=\"og:url\" content=\"https:\/\/mediagoras.fr\/exemple\/aide-anxiete-phobies\/\" \/>\n<meta property=\"og:site_name\" content=\"M\u00e9diagoras Lyon\" \/>\n<meta property=\"article:modified_time\" content=\"2026-08-31T14:37:41+00:00\" \/>\n<meta name=\"twitter:card\" content=\"summary_large_image\" \/>\n<meta name=\"twitter:label1\" content=\"Dur\u00e9e de lecture estim\u00e9e\" \/>\n\t<meta name=\"twitter:data1\" content=\"3 minutes\" \/>\n<script type=\"application\/ld+json\" class=\"yoast-schema-graph\">{\"@context\":\"https:\\\/\\\/schema.org\",\"@graph\":[{\"@type\":\"WebPage\",\"@id\":\"https:\\\/\\\/mediagoras.fr\\\/exemple\\\/aide-anxiete-phobies\\\/\",\"url\":\"https:\\\/\\\/mediagoras.fr\\\/exemple\\\/aide-anxiete-phobies\\\/\",\"name\":\"A quoi sert M\u00e9diagora ? - M\u00e9diagoras Lyon\",\"isPartOf\":{\"@id\":\"https:\\\/\\\/mediagoras.fr\\\/exemple\\\/#website\"},\"datePublished\":\"2026-04-09T16:17:42+00:00\",\"dateModified\":\"2026-08-31T14:37:41+00:00\",\"description\":\"Aide anxi\u00e9t\u00e9 phobies sont trait\u00e9es par l'association M\u00e9diagora Lyon qui apporte son exp\u00e9rience et ses solutions pour traiter les probl\u00e8mes.\",\"breadcrumb\":{\"@id\":\"https:\\\/\\\/mediagoras.fr\\\/exemple\\\/aide-anxiete-phobies\\\/#breadcrumb\"},\"inLanguage\":\"fr-FR\",\"potentialAction\":[{\"@type\":\"ReadAction\",\"target\":[\"https:\\\/\\\/mediagoras.fr\\\/exemple\\\/aide-anxiete-phobies\\\/\"]}]},{\"@type\":\"BreadcrumbList\",\"@id\":\"https:\\\/\\\/mediagoras.fr\\\/exemple\\\/aide-anxiete-phobies\\\/#breadcrumb\",\"itemListElement\":[{\"@type\":\"ListItem\",\"position\":1,\"name\":\"Accueil\",\"item\":\"https:\\\/\\\/mediagoras.fr\\\/exemple\\\/\"},{\"@type\":\"ListItem\",\"position\":2,\"name\":\"A quoi sert M\u00e9diagora ?\"}]},{\"@type\":\"WebSite\",\"@id\":\"https:\\\/\\\/mediagoras.fr\\\/exemple\\\/#website\",\"url\":\"https:\\\/\\\/mediagoras.fr\\\/exemple\\\/\",\"name\":\"M\u00e9diagoras Lyon\",\"description\":\"Un site utilisant R\u00e9seau Mediagora\",\"potentialAction\":[{\"@type\":\"SearchAction\",\"target\":{\"@type\":\"EntryPoint\",\"urlTemplate\":\"https:\\\/\\\/mediagoras.fr\\\/exemple\\\/?s={search_term_string}\"},\"query-input\":{\"@type\":\"PropertyValueSpecification\",\"valueRequired\":true,\"valueName\":\"search_term_string\"}}],\"inLanguage\":\"fr-FR\"}]}<\/script>\n<!-- \/ Yoast SEO plugin. -->","yoast_head_json":{"title":"A quoi sert M\u00e9diagora ? - M\u00e9diagoras Lyon","description":"Aide anxi\u00e9t\u00e9 phobies sont trait\u00e9es par l'association M\u00e9diagora Lyon qui apporte son exp\u00e9rience et ses solutions pour traiter les probl\u00e8mes.","robots":{"index":"index","follow":"follow","max-snippet":"max-snippet:-1","max-image-preview":"max-image-preview:large","max-video-preview":"max-video-preview:-1"},"canonical":"https:\/\/mediagoras.fr\/exemple\/aide-anxiete-phobies\/","og_locale":"fr_FR","og_type":"article","og_title":"A quoi sert M\u00e9diagora ? - M\u00e9diagoras Lyon","og_description":"Aide anxi\u00e9t\u00e9 phobies sont trait\u00e9es par l'association M\u00e9diagora Lyon qui apporte son exp\u00e9rience et ses solutions pour traiter les probl\u00e8mes.","og_url":"https:\/\/mediagoras.fr\/exemple\/aide-anxiete-phobies\/","og_site_name":"M\u00e9diagoras Lyon","article_modified_time":"2026-08-31T14:37:41+00:00","twitter_card":"summary_large_image","twitter_misc":{"Dur\u00e9e de lecture estim\u00e9e":"3 minutes"},"schema":{"@context":"https:\/\/schema.org","@graph":[{"@type":"WebPage","@id":"https:\/\/mediagoras.fr\/exemple\/aide-anxiete-phobies\/","url":"https:\/\/mediagoras.fr\/exemple\/aide-anxiete-phobies\/","name":"A quoi sert M\u00e9diagora ? - M\u00e9diagoras Lyon","isPartOf":{"@id":"https:\/\/mediagoras.fr\/exemple\/#website"},"datePublished":"2026-04-09T16:17:42+00:00","dateModified":"2026-08-31T14:37:41+00:00","description":"Aide anxi\u00e9t\u00e9 phobies sont trait\u00e9es par l'association M\u00e9diagora Lyon qui apporte son exp\u00e9rience et ses solutions pour traiter les probl\u00e8mes.","breadcrumb":{"@id":"https:\/\/mediagoras.fr\/exemple\/aide-anxiete-phobies\/#breadcrumb"},"inLanguage":"fr-FR","potentialAction":[{"@type":"ReadAction","target":["https:\/\/mediagoras.fr\/exemple\/aide-anxiete-phobies\/"]}]},{"@type":"BreadcrumbList","@id":"https:\/\/mediagoras.fr\/exemple\/aide-anxiete-phobies\/#breadcrumb","itemListElement":[{"@type":"ListItem","position":1,"name":"Accueil","item":"https:\/\/mediagoras.fr\/exemple\/"},{"@type":"ListItem","position":2,"name":"A quoi sert M\u00e9diagora ?"}]},{"@type":"WebSite","@id":"https:\/\/mediagoras.fr\/exemple\/#website","url":"https:\/\/mediagoras.fr\/exemple\/","name":"M\u00e9diagoras Lyon","description":"Un site utilisant R\u00e9seau Mediagora","potentialAction":[{"@type":"SearchAction","target":{"@type":"EntryPoint","urlTemplate":"https:\/\/mediagoras.fr\/exemple\/?s={search_term_string}"},"query-input":{"@type":"PropertyValueSpecification","valueRequired":true,"valueName":"search_term_string"}}],"inLanguage":"fr-FR"}]}},"_links":{"self":[{"href":"https:\/\/mediagoras.fr\/exemple\/wp-json\/wp\/v2\/pages\/1420","targetHints":{"allow":["GET"]}}],"collection":[{"href":"https:\/\/mediagoras.fr\/exemple\/wp-json\/wp\/v2\/pages"}],"about":[{"href":"https:\/\/mediagoras.fr\/exemple\/wp-json\/wp\/v2\/types\/page"}],"author":[{"embeddable":true,"href":"https:\/\/mediagoras.fr\/exemple\/wp-json\/wp\/v2\/users\/38"}],"replies":[{"embeddable":true,"href":"https:\/\/mediagoras.fr\/exemple\/wp-json\/wp\/v2\/comments?post=1420"}],"version-history":[{"count":24,"href":"https:\/\/mediagoras.fr\/exemple\/wp-json\/wp\/v2\/pages\/1420\/revisions"}],"predecessor-version":[{"id":3910,"href":"https:\/\/mediagoras.fr\/exemple\/wp-json\/wp\/v2\/pages\/1420\/revisions\/3910"}],"wp:attachment":[{"href":"https:\/\/mediagoras.fr\/exemple\/wp-json\/wp\/v2\/media?parent=1420"}],"curies":[{"name":"wp","href":"https:\/\/api.w.org\/{rel}","templated":true}]}}