{"id":1429,"date":"2026-04-09T18:22:58","date_gmt":"2026-04-09T16:22:58","guid":{"rendered":"https:\/\/mediagoras.fr\/exemple\/?page_id=1429"},"modified":"2026-08-31T17:05:17","modified_gmt":"2026-08-31T15:05:17","slug":"statuts","status":"publish","type":"page","link":"https:\/\/mediagoras.fr\/exemple\/statuts\/","title":{"rendered":"Statuts de l&rsquo;association"},"content":{"rendered":"[et_pb_section fb_built=\u00a0\u00bb1&Prime; admin_label=\u00a0\u00bbsection\u00a0\u00bb _builder_version=\u00a0\u00bb4.16&Prime; global_colors_info=\u00a0\u00bb{}\u00a0\u00bb][et_pb_row admin_label=\u00a0\u00bbrow\u00a0\u00bb _builder_version=\u00a0\u00bb4.16&Prime; background_size=\u00a0\u00bbinitial\u00a0\u00bb background_position=\u00a0\u00bbtop_left\u00a0\u00bb background_repeat=\u00a0\u00bbrepeat\u00a0\u00bb global_colors_info=\u00a0\u00bb{}\u00a0\u00bb][et_pb_column type=\u00a0\u00bb4_4&Prime; _builder_version=\u00a0\u00bb4.16&Prime; custom_padding=\u00a0\u00bb|||\u00a0\u00bb global_colors_info=\u00a0\u00bb{}\u00a0\u00bb custom_padding__hover=\u00a0\u00bb|||\u00a0\u00bb][et_pb_text _builder_version=\u00a0\u00bb4.27.6&Prime; ul_font=\u00a0\u00bb||||||||\u00a0\u00bb ol_font=\u00a0\u00bb||||||||\u00a0\u00bb header_font=\u00a0\u00bb||||||||\u00a0\u00bb header_2_text_color=\u00a0\u00bb#6e1950&Prime; header_2_font_size=\u00a0\u00bb44px\u00a0\u00bb header_2_line_height=\u00a0\u00bb1.2em\u00a0\u00bb custom_margin=\u00a0\u00bb||20px|\u00a0\u00bb header_2_font_size_tablet=\u00a0\u00bb36px\u00a0\u00bb header_2_font_size_phone=\u00a0\u00bb\u00a0\u00bb header_2_font_size_last_edited=\u00a0\u00bbon|phone\u00a0\u00bb locked=\u00a0\u00bboff\u00a0\u00bb global_colors_info=\u00a0\u00bb{}\u00a0\u00bb]\n<div id=\"ez-toc-container\" class=\"ez-toc-v2_0_87 counter-hierarchy ez-toc-counter ez-toc-light-blue ez-toc-container-direction\">\n<div class=\"ez-toc-title-container\">\n<p class=\"ez-toc-title\" style=\"cursor:inherit\">Contenu de cette page<\/p>\n<span class=\"ez-toc-title-toggle\"><a href=\"#\" class=\"ez-toc-pull-right ez-toc-btn ez-toc-btn-xs ez-toc-btn-default ez-toc-toggle\" aria-label=\"Toggle Table of Content\"><span class=\"ez-toc-js-icon-con\"><span class=\"\"><span class=\"eztoc-hide\" style=\"display:none;\">Toggle<\/span><span class=\"ez-toc-icon-toggle-span\"><svg style=\"fill: #98009b;color:#98009b\" xmlns=\"http:\/\/www.w3.org\/2000\/svg\" class=\"list-377408\" width=\"20px\" height=\"20px\" viewBox=\"0 0 24 24\" fill=\"none\"><path d=\"M6 6H4v2h2V6zm14 0H8v2h12V6zM4 11h2v2H4v-2zm16 0H8v2h12v-2zM4 16h2v2H4v-2zm16 0H8v2h12v-2z\" fill=\"currentColor\"><\/path><\/svg><svg style=\"fill: #98009b;color:#98009b\" class=\"arrow-unsorted-368013\" xmlns=\"http:\/\/www.w3.org\/2000\/svg\" width=\"10px\" height=\"10px\" viewBox=\"0 0 24 24\" version=\"1.2\" baseProfile=\"tiny\"><path d=\"M18.2 9.3l-6.2-6.3-6.2 6.3c-.2.2-.3.4-.3.7s.1.5.3.7c.2.2.4.3.7.3h11c.3 0 .5-.1.7-.3.2-.2.3-.5.3-.7s-.1-.5-.3-.7zM5.8 14.7l6.2 6.3 6.2-6.3c.2-.2.3-.5.3-.7s-.1-.5-.3-.7c-.2-.2-.4-.3-.7-.3h-11c-.3 0-.5.1-.7.3-.2.2-.3.5-.3.7s.1.5.3.7z\"\/><\/svg><\/span><\/span><\/span><\/a><\/span><\/div>\n<nav><ul class='ez-toc-list ez-toc-list-level-1 ' ><li class='ez-toc-page-1 ez-toc-heading-level-2'><a class=\"ez-toc-link ez-toc-heading-1\" href=\"https:\/\/mediagoras.fr\/exemple\/statuts\/#Statuts_de_lassociation_Mediagora_Lyon\" >Statuts de l&rsquo;association M\u00e9diagora Lyon<\/a><ul class='ez-toc-list-level-3' ><li class='ez-toc-heading-level-3'><a class=\"ez-toc-link ez-toc-heading-2\" href=\"https:\/\/mediagoras.fr\/exemple\/statuts\/#Article_1\" >Article 1<\/a><\/li><\/ul><\/li><li class='ez-toc-page-1 ez-toc-heading-level-2'><a class=\"ez-toc-link ez-toc-heading-3\" href=\"https:\/\/mediagoras.fr\/exemple\/statuts\/#Association_MEDIAGORA_LYON\" >Association MEDIAGORA LYON<\/a><ul class='ez-toc-list-level-3' ><li class='ez-toc-heading-level-3'><a class=\"ez-toc-link ez-toc-heading-4\" href=\"https:\/\/mediagoras.fr\/exemple\/statuts\/#Article_2\" >Article 2<\/a><\/li><li class='ez-toc-page-1 ez-toc-heading-level-3'><a class=\"ez-toc-link ez-toc-heading-5\" href=\"https:\/\/mediagoras.fr\/exemple\/statuts\/#Article_3_Siege_social\" >Article 3\u00a0: Si\u00e8ge social<\/a><\/li><li class='ez-toc-page-1 ez-toc-heading-level-3'><a class=\"ez-toc-link ez-toc-heading-6\" href=\"https:\/\/mediagoras.fr\/exemple\/statuts\/#Article_4\" >Article 4<\/a><\/li><\/ul><\/li><li class='ez-toc-page-1 ez-toc-heading-level-2'><a class=\"ez-toc-link ez-toc-heading-7\" href=\"https:\/\/mediagoras.fr\/exemple\/statuts\/#LES_MEMBRES\" >LES MEMBRES<\/a><ul class='ez-toc-list-level-3' ><li class='ez-toc-heading-level-3'><a class=\"ez-toc-link ez-toc-heading-8\" href=\"https:\/\/mediagoras.fr\/exemple\/statuts\/#Article_5_Adhesion\" >Article 5 : Adh\u00e9sion<\/a><\/li><li class='ez-toc-page-1 ez-toc-heading-level-3'><a class=\"ez-toc-link ez-toc-heading-9\" href=\"https:\/\/mediagoras.fr\/exemple\/statuts\/#Article_6_Adhesion_a_une_ou_plusieurs_associations_dassociations\" >Article 6 : Adh\u00e9sion \u00e0 une ou plusieurs associations d\u2019associations<\/a><\/li><li class='ez-toc-page-1 ez-toc-heading-level-3'><a class=\"ez-toc-link ez-toc-heading-10\" href=\"https:\/\/mediagoras.fr\/exemple\/statuts\/#Article_7_Demission\" >Article 7 : D\u00e9mission<\/a><\/li><li class='ez-toc-page-1 ez-toc-heading-level-3'><a class=\"ez-toc-link ez-toc-heading-11\" href=\"https:\/\/mediagoras.fr\/exemple\/statuts\/#Article_8_Radiation\" >Article 8 : Radiation<\/a><\/li><\/ul><\/li><li class='ez-toc-page-1 ez-toc-heading-level-2'><a class=\"ez-toc-link ez-toc-heading-12\" href=\"https:\/\/mediagoras.fr\/exemple\/statuts\/#LES_RESSOURCES\" >LES RESSOURCES<\/a><ul class='ez-toc-list-level-3' ><li class='ez-toc-heading-level-3'><a class=\"ez-toc-link ez-toc-heading-13\" href=\"https:\/\/mediagoras.fr\/exemple\/statuts\/#Article_9\" >Article 9<\/a><\/li><\/ul><\/li><li class='ez-toc-page-1 ez-toc-heading-level-2'><a class=\"ez-toc-link ez-toc-heading-14\" href=\"https:\/\/mediagoras.fr\/exemple\/statuts\/#LES_ASSEMBLEES\" >LES ASSEMBL\u00c9ES<\/a><ul class='ez-toc-list-level-3' ><li class='ez-toc-heading-level-3'><a class=\"ez-toc-link ez-toc-heading-15\" href=\"https:\/\/mediagoras.fr\/exemple\/statuts\/#Article_10_lAssemblee_Generale_Ordinaire\" >Article 10 : l&rsquo;Assembl\u00e9e G\u00e9n\u00e9rale Ordinaire<\/a><\/li><li class='ez-toc-page-1 ez-toc-heading-level-3'><a class=\"ez-toc-link ez-toc-heading-16\" href=\"https:\/\/mediagoras.fr\/exemple\/statuts\/#Article_11_Assemblee_Generale_Extraordinaire\" >Article 11 : Assembl\u00e9e G\u00e9n\u00e9rale Extraordinaire<\/a><\/li><li class='ez-toc-page-1 ez-toc-heading-level-3'><a class=\"ez-toc-link ez-toc-heading-17\" href=\"https:\/\/mediagoras.fr\/exemple\/statuts\/#Article_12_Conseil_dAdministration\" >Article 12 : Conseil d&rsquo;Administration<\/a><\/li><li class='ez-toc-page-1 ez-toc-heading-level-3'><a class=\"ez-toc-link ez-toc-heading-18\" href=\"https:\/\/mediagoras.fr\/exemple\/statuts\/#Article_13_le_bureau\" >Article 13 : le bureau<\/a><\/li><\/ul><\/li><li class='ez-toc-page-1 ez-toc-heading-level-2'><a class=\"ez-toc-link ez-toc-heading-19\" href=\"https:\/\/mediagoras.fr\/exemple\/statuts\/#CONTROLE_%E2%80%93_DISSOLUTION_%E2%80%93_LIQUIDATION\" >CONTR\u00d4LE &#8211; DISSOLUTION &#8211; LIQUIDATION<\/a><ul class='ez-toc-list-level-3' ><li class='ez-toc-heading-level-3'><a class=\"ez-toc-link ez-toc-heading-20\" href=\"https:\/\/mediagoras.fr\/exemple\/statuts\/#Article_14_Reglement_interieur\" >Article 14 : R\u00e8glement int\u00e9rieur<\/a><\/li><li class='ez-toc-page-1 ez-toc-heading-level-3'><a class=\"ez-toc-link ez-toc-heading-21\" href=\"https:\/\/mediagoras.fr\/exemple\/statuts\/#Article_15_Dissolution\" >Article 15 : Dissolution<\/a><\/li><\/ul><\/li><\/ul><\/nav><\/div>\n<h2><span class=\"ez-toc-section\" id=\"Statuts_de_lassociation_Mediagora_Lyon\"><\/span>Statuts de l&rsquo;association M\u00e9diagora Lyon<span class=\"ez-toc-section-end\"><\/span><\/h2>\n[\/et_pb_text][et_pb_divider divider_weight=\u00a0\u00bb9px\u00a0\u00bb _builder_version=\u00a0\u00bb4.27.6&Prime; max_width=\u00a0\u00bb50px\u00a0\u00bb locked=\u00a0\u00bboff\u00a0\u00bb global_colors_info=\u00a0\u00bb{}\u00a0\u00bb][\/et_pb_divider][et_pb_text admin_label=\u00a0\u00bbText\u00a0\u00bb _builder_version=\u00a0\u00bb4.27.6&Prime; header_2_font=\u00a0\u00bb||||||||\u00a0\u00bb header_2_text_color=\u00a0\u00bb#6e1950&Prime; header_3_text_color=\u00a0\u00bb#fc711c\u00a0\u00bb background_size=\u00a0\u00bbinitial\u00a0\u00bb background_position=\u00a0\u00bbtop_left\u00a0\u00bb background_repeat=\u00a0\u00bbrepeat\u00a0\u00bb inline_fonts=\u00a0\u00bbAbril Fatface\u00a0\u00bb global_colors_info=\u00a0\u00bb{}\u00a0\u00bb]\n<p>Les parties modifi\u00e9es par rapport aux statuts de 2013 devraient \u00eatre en police Courrier &#8230; [bug en cours de correction]\n<p><strong>Forme &#8211; Objet &#8211; D\u00e9nomination &#8211; Dur\u00e9e &#8211; Si\u00e8ge<\/strong><\/p>\n<h3><span class=\"ez-toc-section\" id=\"Article_1\"><\/span>Article 1<span class=\"ez-toc-section-end\"><\/span><\/h3>\n<p>Il est fond\u00e9 entre les adh\u00e9rents aux pr\u00e9sents statuts une association d\u2019int\u00e9r\u00eat g\u00e9n\u00e9ral r\u00e9gie par la loi du 1er juillet 1901 &amp; le d\u00e9cret du 16 ao\u00fbt 1901 ayant pour nom :<\/p>\n<h2><span class=\"ez-toc-section\" id=\"Association_MEDIAGORA_LYON\"><\/span>Association MEDIAGORA LYON<span class=\"ez-toc-section-end\"><\/span><\/h2>\n<h3><span class=\"ez-toc-section\" id=\"Article_2\"><\/span>Article 2<span class=\"ez-toc-section-end\"><\/span><\/h3>\n<p>Cette association a pour objet de permettre le mieux \u00eatre des personnes souffrant d\u2019anxi\u00e9t\u00e9 dans leur milieu environnant (scolaire, universitaire, professionnel, social, familial, culturel).<\/p>\n<p>Elle se donne pour moyens :<\/p>\n<p>&#8211;\u00a0De promouvoir, de soutenir ou de participer \u00e0 toute action ayant trait directement ou indirectement au domaine des troubles anxieux, afin de contribuer \u00e0 une meilleure prise en charge et au mieux \u00eatre des personnes en souffrance.<\/p>\n<p>&#8211;\u00a0De cr\u00e9er un lieu d&rsquo;accueil en direction de personnes souffrant de troubles anxieux.<\/p>\n<p>&#8211;\u00a0D&rsquo;informer les milieux o\u00f9 vivent les personnes souffrant d\u2019anxi\u00e9t\u00e9, de ces troubles invalidants et de favoriser leur compr\u00e9hension et les adaptations qu&rsquo;ils n\u00e9cessitent parfois.<\/p>\n<h3><span class=\"ez-toc-section\" id=\"Article_3_Siege_social\"><\/span>Article 3\u00a0: Si\u00e8ge social<span class=\"ez-toc-section-end\"><\/span><\/h3>\n<p>Le si\u00e8ge social est fix\u00e9 \u00e0 l\u2019int\u00e9rieur de la M\u00e9tropole de Lyon. Son adresse pr\u00e9cise est indique\u0301e dans notre Re\u0300glement Inte\u0301rieur. Il pourra e\u0302tre transfe\u0301re\u0301 en tout autre lieu sur simple de\u0301cision du Conseil d\u2019Administration, dans les limites de la Me\u0301tropole de Lyon.<\/p>\n<h3><span class=\"ez-toc-section\" id=\"Article_4\"><\/span>Article 4<span class=\"ez-toc-section-end\"><\/span><\/h3>\n<p>La dur\u00e9e de l&rsquo;Association est illimit\u00e9e.<\/p>\n<h2><span class=\"ez-toc-section\" id=\"LES_MEMBRES\"><\/span>LES MEMBRES<span class=\"ez-toc-section-end\"><\/span><\/h2>\n<h3><span class=\"ez-toc-section\" id=\"Article_5_Adhesion\"><\/span>Article 5 : Adh\u00e9sion<span class=\"ez-toc-section-end\"><\/span><\/h3>\n<p>L\u2019association se compose de :<\/p>\n<p>&#8211; Membres associ\u00e9s, personnes physiques ou personnes morales qui veulent soutenir l&rsquo;action de l&rsquo;Association par leurs r\u00e9flexions, leurs conseils et leur participation aux diff\u00e9rentes instances de l&rsquo;Association. Les intervenants b\u00e9n\u00e9voles r\u00e9guliers pourront devenir membres associ\u00e9s moyennant une cotisation symbolique.<\/p>\n<p>&#8211; Membres actifs, souffrant ou non d\u2019anxi\u00e9t\u00e9, qui veulent prendre une part active \u00e0 la vie de l&rsquo;Association.<\/p>\n<p>&#8211; Membres sympathisants, qui ne participent pas activement \u00e0 l&rsquo;association.<\/p>\n<p>&#8211; Membres d&rsquo;honneur, exempt\u00e9s de cotisation, ils ne participent pas activement \u00e0 l&rsquo;association.<\/p>\n<p>Du point de vue de leur responsabilit\u00e9 civile, les membres sont tiers entre eux.<\/p>\n<p>Les membres doivent s&rsquo;\u00eatre acquitt\u00e9s de leur cotisation annuelle (except\u00e9 les membres d&rsquo;honneur).<\/p>\n<p><strong>Devenir membre de l&rsquo;Association r\u00e9pond \u00e0 deux conditions :<\/strong><\/p>\n<p>&#8211; en faire la demande aupr\u00e8s du CA<\/p>\n<p>&#8211; s&rsquo;engager \u00e0 respecter les statuts et le r\u00e8glement int\u00e9rieur.<\/p>\n<h3><span class=\"ez-toc-section\" id=\"Article_6_Adhesion_a_une_ou_plusieurs_associations_dassociations\"><\/span>Article 6 : Adh\u00e9sion \u00e0 une ou plusieurs associations d\u2019associations<span class=\"ez-toc-section-end\"><\/span><\/h3>\n<p>L\u2019association M\u00e9diagora Lyon peut, apr\u00e8s d\u00e9lib\u00e9ration en assembl\u00e9e g\u00e9n\u00e9rale, demander son adh\u00e9sion \u00e0 toutes les f\u00e9d\u00e9rations ou conf\u00e9d\u00e9rations b\u00e9n\u00e9fiques pour M\u00e9diagora Lyon, dans le respect des statuts de ces derni\u00e8res et de ceux de M\u00e9diagora Lyon.<\/p>\n<h3><span class=\"ez-toc-section\" id=\"Article_7_Demission\"><\/span>Article 7 : D\u00e9mission<span class=\"ez-toc-section-end\"><\/span><\/h3>\n<p>La qualit\u00e9 de membre se perd par :<\/p>\n<p>&#8211;\u00a0La d\u00e9mission qui est adress\u00e9e au conseil d&rsquo;administration.<\/p>\n<h3><span class=\"ez-toc-section\" id=\"Article_8_Radiation\"><\/span>Article 8 : Radiation<span class=\"ez-toc-section-end\"><\/span><\/h3>\n<p>La qualit\u00e9 de membre se perd par :<\/p>\n<p>&#8211;\u00a0le d\u00e9c\u00e8s<\/p>\n<p>&#8211;\u00a0l&rsquo;exclusion prononc\u00e9e par le Conseil d&rsquo;Administration pour motif grave, l\u2019int\u00e9ress\u00e9 ayant \u00e9t\u00e9 invit\u00e9 \u00e0 se pr\u00e9senter devant le bureau pour fournir des explications.<\/p>\n<p>&#8211;\u00a0le non paiement (ou non renouvellement) de la cotisation annuelle apr\u00e8s simple rappel.<\/p>\n<h2><span class=\"ez-toc-section\" id=\"LES_RESSOURCES\"><\/span>LES RESSOURCES<span class=\"ez-toc-section-end\"><\/span><\/h2>\n<h3><span class=\"ez-toc-section\" id=\"Article_9\"><\/span>Article 9<span class=\"ez-toc-section-end\"><\/span><\/h3>\n<p>Elles proviennent :<\/p>\n<ul>\n<li>Du montant des cotisations de ses membres<\/li>\n<li>Le montant de la cotisation annuelle est d\u00e9fini par l&rsquo;Assembl\u00e9e G\u00e9n\u00e9rale sur proposition du Conseil d&rsquo;Administration.<\/li>\n<li>De la participation des usagers aux prestations de services.<\/li>\n<li>Des subventions de l&rsquo;\u00c9tat, des Collectivit\u00e9s Territoriales ou d&rsquo;organismes europ\u00e9ens.<\/li>\n<li>Du produit de toute manifestation ayant pour but de g\u00e9n\u00e9rer des ressources suppl\u00e9mentaires \u00e0 l&rsquo;Association.<\/li>\n<li>De subventions octroy\u00e9es par des m\u00e9c\u00e8nes priv\u00e9s.<\/li>\n<li>De dons.<\/li>\n<li>De toutes autres ressources autoris\u00e9es par la loi.<\/li>\n<\/ul>\n<p>Aucun don, pr\u00eat, ou subvention ne pourront \u00eatre accept\u00e9s s\u2019il proviennent d\u2019entreprises m\u00e9dicales ou pharmaceutiques ou d\u2019organismes financ\u00e9s par ces derni\u00e8res, afin de pr\u00e9server notre ind\u00e9pendance.<\/p>\n<h2><span class=\"ez-toc-section\" id=\"LES_ASSEMBLEES\"><\/span>LES ASSEMBL\u00c9ES<span class=\"ez-toc-section-end\"><\/span><\/h2>\n<h3><span class=\"ez-toc-section\" id=\"Article_10_lAssemblee_Generale_Ordinaire\"><\/span>Article 10 : l&rsquo;Assembl\u00e9e G\u00e9n\u00e9rale Ordinaire<span class=\"ez-toc-section-end\"><\/span><\/h3>\n<p>L&rsquo;Assembl\u00e9e G\u00e9n\u00e9rale Ordinaire comprend tous les membres de l&rsquo;Association \u00e0 quelque titre qu&rsquo;ils y soient affili\u00e9s. Mais seuls les membres actifs et les membres associ\u00e9s disposent du droit de vote.<\/p>\n<p>Elle se r\u00e9unit au moins une fois par an et chaque fois qu&rsquo;elle est convoqu\u00e9e par la Pr\u00e9sidence du Conseil d&rsquo;Administration sur d\u00e9cision du Conseil d&rsquo;Administration ou sur demande de la moiti\u00e9 au moins de ses membres.<\/p>\n<p>La convocation est adress\u00e9e par courrier postal ou \u00e9lectronique, \u00e0 chaque membre, au moins 2 semaines avant la date de la tenue de celle-ci. L&rsquo;ordre du jour, pr\u00e9par\u00e9 par le Conseil y figure et pr\u00e9cise les points devant faire l&rsquo;objet d&rsquo;un vote.<\/p>\n<p>Le Pr\u00e9sident (ou les co-Pr\u00e9sidents) du Conseil d&rsquo;Administration pr\u00e9sident l&rsquo;Assembl\u00e9e G\u00e9n\u00e9rale, exposent la situation morale et pr\u00e9sentent le rapport d&rsquo;activit\u00e9s.<\/p>\n<p>Le tr\u00e9sorier rend compte de sa gestion et la soumet \u00e0 l&rsquo;approbation de l&rsquo;Assembl\u00e9e. Un budget pr\u00e9visionnel est \u00e9galement pr\u00e9sent\u00e9 par le C.A. et d\u00e9battu par l\u2019Assembl\u00e9e.<\/p>\n<p>Il est proc\u00e9d\u00e9, apr\u00e8s \u00e9puisement de l&rsquo;ordre du jour, au remplacement _ au scrutin secret _ des membres du Conseil d&rsquo;Administration sortants. Ne sont \u00e9ligibles que les personnes qui satisfont aux conditions \u00e9num\u00e9r\u00e9es \u00e0 l\u2019article 12.<\/p>\n<p>Les modalit\u00e9s de vote sont fix\u00e9es par le r\u00e8glement int\u00e9rieur de l&rsquo;Association. Les d\u00e9cisions sont adopt\u00e9es \u00e0 la majorit\u00e9 des voix exprim\u00e9es.<\/p>\n<h3><span class=\"ez-toc-section\" id=\"Article_11_Assemblee_Generale_Extraordinaire\"><\/span>Article 11 : Assembl\u00e9e G\u00e9n\u00e9rale Extraordinaire<span class=\"ez-toc-section-end\"><\/span><\/h3>\n<p>L&rsquo;Assembl\u00e9e g\u00e9n\u00e9rale extraordinaire peut modifier les statuts de l&rsquo;Association dans toutes leurs dispositions.<\/p>\n<p>Elle se prononce, en outre, sur sa dissolution anticip\u00e9e ou sur la d\u00e9volution de ses biens.<\/p>\n<p>Elle est convoqu\u00e9e par la Pr\u00e9sidence du Conseil d&rsquo;Administration sur d\u00e9cision du Conseil d&rsquo;Administration ou sur demande de la moiti\u00e9 au moins de ses membres.<\/p>\n<p>Les r\u00e8gles de convocation et de participation sont les m\u00eame que pour une AG ordinaire, except\u00e9s les points suivants\u00a0:<\/p>\n<p>&#8211; les d\u00e9cisions propos\u00e9es en Assembl\u00e9e G\u00e9n\u00e9rale Extraordinaire doivent \u00eatre adopt\u00e9es \u00e0 la majorit\u00e9 des 2\/3 des voix exprim\u00e9es.<\/p>\n<p>&#8211; un quorum de participation de un tiers des membres (pr\u00e9sents ou repr\u00e9sent\u00e9s) est n\u00e9cessaire pour que cette assembl\u00e9e puisse d\u00e9lib\u00e9rer valablement.<\/p>\n<p>&#8211; au cas o\u00f9 ce quorum ne serait pas atteint, une nouvelle Assembl\u00e9e G\u00e9n\u00e9rale Extraordinaire est convoqu\u00e9e par la Pr\u00e9sidence du Conseil d&rsquo;Administration dans un d\u00e9lai de 15 jours au moins, qui d\u00e9lib\u00e9rera \u00e0 la majorit\u00e9 des voix exprim\u00e9es par les membres pr\u00e9sents ou repr\u00e9sent\u00e9s.<\/p>\n<h3><span class=\"ez-toc-section\" id=\"Article_12_Conseil_dAdministration\"><\/span>Article 12 : Conseil d&rsquo;Administration<span class=\"ez-toc-section-end\"><\/span><\/h3>\n<p><strong>a) Les Administrateurs<\/strong><\/p>\n<p>L&rsquo;Association est administr\u00e9e et g\u00e9r\u00e9e par un Conseil d&rsquo;Administration compos\u00e9 de personnes physiques au nombre minimum de 3 et maximum de 12, r\u00e9parties comme suit :<\/p>\n<p>Un coll\u00e8ge d&rsquo;institutionnels, de repr\u00e9sentants du secteur m\u00e9dical, d&rsquo;associations, d&rsquo;organismes ou de personnes aux comp\u00e9tences reconnues dans le domaine du m\u00e9dical ou du param\u00e9dical.<\/p>\n<p>Le nombre maximum de membres dans le coll\u00e8ge 1 est fix\u00e9 au tiers du total des membres du Conseil d&rsquo;Administration (calcul effectu\u00e9 sur le multiple de trois le plus proche)<\/p>\n<p>Un coll\u00e8ge de personnes souffrant d\u2019anxi\u00e9t\u00e9 ou non qui veulent prendre une part active \u00e0 la vie de l&rsquo;Association. Le nombre de membres dans le coll\u00e8ge 2 vient en compl\u00e9ment du premier coll\u00e8ge.<\/p>\n<p>Ne sont \u00e9ligibles que les membres du 1er coll\u00e8ge dont la candidature est approuv\u00e9e par le CA, ou pour le 2eme coll\u00e8ge, les membres actifs ayant au moins 6 mois d\u2019anciennet\u00e9 au sein de l\u2019association, sauf p\u00e9nurie de candidats.<\/p>\n<p>Les administrateurs sont nomm\u00e9s pour deux ans par l&rsquo;Assembl\u00e9e G\u00e9n\u00e9rale Ordinaire. Ils se renouvellent annuellement par moiti\u00e9 et sont r\u00e9\u00e9ligibles. Le premier renouvellement se fera au moyen d&rsquo;un tirage au sort.<\/p>\n<p>En cas de vacance d&rsquo;un si\u00e8ge d&rsquo;administrateur, le conseil d&rsquo;Administration statuant \u00e0 la majorit\u00e9 des membres du Conseil d&rsquo;Administration peut pourvoir provisoirement, par cooptation, au remplacement du si\u00e8ge vacant. Cette d\u00e9signation est faite pour la dur\u00e9e restant \u00e0 courir du mandat de l&rsquo;administrateur remplac\u00e9 et sous r\u00e9serve de sa ratification par la prochaine Assembl\u00e9e G\u00e9n\u00e9rale.<\/p>\n<p><strong>b) Le fonctionnement<\/strong><\/p>\n<p>Le Conseil d&rsquo;Administration se r\u00e9unit au moins 3 fois par an sur convocation de la pr\u00e9sidence ou sur demande de la moiti\u00e9 au moins de ses membres<\/p>\n<p>Pour d\u00e9lib\u00e9rer valablement, la majorit\u00e9 des membres du C.A. doit \u00eatre pr\u00e9sente ou repr\u00e9sent\u00e9e. Chaque membre pourra disposer d&rsquo;un pouvoir. Les membres connect\u00e9s \u00e0 distance par visio-conf\u00e9rence sont consid\u00e9r\u00e9s comme \u00e9tant pr\u00e9sents.<\/p>\n<p>Les d\u00e9cisions sont prises \u00e0 la majorit\u00e9 des voix exprim\u00e9es des membres pr\u00e9sents ou repr\u00e9sent\u00e9s qui disposent chacun d&rsquo;une voix.<\/p>\n<p>En cas d\u2019\u00e9galit\u00e9 des voix, c\u2019est la motion la moins innovatrice qui l\u2019emportera. Les votes ont lieu \u00e0 main lev\u00e9e sauf demande de l&rsquo;un des membres du Conseil d&rsquo;Administration pour que ces votes aient lieu \u00e0 bulletin secret.<\/p>\n<p>Tout membre du Conseil qui, sans motif s\u00e9rieux, n&rsquo;aura pas assist\u00e9 \u00e0 trois r\u00e9unions cons\u00e9cutives pourra \u00eatre consid\u00e9r\u00e9 comme d\u00e9missionnaire de ses fonctions d&rsquo;administrateur.<\/p>\n<h3><span class=\"ez-toc-section\" id=\"Article_13_le_bureau\"><\/span>Article 13 : le bureau<span class=\"ez-toc-section-end\"><\/span><\/h3>\n<p>Le conseil d&rsquo;Administration choisit parmi ses membres ayant au moins 9 mois d&rsquo;anciennet\u00e9 _ sauf p\u00e9nurie de candidats_ au scrutin secret, un bureau compos\u00e9 de 3 \u00e0 6 personnes parmi lesquelles sont d\u00e9sign\u00e9s:<\/p>\n<p>&#8211;\u00a0le Pr\u00e9sident de l&rsquo;Association (Pr\u00e9sident du Conseil d&rsquo;Administration et du bureau)<\/p>\n<p>&#8211;\u00a0ou bien 2 co-Pr\u00e9sidents (en cas d\u2019\u00e9lection de 2 co-pr\u00e9sidents, ces derniers pr\u00e9sident conjointement le CA et le bureau)<\/p>\n<p>&#8211; \u00e9ventuellement un Vice-pr\u00e9sident<\/p>\n<p>&#8211;\u00a0un tr\u00e9sorier et \u00e9ventuellement un tr\u00e9sorier adjoint<\/p>\n<p>&#8211;\u00a0un secr\u00e9taire et \u00e9ventuellement un secr\u00e9taire adjoint<\/p>\n<p>&#8211;\u00a0le conseil d&rsquo;Administration peut d\u00e9signer d&rsquo;autres membres sans fonction particuli\u00e8re en tant que membres permanents ou en fonction des besoins. Ces membres participent de droit aux d\u00e9lib\u00e9rations du bureau et aux votes qui pourraient en r\u00e9sulter.<\/p>\n<p>Le bureau est \u00e9lu tous les ans par le Conseil d&rsquo;Administration qui suit l&rsquo;Assembl\u00e9e G\u00e9n\u00e9rale Ordinaire statuant sur les comptes de l&rsquo;exercice pr\u00e9c\u00e9dent.<\/p>\n<p>Il se r\u00e9unit sur simple convocation de la Pr\u00e9sidence.<\/p>\n<h2><span class=\"ez-toc-section\" id=\"CONTROLE_%E2%80%93_DISSOLUTION_%E2%80%93_LIQUIDATION\"><\/span>CONTR\u00d4LE &#8211; DISSOLUTION &#8211; LIQUIDATION<span class=\"ez-toc-section-end\"><\/span><\/h2>\n<h3><span class=\"ez-toc-section\" id=\"Article_14_Reglement_interieur\"><\/span>Article 14 : R\u00e8glement int\u00e9rieur<span class=\"ez-toc-section-end\"><\/span><\/h3>\n<p>Le r\u00e8glement int\u00e9rieur est \u00e9tabli par le Conseil d&rsquo;Administration, approuv\u00e9 par l&rsquo;Assembl\u00e9e G\u00e9n\u00e9rale Ordinaire et port\u00e9 \u00e0 la connaissance de tout nouveau membre, par publication sur le site web de l\u2019association.<\/p>\n<p>Il est destin\u00e9 \u00e0 fixer les divers points non pr\u00e9vus par les statuts, notamment ceux qui ont trait \u00e0 l&rsquo;administration interne de l&rsquo;Association.<\/p>\n<h3><span class=\"ez-toc-section\" id=\"Article_15_Dissolution\"><\/span>Article 15 : Dissolution<span class=\"ez-toc-section-end\"><\/span><\/h3>\n<p>L&rsquo;Assembl\u00e9e G\u00e9n\u00e9rale Extraordinaire peut d\u00e9cider la dissolution anticip\u00e9e de l&rsquo;Association.<\/p>\n<p>L&rsquo;actif de l&rsquo;Association, s&rsquo;il y a lieu, est transf\u00e9r\u00e9 \u00e0 une autre Association ayant des buts similaires conform\u00e9ment \u00e0 l&rsquo;article 9 de la loi du 1er juillet 1901 et au d\u00e9cret du 16 ao\u00fbt 1901.<\/p>\n<p><em><strong>Oullins-Pierre-B\u00e9nite, le 04 juillet 2026<\/strong><\/em><\/p>\n<p><em><strong>Version en cours d&rsquo;enregistrement \u00e0 la Pr\u00e9fecture du Rh\u00f4ne<\/strong><\/em><\/p>\n<p align=\"left\">\n[\/et_pb_text][\/et_pb_column][\/et_pb_row][\/et_pb_section]\n","protected":false},"excerpt":{"rendered":"<p>Statuts de l&rsquo;association M\u00e9diagora LyonLes parties modifi\u00e9es par rapport aux statuts de 2013 devraient \u00eatre en police Courrier &#8230; [bug en cours de correction] Forme &#8211; Objet &#8211; D\u00e9nomination &#8211; Dur\u00e9e &#8211; Si\u00e8ge Article 1 Il est fond\u00e9 entre les adh\u00e9rents aux pr\u00e9sents statuts une association d\u2019int\u00e9r\u00eat g\u00e9n\u00e9ral r\u00e9gie par la loi du 1er juillet [&hellip;]<\/p>\n","protected":false},"author":38,"featured_media":0,"parent":0,"menu_order":0,"comment_status":"closed","ping_status":"closed","template":"","meta":{"_et_pb_use_builder":"on","_et_pb_old_content":"<p align=\"center\"><span style=\"font-size: x-large; color: #000000;\"><b> STATUTS de MEDIAGORA LYON<\/b><\/span><\/p>\r\n\r\n<ul>\r\n \t<li>\r\n<p class=\"western\" align=\"left\"><em><span style=\"color: #000000;\"><span style=\"font-family: Courier, monospace;\"><span style=\"font-size: small;\">Les parties modifi\u00e9es par rapport aux statuts de 2013 sont <span lang=\"cs-CZ\">en police courrier.<\/span><\/span><\/span><\/span><\/em><\/p>\r\n<\/li>\r\n<\/ul>\r\n<p align=\"center\"><span style=\"font-size: large; color: #000000;\"><b>Forme - Objet - D\u00e9nomination - Dur\u00e9e - Si\u00e8ge <\/b><\/span><\/p>\r\n<p class=\"western\" align=\"justify\"><span style=\"color: #000000;\"><span style=\"font-family: Times, serif;\"><span style=\"font-size: small;\"><b>Article 1<\/b><\/span><\/span><\/span><\/p>\r\n<p class=\"western\" align=\"justify\"><span style=\"color: #000000;\"><span style=\"font-family: Times, serif;\"><span style=\"font-size: small;\">Il est fond\u00e9 entre les adh\u00e9rents aux pr\u00e9sents statuts une association d\u2019int\u00e9r\u00eat g\u00e9n\u00e9ral r\u00e9gie par la loi du 1er juillet 1901 et le d\u00e9cret du 16 ao\u00fbt 1901 ayant pour nom :<\/span><\/span><\/span><\/p>\r\n<p class=\"western\" align=\"center\"><span style=\"color: #000000;\"><span style=\"font-family: Times, serif;\"><span style=\"font-size: small;\"><b>Association MEDIAGORA LYON<\/b><\/span><\/span><\/span><\/p>\r\n<span style=\"font-family: Times, serif; color: #000000;\"><span style=\"font-size: small;\"><b>Article 2<\/b><\/span><\/span>\r\n<p class=\"western\" align=\"justify\"><span style=\"color: #000000;\"><span style=\"font-family: Times, serif;\"><span style=\"font-size: small;\">Cette association a pour objet de permettre le mieux \u00eatre des personnes <span style=\"font-family: Courier, monospace;\">souffrant d\u2019anxi\u00e9t\u00e9<\/span> dans leur milieu environnant (scolaire, universitaire, professionnel, social, familial, culturel).<\/span><\/span><\/span><\/p>\r\n<p class=\"western\" align=\"justify\"><span style=\"color: #000000;\"><span style=\"font-family: Times, serif;\"><span style=\"font-size: small;\">Elle se donne pour moyens :<\/span><\/span><\/span><\/p>\r\n<p class=\"western\" align=\"justify\"><span style=\"color: #000000;\"><span style=\"font-family: Times, serif;\"><span style=\"font-size: small;\"> -\u00a0De promouvoir, de soutenir ou de participer \u00e0 toute action ayant trait directement ou indirectement au domaine des troubles anxieux, afin de contribuer \u00e0 une meilleure prise en charge et au mieux \u00eatre des personnes en souffrance.<\/span><\/span><\/span><\/p>\r\n<p class=\"western\" align=\"justify\"><span style=\"color: #000000;\"><span style=\"font-family: Times, serif;\"><span style=\"font-size: small;\"> -\u00a0De cr\u00e9er un lieu d'accueil en direction de personnes souffrant de <span style=\"font-family: Courier, monospace;\">troubles anxieux<\/span>.<\/span><\/span><\/span><\/p>\r\n<p class=\"western\" align=\"justify\"><span style=\"color: #000000;\"><span style=\"font-family: Times, serif;\"><span style=\"font-size: small;\"> -\u00a0D'informer les milieux o\u00f9 vivent les personnes souffrant <span style=\"font-family: Courier, monospace;\">d\u2019anxi\u00e9t\u00e9<\/span>, de ces troubles invalidants et de favoriser leur compr\u00e9hension et les adaptations qu'ils n\u00e9cessitent parfois.<\/span><\/span><\/span><\/p>\r\n<span style=\"color: #000000;\"><span style=\"font-family: Times, serif;\"><span style=\"font-size: small;\"><b>Article 3\u00a0: Si\u00e8ge social<\/b><\/span><\/span><\/span>\r\n<p class=\"western\"><span style=\"font-family: Times, serif; color: #000000;\"><span style=\"font-size: small;\">Le si\u00e8ge social est fix\u00e9 \u00e0 l\u2019int\u00e9rieur <span style=\"font-family: Courier, monospace;\">de la M\u00e9tropole de Lyon<\/span><span style=\"font-family: Courier, monospace;\">. <\/span><span style=\"font-family: Courier, monospace;\">Son adresse postale officielle est localis\u00e9e \u00e0 la Mairie de Oullins-Pierre-B\u00e9nite (boite postale).<\/span><i> <\/i><span style=\"font-family: Courier, monospace;\">L\u2019un comme l\u2019autre<\/span><span style=\"font-family: Courier, monospace;\"> pourr<\/span><span style=\"font-family: Courier, monospace;\">ont<\/span><span style=\"font-family: Courier, monospace;\"> \u00eatre transf\u00e9r\u00e9<\/span><span style=\"font-family: Courier, monospace;\">s<\/span> sur simple d\u00e9cision du Conseil d'Administration dans les limites <span style=\"font-family: Courier, monospace;\">de <\/span><span style=\"font-family: Courier, monospace;\">la M\u00e9tropole de Lyon<\/span><span style=\"font-family: Courier, monospace;\">.<\/span><\/span><\/span><\/p>\r\n<p class=\"western\" align=\"justify\"><span style=\"color: #000000;\"><span style=\"font-family: Times, serif;\"><span style=\"font-size: small;\"><b>Article 4<\/b><\/span><\/span><\/span><\/p>\r\n<p class=\"western\" align=\"left\"><span style=\"color: #000000;\"><span style=\"font-family: Times, serif;\"><span style=\"font-size: small;\">La dur\u00e9e de l'Association est illimit\u00e9e.<\/span><\/span><\/span><\/p>\r\n<p align=\"center\"><span style=\"font-family: Times, serif; color: #000000;\"><span style=\"font-size: large;\"><b>LES MEMBRES<\/b><\/span><\/span><\/p>\r\n<p class=\"western\" align=\"justify\"><span style=\"color: #000000;\"><span style=\"font-family: Times, serif;\"><span style=\"font-size: small;\"><b>Article 5 : Adh\u00e9sion<\/b><\/span><\/span><\/span><\/p>\r\n<p class=\"western\" align=\"justify\"><span style=\"color: #000000;\"><span style=\"font-family: Times, serif;\"><span style=\"font-size: small;\">L\u2019association se compose de :<\/span><\/span><\/span><\/p>\r\n<p class=\"western\" align=\"justify\"><span style=\"color: #000000;\"><span style=\"font-family: Times, serif;\"><span style=\"font-size: small;\"> - Membres associ\u00e9s, personnes physiques ou personnes morales qui veulent soutenir l'action de l'Association par leurs r\u00e9flexions, leurs conseils et leur participation aux diff\u00e9rentes instances de l'Association. Les intervenants b\u00e9n\u00e9voles r\u00e9guliers pourront devenir membres associ\u00e9s moyennant une cotisation symbolique.<\/span><\/span><\/span><\/p>\r\n<p class=\"western\" align=\"justify\"><span style=\"color: #000000;\"><span style=\"font-family: Times, serif;\"><span style=\"font-size: small;\"> - Membres actifs, souffrant ou non d\u2019anxi\u00e9t\u00e9, qui veulent prendre une part active \u00e0 la vie de l'Association.<\/span><\/span><\/span><\/p>\r\n<p class=\"western\" align=\"justify\"><span style=\"color: #000000;\"><span style=\"font-family: Times, serif;\"><span style=\"font-size: small;\"><i> <\/i>- Membres sympathisants, qui ne participent pas activement \u00e0 l'association.<\/span><\/span><\/span><\/p>\r\n<p class=\"western\" align=\"justify\"><span style=\"color: #000000;\"><span style=\"font-family: Times, serif;\"><span style=\"font-size: small;\"> - Membres d'honneur, exempt\u00e9s de cotisation, ils ne participent pas activement \u00e0 l'association.<\/span><\/span><\/span><\/p>\r\n<p class=\"western\" align=\"justify\"><span style=\"color: #000000;\"><span style=\"font-family: Times, serif;\"><span style=\"font-size: small;\"> Du point de vue de leur responsabilit\u00e9 civile, les membres sont tiers entre eux.<\/span><\/span><\/span><\/p>\r\n<p class=\"western\" align=\"justify\"><span style=\"color: #000000;\"><span style=\"font-family: Times, serif;\"><span style=\"font-size: small;\">Les membres doivent s'\u00eatre acquitt\u00e9s de leur cotisation annuelle (except\u00e9 les membres d'honneur).<\/span><\/span><\/span><\/p>\r\n<p class=\"western\" align=\"justify\"><span style=\"color: #000000;\"><span style=\"font-family: Times, serif;\"><span style=\"font-size: small;\">Devenir membre de l'Association r\u00e9pond \u00e0 deux conditions :<\/span><\/span><\/span><\/p>\r\n<p class=\"western\" align=\"justify\"><span style=\"color: #000000;\"><span style=\"font-family: Times, serif;\"><span style=\"font-size: small;\"> - en faire la demande<i> <\/i>aupr\u00e8s du Pr\u00e9sident<\/span><\/span><\/span><\/p>\r\n<p class=\"western\" align=\"justify\"><span style=\"color: #000000;\"> <span style=\"font-family: Times, serif;\"><span style=\"font-size: small;\"> - s'engager \u00e0 respecter les statuts et le r\u00e8glement int\u00e9rieur.<\/span><\/span><\/span><\/p>\r\n<p class=\"western\" align=\"justify\"><span style=\"color: #000000;\"><span style=\"font-size: small;\"><b>Article 6 : <\/b><span style=\"font-family: Times New Roman, serif;\"><b>Adh\u00e9sion \u00e0 <\/b><\/span><span style=\"font-family: Times New Roman, serif;\"><b>une ou plusieurs associations d\u2019associations<\/b><\/span><\/span><\/span><\/p>\r\n<p class=\"western\" align=\"left\"><span style=\"color: #000000;\"><span style=\"font-family: Times, serif;\"><span style=\"font-size: small;\">L\u2019association M\u00e9diagora Lyon peut, apr\u00e8s d\u00e9lib\u00e9ration en assembl\u00e9e g\u00e9n\u00e9rale, demander son adh\u00e9sion \u00e0 toutes les f\u00e9d\u00e9rations ou conf\u00e9d\u00e9rations b\u00e9n\u00e9fiques pour M\u00e9diagora Lyon, dans le respect des statuts de ces derni\u00e8res et de ceux de M\u00e9diagora Lyon.<\/span><\/span><\/span><\/p>\r\n<p class=\"western\" align=\"justify\"><span style=\"color: #000000;\"><span style=\"font-family: Times, serif;\"><span style=\"font-size: small;\"><b>Article 7 : D\u00e9mission<\/b><\/span><\/span><\/span><\/p>\r\n<p class=\"western\" align=\"justify\"><span style=\"color: #000000;\"><span style=\"font-family: Times, serif;\"><span style=\"font-size: small;\">La qualit\u00e9 de membre se perd par :<\/span><\/span><\/span><\/p>\r\n<p class=\"western\" align=\"justify\"><span style=\"color: #000000;\"><span style=\"font-family: Times, serif;\"><span style=\"font-size: small;\"> -\u00a0La d\u00e9mission qui est adress\u00e9e au Pr\u00e9sident du conseil d'administration.<\/span><\/span><\/span><\/p>\r\n<p class=\"western\" align=\"justify\"><span style=\"color: #000000;\"><span style=\"font-family: Times, serif;\"><span style=\"font-size: small;\"><b>Article 8 : Radiation<\/b><\/span><\/span><\/span><\/p>\r\n<p class=\"western\" align=\"justify\"><span style=\"color: #000000;\"> <span style=\"font-family: Times, serif;\"><span style=\"font-size: small;\">La qualit\u00e9 de membre se perd par :<\/span><\/span><\/span><\/p>\r\n<p class=\"western\" align=\"justify\"><span style=\"color: #000000;\"><span style=\"font-family: Times, serif;\"><span style=\"font-size: small;\"> -\u00a0le d\u00e9c\u00e8s<\/span><\/span><\/span><\/p>\r\n<p class=\"western\" align=\"justify\"><span style=\"color: #000000;\"><span style=\"font-family: Times, serif;\"><span style=\"font-size: small;\"> -\u00a0l'exclusion prononc\u00e9e par le Conseil d'Administration pour motif grave, l\u2019int\u00e9ress\u00e9 ayant \u00e9t\u00e9 invit\u00e9 \u00e0 se pr\u00e9senter devant le bureau pour fournir des explications.<\/span><\/span><\/span><\/p>\r\n<p class=\"western\" align=\"justify\"><span style=\"color: #000000;\"><span style=\"font-family: Times, serif;\"><span style=\"font-size: small;\"> <span style=\"font-family: Courier, monospace;\">-\u00a0le non paiement <\/span><span style=\"font-family: Courier, monospace;\">(ou non renouvellement) <\/span><span style=\"font-family: Courier, monospace;\">de la cotisation annuelle apr\u00e8s simple rappel.<\/span><\/span><\/span><\/span><\/p>\r\n<p align=\"center\"><span style=\"font-family: Times, serif; color: #000000;\"><span style=\"font-size: large;\"><b>LES RESSOURCES<\/b><\/span><\/span><\/p>\r\n<p class=\"western\" align=\"justify\"><span style=\"color: #000000;\"><span style=\"font-family: Times, serif;\"><span style=\"font-size: small;\"><b>Article 9<\/b><\/span><\/span><\/span><\/p>\r\n<p class=\"western\" align=\"justify\"><span style=\"color: #000000;\"><span style=\"font-family: Times, serif;\"><span style=\"font-size: small;\">Elles proviennent :<\/span><\/span><\/span><\/p>\r\n<p class=\"western\" align=\"justify\"><span style=\"color: #000000;\"><span style=\"font-family: Times, serif;\"><span style=\"font-size: small;\"> Du montant des cotisations de ses membres<\/span><\/span><\/span><\/p>\r\n<span style=\"font-family: Times, serif; color: #000000;\"><span style=\"font-size: small;\">Le montant de la cotisation annuelle est d\u00e9fini par l'Assembl\u00e9e G\u00e9n\u00e9rale sur proposition du Conseil d'Administration.<\/span><\/span>\r\n<ul>\r\n \t<li>\r\n<p class=\"western\" align=\"left\"><span style=\"color: #000000;\"><span style=\"font-family: Times, serif;\"><span style=\"font-size: small;\">De la participation des usagers aux prestations de services.<\/span><\/span><\/span><\/p>\r\n<\/li>\r\n \t<li>\r\n<p class=\"western\" align=\"left\"><span style=\"font-family: Times, serif; color: #000000;\"><span style=\"font-size: small;\">Des subventions de l'\u00c9tat, des Collectivit\u00e9s Territoriales ou d'organismes europ\u00e9ens.<\/span><\/span><\/p>\r\n<\/li>\r\n \t<li>\r\n<p class=\"western\" align=\"left\"><span style=\"color: #000000;\"><span style=\"font-family: Times, serif;\"><span style=\"font-size: small;\">Du produit de toute manifestation ayant pour but de g\u00e9n\u00e9rer des ressources suppl\u00e9mentaires \u00e0 l'Association.<\/span><\/span><\/span><\/p>\r\n<\/li>\r\n \t<li>\r\n<p class=\"western\" align=\"left\"><span style=\"color: #000000;\"><span style=\"font-family: Times, serif;\"><span style=\"font-size: small;\">De subventions octroy\u00e9es par des m\u00e9c\u00e8nes priv\u00e9s.<\/span><\/span><\/span><\/p>\r\n<\/li>\r\n \t<li>\r\n<p class=\"western\" align=\"left\"><span style=\"color: #000000;\"><span style=\"font-family: Times, serif;\"><span style=\"font-size: small;\">De dons.<\/span><\/span><\/span><\/p>\r\n<\/li>\r\n \t<li>\r\n<p class=\"western\" align=\"left\"><span style=\"color: #000000;\"><span style=\"font-family: Times, serif;\"><span style=\"font-size: small;\">De toutes autres ressources autoris\u00e9es par la loi.<\/span><\/span><\/span><\/p>\r\n<\/li>\r\n<\/ul>\r\n<p class=\"western\" align=\"left\"><span style=\"color: #000000;\"><span style=\"font-family: Times, serif;\"><span style=\"font-size: small;\"><span style=\"font-family: Courier, monospace;\">Aucun don, pr\u00eat, ou subvention ne pourront \u00eatre accept\u00e9s s\u2019il proviennent<\/span> <span style=\"font-family: Courier, monospace;\">d\u2019<\/span><span style=\"font-family: Courier, monospace;\">entreprises m\u00e9dicales ou pharmaceutiques <\/span><span style=\"font-family: Courier, monospace;\">ou d\u2019organismes <\/span><span style=\"font-family: Courier, monospace;\">financ\u00e9s<\/span> <span style=\"font-family: Courier, monospace;\">par<\/span><span style=\"font-family: Courier, monospace;\"> ces derni\u00e8res, <\/span><span style=\"font-family: Courier, monospace;\">afin de pr\u00e9server notre ind\u00e9pendance<\/span><span style=\"font-family: Courier, monospace;\">.<\/span><\/span><\/span><\/span><\/p>\r\n<p align=\"center\"><span style=\"font-size: large; color: #000000;\"><b>LES ASSEMBL\u00c9ES<\/b><\/span><\/p>\r\n<p class=\"western\" align=\"justify\"><span style=\"color: #000000;\"><span style=\"font-size: small;\"><b>Article 10: l'Assembl\u00e9e G\u00e9n\u00e9rale Ordinaire<\/b><\/span><\/span><\/p>\r\n<p class=\"western\" align=\"justify\"><span style=\"color: #000000;\"><span style=\"font-size: small;\">L'Assembl\u00e9e G\u00e9n\u00e9rale Ordinaire comprend tous les membres de l'Association \u00e0 quelque titre qu'ils y soient affili\u00e9s. Mais seuls les membres actifs et les membres associ\u00e9s disposent du droit de vote.<\/span><\/span><\/p>\r\n<p class=\"western\" align=\"justify\"><span style=\"color: #000000;\"><span style=\"font-size: small;\">Elle se r\u00e9unit au moins une fois par an et chaque fois qu'elle est convoqu\u00e9e par le Pr\u00e9sident du Conseil d'Administration sur d\u00e9cision du Conseil d'Administration ou sur demande de la moiti\u00e9 au moins de ses membres.<\/span><\/span><\/p>\r\n<p class=\"western\" align=\"justify\"><span style=\"color: #000000;\"><span style=\"font-size: small;\">La convocation est adress\u00e9e par courrier postal ou \u00e9lectronique, \u00e0 chaque membre, au moins <span style=\"font-family: Courier, monospace;\">2 <\/span>semaines avant la date de la tenue de celle-ci. L'ordre du jour, pr\u00e9par\u00e9 par le Conseil y figure et pr\u00e9cise les points devant faire l'objet d'un vote.<\/span><\/span><\/p>\r\n<p class=\"western\" align=\"justify\"><span style=\"color: #000000;\"><span style=\"font-size: small;\">Le Pr\u00e9sident du Conseil d'Administration pr\u00e9side l'Assembl\u00e9e G\u00e9n\u00e9rale, expose la situation morale et fait le rapport d'activit\u00e9s.<\/span><\/span><\/p>\r\n<p class=\"western\" align=\"justify\"><span style=\"color: #000000;\"><span style=\"font-size: small;\">Le tr\u00e9sorier rend compte de sa gestion et la soumet \u00e0 l'approbation de l'Assembl\u00e9e. <span style=\"font-family: Courier, monospace;\">Un budget pr\u00e9visionnel est \u00e9galement pr\u00e9sent\u00e9 par le CA et d\u00e9battu par l\u2019Assembl\u00e9e.<\/span><\/span><\/span><\/p>\r\n<p class=\"western\" align=\"justify\"><span style=\"color: #000000;\"><span style=\"font-size: small;\">Il est proc\u00e9d\u00e9, apr\u00e8s \u00e9puisement de l'ordre du jour, au remplacement _ au scrutin secret _ des membres du Conseil d'Administration sortants. Ne sont \u00e9ligibles que les personnes qui satisfont aux conditions \u00e9num\u00e9r\u00e9es \u00e0 l\u2019article 12.<\/span><\/span><\/p>\r\n<p class=\"western\" align=\"justify\"><span style=\"color: #000000;\"><span style=\"font-size: small;\">Les modalit\u00e9s de vote sont fix\u00e9es par le r\u00e8glement int\u00e9rieur de l'Association. Les d\u00e9cisions sont adopt\u00e9es \u00e0 la majorit\u00e9 des voix exprim\u00e9es.<\/span><\/span><\/p>\r\n<span style=\"color: #000000;\"><span style=\"font-family: Times, serif;\"><span style=\"font-size: small;\"><b>Article 11 : Assembl\u00e9e G\u00e9n\u00e9rale Extraordinaire<\/b><\/span><\/span><\/span>\r\n<p class=\"western\" align=\"justify\"><span style=\"color: #000000;\"><span style=\"font-family: Times, serif;\"><span style=\"font-size: small;\">L'Assembl\u00e9e g\u00e9n\u00e9rale extraordinaire peut modifier les statuts de l'Association dans toutes leurs dispositions.<\/span><\/span><\/span><\/p>\r\n<p class=\"western\" align=\"justify\"><span style=\"color: #000000;\"><span style=\"font-family: Times, serif;\"><span style=\"font-size: small;\">Elle se prononce, en outre, sur sa dissolution anticip\u00e9e ou sur la d\u00e9volution de ses biens.<\/span><\/span><\/span><\/p>\r\n<p class=\"western\"><span style=\"color: #000000;\"><span style=\"font-family: Times, serif;\"><span style=\"font-size: small;\">Elle est convoqu\u00e9e par le Pr\u00e9sident du Conseil d'Administration sur d\u00e9cision du Conseil d'Administration ou sur demande de la moiti\u00e9 au moins de ses membres.<\/span><\/span><\/span><\/p>\r\n<p align=\"justify\"><span style=\"color: #000000;\"><span style=\"font-family: Times, serif;\"><span style=\"font-size: small;\">Les r\u00e8gles de convocation et de participation sont les m\u00eame que pour une AG ordinaire, except\u00e9s les points suivants\u00a0:<\/span><\/span><\/span><\/p>\r\n<p class=\"western\" align=\"justify\"><span style=\"color: #000000;\"><span style=\"font-family: Times, serif;\"><span style=\"font-size: small;\">- les d\u00e9cisions propos\u00e9es en Assembl\u00e9e G\u00e9n\u00e9rale Extraordinaire doivent \u00eatre adopt\u00e9es \u00e0 la majorit\u00e9 des 2\/3 des voix exprim\u00e9es.<\/span><\/span><\/span><\/p>\r\n<p align=\"justify\"><span style=\"color: #000000;\"><span style=\"font-family: Times, serif;\"><span style=\"font-size: small;\"><i>- <\/i>un quorum de participation de un tiers des membres (pr\u00e9sents ou repr\u00e9sent\u00e9s) est n\u00e9cessaire pour que cette assembl\u00e9e puisse d\u00e9lib\u00e9rer valablement.<\/span><\/span><\/span><\/p>\r\n<p class=\"western\" align=\"justify\"><span style=\"color: #000000;\"><span style=\"font-family: Times, serif;\"><span style=\"font-size: small;\">- au cas o\u00f9 ce quorum ne serait pas atteint, une nouvelle Assembl\u00e9e G\u00e9n\u00e9rale Extraordinaire est convoqu\u00e9e par le Pr\u00e9sident du Conseil d'Administration dans un d\u00e9lai de 15 jours au moins, qui d\u00e9lib\u00e9rera \u00e0 la majorit\u00e9 des voix exprim\u00e9es par les membres pr\u00e9sents ou repr\u00e9sent\u00e9s.<\/span><\/span><\/span><\/p>\r\n<p class=\"western\" align=\"justify\"><span style=\"color: #000000;\"><span style=\"font-family: Times, serif;\"><span style=\"font-size: small;\"><b>Article 12 : Conseil d'Administration<\/b><\/span><\/span><\/span><\/p>\r\n<p class=\"western\" align=\"justify\"><span style=\"color: #000000;\"><span style=\"font-family: Times, serif;\"><span style=\"font-size: small;\"><b>a) Les Administrateurs<\/b><\/span><\/span><\/span><\/p>\r\n<p class=\"western\" align=\"justify\"><span style=\"color: #000000;\"><span style=\"font-family: Times, serif;\"><span style=\"font-size: small;\"> L'Association est administr\u00e9e et g\u00e9r\u00e9e par un Conseil d'Administration compos\u00e9 de personnes physiques au nombre minimum de 3 et maximum de 12, r\u00e9parties comme suit :<\/span><\/span><\/span><\/p>\r\n<p class=\"western\" align=\"justify\"><span style=\"color: #000000;\"><span style=\"font-family: Times, serif;\"><span style=\"font-size: small;\"> Un coll\u00e8ge d'institutionnels, de repr\u00e9sentants du secteur m\u00e9dical, d'associations, d'organismes ou de personnes aux comp\u00e9tences reconnues dans le domaine du m\u00e9dical ou du param\u00e9dical.<\/span><\/span><\/span><\/p>\r\n<p class=\"western\" align=\"justify\"><span style=\"color: #000000;\"><span style=\"font-family: Times, serif;\"><span style=\"font-size: small;\"> Le nombre maximum de membres dans le coll\u00e8ge 1 est fix\u00e9 au tiers du total des membres du Conseil d'Administration (calcul effectu\u00e9 sur le multiple de trois le plus proche)<\/span><\/span><\/span><\/p>\r\n<p class=\"western\" align=\"justify\"><span style=\"color: #000000;\"><span style=\"font-family: Times, serif;\"><span style=\"font-size: small;\"> Un coll\u00e8ge de personnes <span style=\"font-family: Courier, monospace;\">souffrant d\u2019anxi\u00e9t\u00e9<\/span> ou non qui veulent prendre une part active \u00e0 la vie de l'Association. Le nombre de membres dans le coll\u00e8ge 2 vient en compl\u00e9ment du premier coll\u00e8ge.<\/span><\/span><\/span><\/p>\r\n<p class=\"western\" align=\"justify\"><span style=\"color: #000000;\"><span style=\"font-family: Times, serif;\"><span style=\"font-size: small;\">Ne sont \u00e9ligibles que les membres du 1<sup>er<\/sup> coll\u00e8ge dont la candidature est approuv\u00e9e par le CA, ou pour le 2eme coll\u00e8ge, les membres actifs ayant au moins 6 mois d\u2019anciennet\u00e9 au sein de l\u2019association, sauf p\u00e9nurie de candidats.<\/span><\/span><\/span><\/p>\r\n<p class=\"western\" align=\"justify\"><span style=\"color: #000000;\"><span style=\"font-family: Times, serif;\"><span style=\"font-size: small;\">Les administrateurs sont nomm\u00e9s pour deux ans par l'Assembl\u00e9e G\u00e9n\u00e9rale Ordinaire. Ils se renouvellent annuellement par moiti\u00e9 et sont r\u00e9\u00e9ligibles. Le premier renouvellement se fera au moyen d'un tirage au sort.<\/span><\/span><\/span><\/p>\r\n<p class=\"western\" align=\"justify\"><span style=\"color: #000000;\"><span style=\"font-family: Times, serif;\"><span style=\"font-size: small;\">En cas de vacance d'un si\u00e8ge d'administrateur, le conseil d'Administration statuant \u00e0 la majorit\u00e9 des membres du Conseil d'Administration peut pourvoir provisoirement, par cooptation, au remplacement du si\u00e8ge vacant. Cette d\u00e9signation est faite pour la dur\u00e9e restant \u00e0 courir du mandat de l'administrateur remplac\u00e9 et sous r\u00e9serve de sa ratification par la prochaine Assembl\u00e9e G\u00e9n\u00e9rale.<\/span><\/span><\/span><\/p>\r\n<p class=\"western\" align=\"justify\"><span style=\"color: #000000;\"><span style=\"font-family: Times, serif;\"><span style=\"font-size: small;\"><b>b) Le fonctionnement<\/b><\/span><\/span><\/span><\/p>\r\n<p class=\"western\" align=\"justify\"><span style=\"color: #000000;\"><span style=\"font-family: Times, serif;\"><span style=\"font-size: small;\">Le Conseil d'Administration se r\u00e9unit<i> <\/i>au moins 3 fois par an sur convocation du Pr\u00e9sident ou sur demande de la moiti\u00e9 au moins de ses membres<\/span><\/span><\/span><\/p>\r\n<p class=\"western\" align=\"left\"><span style=\"color: #000000;\"><span style=\"font-family: Times, serif;\"><span style=\"font-size: small;\">Pour d\u00e9lib\u00e9rer valablement, la majorit\u00e9 des membres du C.A. doit \u00eatre pr\u00e9sente ou repr\u00e9sent\u00e9e.<b> <\/b>Chaque membre pourra disposer d'un pouvoir. <\/span><\/span><\/span><\/p>\r\n<p class=\"western\" align=\"justify\"><span style=\"color: #000000;\"><span style=\"font-family: Times, serif;\"><span style=\"font-size: small;\">Les d\u00e9cisions sont prises \u00e0 la majorit\u00e9 des voix exprim\u00e9es des membres pr\u00e9sents ou repr\u00e9sent\u00e9s qui disposent chacun d'une voix.<\/span><\/span><\/span><\/p>\r\n<p class=\"western\" align=\"justify\"><span style=\"color: #000000;\"><span style=\"font-family: Times, serif;\"><span style=\"font-size: small;\">En cas de partage, la voix du Pr\u00e9sident est pr\u00e9pond\u00e9rante. Les votes ont lieu \u00e0 main lev\u00e9e sauf demande de l'un des membres du Conseil d'Administration pour que ces votes aient lieu \u00e0 bulletin secret.<\/span><\/span><\/span><\/p>\r\n<p class=\"western\" align=\"justify\"><span style=\"color: #000000;\"><span style=\"font-family: Times, serif;\"><span style=\"font-size: small;\">Tout membre du Conseil qui, sans motif s\u00e9rieux, n'aura pas assist\u00e9 \u00e0 trois r\u00e9unions cons\u00e9cutives pourra \u00eatre consid\u00e9r\u00e9 comme d\u00e9missionnaire de ses fonctions d'administrateur.<\/span><\/span><\/span><\/p>\r\n<p class=\"western\" align=\"justify\"><span style=\"color: #000000;\"><span style=\"font-family: Times, serif;\"><span style=\"font-size: small;\"><b>Article 13 : le bureau<\/b><\/span><\/span><\/span><\/p>\r\n<p class=\"western\" align=\"justify\"><span style=\"color: #000000;\"><span style=\"font-family: Times, serif;\"><span style=\"font-size: small;\">Le conseil d'Administration choisit parmi ses membres ayant au moins 9 mois d'anciennet\u00e9 _ sauf p\u00e9nurie de candidats_ au scrutin secret, un bureau compos\u00e9 de 3 \u00e0 6 personnes parmi lesquelles sont d\u00e9sign\u00e9s:<\/span><\/span><\/span><\/p>\r\n<p class=\"western\" align=\"justify\"><span style=\"color: #000000;\"><span style=\"font-family: Times, serif;\"><span style=\"font-size: small;\"> -\u00a0le Pr\u00e9sident de l'Association (Pr\u00e9sident du Conseil d'Administration et du bureau)<\/span><\/span><\/span><\/p>\r\n<p class=\"western\" align=\"justify\"><span style=\"color: #000000;\"><span style=\"font-family: Times, serif;\"><span style=\"font-size: small;\"> -\u00a0un Vice Pr\u00e9sident<\/span><\/span><\/span><\/p>\r\n<p class=\"western\" align=\"justify\"><span style=\"color: #000000;\"><span style=\"font-family: Times, serif;\"><span style=\"font-size: small;\"> -\u00a0un tr\u00e9sorier et \u00e9ventuellement un tr\u00e9sorier adjoint<\/span><\/span><\/span><\/p>\r\n<p class=\"western\" align=\"justify\"><span style=\"color: #000000;\"><span style=\"font-family: Times, serif;\"><span style=\"font-size: small;\"> -\u00a0un secr\u00e9taire et \u00e9ventuellement <b> <\/b>un secr\u00e9taire adjoint<\/span><\/span><\/span><\/p>\r\n<p class=\"western\" align=\"justify\"><span style=\"color: #000000;\"><span style=\"font-family: Times, serif;\"><span style=\"font-size: small;\"> -\u00a0le conseil d'Administration peut d\u00e9signer d'autres membres sans fonction particuli\u00e8re en tant que membres permanents ou en fonction des besoins. Ces membres participent de droit aux d\u00e9lib\u00e9rations du bureau et aux votes qui pourraient en r\u00e9sulter.<\/span><\/span><\/span><\/p>\r\n<p class=\"western\" align=\"justify\"><span style=\"color: #000000;\"><span style=\"font-family: Times, serif;\"><span style=\"font-size: small;\">Le bureau est \u00e9lu tous les ans par le Conseil d'Administration qui suit l'Assembl\u00e9e G\u00e9n\u00e9rale Ordinaire statuant sur les comptes de l'exercice pr\u00e9c\u00e9dent.<\/span><\/span><\/span><\/p>\r\n<p class=\"western\" align=\"justify\"><span style=\"color: #000000;\"><span style=\"font-family: Times, serif;\"><span style=\"font-size: small;\">Il se r\u00e9unit sur simple convocation du Pr\u00e9sident.<\/span><\/span><\/span><\/p>\r\n<p class=\"western\" align=\"center\"><span style=\"color: #000000;\"><span style=\"font-family: Times, serif;\"><span style=\"font-size: large;\"><b>CONTR\u00d4LE - DISSOLUTION - LIQUIDATION<\/b><\/span><\/span><\/span><\/p>\r\n<p class=\"western\" align=\"justify\"><span style=\"color: #000000;\"><span style=\"font-family: Times, serif;\"><span style=\"font-size: small;\"><b>Article 14 : R\u00e8glement int\u00e9rieur<\/b><\/span><\/span><\/span><\/p>\r\n<p class=\"western\" align=\"justify\"><span style=\"color: #000000;\"><span style=\"font-family: Times, serif;\"><span style=\"font-size: small;\">Le r\u00e8glement int\u00e9rieur est \u00e9tabli par le Conseil d'Administration, approuv\u00e9 par l'Assembl\u00e9e G\u00e9n\u00e9rale Ordinaire et port\u00e9 \u00e0 la connaissance de tout nouveau membre.<\/span><\/span><\/span><\/p>\r\n<p class=\"western\"><span style=\"font-family: Times, serif; color: #000000;\"><span style=\"font-size: small;\">Il est destin\u00e9 \u00e0 fixer les divers points non pr\u00e9vus par les statuts, notamment ceux qui ont trait \u00e0 l'administration interne de l'Association.<\/span><\/span><\/p>\r\n<p class=\"western\" align=\"justify\"><span style=\"color: #000000;\"><span style=\"font-family: Times, serif;\"><span style=\"font-size: small;\"><b>Article 15 : Dissolution<\/b><\/span><\/span><\/span><\/p>\r\n<p class=\"western\" align=\"justify\"><span style=\"color: #000000;\"><span style=\"font-family: Times, serif;\"><span style=\"font-size: small;\">L'Assembl\u00e9e G\u00e9n\u00e9rale Extraordinaire peut d\u00e9cider la dissolution anticip\u00e9e de l'Association.<\/span><\/span><\/span><\/p>\r\n<p class=\"western\" align=\"justify\"><span style=\"color: #000000;\"><span style=\"font-family: Times, serif;\"><span style=\"font-size: small;\">L'actif de l'Association, s'il y a lieu, est transf\u00e9r\u00e9 \u00e0 une autre Association ayant des buts similaires conform\u00e9ment \u00e0 l'article 9 de la loi du 1er juillet 1901 et au d\u00e9cret du 16 ao\u00fbt 1901.<\/span><\/span><\/span><\/p>\r\n<p class=\"western\" align=\"left\"><span style=\"color: #000000;\"><span style=\"font-family: Times, serif;\"><span style=\"font-size: medium;\"> <span style=\"font-size: small;\">Oullins-<\/span><span style=\"font-size: small;\">Pierre-B\u00e9nite<\/span><span style=\"font-size: small;\">, le <\/span><span style=\"font-size: small;\">14<\/span> <span style=\"font-size: small;\">juin<\/span><span style=\"font-size: small;\"> 20<\/span><span style=\"font-size: small;\">25<\/span><\/span><\/span><\/span><\/p>\r\n<p style=\"text-align: center;\" align=\"left\"><em>Version en cours d'enregistrement \u00e0 la Pr\u00e9fecture du Rh\u00f4ne<\/em><\/p>","_et_gb_content_width":"","footnotes":""},"class_list":["post-1429","page","type-page","status-publish","hentry"],"yoast_head":"<!-- This site is optimized with the Yoast SEO plugin v28.3 - https:\/\/yoast.com\/product\/yoast-seo-wordpress\/ -->\n<title>Statuts de l&#039;association - M\u00e9diagoras Lyon<\/title>\n<meta name=\"description\" content=\"Statuts de l&#039;association M\u00e9diagoras Lyon : Cette association a pour objet de permettre le mieux \u00eatre des personnes souffrant d\u2019anxi\u00e9t\u00e9\" \/>\n<meta name=\"robots\" content=\"index, follow, max-snippet:-1, max-image-preview:large, max-video-preview:-1\" \/>\n<link rel=\"canonical\" href=\"https:\/\/mediagoras.fr\/exemple\/statuts\/\" \/>\n<meta property=\"og:locale\" content=\"fr_FR\" \/>\n<meta property=\"og:type\" content=\"article\" \/>\n<meta property=\"og:title\" content=\"Statuts de l&#039;association - M\u00e9diagoras Lyon\" \/>\n<meta property=\"og:description\" content=\"Statuts de l&#039;association M\u00e9diagoras Lyon : Cette association a pour objet de permettre le mieux \u00eatre des personnes souffrant d\u2019anxi\u00e9t\u00e9\" \/>\n<meta property=\"og:url\" content=\"https:\/\/mediagoras.fr\/exemple\/statuts\/\" \/>\n<meta property=\"og:site_name\" content=\"M\u00e9diagoras Lyon\" \/>\n<meta property=\"article:modified_time\" content=\"2026-08-31T15:05:17+00:00\" \/>\n<meta name=\"twitter:card\" content=\"summary_large_image\" \/>\n<meta name=\"twitter:label1\" content=\"Dur\u00e9e de lecture estim\u00e9e\" \/>\n\t<meta name=\"twitter:data1\" content=\"9 minutes\" \/>\n<script type=\"application\/ld+json\" class=\"yoast-schema-graph\">{\"@context\":\"https:\\\/\\\/schema.org\",\"@graph\":[{\"@type\":\"WebPage\",\"@id\":\"https:\\\/\\\/mediagoras.fr\\\/exemple\\\/statuts\\\/\",\"url\":\"https:\\\/\\\/mediagoras.fr\\\/exemple\\\/statuts\\\/\",\"name\":\"Statuts de l'association - M\u00e9diagoras Lyon\",\"isPartOf\":{\"@id\":\"https:\\\/\\\/mediagoras.fr\\\/exemple\\\/#website\"},\"datePublished\":\"2026-04-09T16:22:58+00:00\",\"dateModified\":\"2026-08-31T15:05:17+00:00\",\"description\":\"Statuts de l'association M\u00e9diagoras Lyon : Cette association a pour objet de permettre le mieux \u00eatre des personnes souffrant d\u2019anxi\u00e9t\u00e9\",\"breadcrumb\":{\"@id\":\"https:\\\/\\\/mediagoras.fr\\\/exemple\\\/statuts\\\/#breadcrumb\"},\"inLanguage\":\"fr-FR\",\"potentialAction\":[{\"@type\":\"ReadAction\",\"target\":[\"https:\\\/\\\/mediagoras.fr\\\/exemple\\\/statuts\\\/\"]}]},{\"@type\":\"BreadcrumbList\",\"@id\":\"https:\\\/\\\/mediagoras.fr\\\/exemple\\\/statuts\\\/#breadcrumb\",\"itemListElement\":[{\"@type\":\"ListItem\",\"position\":1,\"name\":\"Accueil\",\"item\":\"https:\\\/\\\/mediagoras.fr\\\/exemple\\\/\"},{\"@type\":\"ListItem\",\"position\":2,\"name\":\"Statuts de l&rsquo;association\"}]},{\"@type\":\"WebSite\",\"@id\":\"https:\\\/\\\/mediagoras.fr\\\/exemple\\\/#website\",\"url\":\"https:\\\/\\\/mediagoras.fr\\\/exemple\\\/\",\"name\":\"M\u00e9diagoras Lyon\",\"description\":\"Un site utilisant R\u00e9seau Mediagora\",\"potentialAction\":[{\"@type\":\"SearchAction\",\"target\":{\"@type\":\"EntryPoint\",\"urlTemplate\":\"https:\\\/\\\/mediagoras.fr\\\/exemple\\\/?s={search_term_string}\"},\"query-input\":{\"@type\":\"PropertyValueSpecification\",\"valueRequired\":true,\"valueName\":\"search_term_string\"}}],\"inLanguage\":\"fr-FR\"}]}<\/script>\n<!-- \/ Yoast SEO plugin. -->","yoast_head_json":{"title":"Statuts de l'association - M\u00e9diagoras Lyon","description":"Statuts de l'association M\u00e9diagoras Lyon : Cette association a pour objet de permettre le mieux \u00eatre des personnes souffrant d\u2019anxi\u00e9t\u00e9","robots":{"index":"index","follow":"follow","max-snippet":"max-snippet:-1","max-image-preview":"max-image-preview:large","max-video-preview":"max-video-preview:-1"},"canonical":"https:\/\/mediagoras.fr\/exemple\/statuts\/","og_locale":"fr_FR","og_type":"article","og_title":"Statuts de l'association - M\u00e9diagoras Lyon","og_description":"Statuts de l'association M\u00e9diagoras Lyon : Cette association a pour objet de permettre le mieux \u00eatre des personnes souffrant d\u2019anxi\u00e9t\u00e9","og_url":"https:\/\/mediagoras.fr\/exemple\/statuts\/","og_site_name":"M\u00e9diagoras Lyon","article_modified_time":"2026-08-31T15:05:17+00:00","twitter_card":"summary_large_image","twitter_misc":{"Dur\u00e9e de lecture estim\u00e9e":"9 minutes"},"schema":{"@context":"https:\/\/schema.org","@graph":[{"@type":"WebPage","@id":"https:\/\/mediagoras.fr\/exemple\/statuts\/","url":"https:\/\/mediagoras.fr\/exemple\/statuts\/","name":"Statuts de l'association - M\u00e9diagoras Lyon","isPartOf":{"@id":"https:\/\/mediagoras.fr\/exemple\/#website"},"datePublished":"2026-04-09T16:22:58+00:00","dateModified":"2026-08-31T15:05:17+00:00","description":"Statuts de l'association M\u00e9diagoras Lyon : Cette association a pour objet de permettre le mieux \u00eatre des personnes souffrant d\u2019anxi\u00e9t\u00e9","breadcrumb":{"@id":"https:\/\/mediagoras.fr\/exemple\/statuts\/#breadcrumb"},"inLanguage":"fr-FR","potentialAction":[{"@type":"ReadAction","target":["https:\/\/mediagoras.fr\/exemple\/statuts\/"]}]},{"@type":"BreadcrumbList","@id":"https:\/\/mediagoras.fr\/exemple\/statuts\/#breadcrumb","itemListElement":[{"@type":"ListItem","position":1,"name":"Accueil","item":"https:\/\/mediagoras.fr\/exemple\/"},{"@type":"ListItem","position":2,"name":"Statuts de l&rsquo;association"}]},{"@type":"WebSite","@id":"https:\/\/mediagoras.fr\/exemple\/#website","url":"https:\/\/mediagoras.fr\/exemple\/","name":"M\u00e9diagoras Lyon","description":"Un site utilisant R\u00e9seau Mediagora","potentialAction":[{"@type":"SearchAction","target":{"@type":"EntryPoint","urlTemplate":"https:\/\/mediagoras.fr\/exemple\/?s={search_term_string}"},"query-input":{"@type":"PropertyValueSpecification","valueRequired":true,"valueName":"search_term_string"}}],"inLanguage":"fr-FR"}]}},"_links":{"self":[{"href":"https:\/\/mediagoras.fr\/exemple\/wp-json\/wp\/v2\/pages\/1429","targetHints":{"allow":["GET"]}}],"collection":[{"href":"https:\/\/mediagoras.fr\/exemple\/wp-json\/wp\/v2\/pages"}],"about":[{"href":"https:\/\/mediagoras.fr\/exemple\/wp-json\/wp\/v2\/types\/page"}],"author":[{"embeddable":true,"href":"https:\/\/mediagoras.fr\/exemple\/wp-json\/wp\/v2\/users\/38"}],"replies":[{"embeddable":true,"href":"https:\/\/mediagoras.fr\/exemple\/wp-json\/wp\/v2\/comments?post=1429"}],"version-history":[{"count":17,"href":"https:\/\/mediagoras.fr\/exemple\/wp-json\/wp\/v2\/pages\/1429\/revisions"}],"predecessor-version":[{"id":3916,"href":"https:\/\/mediagoras.fr\/exemple\/wp-json\/wp\/v2\/pages\/1429\/revisions\/3916"}],"wp:attachment":[{"href":"https:\/\/mediagoras.fr\/exemple\/wp-json\/wp\/v2\/media?parent=1429"}],"curies":[{"name":"wp","href":"https:\/\/api.w.org\/{rel}","templated":true}]}}