{"id":1434,"date":"2026-08-04T00:24:54","date_gmt":"2026-08-03T22:24:54","guid":{"rendered":"https:\/\/mediagoras.fr\/exemple\/?page_id=1434"},"modified":"2026-08-31T17:09:36","modified_gmt":"2026-08-31T15:09:36","slug":"reglement-interieur","status":"publish","type":"page","link":"https:\/\/mediagoras.fr\/exemple\/reglement-interieur\/","title":{"rendered":"R\u00e8glement int\u00e9rieur"},"content":{"rendered":"[et_pb_section fb_built=\u00a0\u00bb1&Prime; admin_label=\u00a0\u00bbsection\u00a0\u00bb _builder_version=\u00a0\u00bb4.16&Prime; global_colors_info=\u00a0\u00bb{}\u00a0\u00bb][et_pb_row admin_label=\u00a0\u00bbrow\u00a0\u00bb _builder_version=\u00a0\u00bb4.16&Prime; background_size=\u00a0\u00bbinitial\u00a0\u00bb background_position=\u00a0\u00bbtop_left\u00a0\u00bb background_repeat=\u00a0\u00bbrepeat\u00a0\u00bb global_colors_info=\u00a0\u00bb{}\u00a0\u00bb][et_pb_column type=\u00a0\u00bb4_4&Prime; _builder_version=\u00a0\u00bb4.16&Prime; custom_padding=\u00a0\u00bb|||\u00a0\u00bb global_colors_info=\u00a0\u00bb{}\u00a0\u00bb custom_padding__hover=\u00a0\u00bb|||\u00a0\u00bb][et_pb_text admin_label=\u00a0\u00bbTexte\u00a0\u00bb _builder_version=\u00a0\u00bb4.27.6&Prime; ul_font=\u00a0\u00bb||||||||\u00a0\u00bb ol_font=\u00a0\u00bb||||||||\u00a0\u00bb header_font=\u00a0\u00bb||||||||\u00a0\u00bb header_2_text_color=\u00a0\u00bb#6e1950&Prime; header_2_font_size=\u00a0\u00bb44px\u00a0\u00bb header_2_line_height=\u00a0\u00bb1.2em\u00a0\u00bb custom_margin=\u00a0\u00bb||20px|\u00a0\u00bb header_2_font_size_tablet=\u00a0\u00bb36px\u00a0\u00bb header_2_font_size_phone=\u00a0\u00bb\u00a0\u00bb header_2_font_size_last_edited=\u00a0\u00bbon|phone\u00a0\u00bb locked=\u00a0\u00bboff\u00a0\u00bb global_colors_info=\u00a0\u00bb{}\u00a0\u00bb]\n<div id=\"ez-toc-container\" class=\"ez-toc-v2_0_87 counter-hierarchy ez-toc-counter ez-toc-light-blue ez-toc-container-direction\">\n<div class=\"ez-toc-title-container\">\n<p class=\"ez-toc-title\" style=\"cursor:inherit\">Contenu de cette page<\/p>\n<span class=\"ez-toc-title-toggle\"><a href=\"#\" class=\"ez-toc-pull-right ez-toc-btn ez-toc-btn-xs ez-toc-btn-default ez-toc-toggle\" aria-label=\"Toggle Table of Content\"><span class=\"ez-toc-js-icon-con\"><span class=\"\"><span class=\"eztoc-hide\" style=\"display:none;\">Toggle<\/span><span class=\"ez-toc-icon-toggle-span\"><svg style=\"fill: #98009b;color:#98009b\" xmlns=\"http:\/\/www.w3.org\/2000\/svg\" class=\"list-377408\" width=\"20px\" height=\"20px\" viewBox=\"0 0 24 24\" fill=\"none\"><path d=\"M6 6H4v2h2V6zm14 0H8v2h12V6zM4 11h2v2H4v-2zm16 0H8v2h12v-2zM4 16h2v2H4v-2zm16 0H8v2h12v-2z\" fill=\"currentColor\"><\/path><\/svg><svg style=\"fill: #98009b;color:#98009b\" class=\"arrow-unsorted-368013\" xmlns=\"http:\/\/www.w3.org\/2000\/svg\" width=\"10px\" height=\"10px\" viewBox=\"0 0 24 24\" version=\"1.2\" baseProfile=\"tiny\"><path d=\"M18.2 9.3l-6.2-6.3-6.2 6.3c-.2.2-.3.4-.3.7s.1.5.3.7c.2.2.4.3.7.3h11c.3 0 .5-.1.7-.3.2-.2.3-.5.3-.7s-.1-.5-.3-.7zM5.8 14.7l6.2 6.3 6.2-6.3c.2-.2.3-.5.3-.7s-.1-.5-.3-.7c-.2-.2-.4-.3-.7-.3h-11c-.3 0-.5.1-.7.3-.2.2-.3.5-.3.7s.1.5.3.7z\"\/><\/svg><\/span><\/span><\/span><\/a><\/span><\/div>\n<nav><ul class='ez-toc-list ez-toc-list-level-1 ' ><li class='ez-toc-page-1 ez-toc-heading-level-2'><a class=\"ez-toc-link ez-toc-heading-1\" href=\"https:\/\/mediagoras.fr\/exemple\/reglement-interieur\/#Reglement_interieur_de_Mediagora_Lyon\" >R\u00e9glement int\u00e9rieur de M\u00e9diagora Lyon<\/a><ul class='ez-toc-list-level-3' ><li class='ez-toc-heading-level-3'><a class=\"ez-toc-link ez-toc-heading-2\" href=\"https:\/\/mediagoras.fr\/exemple\/reglement-interieur\/#Article_1_Titre_de_membre\" >Article 1 : Titre de membre<\/a><\/li><li class='ez-toc-page-1 ez-toc-heading-level-3'><a class=\"ez-toc-link ez-toc-heading-3\" href=\"https:\/\/mediagoras.fr\/exemple\/reglement-interieur\/#Article_2_Cotisation_annuelle\" >Article 2 : Cotisation annuelle<\/a><\/li><li class='ez-toc-page-1 ez-toc-heading-level-3'><a class=\"ez-toc-link ez-toc-heading-4\" href=\"https:\/\/mediagoras.fr\/exemple\/reglement-interieur\/#Article_3_le_President_ou_les_co-Presidents\" >Article 3 : le Pr\u00e9sident (ou les co-Pr\u00e9sidents)<\/a><\/li><li class='ez-toc-page-1 ez-toc-heading-level-3'><a class=\"ez-toc-link ez-toc-heading-5\" href=\"https:\/\/mediagoras.fr\/exemple\/reglement-interieur\/#Article_4_Vacance_de_la_Presidence\" >Article 4 : Vacance de la Pr\u00e9sidence<\/a><\/li><li class='ez-toc-page-1 ez-toc-heading-level-3'><a class=\"ez-toc-link ez-toc-heading-6\" href=\"https:\/\/mediagoras.fr\/exemple\/reglement-interieur\/#Article_5_Delegation_de_pouvoirs_des_co-Presidents\" >Article 5 : D\u00e9l\u00e9gation de pouvoirs des co-Pr\u00e9sidents<\/a><\/li><li class='ez-toc-page-1 ez-toc-heading-level-3'><a class=\"ez-toc-link ez-toc-heading-7\" href=\"https:\/\/mediagoras.fr\/exemple\/reglement-interieur\/#Article_6_Desaccord_entre_les_co-presidents\" >Article 6 : D\u00e9saccord entre les co-pr\u00e9sidents<\/a><\/li><li class='ez-toc-page-1 ez-toc-heading-level-3'><a class=\"ez-toc-link ez-toc-heading-8\" href=\"https:\/\/mediagoras.fr\/exemple\/reglement-interieur\/#Article_7_Anciens_Presidents\" >Article 7 : Anciens Pr\u00e9sidents<\/a><\/li><li class='ez-toc-page-1 ez-toc-heading-level-3'><a class=\"ez-toc-link ez-toc-heading-9\" href=\"https:\/\/mediagoras.fr\/exemple\/reglement-interieur\/#Article_8_Le_Tresorier\" >Article 8 : Le Tr\u00e9sorier<\/a><\/li><li class='ez-toc-page-1 ez-toc-heading-level-3'><a class=\"ez-toc-link ez-toc-heading-10\" href=\"https:\/\/mediagoras.fr\/exemple\/reglement-interieur\/#Article_9_Le_Secretaire\" >Article 9 : Le Secr\u00e9taire<\/a><\/li><li class='ez-toc-page-1 ez-toc-heading-level-3'><a class=\"ez-toc-link ez-toc-heading-11\" href=\"https:\/\/mediagoras.fr\/exemple\/reglement-interieur\/#Article_10_Activites_de_lassociation\" >Article 10 : Activit\u00e9s de l&rsquo;association<\/a><\/li><li class='ez-toc-page-1 ez-toc-heading-level-3'><a class=\"ez-toc-link ez-toc-heading-12\" href=\"https:\/\/mediagoras.fr\/exemple\/reglement-interieur\/#Article_11_Modalite_de_remboursement_des_frais_engages_sur_demande_de_lAssociation\" >Article 11 : Modalit\u00e9 de remboursement des frais engag\u00e9s sur demande de l\u2019Association<\/a><\/li><li class='ez-toc-page-1 ez-toc-heading-level-3'><a class=\"ez-toc-link ez-toc-heading-13\" href=\"https:\/\/mediagoras.fr\/exemple\/reglement-interieur\/#Article_12_Modalites_de_vote_en_Assemblee_Generale\" >Article 12 : Modalit\u00e9s de vote en Assembl\u00e9e G\u00e9n\u00e9rale<\/a><\/li><li class='ez-toc-page-1 ez-toc-heading-level-3'><a class=\"ez-toc-link ez-toc-heading-14\" href=\"https:\/\/mediagoras.fr\/exemple\/reglement-interieur\/#Article_13_Surveillance_et_application_du_reglement_interieur\" >Article 13 : Surveillance et application du r\u00e8glement int\u00e9rieur<\/a><\/li><\/ul><\/li><\/ul><\/nav><\/div>\n<h2><span class=\"ez-toc-section\" id=\"Reglement_interieur_de_Mediagora_Lyon\"><\/span>R\u00e9glement int\u00e9rieur de M\u00e9diagora Lyon<span class=\"ez-toc-section-end\"><\/span><\/h2>\n[\/et_pb_text][et_pb_divider divider_weight=\u00a0\u00bb9px\u00a0\u00bb _builder_version=\u00a0\u00bb4.27.6&Prime; max_width=\u00a0\u00bb50px\u00a0\u00bb locked=\u00a0\u00bboff\u00a0\u00bb global_colors_info=\u00a0\u00bb{}\u00a0\u00bb][\/et_pb_divider][et_pb_text admin_label=\u00a0\u00bbText\u00a0\u00bb _builder_version=\u00a0\u00bb4.27.6&Prime; header_3_text_color=\u00a0\u00bb#fc711c\u00a0\u00bb background_size=\u00a0\u00bbinitial\u00a0\u00bb background_position=\u00a0\u00bbtop_left\u00a0\u00bb background_repeat=\u00a0\u00bbrepeat\u00a0\u00bb hover_enabled=\u00a0\u00bb0&Prime; global_colors_info=\u00a0\u00bb{}\u00a0\u00bb sticky_enabled=\u00a0\u00bb0&Prime;]\n<p>Le pr\u00e9sent r\u00e8glement int\u00e9rieur engage tous les membres de l\u2019association, ainsi que les invit\u00e9s et les intervenants ext\u00e9rieurs.<\/p>\n<p><strong>AVERTISSEMENT : si l&rsquo;on souhaite envoyer du courrier postal \u00e0 notre association, son sie\u0300ge est fixe\u0301 a\u0300 l&rsquo;adresse postale suivante :<\/strong><\/p>\n<p><em>M\u00e9diagora Lyon<\/em><br \/><em>Mairie de Oullins-Pierre-B\u00e9nite<\/em><br \/><em>1 rue Etienne Dolet<\/em><br \/><em>69600 Oullins-Pierre-B\u00e9nite<\/em><\/p>\n<p>Cette adresse est exclusivement administrative (si\u00e8ge social). Ni accueil ni permanences ni r\u00e9unions n\u2019y sont effectu\u00e9s.<\/p>\n<h3><span class=\"ez-toc-section\" id=\"Article_1_Titre_de_membre\"><\/span>Article 1 : Titre de membre<span class=\"ez-toc-section-end\"><\/span><\/h3>\n<p>Il est acquis d\u00e8s le r\u00e8glement de la cotisation annuelle et l\u2019acquittement des formalit\u00e9s administratives d\u2019inscription (remplissage de la fiche de renseignements), sous r\u00e9serve de l\u2019acceptation tacite du C.A.<\/p>\n<p>Les membres peuvent se pr\u00e9valoir, dans toutes les circonstances de leur vie professionnelle, de leur titre de membre de l&rsquo;association. Toutefois, cette autorisation ne saurait \u00eatre interpr\u00e9t\u00e9e comme permettant \u00e0 un de ses membres d&rsquo;engager l&rsquo;association, n&rsquo;y d&rsquo;en tirer un quelconque profit personnel. En outre, par son adh\u00e9sion, tout membre reconna\u00eet avoir pris connaissance, et s\u2019engage \u00e0 respecter, la Charte de l\u2019association Me\u0301diagora Lyon. Cette charte est publi\u00e9e sur le site web de l\u2019association.<\/p>\n<h3><span class=\"ez-toc-section\" id=\"Article_2_Cotisation_annuelle\"><\/span>Article 2 : Cotisation annuelle<span class=\"ez-toc-section-end\"><\/span><\/h3>\n<p>Son montant est fix\u00e9 par l\u2019Assembl\u00e9e G\u00e9n\u00e9rale, sur proposition du Conseil d\u2019Administration.<\/p>\n<p>La cotisation est exigible d\u2019avance\u00a0pour une dur\u00e9e d\u2019une ann\u00e9e. Cette dur\u00e9e prend effet \u00e0 partir de la date d\u2019inscription du membre, sous r\u00e9serve de \u00a0l\u2019encaissement effectif du montant en vigueur. L\u2019adh\u00e9sion\u00a0est renouvelable\u00a0\u00e0 la date anniversaire de l\u2019inscription initiale. Une nouvelle cotisation sera alors \u00e0 nouveau exigible sauf si le membre a entre temps quitt\u00e9 l\u2019association ou d\u00e9cide de la quitter \u00e0 ce moment-l\u00e0.<\/p>\n<p>Aucun remboursement n\u2019aura lieu pour les membres qui apr\u00e8s avoir acquitt\u00e9 leur cotisation seraient emp\u00each\u00e9s de participer aux activit\u00e9s de l\u2019association sauf dans certains cas de force majeure, apr\u00e8s acceptation du CA.<\/p>\n<p>Le d\u00e9faut de paiement entra\u00eene la radiation (article 8 des statuts).<\/p>\n<p>Le Conseil d\u2019Administration (C.A.)<\/p>\n<h3><span class=\"ez-toc-section\" id=\"Article_3_le_President_ou_les_co-Presidents\"><\/span>Article 3 : le Pr\u00e9sident (ou les co-Pr\u00e9sidents)<span class=\"ez-toc-section-end\"><\/span><\/h3>\n<p>Ils est (sont) \u00e9lu(s) par le Conseil d&rsquo;Administration.<\/p>\n<p>Les candidats \u00e0 la Pr\u00e9sidence se font conna\u00eetre au cours de la r\u00e9union du Conseil d&rsquo;Administration issu de l&rsquo;Assembl\u00e9e G\u00e9n\u00e9rale et convoqu\u00e9 dans le mois qui suit cette Assembl\u00e9e G\u00e9n\u00e9rale, par le(s) Pr\u00e9sident(s) sortant(s).<\/p>\n<h3><span class=\"ez-toc-section\" id=\"Article_4_Vacance_de_la_Presidence\"><\/span>Article 4 : Vacance de la Pr\u00e9sidence<span class=\"ez-toc-section-end\"><\/span><\/h3>\n<p>Lors de la vacance du poste de Pr\u00e9sident, un des Pr\u00e9sident(s) sortant(s) ou, \u00e0 d\u00e9faut, le Secr\u00e9taire, convoque les membres du Conseil d&rsquo;Administration qui doivent se r\u00e9unir dans un d\u00e9lai d&rsquo;un mois. La lettre de convocation doit parvenir 15 jours avant la tenue de la r\u00e9union.<\/p>\n<p>Les dispositions relatives \u00e0 la candidature du Pr\u00e9sident, pr\u00e9vues par l&rsquo;article pr\u00e9c\u00e9dent, sont valables, de la m\u00eame fa\u00e7on, en cas de vacances de la Pr\u00e9sidence.<\/p>\n<h3><span class=\"ez-toc-section\" id=\"Article_5_Delegation_de_pouvoirs_des_co-Presidents\"><\/span>Article 5 : D\u00e9l\u00e9gation de pouvoirs des co-Pr\u00e9sidents<span class=\"ez-toc-section-end\"><\/span><\/h3>\n<p>Le(s) Pr\u00e9sident(s) peut(vent) d\u00e9l\u00e9guer \u00e0 un membre du Conseil d&rsquo;Administration, d&rsquo;une fa\u00e7on permanente ou temporaire, la partie de ses pouvoirs qu&rsquo;il(s) juge(nt) n\u00e9cessaire, pour l&rsquo;accomplissement des missions utiles \u00e0 l&rsquo;association.<\/p>\n<p>Le Conseil d&rsquo;Administration ent\u00e9rine ce choix lors de la r\u00e9union trimestrielle (article 12 des statuts) qui suit cette d\u00e9l\u00e9gation. En cas de refus du Conseil d&rsquo;Administration, celui-ci a le pouvoir de d\u00e9signer un (ou 2) nouveau(x) Pr\u00e9sident(s).<\/p>\n<h3><span class=\"ez-toc-section\" id=\"Article_6_Desaccord_entre_les_co-presidents\"><\/span>Article 6 : D\u00e9saccord entre les co-pr\u00e9sidents<span class=\"ez-toc-section-end\"><\/span><\/h3>\n<p>Les \u00e9ventuelles divergences ou d\u00e9saccords entre les co-pr\u00e9sidents seront tranch\u00e9s par le CA. En cas de d\u00e9saccord persistant nuisant \u00e0 la bonne marche de l\u2019association, le CA aura la possibilit\u00e9 de r\u00e9duire la co-pr\u00e9sidence \u00e0 une seule personne. Soit un des 2 co-pr\u00e9sidents, soit un autre membre du CA, sera nomm\u00e9 pr\u00e9sident jusqu\u2019\u00e0 la prochaine assembl\u00e9e g\u00e9n\u00e9rale ordinaire.<\/p>\n<h3><span class=\"ez-toc-section\" id=\"Article_7_Anciens_Presidents\"><\/span>Article 7 : Anciens Pr\u00e9sidents<span class=\"ez-toc-section-end\"><\/span><\/h3>\n<p>Les anciens Pr\u00e9sidents sont nomm\u00e9s Pr\u00e9sidents d&rsquo;Honneur, sauf en cas d&rsquo;exclusion.<\/p>\n<h3><span class=\"ez-toc-section\" id=\"Article_8_Le_Tresorier\"><\/span>Article 8 : Le Tr\u00e9sorier<span class=\"ez-toc-section-end\"><\/span><\/h3>\n<p>Le Tr\u00e9sorier fait le recouvrement des sommes dues \u00e0 l&rsquo;association et signe toutes les quittances. Il est responsable, devant les membres du Conseil d&rsquo;Administration, de la gestion financi\u00e8re de l&rsquo;association.<\/p>\n<p>Les fonds sont plac\u00e9s en compte courant du nom de l&rsquo;association, dans une banque d\u00e9sign\u00e9e par le Bureau et ne peuvent \u00eatre retir\u00e9s que sur signature d\u2019un co-Pr\u00e9sident ou du Tr\u00e9sorier.<\/p>\n<p>Le Tr\u00e9sorier pr\u00e9sente, en d\u00e9but d&rsquo;exercice, un projet de budget au Bureau qui le vote \u00e0 main lev\u00e9e apr\u00e8s d\u00e9lib\u00e9ration. Le Tr\u00e9sorier ex\u00e9cute toutes les op\u00e9rations dans le cadre de ce budget apr\u00e8s sa validation par l\u2019AG. Il rend compte \u00e0 chaque r\u00e9union de Bureau de la r\u00e9alisation, recettes et d\u00e9penses par rapport \u00e0 ce budget. Ces comptes rendus figurent au proc\u00e8s verbal des r\u00e9unions de Bureau.<\/p>\n<p>A la fin de chaque exercice, un inventaire de l&rsquo;actif et du passif est dress\u00e9 par le Tr\u00e9sorier. Les comptes sont arr\u00eat\u00e9s en r\u00e9union du Conseil d&rsquo;Administration et sont soumis \u00e0 l&rsquo;approbation de l&rsquo;Assembl\u00e9e G\u00e9n\u00e9rale annuelle.<\/p>\n<h3><span class=\"ez-toc-section\" id=\"Article_9_Le_Secretaire\"><\/span>Article 9 : Le Secr\u00e9taire<span class=\"ez-toc-section-end\"><\/span><\/h3>\n<p>Le Secr\u00e9taire a la charge des archives.<\/p>\n<p>Il \u00e9tablit et signe les proc\u00e8s verbaux des s\u00e9ances des Bureaux, des Conseils d&rsquo;Administration et des Assembl\u00e9es G\u00e9n\u00e9rales avec les co-Pr\u00e9sidents ou en leur noms (2 signatures au moins pour les AG).<\/p>\n<p>Pr\u00e9cisions sur les missions des membres du C.A.<\/p>\n<p>En annexe \u00e0 ce pr\u00e9sent R.I. on pourra se procurer une description plus pr\u00e9cises des diff\u00e9rentes t\u00e2ches incombant aux membres ci-dessus list\u00e9s, mais la polyvalence des membres est la 1ere de leurs qualit\u00e9s.<\/p>\n<h3><span class=\"ez-toc-section\" id=\"Article_10_Activites_de_lassociation\"><\/span>Article 10 : Activit\u00e9s de l&rsquo;association<span class=\"ez-toc-section-end\"><\/span><\/h3>\n<p>En fonction des th\u00e8mes d&rsquo;activit\u00e9s de l&rsquo;ann\u00e9e retenus par le Conseil d&rsquo;Administration : sorties, voyages, intervenants ext\u00e9rieurs, repas, f\u00eates, relaxation, danse&#8230; ; le Bureau organise ces activit\u00e9s en fonction du budget propos\u00e9 par le Tr\u00e9sorier, vot\u00e9 par les membres du Bureau et valid\u00e9 par l\u2019AG.<\/p>\n<h3><span class=\"ez-toc-section\" id=\"Article_11_Modalite_de_remboursement_des_frais_engages_sur_demande_de_lAssociation\"><\/span>Article 11 : Modalit\u00e9 de remboursement des frais engag\u00e9s sur demande de l\u2019Association<span class=\"ez-toc-section-end\"><\/span><\/h3>\n<p>Le principe retenu est de s\u2019approcher le plus possible des frais r\u00e9els. Pour cela, la personne ayant engag\u00e9 des d\u00e9penses pour l\u2019association demandera une facture chaque fois que ce sera possible. A d\u00e9faut, et pour de petites sommes (moins de 20 Euros), un ticket de caisse sera tol\u00e9r\u00e9.<\/p>\n<p>Pour ce qui concerne les d\u00e9placements effectu\u00e9s pour l\u2019association, les trajets en TCL seront rembours\u00e9s sur la base du prix r\u00e9el \u00e0 condition d\u2019\u00eatre justifi\u00e9s. Idem pour les trajets en car ou en train (frais r\u00e9els sur pr\u00e9sentation du billet de car ou de train deuxi\u00e8me classe). Par contre lorsqu\u2019il s\u2019agit de rembourser des d\u00e9placements automobiles, la personne concern\u00e9e \u00e9tablira une note de frais pr\u00e9cisant le kilom\u00e9trage effectu\u00e9 et le type de carburant utilis\u00e9. Lorsqu\u2019il s\u2019agira de plusieurs petits d\u00e9placements (par ex: domicile&lt;-&gt;local de r\u00e9union) elle fera une r\u00e9capitulation trimestrielle. Le montant du remboursement apr\u00e8s accord de la pr\u00e9sidence et du tr\u00e9sorier, se fera sur la base d\u2019une consommation forfaitaire de 10L\/100km pour les v\u00e9hicules \u00e0 essence (tous mod\u00e8les confondus), de 8L\/100km pour les v\u00e9hicules Diesel (tous mod\u00e8les confondus), et 10 cts\/km pour les v\u00e9hicules \u00e9lectriques (ou hybrides rechargeables).<\/p>\n<p>Le moyen de locomotion choisi en accord avec le C.A., sera le plus \u00e9conomique possible.<\/p>\n<h3><span class=\"ez-toc-section\" id=\"Article_12_Modalites_de_vote_en_Assemblee_Generale\"><\/span>Article 12 : Modalit\u00e9s de vote en Assembl\u00e9e G\u00e9n\u00e9rale<span class=\"ez-toc-section-end\"><\/span><\/h3>\n<p>Chaque membre actif ou associ\u00e9 de l\u2019Association a une voix d\u00e9lib\u00e9rative et peut \u00eatre porteur de 3 pouvoirs au maximum. Les membres sympathisants bien que n\u2019\u00e9tant ni \u00e9lecteurs ni \u00e9ligibles, peuvent \u00eatre porteur d\u2019un pouvoir au maximum.<\/p>\n<p>Concernant les assembl\u00e9es g\u00e9n\u00e9rales ordinaires, un quorum de participation de 1\/3 des membres (pr\u00e9sents ou repr\u00e9sent\u00e9s) est n\u00e9cessaire pour que les points vot\u00e9s par l\u2019Assembl\u00e9e G\u00e9n\u00e9rale soient consid\u00e9r\u00e9s comme d\u00e9finitivement adopt\u00e9s (ou rejet\u00e9s). Si ce quorum n\u2019est pas atteint, l\u2019assembl\u00e9e d\u00e9lib\u00e8re quand m\u00eame, mais les points vot\u00e9s sont consid\u00e9r\u00e9s comme ayant \u00e9t\u00e9 adopt\u00e9s (ou rejet\u00e9s) provisoirement. Ils pourront \u00eatre remis en cause lors de l\u2019assembl\u00e9e g\u00e9n\u00e9rale suivante. Les diff\u00e9rents points soumis aux votes sont adopt\u00e9s \u00e0 la majorit\u00e9 relative des suffrages exprim\u00e9s.<\/p>\n<h3><span class=\"ez-toc-section\" id=\"Article_13_Surveillance_et_application_du_reglement_interieur\"><\/span>Article 13 : Surveillance et application du r\u00e8glement int\u00e9rieur<span class=\"ez-toc-section-end\"><\/span><\/h3>\n<p>Chaque membre re\u00e7oit mandat, de veiller au respect des statuts, de la Charte, et du pr\u00e9sent r\u00e8glement int\u00e9rieur.<\/p>\n<p><strong><em>Oullins-Pierre-B\u00e9nite, le 04 juillet 2026<\/em><\/strong><\/p>\n[\/et_pb_text][\/et_pb_column][\/et_pb_row][\/et_pb_section]\n","protected":false},"excerpt":{"rendered":"<p>R\u00e9glement int\u00e9rieur de M\u00e9diagora LyonLe pr\u00e9sent r\u00e8glement int\u00e9rieur engage tous les membres de l\u2019association, ainsi que les invit\u00e9s et les intervenants ext\u00e9rieurs. AVERTISSEMENT : si l&rsquo;on souhaite envoyer du courrier postal \u00e0 notre association, son sie\u0300ge est fixe\u0301 a\u0300 l&rsquo;adresse postale suivante : M\u00e9diagora LyonMairie de Oullins-Pierre-B\u00e9nite1 rue Etienne Dolet69600 Oullins-Pierre-B\u00e9nite Cette adresse est exclusivement [&hellip;]<\/p>\n","protected":false},"author":38,"featured_media":0,"parent":0,"menu_order":0,"comment_status":"closed","ping_status":"closed","template":"","meta":{"_et_pb_use_builder":"on","_et_pb_old_content":"<p class=\"western\" align=\"center\"><span style=\"font-size: large;\"><b>R\u00c8GLEMENT INT\u00c9RIEUR DE MEDIAGORA LYON<\/b><\/span><\/p>\r\n<p class=\"western\" align=\"center\"><em><span style=\"font-size: small;\">Le pr\u00e9sent r\u00e8glement int\u00e9rieur engage tous les membres de l\u2019association, ainsi que les invit\u00e9s et les intervenants ext\u00e9rieurs.<\/span><\/em><\/p>\r\n<p class=\"western\" align=\"justify\"><span style=\"font-size: small;\"><b>Article 1 : Titre de membre<\/b><\/span><\/p>\r\n<p class=\"western\" align=\"justify\"><span style=\"font-size: small;\">Il est acquis d\u00e8s le r\u00e8glement de la cotisation annuelle et l\u2019acquittement des formalit\u00e9s administratives d\u2019inscription (remplissage de la fiche de renseignements), sous r\u00e9serve de l\u2019acceptation tacite du C.A.<\/span><\/p>\r\n<p class=\"western\" align=\"justify\"><span style=\"font-size: small;\">Les membres peuvent se pr\u00e9valoir, dans toutes les circonstances de leur vie professionnelle, de leur titre de membre de l'association. Toutefois, cette autorisation ne saurait \u00eatre interpr\u00e9t\u00e9e comme permettant \u00e0 un de ses membres d'engager l'association, n'y d'en tirer un quelconque profit personnel. En outre, par son adh\u00e9sion, tout membre reconna\u00eet avoir pris connaissance et faire sienne la philosophie de l'association (texte joint au pr\u00e9sent r\u00e8glement).<\/span><\/p>\r\n<p class=\"western\" align=\"justify\"><span style=\"font-size: small;\">Chaque membre aura \u00e0 c\u0153ur de respecter les autres membres, et notamment de ne rien dire ou faire qui puisse choquer les autres. Si une discussion particuli\u00e8rement anim\u00e9e a lieu au sein du groupe, chacun s\u2019appliquera \u00e0 ignorer les provocations et \u00e0 r\u00e9pondre de mani\u00e8re \u00e0 calmer le d\u00e9bat. Il s\u2019obligera \u00e0 la plus stricte confidentialit\u00e9 concernant ce qu\u2019il aura appris des autres au cours des r\u00e9unions.<\/span><\/p>\r\n<p class=\"western\" align=\"justify\"><span style=\"font-size: small;\"><b>Article 2 : Cotisation annuelle<\/b><\/span><\/p>\r\n<p class=\"western\" align=\"justify\"><span style=\"font-size: small;\">Son montant est fix\u00e9 par l\u2019Assembl\u00e9e G\u00e9n\u00e9rale, sur proposition du Conseil d\u2019Administration.<\/span><\/p>\r\n<p class=\"western\" align=\"justify\"><span style=\"font-size: small;\">La cotisation est exigible d\u2019avance\u00a0pour une dur\u00e9e d\u2019une ann\u00e9e. Cette dur\u00e9e prend effet \u00e0 partir de la date d\u2019inscription du membre, sous r\u00e9serve de \u00a0l\u2019encaissement effectif du montant en vigueur. L\u2019adh\u00e9sion\u00a0est renouvelable\u00a0\u00e0 la date anniversaire de l\u2019inscription initiale. Une nouvelle cotisation sera alors \u00e0 nouveau exigible sauf si le membre a entre temps quitt\u00e9 l\u2019association ou d\u00e9cide de la quitter \u00e0 ce moment-l\u00e0.<\/span><\/p>\r\n<p class=\"western\" align=\"justify\"><span style=\"font-size: small;\">Aucun remboursement n\u2019aura lieu pour les membres qui apr\u00e8s avoir acquitt\u00e9 leur cotisation seraient emp\u00each\u00e9s de participer aux activit\u00e9s de l\u2019association sauf dans certains cas de force majeure, apr\u00e8s acceptation du CA.<\/span><\/p>\r\n<p class=\"western\"><span style=\"font-size: small;\">Le d\u00e9faut de paiement entra\u00eene la radiation (article 8 des statuts).<\/span><\/p>\r\n<p style=\"text-align: center;\" align=\"justify\"><span style=\"font-size: small;\"> <span style=\"font-size: medium;\"><b>Le Conseil d\u2019Administration (C.A.)<\/b><\/span><\/span><\/p>\r\n<p class=\"western\" align=\"justify\"><span style=\"font-size: small;\"><b>Article 3 : le Pr\u00e9sident<\/b><\/span><\/p>\r\n<p class=\"western\" align=\"justify\"><span style=\"font-size: small;\">Le Pr\u00e9sident est \u00e9lu par le Conseil d'Administration.<\/span><\/p>\r\n<p class=\"western\" align=\"justify\"><span style=\"font-size: small;\">Les candidats \u00e0 la Pr\u00e9sidence se font conna\u00eetre au cours de la r\u00e9union du Conseil d'Administration issu de l'Assembl\u00e9e G\u00e9n\u00e9rale et convoqu\u00e9 dans le mois qui suit cette Assembl\u00e9e G\u00e9n\u00e9rale, par le Pr\u00e9sident sortant.<\/span><\/p>\r\n<p class=\"western\" align=\"justify\"><span style=\"font-size: small;\"><b>Article 4 : Vacance de la Pr\u00e9sidence<\/b><\/span><\/p>\r\n<p class=\"western\" align=\"justify\"><span style=\"font-size: small;\">Lors de la vacance du poste de Pr\u00e9sident, le Pr\u00e9sident sortant ou, \u00e0 d\u00e9faut, le Secr\u00e9taire, convoque les membres du Conseil d'Administration qui doivent se r\u00e9unir dans un d\u00e9lai d'un mois. La lettre de convocation doit parvenir 15 jours avant la tenue de la r\u00e9union.<\/span><\/p>\r\n<p class=\"western\" align=\"justify\"><span style=\"font-size: small;\">Les dispositions relatives \u00e0 la candidature du Pr\u00e9sident, pr\u00e9vues par l'article pr\u00e9c\u00e9dent, sont valables, de la m\u00eame fa\u00e7on, en cas de vacances de la Pr\u00e9sidence. <\/span><\/p>\r\n<p class=\"western\" align=\"justify\"><span style=\"font-size: small;\"><b>Article 5 : D\u00e9l\u00e9gation de pouvoirs du Pr\u00e9sident<\/b><\/span><\/p>\r\n<p class=\"western\" align=\"justify\"><span style=\"font-size: small;\">Le Pr\u00e9sident peut d\u00e9l\u00e9guer \u00e0 un membre du Conseil d'Administration, d'une fa\u00e7on permanente ou temporaire, la partie de ses pouvoirs qu'il juge n\u00e9cessaire, pour l'accomplissement des missions utiles \u00e0 l'association.<\/span><\/p>\r\n<p class=\"western\" align=\"justify\"><span style=\"font-size: small;\">Le Conseil d'Administration ent\u00e9rine ce choix lors de la r\u00e9union trimestrielle (article 12 des statuts) qui suit cette d\u00e9l\u00e9gation. En cas de refus du Conseil d'Administration, celui-ci a le pouvoir de d\u00e9signer un nouveau Pr\u00e9sident.<\/span><\/p>\r\n<p class=\"western\" align=\"justify\"><span style=\"font-size: small;\"><b>Article 6 : Anciens Pr\u00e9sidents<\/b><\/span><\/p>\r\n<p class=\"western\" align=\"justify\"><span style=\"font-size: small;\">Les anciens Pr\u00e9sidents sont nomm\u00e9s Pr\u00e9sidents d'Honneur, sauf en cas d'exclusion.<\/span><\/p>\r\n<p class=\"western\" align=\"justify\"><span style=\"font-size: small;\"><b>Article 7 : Le Tr\u00e9sorier<\/b><\/span><\/p>\r\n<p class=\"western\" align=\"justify\"><span style=\"font-size: small;\">Le Tr\u00e9sorier fait le recouvrement des sommes dues \u00e0 l'association et signe toutes les quittances. Il est responsable, devant les membres du Conseil d'Administration, de la gestion financi\u00e8re de l'association.<\/span><\/p>\r\n<p class=\"western\" align=\"justify\"><span style=\"font-size: small;\">Les fonds sont plac\u00e9s en compte courant du nom de l'association, dans une banque d\u00e9sign\u00e9e par le Bureau et ne peuvent \u00eatre retir\u00e9s que sur signature du Pr\u00e9sident ou du Tr\u00e9sorier.<\/span><\/p>\r\n<p class=\"western\" align=\"justify\"><span style=\"font-size: small;\">Le Tr\u00e9sorier pr\u00e9sente, en d\u00e9but d'exercice, un projet de budget au Bureau qui le vote \u00e0 main lev\u00e9e apr\u00e8s d\u00e9lib\u00e9ration. Le Tr\u00e9sorier ex\u00e9cute toutes les op\u00e9rations dans le cadre de ce budget <span style=\"font-family: Courier, monospace;\">apr\u00e8s sa validation par l\u2019AG<\/span>. Il rend compte \u00e0 chaque r\u00e9union de Bureau de la r\u00e9alisation, recettes et d\u00e9penses par rapport \u00e0 ce budget. Ces comptes rendus figurent au proc\u00e8s verbal des r\u00e9unions de Bureau.<\/span><\/p>\r\n<p class=\"western\" align=\"justify\"><span style=\"font-size: small;\">A la fin de chaque exercice, un inventaire de l'actif et du passif est dress\u00e9 par le Tr\u00e9sorier. Les comptes sont arr\u00eat\u00e9s en r\u00e9union du Conseil d'Administration et sont soumis \u00e0 l'approbation de l'Assembl\u00e9e G\u00e9n\u00e9rale annuelle.<\/span><\/p>\r\n<p class=\"western\" align=\"justify\"><span style=\"font-size: small;\"><b>Article 8 : Le Secr\u00e9taire<\/b><\/span><\/p>\r\n<p class=\"western\" align=\"justify\"><span style=\"font-size: small;\">Le Secr\u00e9taire a la charge des archives.<\/span><\/p>\r\n<p class=\"western\" align=\"justify\"><span style=\"font-size: small;\">Il \u00e9tablit et signe les proc\u00e8s verbaux des s\u00e9ances des Bureaux, des Conseils d'Administration et des Assembl\u00e9es G\u00e9n\u00e9rales avec le Pr\u00e9sident ou en son nom.<\/span><\/p>\r\n<p class=\"western\" align=\"center\"><span style=\"font-family: Courier, monospace;\"><span style=\"font-size: small;\"><b>Pr\u00e9cisions sur les missions des membres du C.A.<\/b><\/span><\/span><\/p>\r\n<p class=\"western\" align=\"justify\"><span style=\"font-family: Courier, monospace;\"><span style=\"font-size: small;\">En annexe \u00e0 ce pr\u00e9sent R.I. on pourra se procurer une description plus pr\u00e9cise des diff\u00e9rentes t\u00e2ches incombant aux membres ci-dessus list\u00e9s.<\/span><\/span><\/p>\r\n<p class=\"western\" align=\"justify\"><span style=\"font-size: small;\"><b>Article 9 : Activit\u00e9s de l'association<\/b><\/span><\/p>\r\n<p class=\"western\" align=\"justify\"><span style=\"font-size: small;\">En fonction des th\u00e8mes d'activit\u00e9s de l'ann\u00e9e retenus par le Conseil d'Administration : sorties, voyages, <span style=\"font-family: Courier, monospace;\">intervenants ext\u00e9rieurs<\/span>, repas, f\u00eates, relaxation, danse... ; le Bureau organise ces activit\u00e9s en fonction du budget propos\u00e9 par le Tr\u00e9sorier, vot\u00e9 par les membres du Bureau <span style=\"font-family: Courier, monospace;\">et valid\u00e9 par l\u2019AG.<\/span><\/span><\/p>\r\n<p class=\"western\" align=\"justify\"><span style=\"font-size: small;\"><strong>Article 10 : Modalit\u00e9 de remboursement des frais engag\u00e9s sur demande de l\u2019Association<\/strong><\/span><\/p>\r\n<p class=\"western\" align=\"justify\"><span style=\"font-size: small;\">Le principe retenu est de s\u2019approcher le plus possible des frais r\u00e9els. Pour cela, la personne ayant engag\u00e9 des d\u00e9penses pour l\u2019association demandera une facture chaque fois que ce sera possible. A d\u00e9faut, et pour de petites sommes (moins de 10 Euros), un ticket de caisse sera tol\u00e9r\u00e9.<\/span><\/p>\r\n<p class=\"western\" align=\"justify\"><span style=\"font-size: small;\">Pour ce qui concerne les d\u00e9placements effectu\u00e9s pour l\u2019association, les tickets de bus seront rembours\u00e9s sur la base du prix r\u00e9el, le ticket usag\u00e9 servant de justificatif. Idem pour les trajets en car ou en train (frais r\u00e9els sur pr\u00e9sentation du billet de car ou de train deuxi\u00e8me classe). Par contre lorsqu\u2019il s\u2019agit de rembourser des d\u00e9placements automobiles, la personne concern\u00e9e \u00e9tablira une note de frais pr\u00e9cisant le kilom\u00e9trage effectu\u00e9 et le type de carburant utilis\u00e9. Lorsqu\u2019il s\u2019agira de plusieurs petits d\u00e9placements (par ex: domicile<->local de r\u00e9union) elle fera une r\u00e9capitulation trimestrielle. Le montant du remboursement apr\u00e8s accord du pr\u00e9sident et du tr\u00e9sorier, se fera sur la base d\u2019une consommation forfaitaire de 10L\/100km pour les v\u00e9hicules \u00e0 essence (tous mod\u00e8les confondus) et de 8L\/100km pour les v\u00e9hicules Diesel (tous mod\u00e8les confondus).<\/span><\/p>\r\n<p class=\"western\" align=\"justify\"><span style=\"font-size: small;\">Le moyen de locomotion choisi en accord avec le C.A., sera le plus \u00e9conomique possible.<\/span><\/p>\r\n<p class=\"western\" align=\"justify\"><span style=\"color: #000000;\"><span style=\"font-size: small;\"><b>Article 1<\/b><\/span><\/span><span style=\"color: #000000;\"><span style=\"font-size: small;\"><b>1<\/b><\/span><\/span><span style=\"color: #000000;\"><span style=\"font-size: small;\"><b> : Modalit\u00e9s de vote en Assembl\u00e9e G\u00e9n\u00e9rale<\/b><\/span><\/span><\/p>\r\n<p class=\"western\" align=\"justify\"><span style=\"font-size: small;\">Chaque membre actif ou associ\u00e9 de l\u2019Association a une voix d\u00e9lib\u00e9rative et peut \u00eatre porteur de 3 pouvoirs au maximum. Les membres sympathisants bien que n\u2019\u00e9tant ni \u00e9lecteurs ni \u00e9ligibles, peuvent \u00eatre porteur d\u2019un pouvoir au maximum.<\/span><\/p>\r\n<p class=\"western\" align=\"justify\"><span style=\"font-size: small;\">Concernant les assembl\u00e9es g\u00e9n\u00e9rales ordinaires, un quorum de participation de 1\/3 des membres (pr\u00e9sents ou repr\u00e9sent\u00e9s) est n\u00e9cessaire pour que les points vot\u00e9s par l\u2019Assembl\u00e9e G\u00e9n\u00e9rale soient consid\u00e9r\u00e9s comme d\u00e9finitivement adopt\u00e9s (ou rejet\u00e9s). Si ce quorum n\u2019est pas atteint, l\u2019assembl\u00e9e d\u00e9lib\u00e8re quand m\u00eame, mais les points vot\u00e9s sont consid\u00e9r\u00e9s comme ayant \u00e9t\u00e9 adopt\u00e9s (ou rejet\u00e9s) provisoirement. Ils pourront \u00eatre remis en cause lors de l\u2019assembl\u00e9e g\u00e9n\u00e9rale suivante. Les diff\u00e9rents points soumis aux votes sont adopt\u00e9s \u00e0 la majorit\u00e9 relative des suffrages exprim\u00e9s.<\/span><\/p>\r\n<p class=\"western\" align=\"justify\"><span style=\"font-size: small;\"><b>Article 12 : Surveillance et application du r\u00e8glement int\u00e9rieur<\/b><\/span><\/p>\r\n<p class=\"western\" align=\"justify\"><span style=\"font-size: small;\">Chaque membre re\u00e7oit mandat, par le pr\u00e9sent acte, de veiller au respect des statuts et du r\u00e8glement int\u00e9rieur.<\/span><\/p>\r\n<p class=\"western\"><span style=\"font-size: small;\">Oullins-Pierre-B\u00e9nite, le 14 juin 2025<\/span><\/p>","_et_gb_content_width":"","footnotes":""},"class_list":["post-1434","page","type-page","status-publish","hentry"],"yoast_head":"<!-- This site is optimized with the Yoast SEO plugin v28.3 - https:\/\/yoast.com\/product\/yoast-seo-wordpress\/ -->\n<title>R\u00e8glement int\u00e9rieur - M\u00e9diagoras Lyon<\/title>\n<meta name=\"description\" content=\"R\u00e8glement int\u00e9rieur M\u00e9diagoras Lyon : Le pr\u00e9sent r\u00e8glement int\u00e9rieur engage tous les membres de l\u2019association.\" \/>\n<meta name=\"robots\" content=\"index, follow, max-snippet:-1, max-image-preview:large, max-video-preview:-1\" \/>\n<link rel=\"canonical\" href=\"https:\/\/mediagoras.fr\/exemple\/reglement-interieur\/\" \/>\n<meta property=\"og:locale\" content=\"fr_FR\" \/>\n<meta property=\"og:type\" content=\"article\" \/>\n<meta property=\"og:title\" content=\"R\u00e8glement int\u00e9rieur - M\u00e9diagoras Lyon\" \/>\n<meta property=\"og:description\" content=\"R\u00e8glement int\u00e9rieur M\u00e9diagoras Lyon : Le pr\u00e9sent r\u00e8glement int\u00e9rieur engage tous les membres de l\u2019association.\" \/>\n<meta property=\"og:url\" content=\"https:\/\/mediagoras.fr\/exemple\/reglement-interieur\/\" \/>\n<meta property=\"og:site_name\" content=\"M\u00e9diagoras Lyon\" \/>\n<meta property=\"article:modified_time\" content=\"2026-08-31T15:09:36+00:00\" \/>\n<meta name=\"twitter:card\" content=\"summary_large_image\" \/>\n<meta name=\"twitter:label1\" content=\"Dur\u00e9e de lecture estim\u00e9e\" \/>\n\t<meta name=\"twitter:data1\" content=\"7 minutes\" \/>\n<script type=\"application\/ld+json\" class=\"yoast-schema-graph\">{\"@context\":\"https:\\\/\\\/schema.org\",\"@graph\":[{\"@type\":\"WebPage\",\"@id\":\"https:\\\/\\\/mediagoras.fr\\\/exemple\\\/reglement-interieur\\\/\",\"url\":\"https:\\\/\\\/mediagoras.fr\\\/exemple\\\/reglement-interieur\\\/\",\"name\":\"R\u00e8glement int\u00e9rieur - M\u00e9diagoras Lyon\",\"isPartOf\":{\"@id\":\"https:\\\/\\\/mediagoras.fr\\\/exemple\\\/#website\"},\"datePublished\":\"2026-08-03T22:24:54+00:00\",\"dateModified\":\"2026-08-31T15:09:36+00:00\",\"description\":\"R\u00e8glement int\u00e9rieur M\u00e9diagoras Lyon : Le pr\u00e9sent r\u00e8glement int\u00e9rieur engage tous les membres de l\u2019association.\",\"breadcrumb\":{\"@id\":\"https:\\\/\\\/mediagoras.fr\\\/exemple\\\/reglement-interieur\\\/#breadcrumb\"},\"inLanguage\":\"fr-FR\",\"potentialAction\":[{\"@type\":\"ReadAction\",\"target\":[\"https:\\\/\\\/mediagoras.fr\\\/exemple\\\/reglement-interieur\\\/\"]}]},{\"@type\":\"BreadcrumbList\",\"@id\":\"https:\\\/\\\/mediagoras.fr\\\/exemple\\\/reglement-interieur\\\/#breadcrumb\",\"itemListElement\":[{\"@type\":\"ListItem\",\"position\":1,\"name\":\"Accueil\",\"item\":\"https:\\\/\\\/mediagoras.fr\\\/exemple\\\/\"},{\"@type\":\"ListItem\",\"position\":2,\"name\":\"R\u00e8glement int\u00e9rieur\"}]},{\"@type\":\"WebSite\",\"@id\":\"https:\\\/\\\/mediagoras.fr\\\/exemple\\\/#website\",\"url\":\"https:\\\/\\\/mediagoras.fr\\\/exemple\\\/\",\"name\":\"M\u00e9diagoras Lyon\",\"description\":\"Un site utilisant R\u00e9seau Mediagora\",\"potentialAction\":[{\"@type\":\"SearchAction\",\"target\":{\"@type\":\"EntryPoint\",\"urlTemplate\":\"https:\\\/\\\/mediagoras.fr\\\/exemple\\\/?s={search_term_string}\"},\"query-input\":{\"@type\":\"PropertyValueSpecification\",\"valueRequired\":true,\"valueName\":\"search_term_string\"}}],\"inLanguage\":\"fr-FR\"}]}<\/script>\n<!-- \/ Yoast SEO plugin. -->","yoast_head_json":{"title":"R\u00e8glement int\u00e9rieur - M\u00e9diagoras Lyon","description":"R\u00e8glement int\u00e9rieur M\u00e9diagoras Lyon : Le pr\u00e9sent r\u00e8glement int\u00e9rieur engage tous les membres de l\u2019association.","robots":{"index":"index","follow":"follow","max-snippet":"max-snippet:-1","max-image-preview":"max-image-preview:large","max-video-preview":"max-video-preview:-1"},"canonical":"https:\/\/mediagoras.fr\/exemple\/reglement-interieur\/","og_locale":"fr_FR","og_type":"article","og_title":"R\u00e8glement int\u00e9rieur - M\u00e9diagoras Lyon","og_description":"R\u00e8glement int\u00e9rieur M\u00e9diagoras Lyon : Le pr\u00e9sent r\u00e8glement int\u00e9rieur engage tous les membres de l\u2019association.","og_url":"https:\/\/mediagoras.fr\/exemple\/reglement-interieur\/","og_site_name":"M\u00e9diagoras Lyon","article_modified_time":"2026-08-31T15:09:36+00:00","twitter_card":"summary_large_image","twitter_misc":{"Dur\u00e9e de lecture estim\u00e9e":"7 minutes"},"schema":{"@context":"https:\/\/schema.org","@graph":[{"@type":"WebPage","@id":"https:\/\/mediagoras.fr\/exemple\/reglement-interieur\/","url":"https:\/\/mediagoras.fr\/exemple\/reglement-interieur\/","name":"R\u00e8glement int\u00e9rieur - M\u00e9diagoras Lyon","isPartOf":{"@id":"https:\/\/mediagoras.fr\/exemple\/#website"},"datePublished":"2026-08-03T22:24:54+00:00","dateModified":"2026-08-31T15:09:36+00:00","description":"R\u00e8glement int\u00e9rieur M\u00e9diagoras Lyon : Le pr\u00e9sent r\u00e8glement int\u00e9rieur engage tous les membres de l\u2019association.","breadcrumb":{"@id":"https:\/\/mediagoras.fr\/exemple\/reglement-interieur\/#breadcrumb"},"inLanguage":"fr-FR","potentialAction":[{"@type":"ReadAction","target":["https:\/\/mediagoras.fr\/exemple\/reglement-interieur\/"]}]},{"@type":"BreadcrumbList","@id":"https:\/\/mediagoras.fr\/exemple\/reglement-interieur\/#breadcrumb","itemListElement":[{"@type":"ListItem","position":1,"name":"Accueil","item":"https:\/\/mediagoras.fr\/exemple\/"},{"@type":"ListItem","position":2,"name":"R\u00e8glement int\u00e9rieur"}]},{"@type":"WebSite","@id":"https:\/\/mediagoras.fr\/exemple\/#website","url":"https:\/\/mediagoras.fr\/exemple\/","name":"M\u00e9diagoras Lyon","description":"Un site utilisant R\u00e9seau Mediagora","potentialAction":[{"@type":"SearchAction","target":{"@type":"EntryPoint","urlTemplate":"https:\/\/mediagoras.fr\/exemple\/?s={search_term_string}"},"query-input":{"@type":"PropertyValueSpecification","valueRequired":true,"valueName":"search_term_string"}}],"inLanguage":"fr-FR"}]}},"_links":{"self":[{"href":"https:\/\/mediagoras.fr\/exemple\/wp-json\/wp\/v2\/pages\/1434","targetHints":{"allow":["GET"]}}],"collection":[{"href":"https:\/\/mediagoras.fr\/exemple\/wp-json\/wp\/v2\/pages"}],"about":[{"href":"https:\/\/mediagoras.fr\/exemple\/wp-json\/wp\/v2\/types\/page"}],"author":[{"embeddable":true,"href":"https:\/\/mediagoras.fr\/exemple\/wp-json\/wp\/v2\/users\/38"}],"replies":[{"embeddable":true,"href":"https:\/\/mediagoras.fr\/exemple\/wp-json\/wp\/v2\/comments?post=1434"}],"version-history":[{"count":13,"href":"https:\/\/mediagoras.fr\/exemple\/wp-json\/wp\/v2\/pages\/1434\/revisions"}],"predecessor-version":[{"id":3918,"href":"https:\/\/mediagoras.fr\/exemple\/wp-json\/wp\/v2\/pages\/1434\/revisions\/3918"}],"wp:attachment":[{"href":"https:\/\/mediagoras.fr\/exemple\/wp-json\/wp\/v2\/media?parent=1434"}],"curies":[{"name":"wp","href":"https:\/\/api.w.org\/{rel}","templated":true}]}}