{"id":202,"date":"2023-11-28T00:00:53","date_gmt":"2023-11-27T23:00:53","guid":{"rendered":"http:\/\/mediagora.lyon.free.fr\/nouv-site\/?page_id=202"},"modified":"2026-08-31T17:24:50","modified_gmt":"2026-08-31T15:24:50","slug":"le-lieu","status":"publish","type":"page","link":"https:\/\/mediagoras.fr\/exemple\/le-lieu\/","title":{"rendered":"La Salle"},"content":{"rendered":"[et_pb_section fb_built=\u00a0\u00bb1&Prime; admin_label=\u00a0\u00bbsection\u00a0\u00bb _builder_version=\u00a0\u00bb4.16&Prime; global_colors_info=\u00a0\u00bb{}\u00a0\u00bb][et_pb_row admin_label=\u00a0\u00bbrow\u00a0\u00bb _builder_version=\u00a0\u00bb4.16&Prime; background_size=\u00a0\u00bbinitial\u00a0\u00bb background_position=\u00a0\u00bbtop_left\u00a0\u00bb background_repeat=\u00a0\u00bbrepeat\u00a0\u00bb global_colors_info=\u00a0\u00bb{}\u00a0\u00bb][et_pb_column type=\u00a0\u00bb4_4&Prime; _builder_version=\u00a0\u00bb4.16&Prime; custom_padding=\u00a0\u00bb|||\u00a0\u00bb global_colors_info=\u00a0\u00bb{}\u00a0\u00bb custom_padding__hover=\u00a0\u00bb|||\u00a0\u00bb][et_pb_text _builder_version=\u00a0\u00bb4.27.6&Prime; ul_font=\u00a0\u00bb||||||||\u00a0\u00bb ol_font=\u00a0\u00bb||||||||\u00a0\u00bb header_font=\u00a0\u00bb||||||||\u00a0\u00bb header_2_text_color=\u00a0\u00bb#6e1950&Prime; header_2_font_size=\u00a0\u00bb45px\u00a0\u00bb header_2_line_height=\u00a0\u00bb1.2em\u00a0\u00bb custom_margin=\u00a0\u00bb||20px|\u00a0\u00bb header_2_font_size_tablet=\u00a0\u00bb36px\u00a0\u00bb header_2_font_size_phone=\u00a0\u00bb\u00a0\u00bb header_2_font_size_last_edited=\u00a0\u00bbon|phone\u00a0\u00bb locked=\u00a0\u00bboff\u00a0\u00bb global_colors_info=\u00a0\u00bb{}\u00a0\u00bb]\n<div id=\"ez-toc-container\" class=\"ez-toc-v2_0_87 counter-hierarchy ez-toc-counter ez-toc-light-blue ez-toc-container-direction\">\n<div class=\"ez-toc-title-container\">\n<p class=\"ez-toc-title\" style=\"cursor:inherit\">Contenu de cette page<\/p>\n<span class=\"ez-toc-title-toggle\"><a href=\"#\" class=\"ez-toc-pull-right ez-toc-btn ez-toc-btn-xs ez-toc-btn-default ez-toc-toggle\" aria-label=\"Toggle Table of Content\"><span class=\"ez-toc-js-icon-con\"><span class=\"\"><span class=\"eztoc-hide\" style=\"display:none;\">Toggle<\/span><span class=\"ez-toc-icon-toggle-span\"><svg style=\"fill: #98009b;color:#98009b\" xmlns=\"http:\/\/www.w3.org\/2000\/svg\" class=\"list-377408\" width=\"20px\" height=\"20px\" viewBox=\"0 0 24 24\" fill=\"none\"><path d=\"M6 6H4v2h2V6zm14 0H8v2h12V6zM4 11h2v2H4v-2zm16 0H8v2h12v-2zM4 16h2v2H4v-2zm16 0H8v2h12v-2z\" fill=\"currentColor\"><\/path><\/svg><svg style=\"fill: #98009b;color:#98009b\" class=\"arrow-unsorted-368013\" xmlns=\"http:\/\/www.w3.org\/2000\/svg\" width=\"10px\" height=\"10px\" viewBox=\"0 0 24 24\" version=\"1.2\" baseProfile=\"tiny\"><path d=\"M18.2 9.3l-6.2-6.3-6.2 6.3c-.2.2-.3.4-.3.7s.1.5.3.7c.2.2.4.3.7.3h11c.3 0 .5-.1.7-.3.2-.2.3-.5.3-.7s-.1-.5-.3-.7zM5.8 14.7l6.2 6.3 6.2-6.3c.2-.2.3-.5.3-.7s-.1-.5-.3-.7c-.2-.2-.4-.3-.7-.3h-11c-.3 0-.5.1-.7.3-.2.2-.3.5-.3.7s.1.5.3.7z\"\/><\/svg><\/span><\/span><\/span><\/a><\/span><\/div>\n<nav><ul class='ez-toc-list ez-toc-list-level-1 ' ><li class='ez-toc-page-1 ez-toc-heading-level-2'><a class=\"ez-toc-link ez-toc-heading-1\" href=\"https:\/\/mediagoras.fr\/exemple\/le-lieu\/#Le_lieu_de_Mediagora_Lyon\" >Le lieu de M\u00e9diagora Lyon<\/a><\/li><li class='ez-toc-page-1 ez-toc-heading-level-2'><a class=\"ez-toc-link ez-toc-heading-2\" href=\"https:\/\/mediagoras.fr\/exemple\/le-lieu\/#A_Arrivee_a_pieds_par_la_Mairie\" >A) Arriv\u00e9e \u00e0 pieds par la Mairie<\/a><\/li><li class='ez-toc-page-1 ez-toc-heading-level-2'><a class=\"ez-toc-link ez-toc-heading-3\" href=\"https:\/\/mediagoras.fr\/exemple\/le-lieu\/#_B_Arrivee_par_la_rue_Diderot\" >\u00a0B) Arriv\u00e9e par la rue Diderot<\/a><\/li><li class='ez-toc-page-1 ez-toc-heading-level-2'><a class=\"ez-toc-link ez-toc-heading-4\" href=\"https:\/\/mediagoras.fr\/exemple\/le-lieu\/#C_La_salle_de_Mediagora_Lyon\" >C) La salle de M\u00e9diagora Lyon<\/a><\/li><\/ul><\/nav><\/div>\n<h2><span class=\"ez-toc-section\" id=\"Le_lieu_de_Mediagora_Lyon\"><\/span>Le lieu de M\u00e9diagora Lyon<span class=\"ez-toc-section-end\"><\/span><\/h2>\n[\/et_pb_text][et_pb_divider divider_weight=\u00a0\u00bb9px\u00a0\u00bb _builder_version=\u00a0\u00bb4.27.6&Prime; max_width=\u00a0\u00bb50px\u00a0\u00bb locked=\u00a0\u00bboff\u00a0\u00bb global_colors_info=\u00a0\u00bb{}\u00a0\u00bb][\/et_pb_divider][\/et_pb_column][\/et_pb_row][et_pb_row column_structure=\u00a0\u00bb1_2,1_2&Prime; _builder_version=\u00a0\u00bb4.27.6&Prime; _module_preset=\u00a0\u00bbdefault\u00a0\u00bb global_colors_info=\u00a0\u00bb{}\u00a0\u00bb][et_pb_column type=\u00a0\u00bb1_2&Prime; _builder_version=\u00a0\u00bb4.27.6&Prime; _module_preset=\u00a0\u00bbdefault\u00a0\u00bb global_colors_info=\u00a0\u00bb{}\u00a0\u00bb][et_pb_text _builder_version=\u00a0\u00bb4.27.6&Prime; _module_preset=\u00a0\u00bbdefault\u00a0\u00bb header_2_text_color=\u00a0\u00bb#6e1950&Prime; global_colors_info=\u00a0\u00bb{}\u00a0\u00bb]\n<h2><span class=\"ez-toc-section\" id=\"A_Arrivee_a_pieds_par_la_Mairie\"><\/span>A) Arriv\u00e9e \u00e0 pieds par la Mairie<span class=\"ez-toc-section-end\"><\/span><\/h2>\n[\/et_pb_text][et_pb_text _builder_version=\u00a0\u00bb4.27.6&Prime; _module_preset=\u00a0\u00bbdefault\u00a0\u00bb global_colors_info=\u00a0\u00bb{}\u00a0\u00bb]\n<p>Ceci est l&rsquo;arr\u00eat \u00ab\u00a0Mairie d&rsquo;Oullins\u00a0\u00bb (arr\u00eat du retour vers Lyon, l&rsquo;arr\u00eat venant de Lyon est un peu plus \u00e9loign\u00e9 de la Mairie _ que l&rsquo;on entrevoit sur la gauche).<\/p>\n<p>Pour rejoindre notre salle, il suffit de prendre la rue Rousseau (1ere \u00e0 gauche en venant de l&rsquo;arr\u00eat de bus ou du m\u00e9tro) sur environ 80m. La fin de cette rue coupe\u00a0 la rue Raspail (au niveau de l&rsquo;entr\u00e9e principale de la Maison des Soci\u00e9t\u00e9s).<\/p>\n[\/et_pb_text][\/et_pb_column][et_pb_column type=\u00a0\u00bb1_2&Prime; _builder_version=\u00a0\u00bb4.27.6&Prime; _module_preset=\u00a0\u00bbdefault\u00a0\u00bb global_colors_info=\u00a0\u00bb{}\u00a0\u00bb][et_pb_image src=\u00a0\u00bbhttp:\/\/mediagoras.fr\/exemple\/files\/2011\/12\/Arret-Oullins-Mairie-cpr.jpg\u00a0\u00bb alt=\u00a0\u00bbArr\u00eat Oullins Mairie &#8211; M\u00e9diagora Lyon\u00a0\u00bb title_text=\u00a0\u00bbArr\u00eat Oullins Mairie &#8211; M\u00e9diagora Lyon\u00a0\u00bb _builder_version=\u00a0\u00bb4.27.6&Prime; _module_preset=\u00a0\u00bbdefault\u00a0\u00bb border_radii=\u00a0\u00bbon|5px|5px|5px|5px\u00a0\u00bb box_shadow_style=\u00a0\u00bbpreset1&Prime; box_shadow_blur=\u00a0\u00bb14px\u00a0\u00bb box_shadow_spread=\u00a0\u00bb-4px\u00a0\u00bb box_shadow_color=\u00a0\u00bbrgba(0,0,0,0.22)\u00a0\u00bb global_colors_info=\u00a0\u00bb{}\u00a0\u00bb][\/et_pb_image][\/et_pb_column][\/et_pb_row][et_pb_row column_structure=\u00a0\u00bb1_2,1_2&Prime; _builder_version=\u00a0\u00bb4.27.6&Prime; _module_preset=\u00a0\u00bbdefault\u00a0\u00bb global_colors_info=\u00a0\u00bb{}\u00a0\u00bb][et_pb_column type=\u00a0\u00bb1_2&Prime; _builder_version=\u00a0\u00bb4.27.6&Prime; _module_preset=\u00a0\u00bbdefault\u00a0\u00bb global_colors_info=\u00a0\u00bb{}\u00a0\u00bb][et_pb_image src=\u00a0\u00bbhttp:\/\/mediagoras.fr\/exemple\/files\/2011\/12\/Maison-des-societes-cpr.jpg\u00a0\u00bb alt=\u00a0\u00bbArr\u00eat Oullins Mairie &#8211; M\u00e9diagora Lyon\u00a0\u00bb title_text=\u00a0\u00bbMaison-des-soci\u00e9t\u00e9s-cpr\u00a0\u00bb _builder_version=\u00a0\u00bb4.27.6&Prime; _module_preset=\u00a0\u00bbdefault\u00a0\u00bb border_radii=\u00a0\u00bbon|5px|5px|5px|5px\u00a0\u00bb box_shadow_style=\u00a0\u00bbpreset1&Prime; box_shadow_blur=\u00a0\u00bb14px\u00a0\u00bb box_shadow_spread=\u00a0\u00bb-4px\u00a0\u00bb box_shadow_color=\u00a0\u00bbrgba(0,0,0,0.22)\u00a0\u00bb global_colors_info=\u00a0\u00bb{}\u00a0\u00bb][\/et_pb_image][\/et_pb_column][et_pb_column type=\u00a0\u00bb1_2&Prime; _builder_version=\u00a0\u00bb4.27.6&Prime; _module_preset=\u00a0\u00bbdefault\u00a0\u00bb global_colors_info=\u00a0\u00bb{}\u00a0\u00bb][et_pb_text _builder_version=\u00a0\u00bb4.27.6&Prime; _module_preset=\u00a0\u00bbdefault\u00a0\u00bb global_colors_info=\u00a0\u00bb{}\u00a0\u00bb]\n<p>Depuis janvier 2012 nos r\u00e9unions habituelles sont h\u00e9berg\u00e9es dans un local de la Maison des Soci\u00e9t\u00e9s d&rsquo;Oullins, situ\u00e9e dans un passage pi\u00e9tonier dans le prolongement de la rue Rousseau (au niveau du 37 rue Raspail).<\/p>\n<p><span style=\"text-decoration: underline;\"><a href=\"https:\/\/mediagoras.fr\/exemple\/plans-dacces\/\">*** Si vous ne connaissez pas tr\u00e8s bien Oullins, commencez donc par le plan d&rsquo;acc\u00e8s ***<\/a><\/span><\/p>\n<p>Selon que vous arrivez \u00e0 pieds par la Mairie (bus ou m\u00e9tro), ou par la rue Diderot, vous arrivez par deux chemins oppos\u00e9s.<\/p>\n<p>La Maison des Soci\u00e9t\u00e9s au 37 de la rue Raspail. On n&rsquo;entre pas par cette porte car notre salle est au fond \u00e0 gauche du passage pi\u00e9tonnier (cf le paragraphe C)).<\/p>\n[\/et_pb_text][\/et_pb_column][\/et_pb_row][et_pb_row column_structure=\u00a0\u00bb1_2,1_2&Prime; _builder_version=\u00a0\u00bb4.27.6&Prime; _module_preset=\u00a0\u00bbdefault\u00a0\u00bb global_colors_info=\u00a0\u00bb{}\u00a0\u00bb][et_pb_column type=\u00a0\u00bb1_2&Prime; _builder_version=\u00a0\u00bb4.27.6&Prime; _module_preset=\u00a0\u00bbdefault\u00a0\u00bb global_colors_info=\u00a0\u00bb{}\u00a0\u00bb][et_pb_text _builder_version=\u00a0\u00bb4.27.6&Prime; _module_preset=\u00a0\u00bbdefault\u00a0\u00bb header_2_text_color=\u00a0\u00bb#6e1950&Prime; global_colors_info=\u00a0\u00bb{}\u00a0\u00bb]\n<h2><span class=\"ez-toc-section\" id=\"_B_Arrivee_par_la_rue_Diderot\"><\/span>\u00a0B) Arriv\u00e9e par la rue Diderot<span class=\"ez-toc-section-end\"><\/span><\/h2>\n[\/et_pb_text][et_pb_text _builder_version=\u00a0\u00bb4.27.6&Prime; _module_preset=\u00a0\u00bbdefault\u00a0\u00bb global_colors_info=\u00a0\u00bb{}\u00a0\u00bb]\n<p>Comme vous pouvez le constater, c&rsquo;est tr\u00e8s bien indiqu\u00e9 (panneaux de droite). L&rsquo;arr\u00eat du C7 est celui du retour (dir. Part-Dieu via Jean-Mac\u00e9).<\/p>\n[\/et_pb_text][\/et_pb_column][et_pb_column type=\u00a0\u00bb1_2&Prime; _builder_version=\u00a0\u00bb4.27.6&Prime; _module_preset=\u00a0\u00bbdefault\u00a0\u00bb global_colors_info=\u00a0\u00bb{}\u00a0\u00bb][et_pb_image src=\u00a0\u00bbhttp:\/\/mediagoras.fr\/exemple\/files\/2011\/12\/Arret-C7-cpr-e1786730358813.jpg\u00a0\u00bb title_text=\u00a0\u00bbArret-C7&Prime; _builder_version=\u00a0\u00bb4.27.6&Prime; _module_preset=\u00a0\u00bbdefault\u00a0\u00bb border_radii=\u00a0\u00bbon|5px|5px|5px|5px\u00a0\u00bb box_shadow_style=\u00a0\u00bbpreset1&Prime; box_shadow_blur=\u00a0\u00bb14px\u00a0\u00bb box_shadow_spread=\u00a0\u00bb-4px\u00a0\u00bb box_shadow_color=\u00a0\u00bbrgba(0,0,0,0.22)\u00a0\u00bb global_colors_info=\u00a0\u00bb{}\u00a0\u00bb][\/et_pb_image][\/et_pb_column][\/et_pb_row][et_pb_row _builder_version=\u00a0\u00bb4.27.6&Prime; _module_preset=\u00a0\u00bbdefault\u00a0\u00bb global_colors_info=\u00a0\u00bb{}\u00a0\u00bb][et_pb_column type=\u00a0\u00bb4_4&Prime; _builder_version=\u00a0\u00bb4.27.6&Prime; _module_preset=\u00a0\u00bbdefault\u00a0\u00bb global_colors_info=\u00a0\u00bb{}\u00a0\u00bb][et_pb_text _builder_version=\u00a0\u00bb4.27.6&Prime; _module_preset=\u00a0\u00bbdefault\u00a0\u00bb header_2_text_color=\u00a0\u00bb#6e1950&Prime; global_colors_info=\u00a0\u00bb{}\u00a0\u00bb]\n<h2><span class=\"ez-toc-section\" id=\"C_La_salle_de_Mediagora_Lyon\"><\/span>C) La salle de M\u00e9diagora Lyon<span class=\"ez-toc-section-end\"><\/span><\/h2>\n[\/et_pb_text][\/et_pb_column][\/et_pb_row][et_pb_row column_structure=\u00a0\u00bb1_2,1_2&Prime; _builder_version=\u00a0\u00bb4.27.6&Prime; _module_preset=\u00a0\u00bbdefault\u00a0\u00bb global_colors_info=\u00a0\u00bb{}\u00a0\u00bb][et_pb_column type=\u00a0\u00bb1_2&Prime; _builder_version=\u00a0\u00bb4.27.6&Prime; _module_preset=\u00a0\u00bbdefault\u00a0\u00bb global_colors_info=\u00a0\u00bb{}\u00a0\u00bb][et_pb_image src=\u00a0\u00bbhttp:\/\/mediagoras.fr\/exemple\/files\/2011\/12\/Salle-depuis-parking-cpr.jpg\u00a0\u00bb alt=\u00a0\u00bbSalle depuis le parking pour M\u00e9diagora Lyon\u00a0\u00bb title_text=\u00a0\u00bbSalle depuis le parking pour M\u00e9diagora Lyon\u00a0\u00bb _builder_version=\u00a0\u00bb4.27.6&Prime; _module_preset=\u00a0\u00bbdefault\u00a0\u00bb border_radii=\u00a0\u00bbon|5px|5px|5px|5px\u00a0\u00bb box_shadow_style=\u00a0\u00bbpreset1&Prime; box_shadow_blur=\u00a0\u00bb14px\u00a0\u00bb box_shadow_spread=\u00a0\u00bb-4px\u00a0\u00bb box_shadow_color=\u00a0\u00bbrgba(0,0,0,0.22)\u00a0\u00bb global_colors_info=\u00a0\u00bb{}\u00a0\u00bb][\/et_pb_image][et_pb_text _builder_version=\u00a0\u00bb4.27.6&Prime; _module_preset=\u00a0\u00bbdefault\u00a0\u00bb global_colors_info=\u00a0\u00bb{}\u00a0\u00bb]\n<p>Apr\u00e8s avoir effectu\u00e9 les quelques m\u00e8tres depuis la rue Raspail, ou bien apr\u00e8s avoir gar\u00e9 votre v\u00e9hicule dans le parking (ou au del\u00e0), vous arrivez tout de suite sur la salle qui comme vous pouvez le constater donne directement sur l&rsquo;ext\u00e9rieur.<\/p>\n[\/et_pb_text][\/et_pb_column][et_pb_column type=\u00a0\u00bb1_2&Prime; _builder_version=\u00a0\u00bb4.27.6&Prime; _module_preset=\u00a0\u00bbdefault\u00a0\u00bb global_colors_info=\u00a0\u00bb{}\u00a0\u00bb][et_pb_image src=\u00a0\u00bbhttp:\/\/mediagoras.fr\/exemple\/files\/2011\/12\/interieur-salle-cpr.jpg\u00a0\u00bb alt=\u00a0\u00bbInt\u00e9rieur de la salle M\u00e9diagora Lyon\u00a0\u00bb title_text=\u00a0\u00bbInt\u00e9rieur de la salle M\u00e9diagora Lyon\u00a0\u00bb _builder_version=\u00a0\u00bb4.27.6&Prime; _module_preset=\u00a0\u00bbdefault\u00a0\u00bb border_radii=\u00a0\u00bbon|5px|5px|5px|5px\u00a0\u00bb box_shadow_style=\u00a0\u00bbpreset1&Prime; box_shadow_blur=\u00a0\u00bb14px\u00a0\u00bb box_shadow_spread=\u00a0\u00bb-4px\u00a0\u00bb box_shadow_color=\u00a0\u00bbrgba(0,0,0,0.22)\u00a0\u00bb locked=\u00a0\u00bboff\u00a0\u00bb global_colors_info=\u00a0\u00bb{}\u00a0\u00bb][\/et_pb_image][et_pb_text _builder_version=\u00a0\u00bb4.27.6&Prime; _module_preset=\u00a0\u00bbdefault\u00a0\u00bb global_colors_info=\u00a0\u00bb{}\u00a0\u00bb]\n<p>Et vous voil\u00e0 arriv\u00e9 !<\/p>\n<p>Depuis les derniers travaux, cette salle est bien chauff\u00e9e. Par contre, en saison chaude, elle n&rsquo;est pas climatis\u00e9e. Pour les activit\u00e9s telles que le Yoga ou la Sophrologie, nous disposons d&rsquo;une autre salle, contigue \u00e0 celle-ci.<\/p>\n[\/et_pb_text][\/et_pb_column][\/et_pb_row][\/et_pb_section]\n","protected":false},"excerpt":{"rendered":"<p>Le lieu de M\u00e9diagora LyonA) Arriv\u00e9e \u00e0 pieds par la MairieCeci est l&rsquo;arr\u00eat \u00ab\u00a0Mairie d&rsquo;Oullins\u00a0\u00bb (arr\u00eat du retour vers Lyon, l&rsquo;arr\u00eat venant de Lyon est un peu plus \u00e9loign\u00e9 de la Mairie _ que l&rsquo;on entrevoit sur la gauche). Pour rejoindre notre salle, il suffit de prendre la rue Rousseau (1ere \u00e0 gauche en venant [&hellip;]<\/p>\n","protected":false},"author":38,"featured_media":0,"parent":0,"menu_order":0,"comment_status":"closed","ping_status":"closed","template":"","meta":{"_et_pb_use_builder":"on","_et_pb_old_content":"<h5 style=\"text-align: right\">Derni\u00e8re mise \u00e0 jour de cette page le 28-11-2023<\/h5>\r\n<h3 style=\"text-align: left\"><span style=\"color: #000000\">Depuis janvier 2012 nos r\u00e9unions habituelles sont h\u00e9berg\u00e9es dans un local de la Maison des Soci\u00e9t\u00e9s d'Oullins, <strong>situ\u00e9e dans un passage pi\u00e9tonier dans le prolongement de la rue Rousseau <\/strong>(au niveau du 37 rue Raspail)\r\n<\/span><\/h3>\r\n<h2 style=\"text-align: center\"><span style=\"font-size: x-large\"><span style=\"color: #008000\">*** Si vous ne connaissez pas tr\u00e8s bien Oullins, commencez donc par<\/span> <a title=\"Plans d\u2019acc\u00e8s\" href=\"http:\/\/mediagoras.fr\/lyon\/plans-dacces\/\">le plan d'acc\u00e8s<\/a> <span style=\"color: #339966\">***<\/span><\/span><\/h2>\r\n<span style=\"color: #000000\">Selon que vous arrivez \u00e0 pieds par la Mairie (bus ou m\u00e9tro), ou par la rue Diderot, vous arrivez par deux chemins oppos\u00e9s.<\/span>\r\n<h2><strong><span style=\"font-size: large\">A) Arriv\u00e9e \u00e0 pieds par la Mairie\r\n<\/span><\/strong><\/h2>\r\n<a href=\"http:\/\/mediagoras.fr\/lyon\/files\/2011\/12\/Arret-Oullins-Mairie-cpr.jpg\"><img class=\"aligncenter size-large wp-image-704\" src=\"http:\/\/mediagoras.fr\/lyon\/files\/2011\/12\/Arret-Oullins-Mairie-cpr-1024x768.jpg\" alt=\"\" width=\"640\" height=\"480\" \/><\/a><span style=\"color: #000000\">Ceci est l'arr\u00eat \"Mairie d'Oullins\" (arr\u00eat du retour vers Lyon, l'arr\u00eat venant de Lyon est un peu plus \u00e9loign\u00e9 de la Mairie _ que l'on entrevoit sur la gauche).<\/span>\r\n\r\n<span style=\"color: #000000\">Pour rejoindre notre salle, il suffit de prendre la rue Rousseau (1ere \u00e0 gauche en venant de l'arr\u00eat de bus ou du m\u00e9tro) sur environ 80m. La fin de cette rue coupe\u00a0 la rue Raspail (au niveau de l'entr\u00e9e principale de la Maison des Soci\u00e9t\u00e9s).<\/span>\r\n\r\n<a href=\"http:\/\/mediagoras.fr\/lyon\/files\/2011\/12\/Maison-des-soci%C3%A9t%C3%A9s-cpr.jpg\"><img class=\"aligncenter size-large wp-image-705\" src=\"http:\/\/mediagoras.fr\/lyon\/files\/2011\/12\/Maison-des-soci%C3%A9t%C3%A9s-cpr-1024x768.jpg\" alt=\"\" width=\"640\" height=\"480\" \/><\/a><strong>La Maison des Soci\u00e9t\u00e9s au 37 de la rue Raspail.<\/strong><span style=\"color: #000000\"> On n'entre pas par cette porte car notre salle est au fond \u00e0 gauche du passage pi\u00e9tonnier (cf le paragraphe C).<\/span>\r\n\r\n\u00a0\r\n\r\n\u00a0\r\n\r\n<strong><span style=\"font-size: large\">\u00a0B) Arriv\u00e9e par la rue Diderot<\/span><\/strong>\r\n\r\n<a href=\"http:\/\/mediagoras.fr\/lyon\/files\/2011\/12\/Arret-C7-cpr.jpg\"><img class=\"aligncenter size-large wp-image-707\" src=\"http:\/\/mediagoras.fr\/lyon\/files\/2011\/12\/Arret-C7-cpr-768x1024.jpg\" alt=\"\" width=\"640\" height=\"853\" \/><\/a><span style=\"color: #000000\">Comme vous pouvez le constater, c'est tr\u00e8s bien indiqu\u00e9 (panneaux de droite). L'arr\u00eat du C7 est celui du retour (dir. Part-Dieu via Jean-Mac\u00e9).<\/span>\r\n\r\n\u00a0\r\n\r\n<strong><span style=\"font-size: large\">\u00a0C) La salle<\/span><\/strong>\r\n\r\n<a href=\"http:\/\/mediagoras.fr\/lyon\/files\/2011\/12\/Salle-depuis-parking-cpr.jpg\"><img class=\"aligncenter size-large wp-image-708\" src=\"http:\/\/mediagoras.fr\/lyon\/files\/2011\/12\/Salle-depuis-parking-cpr-1024x768.jpg\" alt=\"\" width=\"640\" height=\"480\" \/><\/a><span style=\"color: #000000\">Apr\u00e8s avoir effectu\u00e9 les quelques m\u00e8tres depuis la rue Raspail, ou bien apr\u00e8s avoir gar\u00e9 votre v\u00e9hicule au del\u00e0 du parking, vous arrivez tout de suite sur la salle qui comme vous pouvez le constater donne directement sur l'ext\u00e9rieur.<\/span>\r\n\r\n\u00a0\r\n<p style=\"text-align: center\"><a href=\"http:\/\/mediagoras.fr\/lyon\/files\/2011\/12\/int%C3%A9rieur-salle-cpr.jpg\"><img class=\"aligncenter size-large wp-image-709\" src=\"http:\/\/mediagoras.fr\/lyon\/files\/2011\/12\/int%C3%A9rieur-salle-cpr-1024x768.jpg\" alt=\"\" width=\"640\" height=\"480\" \/><\/a><span style=\"color: #000000\">Et vous voil\u00e0 arriv\u00e9 !<\/span><\/p>\r\n<p style=\"text-align: center\"><span style=\"background-color: #ffffff;color: #000000\">Depuis les derniers travaux, cette salle est bien chauff\u00e9e. Par contre, en saison chaude, elle n'est pas climatis\u00e9e. Pour les activit\u00e9s telles que le Yoga ou la Sophrologie, nous disposons d'une autre salle, contigue \u00e0 celle-ci.\r\n<\/span><\/p>","_et_gb_content_width":"","footnotes":""},"class_list":["post-202","page","type-page","status-publish","hentry"],"yoast_head":"<!-- This site is optimized with the Yoast SEO plugin v28.3 - https:\/\/yoast.com\/product\/yoast-seo-wordpress\/ -->\n<title>La Salle - M\u00e9diagoras Lyon<\/title>\n<meta name=\"description\" content=\"Salle M\u00e9diagoras Lyon : depuis janvier 2012 nos r\u00e9unions habituelles sont h\u00e9berg\u00e9es dans un local de la Maison des Soci\u00e9t\u00e9s d\u2019Oullins.\" \/>\n<meta name=\"robots\" content=\"index, follow, max-snippet:-1, max-image-preview:large, max-video-preview:-1\" \/>\n<link rel=\"canonical\" href=\"https:\/\/mediagoras.fr\/exemple\/le-lieu\/\" \/>\n<meta property=\"og:locale\" content=\"fr_FR\" \/>\n<meta property=\"og:type\" content=\"article\" \/>\n<meta property=\"og:title\" content=\"La Salle - M\u00e9diagoras Lyon\" \/>\n<meta property=\"og:description\" content=\"Salle M\u00e9diagoras Lyon : depuis janvier 2012 nos r\u00e9unions habituelles sont h\u00e9berg\u00e9es dans un local de la Maison des Soci\u00e9t\u00e9s d\u2019Oullins.\" \/>\n<meta property=\"og:url\" content=\"https:\/\/mediagoras.fr\/exemple\/le-lieu\/\" \/>\n<meta property=\"og:site_name\" content=\"M\u00e9diagoras Lyon\" \/>\n<meta property=\"article:modified_time\" content=\"2026-08-31T15:24:50+00:00\" \/>\n<meta name=\"twitter:card\" content=\"summary_large_image\" \/>\n<meta name=\"twitter:label1\" content=\"Dur\u00e9e de lecture estim\u00e9e\" \/>\n\t<meta name=\"twitter:data1\" content=\"3 minutes\" \/>\n<script type=\"application\/ld+json\" class=\"yoast-schema-graph\">{\"@context\":\"https:\\\/\\\/schema.org\",\"@graph\":[{\"@type\":\"WebPage\",\"@id\":\"https:\\\/\\\/mediagoras.fr\\\/exemple\\\/le-lieu\\\/\",\"url\":\"https:\\\/\\\/mediagoras.fr\\\/exemple\\\/le-lieu\\\/\",\"name\":\"La Salle - M\u00e9diagoras Lyon\",\"isPartOf\":{\"@id\":\"https:\\\/\\\/mediagoras.fr\\\/exemple\\\/#website\"},\"datePublished\":\"2023-11-27T23:00:53+00:00\",\"dateModified\":\"2026-08-31T15:24:50+00:00\",\"description\":\"Salle M\u00e9diagoras Lyon : depuis janvier 2012 nos r\u00e9unions habituelles sont h\u00e9berg\u00e9es dans un local de la Maison des Soci\u00e9t\u00e9s d\u2019Oullins.\",\"breadcrumb\":{\"@id\":\"https:\\\/\\\/mediagoras.fr\\\/exemple\\\/le-lieu\\\/#breadcrumb\"},\"inLanguage\":\"fr-FR\",\"potentialAction\":[{\"@type\":\"ReadAction\",\"target\":[\"https:\\\/\\\/mediagoras.fr\\\/exemple\\\/le-lieu\\\/\"]}]},{\"@type\":\"BreadcrumbList\",\"@id\":\"https:\\\/\\\/mediagoras.fr\\\/exemple\\\/le-lieu\\\/#breadcrumb\",\"itemListElement\":[{\"@type\":\"ListItem\",\"position\":1,\"name\":\"Accueil\",\"item\":\"https:\\\/\\\/mediagoras.fr\\\/exemple\\\/\"},{\"@type\":\"ListItem\",\"position\":2,\"name\":\"La Salle\"}]},{\"@type\":\"WebSite\",\"@id\":\"https:\\\/\\\/mediagoras.fr\\\/exemple\\\/#website\",\"url\":\"https:\\\/\\\/mediagoras.fr\\\/exemple\\\/\",\"name\":\"M\u00e9diagoras Lyon\",\"description\":\"Un site utilisant R\u00e9seau Mediagora\",\"potentialAction\":[{\"@type\":\"SearchAction\",\"target\":{\"@type\":\"EntryPoint\",\"urlTemplate\":\"https:\\\/\\\/mediagoras.fr\\\/exemple\\\/?s={search_term_string}\"},\"query-input\":{\"@type\":\"PropertyValueSpecification\",\"valueRequired\":true,\"valueName\":\"search_term_string\"}}],\"inLanguage\":\"fr-FR\"}]}<\/script>\n<!-- \/ Yoast SEO plugin. -->","yoast_head_json":{"title":"La Salle - M\u00e9diagoras Lyon","description":"Salle M\u00e9diagoras Lyon : depuis janvier 2012 nos r\u00e9unions habituelles sont h\u00e9berg\u00e9es dans un local de la Maison des Soci\u00e9t\u00e9s d\u2019Oullins.","robots":{"index":"index","follow":"follow","max-snippet":"max-snippet:-1","max-image-preview":"max-image-preview:large","max-video-preview":"max-video-preview:-1"},"canonical":"https:\/\/mediagoras.fr\/exemple\/le-lieu\/","og_locale":"fr_FR","og_type":"article","og_title":"La Salle - M\u00e9diagoras Lyon","og_description":"Salle M\u00e9diagoras Lyon : depuis janvier 2012 nos r\u00e9unions habituelles sont h\u00e9berg\u00e9es dans un local de la Maison des Soci\u00e9t\u00e9s d\u2019Oullins.","og_url":"https:\/\/mediagoras.fr\/exemple\/le-lieu\/","og_site_name":"M\u00e9diagoras Lyon","article_modified_time":"2026-08-31T15:24:50+00:00","twitter_card":"summary_large_image","twitter_misc":{"Dur\u00e9e de lecture estim\u00e9e":"3 minutes"},"schema":{"@context":"https:\/\/schema.org","@graph":[{"@type":"WebPage","@id":"https:\/\/mediagoras.fr\/exemple\/le-lieu\/","url":"https:\/\/mediagoras.fr\/exemple\/le-lieu\/","name":"La Salle - M\u00e9diagoras Lyon","isPartOf":{"@id":"https:\/\/mediagoras.fr\/exemple\/#website"},"datePublished":"2023-11-27T23:00:53+00:00","dateModified":"2026-08-31T15:24:50+00:00","description":"Salle M\u00e9diagoras Lyon : depuis janvier 2012 nos r\u00e9unions habituelles sont h\u00e9berg\u00e9es dans un local de la Maison des Soci\u00e9t\u00e9s d\u2019Oullins.","breadcrumb":{"@id":"https:\/\/mediagoras.fr\/exemple\/le-lieu\/#breadcrumb"},"inLanguage":"fr-FR","potentialAction":[{"@type":"ReadAction","target":["https:\/\/mediagoras.fr\/exemple\/le-lieu\/"]}]},{"@type":"BreadcrumbList","@id":"https:\/\/mediagoras.fr\/exemple\/le-lieu\/#breadcrumb","itemListElement":[{"@type":"ListItem","position":1,"name":"Accueil","item":"https:\/\/mediagoras.fr\/exemple\/"},{"@type":"ListItem","position":2,"name":"La Salle"}]},{"@type":"WebSite","@id":"https:\/\/mediagoras.fr\/exemple\/#website","url":"https:\/\/mediagoras.fr\/exemple\/","name":"M\u00e9diagoras Lyon","description":"Un site utilisant R\u00e9seau Mediagora","potentialAction":[{"@type":"SearchAction","target":{"@type":"EntryPoint","urlTemplate":"https:\/\/mediagoras.fr\/exemple\/?s={search_term_string}"},"query-input":{"@type":"PropertyValueSpecification","valueRequired":true,"valueName":"search_term_string"}}],"inLanguage":"fr-FR"}]}},"_links":{"self":[{"href":"https:\/\/mediagoras.fr\/exemple\/wp-json\/wp\/v2\/pages\/202","targetHints":{"allow":["GET"]}}],"collection":[{"href":"https:\/\/mediagoras.fr\/exemple\/wp-json\/wp\/v2\/pages"}],"about":[{"href":"https:\/\/mediagoras.fr\/exemple\/wp-json\/wp\/v2\/types\/page"}],"author":[{"embeddable":true,"href":"https:\/\/mediagoras.fr\/exemple\/wp-json\/wp\/v2\/users\/38"}],"replies":[{"embeddable":true,"href":"https:\/\/mediagoras.fr\/exemple\/wp-json\/wp\/v2\/comments?post=202"}],"version-history":[{"count":27,"href":"https:\/\/mediagoras.fr\/exemple\/wp-json\/wp\/v2\/pages\/202\/revisions"}],"predecessor-version":[{"id":3922,"href":"https:\/\/mediagoras.fr\/exemple\/wp-json\/wp\/v2\/pages\/202\/revisions\/3922"}],"wp:attachment":[{"href":"https:\/\/mediagoras.fr\/exemple\/wp-json\/wp\/v2\/media?parent=202"}],"curies":[{"name":"wp","href":"https:\/\/api.w.org\/{rel}","templated":true}]}}