{"id":220,"date":"2013-09-06T00:02:53","date_gmt":"2013-09-05T22:02:53","guid":{"rendered":"http:\/\/mediagoras.fr\/?page_id=220"},"modified":"2013-09-06T00:02:53","modified_gmt":"2013-09-05T22:02:53","slug":"page-de-constitution-de-votre-fiche","status":"publish","type":"page","link":"https:\/\/mediagoras.fr\/exemple\/page-de-constitution-de-votre-fiche\/","title":{"rendered":"Page de constitution de votre fiche"},"content":{"rendered":"<p style=\"text-align: right\"><span style=\"font-size: x-small\">Mise \u00e0 jour de cette page le 9-9-2013<\/span><\/p>\n<p>Avant de remplir ce formulaire, veuillez afficher la <a title=\"Charte des C.L.B.R.M\" href=\"http:\/\/mediagoras.fr\/charte-clbrm\/\" target=\"_blank\">Charte des Correspondants Locaux B\u00e9n\u00e9voles<\/a> car il va vous \u00eatre demand\u00e9 de l&rsquo;approuver.<\/p>\n<p>Si vous n&rsquo;\u00eates pas d&rsquo;accord avec la Charte, ou bien si un souci technique vous emp\u00eache d&rsquo;envoyer ce formulaire, merci de vous exprimer dans le formulaire de commentaire optionnel situ\u00e9 tout en bas de cette page.<\/p>\n<p>Votre fiche ne sera pas cr\u00e9e automatiquement par un robot recevant vos souhaits (ce serait trop beau _ \u00e7a n&rsquo;est pr\u00e9vu que pour la version 2020 :\u00ac) , mais je la cr\u00e9erai manuelement en fonction de vos souhaits, puis je vous la soumettrai pour validation avant publication.<\/p>\n<p><span style=\"font-size: small\">Tous les champs peuvent supporter 160 caract\u00e8res minimum (et bien + pour le dernier).<\/span><br \/> <span style=\"background-color: #ffff00\">N&rsquo;oubliez pas de mentionner vos \u00e9ventuelles indisponibilit\u00e9s (surtout en \u00e9t\u00e9) !<\/span><\/p>\n\n<div class=\"wpcf7 no-js\" id=\"wpcf7-f697-o1\" lang=\"en-US\" dir=\"ltr\" data-wpcf7-id=\"697\">\n<div class=\"screen-reader-response\"><p role=\"status\" aria-live=\"polite\" aria-atomic=\"true\"><\/p> <ul><\/ul><\/div>\n<form action=\"\/exemple\/wp-json\/wp\/v2\/pages\/220#wpcf7-f697-o1\" method=\"post\" class=\"wpcf7-form init\" aria-label=\"Contact form\" novalidate=\"novalidate\" data-status=\"init\">\n<fieldset class=\"hidden-fields-container\"><input type=\"hidden\" name=\"_wpcf7\" value=\"697\" \/><input type=\"hidden\" name=\"_wpcf7_version\" value=\"6.1.7\" \/><input type=\"hidden\" name=\"_wpcf7_locale\" value=\"en_US\" \/><input type=\"hidden\" name=\"_wpcf7_unit_tag\" value=\"wpcf7-f697-o1\" \/><input type=\"hidden\" name=\"_wpcf7_container_post\" value=\"0\" \/><input type=\"hidden\" name=\"_wpcf7_posted_data_hash\" value=\"\" \/>\n<\/fieldset>\n<p>Version 1.3\n<\/p>\n<p>Donn\u00e9es d'itentification pour le R\u00e9seau (ne seront pas publi\u00e9 sur votre fiche):\n<\/p>\n<p>Votre pr\u00e9nom <span class=\"wpcf7-form-control-wrap\" data-name=\"prenom\"><input size=\"40\" maxlength=\"400\" class=\"wpcf7-form-control wpcf7-text wpcf7-validates-as-required\" aria-required=\"true\" aria-invalid=\"false\" value=\"\" type=\"text\" name=\"prenom\" \/><\/span>\n<\/p>\n<p>Votre nom <span class=\"wpcf7-form-control-wrap\" data-name=\"nom\"><input size=\"40\" maxlength=\"400\" class=\"wpcf7-form-control wpcf7-text wpcf7-validates-as-required\" aria-required=\"true\" aria-invalid=\"false\" value=\"\" type=\"text\" name=\"nom\" \/><\/span>\n<\/p>\n<p>Votre courriel <span class=\"wpcf7-form-control-wrap\" data-name=\"courriel\"><input size=\"40\" maxlength=\"400\" class=\"wpcf7-form-control wpcf7-email wpcf7-validates-as-required wpcf7-text wpcf7-validates-as-email\" aria-required=\"true\" aria-invalid=\"false\" value=\"\" type=\"email\" name=\"courriel\" \/><\/span>\n<\/p>\n<p>Je d\u00e9clare avoir lu la Charte des Correspondants Locaux B\u00e9n\u00e9voles du R\u00e9seau M\u00e9diagora disponible sur :<br \/>\nhttp:\/\/mediagoras.fr\/charte-clbrm\/<br \/>\net l'approuver sans r\u00e9serves. En cochant la case ci-dessous, je m'engage \u00e0 m'y conformer autant que je le pourrai.\n<\/p>\n<p><span class=\"wpcf7-form-control-wrap\" data-name=\"OKCharte\"><span class=\"wpcf7-form-control wpcf7-checkbox wpcf7-validates-as-required\"><span class=\"wpcf7-list-item first last\"><input type=\"checkbox\" name=\"OKCharte[]\" value=\"Je m&#039;engage \u00e0 respecter la Charte\" \/><span class=\"wpcf7-list-item-label\">Je m&#039;engage \u00e0 respecter la Charte<\/span><\/span><\/span><\/span>\n<\/p>\n<p>--------------------------------------------------------------------------<br \/>\n------ Infos que vous souhaitez voir figurer sur votre fiche de pr\u00e9sentation -----\n<\/p>\n<p>--------------------------------------------------------------------------<br \/>\n(r\u00e9pondre \"non\" pour les infos que vous ne souhaitez pas publier)\n<\/p>\n<p>Acceptez-vous de publier votre pr\u00e9nom ? <span class=\"wpcf7-form-control-wrap\" data-name=\"pub-prenom\"><select class=\"wpcf7-form-control wpcf7-select wpcf7-validates-as-required\" aria-required=\"true\" aria-invalid=\"false\" name=\"pub-prenom\"><option value=\"Oui\">Oui<\/option><option value=\"Non\">Non<\/option><\/select><\/span><br \/>\nVotre lieu (ville ou d\u00e9partement) : <span class=\"wpcf7-form-control-wrap\" data-name=\"lieu\"><input size=\"40\" maxlength=\"400\" class=\"wpcf7-form-control wpcf7-text wpcf7-validates-as-required\" aria-required=\"true\" aria-invalid=\"false\" value=\"\" type=\"text\" name=\"lieu\" \/><\/span><br \/>\nCourriel (si identique \u00e0 celui saisi ci-dessus, saisir \"idem\") : <span class=\"wpcf7-form-control-wrap\" data-name=\"mailpub\"><input size=\"40\" maxlength=\"400\" class=\"wpcf7-form-control wpcf7-text\" aria-invalid=\"false\" value=\"\" type=\"text\" name=\"mailpub\" \/><\/span>\n<\/p>\n<p>D\u00e9lai de r\u00e9ponse moyen* (ou habituel) en jours : <span class=\"wpcf7-form-control-wrap\" data-name=\"delai-moy\"><input size=\"40\" maxlength=\"400\" class=\"wpcf7-form-control wpcf7-text wpcf7-validates-as-required\" aria-required=\"true\" aria-invalid=\"false\" value=\"\" type=\"text\" name=\"delai-moy\" \/><\/span> D\u00e9lai maximum* en jours : <span class=\"wpcf7-form-control-wrap\" data-name=\"delai-max\"><input size=\"40\" maxlength=\"400\" class=\"wpcf7-form-control wpcf7-text wpcf7-validates-as-required\" aria-required=\"true\" aria-invalid=\"false\" value=\"\" type=\"text\" name=\"delai-max\" \/><\/span>\n<\/p>\n<p>T\u00e9l\u00e9phone(s) : <span class=\"wpcf7-form-control-wrap\" data-name=\"tel\"><input size=\"40\" maxlength=\"400\" class=\"wpcf7-form-control wpcf7-text\" aria-invalid=\"false\" value=\"\" type=\"text\" name=\"tel\" \/><\/span>\n<\/p>\n<p>jours et heures possibles : <span class=\"wpcf7-form-control-wrap\" data-name=\"heures-tel\"><input size=\"40\" maxlength=\"400\" class=\"wpcf7-form-control wpcf7-text\" aria-invalid=\"false\" value=\"\" type=\"text\" name=\"heures-tel\" \/><\/span>\n<\/p>\n<p>Souhaitez-vous publier votre photo ? <span class=\"wpcf7-form-control-wrap\" data-name=\"photo\"><select class=\"wpcf7-form-control wpcf7-select wpcf7-validates-as-required\" aria-required=\"true\" aria-invalid=\"false\" name=\"photo\"><option value=\"Non\">Non<\/option><option value=\"Oui\">Oui<\/option><\/select><\/span>\n<\/p>\n<p>Seriez-vous pr\u00eat \u00e0 r\u00e9pondre aussi aux personnes d'autres r\u00e9gions (voire d'autres pays francophones) ?<br \/>\n<span class=\"wpcf7-form-control-wrap\" data-name=\"secteurdemandes\"><span class=\"wpcf7-form-control wpcf7-checkbox wpcf7-validates-as-required\"><span class=\"wpcf7-list-item first\"><input type=\"checkbox\" name=\"secteurdemandes[]\" value=\"Demandes locales\" \/><span class=\"wpcf7-list-item-label\">Demandes locales<\/span><\/span><span class=\"wpcf7-list-item\"><input type=\"checkbox\" name=\"secteurdemandes[]\" value=\"Demandes de ma r\u00e9gion\" \/><span class=\"wpcf7-list-item-label\">Demandes de ma r\u00e9gion<\/span><\/span><span class=\"wpcf7-list-item\"><input type=\"checkbox\" name=\"secteurdemandes[]\" value=\"Toutes origines\" \/><span class=\"wpcf7-list-item-label\">Toutes origines<\/span><\/span><span class=\"wpcf7-list-item last\"><input type=\"checkbox\" name=\"secteurdemandes[]\" value=\"Autres membres du R\u00e9seau\" \/><span class=\"wpcf7-list-item-label\">Autres membres du R\u00e9seau<\/span><\/span><\/span><\/span>\n<\/p>\n<p>Texte de pr\u00e9sentation succincte qui figurera \u00e0 la fin de votre fiche (essayez de vous limiter \u00e0 100 mots maxi s.v.p.)\n<\/p>\n<p><span class=\"wpcf7-form-control-wrap\" data-name=\"corps-du-message\"><textarea cols=\"40\" rows=\"10\" maxlength=\"2000\" class=\"wpcf7-form-control wpcf7-textarea\" aria-invalid=\"false\" name=\"corps-du-message\"><\/textarea><\/span>\n<\/p>\n<p>Si vous avez des pr\u00e9cisions \u00e0 apporter sur vos choix pr\u00e9c\u00e9dents, c'est dans ce texte qu'il convient de le faire (par exemple de quel type de pathologie ou personnalit\u00e9 vous vous sentez le + proche et donc le + apte \u00e0 aider )\n<\/p>\n<p><input class=\"wpcf7-form-control wpcf7-submit has-spinner\" type=\"submit\" value=\"Envoyer\" \/>\n<\/p><p style=\"display: none !important;\" class=\"akismet-fields-container\" data-prefix=\"_wpcf7_ak_\"><label>&#916;<textarea name=\"_wpcf7_ak_hp_textarea\" cols=\"45\" rows=\"8\" maxlength=\"100\"><\/textarea><\/label><input type=\"hidden\" id=\"ak_js_1\" name=\"_wpcf7_ak_js\" value=\"110\"\/><script>\ndocument.getElementById( \"ak_js_1\" ).setAttribute( \"value\", ( new Date() ).getTime() );\n<\/script>\n<\/p><div class=\"wpcf7-response-output\" aria-hidden=\"true\"><\/div>\n<\/form>\n<\/div>\n\n<p>Merci de votre collaboration.<\/p>\n<p><span style=\"background-color: #ffff00\">Avez-vous pens\u00e9 \u00e0 indiquer vos \u00e9ventuelles indisponibilit\u00e9s pour l&rsquo;\u00e9t\u00e9 ou autres p\u00e9riodes pr\u00e9visibles ?<\/span><\/p>\n","protected":false},"excerpt":{"rendered":"<p>Mise \u00e0 jour de cette page le 9-9-2013 Avant de remplir ce formulaire, veuillez afficher la Charte des Correspondants Locaux B\u00e9n\u00e9voles car il va vous \u00eatre demand\u00e9 de l&rsquo;approuver. Si vous n&rsquo;\u00eates pas d&rsquo;accord avec la Charte, ou bien si un souci technique vous emp\u00eache d&rsquo;envoyer ce formulaire, merci de vous exprimer dans le formulaire [&hellip;]<\/p>\n","protected":false},"author":38,"featured_media":0,"parent":0,"menu_order":0,"comment_status":"closed","ping_status":"closed","template":"onecolumn-page.php","meta":{"_et_pb_use_builder":"","_et_pb_old_content":"","_et_gb_content_width":"","footnotes":""},"class_list":["post-220","page","type-page","status-publish","hentry"],"yoast_head":"<!-- This site is optimized with the Yoast SEO plugin v28.3 - https:\/\/yoast.com\/product\/yoast-seo-wordpress\/ -->\n<title>Page de constitution de votre fiche - M\u00e9diagoras Lyon<\/title>\n<meta name=\"robots\" content=\"index, follow, max-snippet:-1, max-image-preview:large, max-video-preview:-1\" \/>\n<link rel=\"canonical\" href=\"https:\/\/mediagoras.fr\/exemple\/page-de-constitution-de-votre-fiche\/\" \/>\n<meta property=\"og:locale\" content=\"fr_FR\" \/>\n<meta property=\"og:type\" content=\"article\" \/>\n<meta property=\"og:title\" content=\"Page de constitution de votre fiche - M\u00e9diagoras Lyon\" \/>\n<meta property=\"og:description\" content=\"Mise \u00e0 jour de cette page le 9-9-2013 Avant de remplir ce formulaire, veuillez afficher la Charte des Correspondants Locaux B\u00e9n\u00e9voles car il va vous \u00eatre demand\u00e9 de l&rsquo;approuver. Si vous n&rsquo;\u00eates pas d&rsquo;accord avec la Charte, ou bien si un souci technique vous emp\u00eache d&rsquo;envoyer ce formulaire, merci de vous exprimer dans le formulaire [&hellip;]\" \/>\n<meta property=\"og:url\" content=\"https:\/\/mediagoras.fr\/exemple\/page-de-constitution-de-votre-fiche\/\" \/>\n<meta property=\"og:site_name\" content=\"M\u00e9diagoras Lyon\" \/>\n<meta name=\"twitter:card\" content=\"summary_large_image\" \/>\n<meta name=\"twitter:label1\" content=\"Dur\u00e9e de lecture estim\u00e9e\" \/>\n\t<meta name=\"twitter:data1\" content=\"1 minute\" \/>\n<script type=\"application\/ld+json\" class=\"yoast-schema-graph\">{\"@context\":\"https:\\\/\\\/schema.org\",\"@graph\":[{\"@type\":\"WebPage\",\"@id\":\"https:\\\/\\\/mediagoras.fr\\\/exemple\\\/page-de-constitution-de-votre-fiche\\\/\",\"url\":\"https:\\\/\\\/mediagoras.fr\\\/exemple\\\/page-de-constitution-de-votre-fiche\\\/\",\"name\":\"Page de constitution de votre fiche - M\u00e9diagoras Lyon\",\"isPartOf\":{\"@id\":\"https:\\\/\\\/mediagoras.fr\\\/exemple\\\/#website\"},\"datePublished\":\"2013-09-05T22:02:53+00:00\",\"breadcrumb\":{\"@id\":\"https:\\\/\\\/mediagoras.fr\\\/exemple\\\/page-de-constitution-de-votre-fiche\\\/#breadcrumb\"},\"inLanguage\":\"fr-FR\",\"potentialAction\":[{\"@type\":\"ReadAction\",\"target\":[\"https:\\\/\\\/mediagoras.fr\\\/exemple\\\/page-de-constitution-de-votre-fiche\\\/\"]}]},{\"@type\":\"BreadcrumbList\",\"@id\":\"https:\\\/\\\/mediagoras.fr\\\/exemple\\\/page-de-constitution-de-votre-fiche\\\/#breadcrumb\",\"itemListElement\":[{\"@type\":\"ListItem\",\"position\":1,\"name\":\"Accueil\",\"item\":\"https:\\\/\\\/mediagoras.fr\\\/exemple\\\/\"},{\"@type\":\"ListItem\",\"position\":2,\"name\":\"Page de constitution de votre fiche\"}]},{\"@type\":\"WebSite\",\"@id\":\"https:\\\/\\\/mediagoras.fr\\\/exemple\\\/#website\",\"url\":\"https:\\\/\\\/mediagoras.fr\\\/exemple\\\/\",\"name\":\"M\u00e9diagoras Lyon\",\"description\":\"Un site utilisant R\u00e9seau Mediagora\",\"potentialAction\":[{\"@type\":\"SearchAction\",\"target\":{\"@type\":\"EntryPoint\",\"urlTemplate\":\"https:\\\/\\\/mediagoras.fr\\\/exemple\\\/?s={search_term_string}\"},\"query-input\":{\"@type\":\"PropertyValueSpecification\",\"valueRequired\":true,\"valueName\":\"search_term_string\"}}],\"inLanguage\":\"fr-FR\"}]}<\/script>\n<!-- \/ Yoast SEO plugin. -->","yoast_head_json":{"title":"Page de constitution de votre fiche - M\u00e9diagoras Lyon","robots":{"index":"index","follow":"follow","max-snippet":"max-snippet:-1","max-image-preview":"max-image-preview:large","max-video-preview":"max-video-preview:-1"},"canonical":"https:\/\/mediagoras.fr\/exemple\/page-de-constitution-de-votre-fiche\/","og_locale":"fr_FR","og_type":"article","og_title":"Page de constitution de votre fiche - M\u00e9diagoras Lyon","og_description":"Mise \u00e0 jour de cette page le 9-9-2013 Avant de remplir ce formulaire, veuillez afficher la Charte des Correspondants Locaux B\u00e9n\u00e9voles car il va vous \u00eatre demand\u00e9 de l&rsquo;approuver. Si vous n&rsquo;\u00eates pas d&rsquo;accord avec la Charte, ou bien si un souci technique vous emp\u00eache d&rsquo;envoyer ce formulaire, merci de vous exprimer dans le formulaire [&hellip;]","og_url":"https:\/\/mediagoras.fr\/exemple\/page-de-constitution-de-votre-fiche\/","og_site_name":"M\u00e9diagoras Lyon","twitter_card":"summary_large_image","twitter_misc":{"Dur\u00e9e de lecture estim\u00e9e":"1 minute"},"schema":{"@context":"https:\/\/schema.org","@graph":[{"@type":"WebPage","@id":"https:\/\/mediagoras.fr\/exemple\/page-de-constitution-de-votre-fiche\/","url":"https:\/\/mediagoras.fr\/exemple\/page-de-constitution-de-votre-fiche\/","name":"Page de constitution de votre fiche - M\u00e9diagoras Lyon","isPartOf":{"@id":"https:\/\/mediagoras.fr\/exemple\/#website"},"datePublished":"2013-09-05T22:02:53+00:00","breadcrumb":{"@id":"https:\/\/mediagoras.fr\/exemple\/page-de-constitution-de-votre-fiche\/#breadcrumb"},"inLanguage":"fr-FR","potentialAction":[{"@type":"ReadAction","target":["https:\/\/mediagoras.fr\/exemple\/page-de-constitution-de-votre-fiche\/"]}]},{"@type":"BreadcrumbList","@id":"https:\/\/mediagoras.fr\/exemple\/page-de-constitution-de-votre-fiche\/#breadcrumb","itemListElement":[{"@type":"ListItem","position":1,"name":"Accueil","item":"https:\/\/mediagoras.fr\/exemple\/"},{"@type":"ListItem","position":2,"name":"Page de constitution de votre fiche"}]},{"@type":"WebSite","@id":"https:\/\/mediagoras.fr\/exemple\/#website","url":"https:\/\/mediagoras.fr\/exemple\/","name":"M\u00e9diagoras Lyon","description":"Un site utilisant R\u00e9seau Mediagora","potentialAction":[{"@type":"SearchAction","target":{"@type":"EntryPoint","urlTemplate":"https:\/\/mediagoras.fr\/exemple\/?s={search_term_string}"},"query-input":{"@type":"PropertyValueSpecification","valueRequired":true,"valueName":"search_term_string"}}],"inLanguage":"fr-FR"}]}},"_links":{"self":[{"href":"https:\/\/mediagoras.fr\/exemple\/wp-json\/wp\/v2\/pages\/220","targetHints":{"allow":["GET"]}}],"collection":[{"href":"https:\/\/mediagoras.fr\/exemple\/wp-json\/wp\/v2\/pages"}],"about":[{"href":"https:\/\/mediagoras.fr\/exemple\/wp-json\/wp\/v2\/types\/page"}],"author":[{"embeddable":true,"href":"https:\/\/mediagoras.fr\/exemple\/wp-json\/wp\/v2\/users\/38"}],"replies":[{"embeddable":true,"href":"https:\/\/mediagoras.fr\/exemple\/wp-json\/wp\/v2\/comments?post=220"}],"version-history":[{"count":0,"href":"https:\/\/mediagoras.fr\/exemple\/wp-json\/wp\/v2\/pages\/220\/revisions"}],"wp:attachment":[{"href":"https:\/\/mediagoras.fr\/exemple\/wp-json\/wp\/v2\/media?parent=220"}],"curies":[{"name":"wp","href":"https:\/\/api.w.org\/{rel}","templated":true}]}}