{"id":276,"date":"2022-03-23T00:11:42","date_gmt":"2022-03-22T23:11:42","guid":{"rendered":"http:\/\/mediagoras.fr\/?page_id=276"},"modified":"2026-07-11T17:43:34","modified_gmt":"2026-07-11T15:43:34","slug":"les-correspondants-du-reseau","status":"publish","type":"page","link":"https:\/\/mediagoras.fr\/exemple\/nous-contacter\/les-correspondants-du-reseau\/","title":{"rendered":"Les Correspondants du R\u00e9seau"},"content":{"rendered":"[et_pb_section fb_built=\u00a0\u00bb1&Prime; admin_label=\u00a0\u00bbsection\u00a0\u00bb _builder_version=\u00a0\u00bb4.16&Prime; global_colors_info=\u00a0\u00bb{}\u00a0\u00bb][et_pb_row admin_label=\u00a0\u00bbrow\u00a0\u00bb _builder_version=\u00a0\u00bb4.16&Prime; background_size=\u00a0\u00bbinitial\u00a0\u00bb background_position=\u00a0\u00bbtop_left\u00a0\u00bb background_repeat=\u00a0\u00bbrepeat\u00a0\u00bb global_colors_info=\u00a0\u00bb{}\u00a0\u00bb][et_pb_column type=\u00a0\u00bb4_4&Prime; _builder_version=\u00a0\u00bb4.16&Prime; custom_padding=\u00a0\u00bb|||\u00a0\u00bb global_colors_info=\u00a0\u00bb{}\u00a0\u00bb custom_padding__hover=\u00a0\u00bb|||\u00a0\u00bb][et_pb_text _builder_version=\u00a0\u00bb4.27.6&Prime; ul_font=\u00a0\u00bb||||||||\u00a0\u00bb ol_font=\u00a0\u00bb||||||||\u00a0\u00bb header_font=\u00a0\u00bb||||||||\u00a0\u00bb header_2_text_color=\u00a0\u00bb#6e1950&Prime; header_2_font_size=\u00a0\u00bb45px\u00a0\u00bb header_2_line_height=\u00a0\u00bb1.2em\u00a0\u00bb custom_margin=\u00a0\u00bb||20px|\u00a0\u00bb header_2_font_size_tablet=\u00a0\u00bb36px\u00a0\u00bb header_2_font_size_phone=\u00a0\u00bb\u00a0\u00bb header_2_font_size_last_edited=\u00a0\u00bbon|phone\u00a0\u00bb locked=\u00a0\u00bboff\u00a0\u00bb global_colors_info=\u00a0\u00bb{}\u00a0\u00bb]\n<h2>Correspondants du r\u00e9seau M\u00e9diagora<\/h2>\n[\/et_pb_text][et_pb_divider divider_weight=\u00a0\u00bb9px\u00a0\u00bb _builder_version=\u00a0\u00bb4.27.6&Prime; max_width=\u00a0\u00bb50px\u00a0\u00bb locked=\u00a0\u00bboff\u00a0\u00bb global_colors_info=\u00a0\u00bb{}\u00a0\u00bb][\/et_pb_divider][et_pb_text admin_label=\u00a0\u00bbText\u00a0\u00bb _builder_version=\u00a0\u00bb4.27.6&Prime; background_size=\u00a0\u00bbinitial\u00a0\u00bb background_position=\u00a0\u00bbtop_left\u00a0\u00bb background_repeat=\u00a0\u00bbrepeat\u00a0\u00bb hover_enabled=\u00a0\u00bb0&Prime; global_colors_info=\u00a0\u00bb{}\u00a0\u00bb sticky_enabled=\u00a0\u00bb0&Prime;]\n<p><span style=\"color: #000000;\">Les Correspondants du R\u00e9seau M\u00e9diagora, sont des hommes et des femmes qui ont \u00e9t\u00e9 confront\u00e9s de pr\u00e8s \u00e0 l&rsquo;anxi\u00e9t\u00e9 extr\u00e8me et qui, ayant suivi un parcours th\u00e9rapeutique ont d\u00e9cid\u00e9 d&rsquo;essayer de r\u00e9pondre aux demandes d&rsquo;information et de r\u00e9confort de personnes anxieuses de leur d\u00e9partement, ou de leur r\u00e9gion, voire de la France enti\u00e8re <span style=\"font-size: small;\">(dans ce dernier cas, le symbole <span style=\"color: #339966;\"><strong>TR<\/strong><\/span> pour \u00ab\u00a0Toutes R\u00e9gions\u00a0\u00bb est\u00a0pr\u00e9sent)<\/span>. Ils se sont engag\u00e9s moralement \u00e0 respecter cette <a title=\"Charte des C.L.B.R.M\" href=\"http:\/\/mediagoras.fr\/charte-clbrm\/\" target=\"_blank\" rel=\"noopener noreferrer\">Charte<\/a>. Merci de garder \u00e0 l&rsquo;esprit que ce sont tous des b\u00e9n\u00e9voles, qui parfois travaillent \u00e0 plein temps et\/ou sont charg\u00e9s de famille, ce qui restreint leur disponibilit\u00e9.<\/span><\/p>\n<p><span style=\"color: #000000;\">Actuellement, ce r\u00e9seau est constitu\u00e9 des personnes suivantes:<\/span><\/p>\n<p><span style=\"color: #000000;\"><a href=\"\/exemple\/nous-contacter\/les-correspondants-du-reseau\/correspondant-d-angers\/\">Correspondant d&rsquo;Angers<\/a> (49) &#8211; R\u00e9gion Pays-de-Loire<span class=\"Apple-style-span\">\u00a0\u00a0\u00a0 <span style=\"font-size: small; color: #339966;\"><strong>TR<\/strong><\/span><\/span><\/span><\/p>\n<p><span class=\"Apple-style-span\"><a title=\"Correspondant de Lyon (69 Rh\u00f4ne-Alpes)\" href=\"http:\/\/mediagoras.fr\/correspondant-de-lyon\/\">Correspondant de Lyon<\/a>\u00a0(69) &#8211; R\u00e9gion Rh\u00f4ne-Alpes\u00a0\u00a0\u00a0\u00a0\u00a0<span style=\"font-size: small; color: #339966;\"><strong>TR<\/strong><\/span><\/span><\/p>\n<p><span class=\"Apple-style-span\"><a href=\"http:\/\/mediagoras.fr\/correspondant-Avignon\/\">Correspondant de N\u00eemes et Avignon<\/a> (30 et 84 +59) &#8211; R\u00e9gion PACA et Occitanie \u00a0\u00a0\u00a0 <span style=\"font-size: small; color: #339966;\"><strong>TR<\/strong><\/span><\/span><\/p>\n<p>En plus de ces personnes, vous trouverez aussi un accueil similaire aupr\u00e8s de certaines des associations M\u00e9diagora du R\u00e9seau. Vous trouverez les informations de contact sur leurs sites web respectifs. Vous pouvez enfin utiliser le <a title=\"Nous contacter\" href=\"http:\/\/mediagoras.fr\/nous-contacter\/\">formulaire de contact g\u00e9n\u00e9ral<\/a>, en pr\u00e9cisant bien votre localisation (votre prise de contact par ce canal sera r\u00e9percut\u00e9e \u00e0 l&rsquo;ensemble des correspondants TR).<\/p>\n[\/et_pb_text][\/et_pb_column][\/et_pb_row][\/et_pb_section]\n","protected":false},"excerpt":{"rendered":"<p>Correspondants du r\u00e9seau M\u00e9diagoraLes Correspondants du R\u00e9seau M\u00e9diagora, sont des hommes et des femmes qui ont \u00e9t\u00e9 confront\u00e9s de pr\u00e8s \u00e0 l&rsquo;anxi\u00e9t\u00e9 extr\u00e8me et qui, ayant suivi un parcours th\u00e9rapeutique ont d\u00e9cid\u00e9 d&rsquo;essayer de r\u00e9pondre aux demandes d&rsquo;information et de r\u00e9confort de personnes anxieuses de leur d\u00e9partement, ou de leur r\u00e9gion, voire de la France [&hellip;]<\/p>\n","protected":false},"author":38,"featured_media":0,"parent":507,"menu_order":0,"comment_status":"closed","ping_status":"open","template":"","meta":{"_et_pb_use_builder":"on","_et_pb_old_content":"<p style=\"text-align: right\"><span style=\"font-size: small;color: #000000\">Derni\u00e8re mise \u00e0 jour de cette page le 23-03-2022<\/span><\/p>\n<span style=\"color: #000000\">Les Correspondants du R\u00e9seau M\u00e9diagora, sont des hommes et des femmes qui ont \u00e9t\u00e9 confront\u00e9s de pr\u00e8s \u00e0 l'anxi\u00e9t\u00e9 extr\u00e8me et qui, ayant suivi un parcours th\u00e9rapeutique ont d\u00e9cid\u00e9 d'essayer de r\u00e9pondre aux demandes d'information et de r\u00e9confort de personnes anxieuses de leur d\u00e9partement, ou de leur r\u00e9gion, voire de la France enti\u00e8re <span style=\"font-size: small\">(dans ce dernier cas, le symbole <span style=\"color: #339966\"><strong>TR<\/strong><\/span> pour \"Toutes R\u00e9gions\" est\u00a0pr\u00e9sent)<\/span>. Ils se sont engag\u00e9s moralement \u00e0 respecter cette <a title=\"Charte des C.L.B.R.M\" href=\"http:\/\/mediagoras.fr\/charte-clbrm\/\" target=\"_blank\" rel=\"noopener noreferrer\">Charte<\/a>. Merci de garder \u00e0 l'esprit que ce sont tous des b\u00e9n\u00e9voles, qui parfois travaillent \u00e0 plein temps et\/ou sont charg\u00e9s de famille, ce qui restreint leur disponibilit\u00e9.<\/span>\n\n<span style=\"color: #000000\">Actuellement, ce r\u00e9seau est constitu\u00e9 des personnes suivantes:<\/span>\n\n<span style=\"color: #000000\"><a href=\"\/exemple\/nous-contacter\/les-correspondants-du-reseau\/correspondant-d-angers\/\">Correspondant d'Angers<\/a> (49) - R\u00e9gion Pays-de-Loire<span class=\"Apple-style-span\">\u00a0\u00a0\u00a0  <span style=\"font-size: small;color: #339966\"><strong>TR<\/strong><\/span><\/span>\n\n<span class=\"Apple-style-span\"><a title=\"Correspondant de Lyon (69 Rh\u00f4ne-Alpes)\" href=\"http:\/\/mediagoras.fr\/correspondant-de-lyon\/\">Correspondant de Lyon<\/a>\u00a0(69) - R\u00e9gion Rh\u00f4ne-Alpes\u00a0\u00a0\u00a0\u00a0\u00a0<span style=\"font-size: small;color: #339966\"><strong>TR<\/strong><\/span><\/span>\n\n<span class=\"Apple-style-span\"><a href=\"http:\/\/mediagoras.fr\/correspondant-Avignon\/\">Correspondant de N\u00eemes et Avignon<\/a> (30 et 84 +59) - R\u00e9gion PACA et Occitanie \u00a0\u00a0\u00a0 <span style=\"font-size: small;color: #339966\"><strong>TR<\/strong><\/span><\/span>\n\nEn plus de ces personnes, vous trouverez aussi un accueil similaire aupr\u00e8s de certaines des associations M\u00e9diagora du R\u00e9seau. Vous trouverez les informations de contact sur leurs sites web respectifs. Vous pouvez enfin utiliser le <a title=\"Nous contacter\" href=\"http:\/\/mediagoras.fr\/nous-contacter\/\">formulaire de contact g\u00e9n\u00e9ral<\/a>, en pr\u00e9cisant bien votre localisation (votre prise de contact par ce canal sera r\u00e9percut\u00e9e \u00e0 l'ensemble des correspondants TR).","_et_gb_content_width":"","footnotes":""},"class_list":["post-276","page","type-page","status-publish","hentry"],"yoast_head":"<!-- This site is optimized with the Yoast SEO plugin v28.3 - https:\/\/yoast.com\/product\/yoast-seo-wordpress\/ -->\n<title>Anxi\u00e9t\u00e9, panique, phobie, aide aupr\u00e8s des Correspondants du R\u00e9seau M\u00e9diagora -<\/title>\n<meta name=\"description\" content=\"Personnes concern\u00e9es de pr\u00e8s par l&#039;anxi\u00e9t\u00e9 pathologique (timidit\u00e9, phobies, panique) aupr\u00e8s desquelles vous trouverez une \u00e9coute compr\u00e9hensive et des infos.\" \/>\n<meta name=\"robots\" content=\"index, follow, max-snippet:-1, max-image-preview:large, max-video-preview:-1\" \/>\n<link rel=\"canonical\" href=\"https:\/\/mediagoras.fr\/exemple\/nous-contacter\/les-correspondants-du-reseau\/\" \/>\n<meta property=\"og:locale\" content=\"fr_FR\" \/>\n<meta property=\"og:type\" content=\"article\" \/>\n<meta property=\"og:title\" content=\"Anxi\u00e9t\u00e9, panique, phobie, aide aupr\u00e8s des Correspondants du R\u00e9seau M\u00e9diagora -\" \/>\n<meta property=\"og:description\" content=\"Personnes concern\u00e9es de pr\u00e8s par l&#039;anxi\u00e9t\u00e9 pathologique (timidit\u00e9, phobies, panique) aupr\u00e8s desquelles vous trouverez une \u00e9coute compr\u00e9hensive et des infos.\" \/>\n<meta property=\"og:url\" content=\"https:\/\/mediagoras.fr\/exemple\/nous-contacter\/les-correspondants-du-reseau\/\" \/>\n<meta property=\"og:site_name\" content=\"M\u00e9diagoras Lyon\" \/>\n<meta property=\"article:modified_time\" content=\"2026-07-11T15:43:34+00:00\" \/>\n<meta name=\"twitter:card\" content=\"summary_large_image\" \/>\n<meta name=\"twitter:label1\" content=\"Dur\u00e9e de lecture estim\u00e9e\" \/>\n\t<meta name=\"twitter:data1\" content=\"2 minutes\" \/>\n<script type=\"application\/ld+json\" class=\"yoast-schema-graph\">{\"@context\":\"https:\\\/\\\/schema.org\",\"@graph\":[{\"@type\":\"WebPage\",\"@id\":\"https:\\\/\\\/mediagoras.fr\\\/exemple\\\/nous-contacter\\\/les-correspondants-du-reseau\\\/\",\"url\":\"https:\\\/\\\/mediagoras.fr\\\/exemple\\\/nous-contacter\\\/les-correspondants-du-reseau\\\/\",\"name\":\"Anxi\u00e9t\u00e9, panique, phobie, aide aupr\u00e8s des Correspondants du R\u00e9seau M\u00e9diagora -\",\"isPartOf\":{\"@id\":\"https:\\\/\\\/mediagoras.fr\\\/exemple\\\/#website\"},\"datePublished\":\"2022-03-22T23:11:42+00:00\",\"dateModified\":\"2026-07-11T15:43:34+00:00\",\"description\":\"Personnes concern\u00e9es de pr\u00e8s par l'anxi\u00e9t\u00e9 pathologique (timidit\u00e9, phobies, panique) aupr\u00e8s desquelles vous trouverez une \u00e9coute compr\u00e9hensive et des infos.\",\"breadcrumb\":{\"@id\":\"https:\\\/\\\/mediagoras.fr\\\/exemple\\\/nous-contacter\\\/les-correspondants-du-reseau\\\/#breadcrumb\"},\"inLanguage\":\"fr-FR\",\"potentialAction\":[{\"@type\":\"ReadAction\",\"target\":[\"https:\\\/\\\/mediagoras.fr\\\/exemple\\\/nous-contacter\\\/les-correspondants-du-reseau\\\/\"]}]},{\"@type\":\"BreadcrumbList\",\"@id\":\"https:\\\/\\\/mediagoras.fr\\\/exemple\\\/nous-contacter\\\/les-correspondants-du-reseau\\\/#breadcrumb\",\"itemListElement\":[{\"@type\":\"ListItem\",\"position\":1,\"name\":\"Accueil\",\"item\":\"https:\\\/\\\/mediagoras.fr\\\/exemple\\\/\"},{\"@type\":\"ListItem\",\"position\":2,\"name\":\"Nous contacter\",\"item\":\"https:\\\/\\\/mediagoras.fr\\\/exemple\\\/nous-contacter\\\/\"},{\"@type\":\"ListItem\",\"position\":3,\"name\":\"Les Correspondants du R\u00e9seau\"}]},{\"@type\":\"WebSite\",\"@id\":\"https:\\\/\\\/mediagoras.fr\\\/exemple\\\/#website\",\"url\":\"https:\\\/\\\/mediagoras.fr\\\/exemple\\\/\",\"name\":\"M\u00e9diagoras Lyon\",\"description\":\"Un site utilisant R\u00e9seau Mediagora\",\"potentialAction\":[{\"@type\":\"SearchAction\",\"target\":{\"@type\":\"EntryPoint\",\"urlTemplate\":\"https:\\\/\\\/mediagoras.fr\\\/exemple\\\/?s={search_term_string}\"},\"query-input\":{\"@type\":\"PropertyValueSpecification\",\"valueRequired\":true,\"valueName\":\"search_term_string\"}}],\"inLanguage\":\"fr-FR\"}]}<\/script>\n<!-- \/ Yoast SEO plugin. -->","yoast_head_json":{"title":"Anxi\u00e9t\u00e9, panique, phobie, aide aupr\u00e8s des Correspondants du R\u00e9seau M\u00e9diagora -","description":"Personnes concern\u00e9es de pr\u00e8s par l'anxi\u00e9t\u00e9 pathologique (timidit\u00e9, phobies, panique) aupr\u00e8s desquelles vous trouverez une \u00e9coute compr\u00e9hensive et des infos.","robots":{"index":"index","follow":"follow","max-snippet":"max-snippet:-1","max-image-preview":"max-image-preview:large","max-video-preview":"max-video-preview:-1"},"canonical":"https:\/\/mediagoras.fr\/exemple\/nous-contacter\/les-correspondants-du-reseau\/","og_locale":"fr_FR","og_type":"article","og_title":"Anxi\u00e9t\u00e9, panique, phobie, aide aupr\u00e8s des Correspondants du R\u00e9seau M\u00e9diagora -","og_description":"Personnes concern\u00e9es de pr\u00e8s par l'anxi\u00e9t\u00e9 pathologique (timidit\u00e9, phobies, panique) aupr\u00e8s desquelles vous trouverez une \u00e9coute compr\u00e9hensive et des infos.","og_url":"https:\/\/mediagoras.fr\/exemple\/nous-contacter\/les-correspondants-du-reseau\/","og_site_name":"M\u00e9diagoras Lyon","article_modified_time":"2026-07-11T15:43:34+00:00","twitter_card":"summary_large_image","twitter_misc":{"Dur\u00e9e de lecture estim\u00e9e":"2 minutes"},"schema":{"@context":"https:\/\/schema.org","@graph":[{"@type":"WebPage","@id":"https:\/\/mediagoras.fr\/exemple\/nous-contacter\/les-correspondants-du-reseau\/","url":"https:\/\/mediagoras.fr\/exemple\/nous-contacter\/les-correspondants-du-reseau\/","name":"Anxi\u00e9t\u00e9, panique, phobie, aide aupr\u00e8s des Correspondants du R\u00e9seau M\u00e9diagora -","isPartOf":{"@id":"https:\/\/mediagoras.fr\/exemple\/#website"},"datePublished":"2022-03-22T23:11:42+00:00","dateModified":"2026-07-11T15:43:34+00:00","description":"Personnes concern\u00e9es de pr\u00e8s par l'anxi\u00e9t\u00e9 pathologique (timidit\u00e9, phobies, panique) aupr\u00e8s desquelles vous trouverez une \u00e9coute compr\u00e9hensive et des infos.","breadcrumb":{"@id":"https:\/\/mediagoras.fr\/exemple\/nous-contacter\/les-correspondants-du-reseau\/#breadcrumb"},"inLanguage":"fr-FR","potentialAction":[{"@type":"ReadAction","target":["https:\/\/mediagoras.fr\/exemple\/nous-contacter\/les-correspondants-du-reseau\/"]}]},{"@type":"BreadcrumbList","@id":"https:\/\/mediagoras.fr\/exemple\/nous-contacter\/les-correspondants-du-reseau\/#breadcrumb","itemListElement":[{"@type":"ListItem","position":1,"name":"Accueil","item":"https:\/\/mediagoras.fr\/exemple\/"},{"@type":"ListItem","position":2,"name":"Nous contacter","item":"https:\/\/mediagoras.fr\/exemple\/nous-contacter\/"},{"@type":"ListItem","position":3,"name":"Les Correspondants du R\u00e9seau"}]},{"@type":"WebSite","@id":"https:\/\/mediagoras.fr\/exemple\/#website","url":"https:\/\/mediagoras.fr\/exemple\/","name":"M\u00e9diagoras Lyon","description":"Un site utilisant R\u00e9seau Mediagora","potentialAction":[{"@type":"SearchAction","target":{"@type":"EntryPoint","urlTemplate":"https:\/\/mediagoras.fr\/exemple\/?s={search_term_string}"},"query-input":{"@type":"PropertyValueSpecification","valueRequired":true,"valueName":"search_term_string"}}],"inLanguage":"fr-FR"}]}},"_links":{"self":[{"href":"https:\/\/mediagoras.fr\/exemple\/wp-json\/wp\/v2\/pages\/276","targetHints":{"allow":["GET"]}}],"collection":[{"href":"https:\/\/mediagoras.fr\/exemple\/wp-json\/wp\/v2\/pages"}],"about":[{"href":"https:\/\/mediagoras.fr\/exemple\/wp-json\/wp\/v2\/types\/page"}],"author":[{"embeddable":true,"href":"https:\/\/mediagoras.fr\/exemple\/wp-json\/wp\/v2\/users\/38"}],"replies":[{"embeddable":true,"href":"https:\/\/mediagoras.fr\/exemple\/wp-json\/wp\/v2\/comments?post=276"}],"version-history":[{"count":2,"href":"https:\/\/mediagoras.fr\/exemple\/wp-json\/wp\/v2\/pages\/276\/revisions"}],"predecessor-version":[{"id":3598,"href":"https:\/\/mediagoras.fr\/exemple\/wp-json\/wp\/v2\/pages\/276\/revisions\/3598"}],"up":[{"embeddable":true,"href":"https:\/\/mediagoras.fr\/exemple\/wp-json\/wp\/v2\/pages\/507"}],"wp:attachment":[{"href":"https:\/\/mediagoras.fr\/exemple\/wp-json\/wp\/v2\/media?parent=276"}],"curies":[{"name":"wp","href":"https:\/\/api.w.org\/{rel}","templated":true}]}}