{"id":2771,"date":"2026-04-09T19:58:08","date_gmt":"2026-04-09T17:58:08","guid":{"rendered":"https:\/\/mediagoras.fr\/exemple\/?page_id=2771"},"modified":"2026-08-31T17:19:38","modified_gmt":"2026-08-31T15:19:38","slug":"lieux-de-nos-reunions","status":"publish","type":"page","link":"https:\/\/mediagoras.fr\/exemple\/lieux-de-nos-reunions\/","title":{"rendered":"Lieux de nos r\u00e9unions"},"content":{"rendered":"[et_pb_section fb_built=\u00a0\u00bb1&Prime; admin_label=\u00a0\u00bbsection\u00a0\u00bb _builder_version=\u00a0\u00bb4.16&Prime; global_colors_info=\u00a0\u00bb{}\u00a0\u00bb][et_pb_row admin_label=\u00a0\u00bbrow\u00a0\u00bb _builder_version=\u00a0\u00bb4.16&Prime; background_size=\u00a0\u00bbinitial\u00a0\u00bb background_position=\u00a0\u00bbtop_left\u00a0\u00bb background_repeat=\u00a0\u00bbrepeat\u00a0\u00bb global_colors_info=\u00a0\u00bb{}\u00a0\u00bb][et_pb_column type=\u00a0\u00bb4_4&Prime; _builder_version=\u00a0\u00bb4.16&Prime; custom_padding=\u00a0\u00bb|||\u00a0\u00bb global_colors_info=\u00a0\u00bb{}\u00a0\u00bb custom_padding__hover=\u00a0\u00bb|||\u00a0\u00bb][et_pb_text _builder_version=\u00a0\u00bb4.27.6&Prime; ul_font=\u00a0\u00bb||||||||\u00a0\u00bb ol_font=\u00a0\u00bb||||||||\u00a0\u00bb header_font=\u00a0\u00bb||||||||\u00a0\u00bb header_2_text_color=\u00a0\u00bb#6e1950&Prime; header_2_font_size=\u00a0\u00bb45px\u00a0\u00bb header_2_line_height=\u00a0\u00bb1.2em\u00a0\u00bb custom_margin=\u00a0\u00bb||20px|\u00a0\u00bb custom_padding=\u00a0\u00bb||0px|||\u00a0\u00bb header_2_font_size_tablet=\u00a0\u00bb36px\u00a0\u00bb header_2_font_size_phone=\u00a0\u00bb\u00a0\u00bb header_2_font_size_last_edited=\u00a0\u00bbon|phone\u00a0\u00bb locked=\u00a0\u00bboff\u00a0\u00bb global_colors_info=\u00a0\u00bb{}\u00a0\u00bb]\n<h2>Lieux des r\u00e9unions de M\u00e9diagora Lyon<\/h2>\n[\/et_pb_text][et_pb_divider divider_weight=\u00a0\u00bb9px\u00a0\u00bb _builder_version=\u00a0\u00bb4.27.6&Prime; max_width=\u00a0\u00bb50px\u00a0\u00bb locked=\u00a0\u00bboff\u00a0\u00bb global_colors_info=\u00a0\u00bb{}\u00a0\u00bb][\/et_pb_divider][et_pb_text admin_label=\u00a0\u00bbText\u00a0\u00bb _builder_version=\u00a0\u00bb4.27.6&Prime; background_size=\u00a0\u00bbinitial\u00a0\u00bb background_position=\u00a0\u00bbtop_left\u00a0\u00bb background_repeat=\u00a0\u00bbrepeat\u00a0\u00bb global_colors_info=\u00a0\u00bb{}\u00a0\u00bb]\n<p>La plupart de nos r\u00e9unions ont lieu \u00e0 Oullins, dans la salle basse de la Maison des Soci\u00e9t\u00e9s (acc\u00e8s de 2 rues diff\u00e9rentes selon que l\u2019on arrive en TCL ou en voiture).<\/p>\n<p>Vous trouverez toutes les indications n\u00e9cessaires (et suffisantes) dans nos pages\u00a0\u00a0<a title=\"Plans d\u2019acc\u00e8s\" href=\"exemple\/plans-dacces\/\">\u00ab\u00a0Plan d\u2019acc\u00e8s\u00a0\u00bb<\/a>\u00a0 et\u00a0\u00a0<a title=\"La Salle\" href=\"\/exemple\/le-lieu\/\">\u00ab\u00a0La Salle\u00a0\u00bb<\/a><\/p>\n<p>Nous vous conseillons\u00a0<strong>fortement<\/strong>\u00a0de lire attentivement (et si possible\u00a0<em>imprimer<\/em>) ces 2 pages explicatives. La plupart de ceux qui se perdent en route n\u2019ont pas pris la peine d\u2019\u00e9tudier ces pages\u00a0<em>(et programmer h\u00e2tivement votre GPS sur l\u2019adresse postale ne vous permettra pas de trouver la bonne porte parmi les 3, ni de vous y garer !)<\/em><\/p>\n<p><em>Lorsqu\u2019aucun lieu n\u2019est sp\u00e9cifi\u00e9 sur notre agenda, cela signifie que la r\u00e9union a lieu dans notre local habituel d\u2019Oullins.<\/em><\/p>\n[\/et_pb_text][\/et_pb_column][\/et_pb_row][\/et_pb_section]\n","protected":false},"excerpt":{"rendered":"<p>Lieux des r\u00e9unions de M\u00e9diagora LyonLa plupart de nos r\u00e9unions ont lieu \u00e0 Oullins, dans la salle basse de la Maison des Soci\u00e9t\u00e9s (acc\u00e8s de 2 rues diff\u00e9rentes selon que l\u2019on arrive en TCL ou en voiture). Vous trouverez toutes les indications n\u00e9cessaires (et suffisantes) dans nos pages\u00a0\u00a0\u00ab\u00a0Plan d\u2019acc\u00e8s\u00a0\u00bb\u00a0 et\u00a0\u00a0\u00ab\u00a0La Salle\u00a0\u00bb Nous vous conseillons\u00a0fortement\u00a0de lire [&hellip;]<\/p>\n","protected":false},"author":38,"featured_media":0,"parent":0,"menu_order":0,"comment_status":"closed","ping_status":"closed","template":"","meta":{"_et_pb_use_builder":"on","_et_pb_old_content":"<h1 class=\"entry-title\">Lieux de nos r\u00e9unions<\/h1>\r\n<div class=\"entry-content\">\r\n\r\nDerni\u00e8re mise \u00e0 jour de cette page le 1-11-13\r\n\r\nLa plupart de nos r\u00e9unions ont lieu \u00e0 Oullins, dans la salle basse de la Maison des Soci\u00e9t\u00e9s (acc\u00e8s de 2 rues diff\u00e9rentes selon que l\u2019on arrive en TCL ou en voiture).\r\n\r\nVous trouverez toutes les indications n\u00e9cessaires (et suffisantes) dans nos pages\u00a0\u00a0<a title=\"Plans d\u2019acc\u00e8s\" href=\"https:\/\/mediagoras.fr\/lyon\/plans-dacces\/\">\u00ab\u00a0Plan d\u2019acc\u00e8s\u00a0\u00bb<\/a>\u00a0 et\u00a0\u00a0<a title=\"La Salle\" href=\"https:\/\/mediagoras.fr\/lyon\/le-lieu\/\">\u00ab\u00a0La Salle\u00a0\u00bb<\/a>\r\n\r\nNous vous conseillons\u00a0<strong>fortement<\/strong>\u00a0de lire attentivement (et si possible\u00a0<em>imprimer<\/em>) ces 2 pages explicatives. La plupart de ceux qui se perdent en route n\u2019ont pas pris la peine d\u2019\u00e9tudier ces pages\u00a0<em>(et programmer h\u00e2tivement votre GPS sur l\u2019adresse postale ne vous permettra pas de vous y garer !)<\/em>\r\n\r\nEnfin, le 3eme sous-menu (<a title=\"Lieu alternatif\" href=\"https:\/\/mediagoras.fr\/lyon\/lieu-alternatif\/\">lieu alternatif<\/a>) pr\u00e9sente et explique le chemin d\u2019acc\u00e8s d\u2019une autre salle qu\u2019il nous arrive d\u2019utiliser exceptionnellement.\r\n\r\n<em>Lorsqu\u2019aucun lieu n\u2019est sp\u00e9cifi\u00e9 sur notre agenda, cela signifie que la r\u00e9union a lieu dans notre local habituel d\u2019Oullins.<\/em>\r\n\r\n<span class=\"edit-link\"><a class=\"post-edit-link\" href=\"https:\/\/mediagoras.fr\/lyon\/wp-admin\/post.php?post=1175&action=edit\">Modifier<\/a><\/span><\/div>","_et_gb_content_width":"","footnotes":""},"class_list":["post-2771","page","type-page","status-publish","hentry"],"yoast_head":"<!-- This site is optimized with the Yoast SEO plugin v28.3 - https:\/\/yoast.com\/product\/yoast-seo-wordpress\/ -->\n<title>Lieux de nos r\u00e9unions - M\u00e9diagoras Lyon<\/title>\n<meta name=\"description\" content=\"Lieux r\u00e9unions M\u00e9diagoras Lyon : elles ont lieu \u00e0 Oullins, dans la salle basse de la Maison des Soci\u00e9t\u00e9s (acc\u00e8s de 2 rues TCL \/ voiture).\" \/>\n<meta name=\"robots\" content=\"index, follow, max-snippet:-1, max-image-preview:large, max-video-preview:-1\" \/>\n<link rel=\"canonical\" href=\"https:\/\/mediagoras.fr\/exemple\/lieux-de-nos-reunions\/\" \/>\n<meta property=\"og:locale\" content=\"fr_FR\" \/>\n<meta property=\"og:type\" content=\"article\" \/>\n<meta property=\"og:title\" content=\"Lieux de nos r\u00e9unions - M\u00e9diagoras Lyon\" \/>\n<meta property=\"og:description\" content=\"Lieux r\u00e9unions M\u00e9diagoras Lyon : elles ont lieu \u00e0 Oullins, dans la salle basse de la Maison des Soci\u00e9t\u00e9s (acc\u00e8s de 2 rues TCL \/ voiture).\" \/>\n<meta property=\"og:url\" content=\"https:\/\/mediagoras.fr\/exemple\/lieux-de-nos-reunions\/\" \/>\n<meta property=\"og:site_name\" content=\"M\u00e9diagoras Lyon\" \/>\n<meta property=\"article:modified_time\" content=\"2026-08-31T15:19:38+00:00\" \/>\n<meta name=\"twitter:card\" content=\"summary_large_image\" \/>\n<meta name=\"twitter:label1\" content=\"Dur\u00e9e de lecture estim\u00e9e\" \/>\n\t<meta name=\"twitter:data1\" content=\"1 minute\" \/>\n<script type=\"application\/ld+json\" class=\"yoast-schema-graph\">{\"@context\":\"https:\\\/\\\/schema.org\",\"@graph\":[{\"@type\":\"WebPage\",\"@id\":\"https:\\\/\\\/mediagoras.fr\\\/exemple\\\/lieux-de-nos-reunions\\\/\",\"url\":\"https:\\\/\\\/mediagoras.fr\\\/exemple\\\/lieux-de-nos-reunions\\\/\",\"name\":\"Lieux de nos r\u00e9unions - M\u00e9diagoras Lyon\",\"isPartOf\":{\"@id\":\"https:\\\/\\\/mediagoras.fr\\\/exemple\\\/#website\"},\"datePublished\":\"2026-04-09T17:58:08+00:00\",\"dateModified\":\"2026-08-31T15:19:38+00:00\",\"description\":\"Lieux r\u00e9unions M\u00e9diagoras Lyon : elles ont lieu \u00e0 Oullins, dans la salle basse de la Maison des Soci\u00e9t\u00e9s (acc\u00e8s de 2 rues TCL \\\/ voiture).\",\"breadcrumb\":{\"@id\":\"https:\\\/\\\/mediagoras.fr\\\/exemple\\\/lieux-de-nos-reunions\\\/#breadcrumb\"},\"inLanguage\":\"fr-FR\",\"potentialAction\":[{\"@type\":\"ReadAction\",\"target\":[\"https:\\\/\\\/mediagoras.fr\\\/exemple\\\/lieux-de-nos-reunions\\\/\"]}]},{\"@type\":\"BreadcrumbList\",\"@id\":\"https:\\\/\\\/mediagoras.fr\\\/exemple\\\/lieux-de-nos-reunions\\\/#breadcrumb\",\"itemListElement\":[{\"@type\":\"ListItem\",\"position\":1,\"name\":\"Accueil\",\"item\":\"https:\\\/\\\/mediagoras.fr\\\/exemple\\\/\"},{\"@type\":\"ListItem\",\"position\":2,\"name\":\"Lieux de nos r\u00e9unions\"}]},{\"@type\":\"WebSite\",\"@id\":\"https:\\\/\\\/mediagoras.fr\\\/exemple\\\/#website\",\"url\":\"https:\\\/\\\/mediagoras.fr\\\/exemple\\\/\",\"name\":\"M\u00e9diagoras Lyon\",\"description\":\"Un site utilisant R\u00e9seau Mediagora\",\"potentialAction\":[{\"@type\":\"SearchAction\",\"target\":{\"@type\":\"EntryPoint\",\"urlTemplate\":\"https:\\\/\\\/mediagoras.fr\\\/exemple\\\/?s={search_term_string}\"},\"query-input\":{\"@type\":\"PropertyValueSpecification\",\"valueRequired\":true,\"valueName\":\"search_term_string\"}}],\"inLanguage\":\"fr-FR\"}]}<\/script>\n<!-- \/ Yoast SEO plugin. -->","yoast_head_json":{"title":"Lieux de nos r\u00e9unions - M\u00e9diagoras Lyon","description":"Lieux r\u00e9unions M\u00e9diagoras Lyon : elles ont lieu \u00e0 Oullins, dans la salle basse de la Maison des Soci\u00e9t\u00e9s (acc\u00e8s de 2 rues TCL \/ voiture).","robots":{"index":"index","follow":"follow","max-snippet":"max-snippet:-1","max-image-preview":"max-image-preview:large","max-video-preview":"max-video-preview:-1"},"canonical":"https:\/\/mediagoras.fr\/exemple\/lieux-de-nos-reunions\/","og_locale":"fr_FR","og_type":"article","og_title":"Lieux de nos r\u00e9unions - M\u00e9diagoras Lyon","og_description":"Lieux r\u00e9unions M\u00e9diagoras Lyon : elles ont lieu \u00e0 Oullins, dans la salle basse de la Maison des Soci\u00e9t\u00e9s (acc\u00e8s de 2 rues TCL \/ voiture).","og_url":"https:\/\/mediagoras.fr\/exemple\/lieux-de-nos-reunions\/","og_site_name":"M\u00e9diagoras Lyon","article_modified_time":"2026-08-31T15:19:38+00:00","twitter_card":"summary_large_image","twitter_misc":{"Dur\u00e9e de lecture estim\u00e9e":"1 minute"},"schema":{"@context":"https:\/\/schema.org","@graph":[{"@type":"WebPage","@id":"https:\/\/mediagoras.fr\/exemple\/lieux-de-nos-reunions\/","url":"https:\/\/mediagoras.fr\/exemple\/lieux-de-nos-reunions\/","name":"Lieux de nos r\u00e9unions - M\u00e9diagoras Lyon","isPartOf":{"@id":"https:\/\/mediagoras.fr\/exemple\/#website"},"datePublished":"2026-04-09T17:58:08+00:00","dateModified":"2026-08-31T15:19:38+00:00","description":"Lieux r\u00e9unions M\u00e9diagoras Lyon : elles ont lieu \u00e0 Oullins, dans la salle basse de la Maison des Soci\u00e9t\u00e9s (acc\u00e8s de 2 rues TCL \/ voiture).","breadcrumb":{"@id":"https:\/\/mediagoras.fr\/exemple\/lieux-de-nos-reunions\/#breadcrumb"},"inLanguage":"fr-FR","potentialAction":[{"@type":"ReadAction","target":["https:\/\/mediagoras.fr\/exemple\/lieux-de-nos-reunions\/"]}]},{"@type":"BreadcrumbList","@id":"https:\/\/mediagoras.fr\/exemple\/lieux-de-nos-reunions\/#breadcrumb","itemListElement":[{"@type":"ListItem","position":1,"name":"Accueil","item":"https:\/\/mediagoras.fr\/exemple\/"},{"@type":"ListItem","position":2,"name":"Lieux de nos r\u00e9unions"}]},{"@type":"WebSite","@id":"https:\/\/mediagoras.fr\/exemple\/#website","url":"https:\/\/mediagoras.fr\/exemple\/","name":"M\u00e9diagoras Lyon","description":"Un site utilisant R\u00e9seau Mediagora","potentialAction":[{"@type":"SearchAction","target":{"@type":"EntryPoint","urlTemplate":"https:\/\/mediagoras.fr\/exemple\/?s={search_term_string}"},"query-input":{"@type":"PropertyValueSpecification","valueRequired":true,"valueName":"search_term_string"}}],"inLanguage":"fr-FR"}]}},"_links":{"self":[{"href":"https:\/\/mediagoras.fr\/exemple\/wp-json\/wp\/v2\/pages\/2771","targetHints":{"allow":["GET"]}}],"collection":[{"href":"https:\/\/mediagoras.fr\/exemple\/wp-json\/wp\/v2\/pages"}],"about":[{"href":"https:\/\/mediagoras.fr\/exemple\/wp-json\/wp\/v2\/types\/page"}],"author":[{"embeddable":true,"href":"https:\/\/mediagoras.fr\/exemple\/wp-json\/wp\/v2\/users\/38"}],"replies":[{"embeddable":true,"href":"https:\/\/mediagoras.fr\/exemple\/wp-json\/wp\/v2\/comments?post=2771"}],"version-history":[{"count":5,"href":"https:\/\/mediagoras.fr\/exemple\/wp-json\/wp\/v2\/pages\/2771\/revisions"}],"predecessor-version":[{"id":3920,"href":"https:\/\/mediagoras.fr\/exemple\/wp-json\/wp\/v2\/pages\/2771\/revisions\/3920"}],"wp:attachment":[{"href":"https:\/\/mediagoras.fr\/exemple\/wp-json\/wp\/v2\/media?parent=2771"}],"curies":[{"name":"wp","href":"https:\/\/api.w.org\/{rel}","templated":true}]}}