{"id":2778,"date":"2026-04-09T20:00:26","date_gmt":"2026-04-09T18:00:26","guid":{"rendered":"https:\/\/mediagoras.fr\/exemple\/?page_id=2778"},"modified":"2026-08-16T17:52:29","modified_gmt":"2026-08-16T15:52:29","slug":"plans-dacces","status":"publish","type":"page","link":"https:\/\/mediagoras.fr\/exemple\/plans-dacces\/","title":{"rendered":"Plans d&rsquo;acc\u00e8s"},"content":{"rendered":"[et_pb_section fb_built=\u00a0\u00bb1&Prime; admin_label=\u00a0\u00bbsection\u00a0\u00bb _builder_version=\u00a0\u00bb4.16&Prime; global_colors_info=\u00a0\u00bb{}\u00a0\u00bb][et_pb_row admin_label=\u00a0\u00bbrow\u00a0\u00bb _builder_version=\u00a0\u00bb4.16&Prime; background_size=\u00a0\u00bbinitial\u00a0\u00bb background_position=\u00a0\u00bbtop_left\u00a0\u00bb background_repeat=\u00a0\u00bbrepeat\u00a0\u00bb global_colors_info=\u00a0\u00bb{}\u00a0\u00bb][et_pb_column type=\u00a0\u00bb4_4&Prime; _builder_version=\u00a0\u00bb4.16&Prime; custom_padding=\u00a0\u00bb|||\u00a0\u00bb global_colors_info=\u00a0\u00bb{}\u00a0\u00bb custom_padding__hover=\u00a0\u00bb|||\u00a0\u00bb][et_pb_text _builder_version=\u00a0\u00bb4.27.6&Prime; ul_font=\u00a0\u00bb||||||||\u00a0\u00bb ol_font=\u00a0\u00bb||||||||\u00a0\u00bb header_font=\u00a0\u00bb||||||||\u00a0\u00bb header_2_text_color=\u00a0\u00bb#6e1950&Prime; header_2_font_size=\u00a0\u00bb45px\u00a0\u00bb header_2_line_height=\u00a0\u00bb1.2em\u00a0\u00bb custom_margin=\u00a0\u00bb||20px|\u00a0\u00bb header_2_font_size_tablet=\u00a0\u00bb36px\u00a0\u00bb header_2_font_size_phone=\u00a0\u00bb\u00a0\u00bb header_2_font_size_last_edited=\u00a0\u00bbon|phone\u00a0\u00bb locked=\u00a0\u00bboff\u00a0\u00bb global_colors_info=\u00a0\u00bb{}\u00a0\u00bb]\n<div id=\"ez-toc-container\" class=\"ez-toc-v2_0_87 counter-hierarchy ez-toc-counter ez-toc-light-blue ez-toc-container-direction\">\n<div class=\"ez-toc-title-container\">\n<p class=\"ez-toc-title\" style=\"cursor:inherit\">Contenu de cette page<\/p>\n<span class=\"ez-toc-title-toggle\"><a href=\"#\" class=\"ez-toc-pull-right ez-toc-btn ez-toc-btn-xs ez-toc-btn-default ez-toc-toggle\" aria-label=\"Toggle Table of Content\"><span class=\"ez-toc-js-icon-con\"><span class=\"\"><span class=\"eztoc-hide\" style=\"display:none;\">Toggle<\/span><span class=\"ez-toc-icon-toggle-span\"><svg style=\"fill: #98009b;color:#98009b\" xmlns=\"http:\/\/www.w3.org\/2000\/svg\" class=\"list-377408\" width=\"20px\" height=\"20px\" viewBox=\"0 0 24 24\" fill=\"none\"><path d=\"M6 6H4v2h2V6zm14 0H8v2h12V6zM4 11h2v2H4v-2zm16 0H8v2h12v-2zM4 16h2v2H4v-2zm16 0H8v2h12v-2z\" fill=\"currentColor\"><\/path><\/svg><svg style=\"fill: #98009b;color:#98009b\" class=\"arrow-unsorted-368013\" xmlns=\"http:\/\/www.w3.org\/2000\/svg\" width=\"10px\" height=\"10px\" viewBox=\"0 0 24 24\" version=\"1.2\" baseProfile=\"tiny\"><path d=\"M18.2 9.3l-6.2-6.3-6.2 6.3c-.2.2-.3.4-.3.7s.1.5.3.7c.2.2.4.3.7.3h11c.3 0 .5-.1.7-.3.2-.2.3-.5.3-.7s-.1-.5-.3-.7zM5.8 14.7l6.2 6.3 6.2-6.3c.2-.2.3-.5.3-.7s-.1-.5-.3-.7c-.2-.2-.4-.3-.7-.3h-11c-.3 0-.5.1-.7.3-.2.2-.3.5-.3.7s.1.5.3.7z\"\/><\/svg><\/span><\/span><\/span><\/a><\/span><\/div>\n<nav><ul class='ez-toc-list ez-toc-list-level-1 ' ><li class='ez-toc-page-1 ez-toc-heading-level-2'><a class=\"ez-toc-link ez-toc-heading-1\" href=\"https:\/\/mediagoras.fr\/exemple\/plans-dacces\/#Plans_dacces_de_Mediagora_Lyon\" >Plans d&rsquo;acc\u00e8s de M\u00e9diagora Lyon<\/a><ul class='ez-toc-list-level-3' ><li class='ez-toc-heading-level-3'><a class=\"ez-toc-link ez-toc-heading-2\" href=\"https:\/\/mediagoras.fr\/exemple\/plans-dacces\/#A_Acces_pour_les_automobilistes_par_la_rue_Diderot\" >A )\u00a0 Acc\u00e8s pour les automobilistes par la rue Diderot<\/a><\/li><li class='ez-toc-page-1 ez-toc-heading-level-3'><a class=\"ez-toc-link ez-toc-heading-3\" href=\"https:\/\/mediagoras.fr\/exemple\/plans-dacces\/#B_Acces_par_les_transports_en_commun\" >B ) Acc\u00e8s par les transports en commun<\/a><\/li><li class='ez-toc-page-1 ez-toc-heading-level-3'><a class=\"ez-toc-link ez-toc-heading-4\" href=\"https:\/\/mediagoras.fr\/exemple\/plans-dacces\/#C_Acces_a_la_Salle_de_reunion\" >C) Acc\u00e8s \u00e0 la\u00a0Salle de r\u00e9union<\/a><\/li><\/ul><\/li><\/ul><\/nav><\/div>\n<h2><span class=\"ez-toc-section\" id=\"Plans_dacces_de_Mediagora_Lyon\"><\/span>Plans d&rsquo;acc\u00e8s de M\u00e9diagora Lyon<span class=\"ez-toc-section-end\"><\/span><\/h2>\n[\/et_pb_text][et_pb_divider divider_weight=\u00a0\u00bb9px\u00a0\u00bb _builder_version=\u00a0\u00bb4.27.6&Prime; max_width=\u00a0\u00bb50px\u00a0\u00bb locked=\u00a0\u00bboff\u00a0\u00bb global_colors_info=\u00a0\u00bb{}\u00a0\u00bb][\/et_pb_divider][\/et_pb_column][\/et_pb_row][et_pb_row column_structure=\u00a0\u00bb1_2,1_2&Prime; _builder_version=\u00a0\u00bb4.27.6&Prime; _module_preset=\u00a0\u00bbdefault\u00a0\u00bb global_colors_info=\u00a0\u00bb{}\u00a0\u00bb][et_pb_column type=\u00a0\u00bb1_2&Prime; _builder_version=\u00a0\u00bb4.27.6&Prime; _module_preset=\u00a0\u00bbdefault\u00a0\u00bb global_colors_info=\u00a0\u00bb{}\u00a0\u00bb][et_pb_text _builder_version=\u00a0\u00bb4.27.6&Prime; _module_preset=\u00a0\u00bbdefault\u00a0\u00bb locked=\u00a0\u00bboff\u00a0\u00bb global_colors_info=\u00a0\u00bb{}\u00a0\u00bb]\n<h3><span class=\"ez-toc-section\" id=\"A_Acces_pour_les_automobilistes_par_la_rue_Diderot\"><\/span>A )\u00a0 Acc\u00e8s pour les automobilistes par la rue Diderot<span class=\"ez-toc-section-end\"><\/span><\/h3>\n[\/et_pb_text][et_pb_text _builder_version=\u00a0\u00bb4.27.6&Prime; _module_preset=\u00a0\u00bbdefault\u00a0\u00bb global_colors_info=\u00a0\u00bb{}\u00a0\u00bb]\n<p>Si vous arrivez suffisamment t\u00f4t, vous pourrez probablement b\u00e9n\u00e9ficier de places\u00a0 sur le parking de l\u2019H\u00f4tel de Ville (\u00e0 50 m du local, acc\u00e8s depuis la rue Diderot), mais \u2026<\/p>\n<p>Nouveaut\u00e9 d\u00e9sagr\u00e9able : Le parking de l\u2019H\u00f4tel de Ville est d\u00e9sormais payant et tr\u00e8s limit\u00e9 en dur\u00e9e !<\/p>\n<p>La solution la plus \u00e9vidente est de prendre les transports en commun (cf fin de cette page) ou bien de pr\u00e9voir un budget cons\u00e9quent, ou encore \u00eatre de trouver une place dans la zone p\u00e9ri-urbaine (qui reste gratuite), mais il vous faudra alors marcher une bonne vingtaine de mn pour rejoindre notre salle.<\/p>\n[\/et_pb_text][\/et_pb_column][et_pb_column type=\u00a0\u00bb1_2&Prime; _builder_version=\u00a0\u00bb4.27.6&Prime; _module_preset=\u00a0\u00bbdefault\u00a0\u00bb global_colors_info=\u00a0\u00bb{}\u00a0\u00bb][et_pb_image src=\u00a0\u00bbhttp:\/\/mediagoras.fr\/exemple\/files\/2011\/12\/Mairie-Oullins-et-Salle2.jpg\u00a0\u00bb title_text=\u00a0\u00bbMairie-Oullins-et-Salle\u00a0\u00bb _builder_version=\u00a0\u00bb4.27.6&Prime; _module_preset=\u00a0\u00bbdefault\u00a0\u00bb global_colors_info=\u00a0\u00bb{}\u00a0\u00bb][\/et_pb_image][\/et_pb_column][\/et_pb_row][et_pb_row column_structure=\u00a0\u00bb1_2,1_2&Prime; _builder_version=\u00a0\u00bb4.27.6&Prime; _module_preset=\u00a0\u00bbdefault\u00a0\u00bb global_colors_info=\u00a0\u00bb{}\u00a0\u00bb][et_pb_column type=\u00a0\u00bb1_2&Prime; _builder_version=\u00a0\u00bb4.27.6&Prime; _module_preset=\u00a0\u00bbdefault\u00a0\u00bb global_colors_info=\u00a0\u00bb{}\u00a0\u00bb][et_pb_text _builder_version=\u00a0\u00bb4.27.6&Prime; _module_preset=\u00a0\u00bbdefault\u00a0\u00bb locked=\u00a0\u00bboff\u00a0\u00bb global_colors_info=\u00a0\u00bb{}\u00a0\u00bb]\n<h3><span class=\"ez-toc-section\" id=\"B_Acces_par_les_transports_en_commun\"><\/span>B ) Acc\u00e8s par les transports en commun<span class=\"ez-toc-section-end\"><\/span><\/h3>\n[\/et_pb_text][et_pb_text _builder_version=\u00a0\u00bb4.27.6&Prime; _module_preset=\u00a0\u00bbdefault\u00a0\u00bb global_colors_info=\u00a0\u00bb{}\u00a0\u00bb]\n<p>Comme vous pouvez le constater, pas moins de 4\u00a0 lignes de bus passent devant la Mairie d\u2019Oullins (arr\u00eat \u00ab Oullins Mairie \u00bb, situ\u00e9e \u00e0 une centaine de m\u00e8tres de la salle de r\u00e9unions :<\/p>\n<p>Il s\u2019agit des lignes C10 et 88 (partant de Bellecour Charit\u00e9), le 63 (partant de Perrache) et le C7 (partant de Part-Dieu via Jean-Mac\u00e9). Les 14 et 17 passent non loin (pont d\u2019Oullins). La station de m\u00e9tro la plus proche n\u2019est plus celle de la Gare d\u2019Oullins (ligne B).<\/p>\n<p>L\u2019itin\u00e9raire en vert vous indique comment depuis la gare d\u2019Oullins, vous rendre \u00e0 la Grand Rue (par la rue Orsel) puis \u00e0 la Mairie et enfin \u00e0 notre salle. Vous pouvez aussi prendre le m\u00e9tro et descendre \u00e0 la station suivante, celle de \u00ab\u00a0Oullins Centre\u00a0\u00bb situ\u00e9s sous la place Anatole France. Cette place est situ\u00e9e \u00e0 200m \u00e0 peine de la Mairie, cette derni\u00e8re se trouvant \u00e0 150m de la salle communale qui accueille nos r\u00e9unions (nouveau plan \u00e0 venir).<\/p>\n[\/et_pb_text][\/et_pb_column][et_pb_column type=\u00a0\u00bb1_2&Prime; _builder_version=\u00a0\u00bb4.27.6&Prime; _module_preset=\u00a0\u00bbdefault\u00a0\u00bb global_colors_info=\u00a0\u00bb{}\u00a0\u00bb][et_pb_image src=\u00a0\u00bbhttp:\/\/mediagoras.fr\/exemple\/files\/2013\/11\/Itineraire-metro-salle.jpg\u00a0\u00bb title_text=\u00a0\u00bbItineraire-metro-salle\u00a0\u00bb _builder_version=\u00a0\u00bb4.27.6&Prime; _module_preset=\u00a0\u00bbdefault\u00a0\u00bb global_colors_info=\u00a0\u00bb{}\u00a0\u00bb][\/et_pb_image][\/et_pb_column][\/et_pb_row][et_pb_row _builder_version=\u00a0\u00bb4.27.6&Prime; _module_preset=\u00a0\u00bbdefault\u00a0\u00bb global_colors_info=\u00a0\u00bb{}\u00a0\u00bb][et_pb_column type=\u00a0\u00bb4_4&Prime; _builder_version=\u00a0\u00bb4.27.6&Prime; _module_preset=\u00a0\u00bbdefault\u00a0\u00bb global_colors_info=\u00a0\u00bb{}\u00a0\u00bb][et_pb_text _builder_version=\u00a0\u00bb4.27.6&Prime; _module_preset=\u00a0\u00bbdefault\u00a0\u00bb locked=\u00a0\u00bboff\u00a0\u00bb global_colors_info=\u00a0\u00bb{}\u00a0\u00bb]\n<h3><span class=\"ez-toc-section\" id=\"C_Acces_a_la_Salle_de_reunion\"><\/span>C) Acc\u00e8s \u00e0 la\u00a0Salle de r\u00e9union<span class=\"ez-toc-section-end\"><\/span><\/h3>\n[\/et_pb_text][et_pb_text _builder_version=\u00a0\u00bb4.27.6&Prime; _module_preset=\u00a0\u00bbdefault\u00a0\u00bb global_colors_info=\u00a0\u00bb{}\u00a0\u00bb]\n<p>Une fois gar\u00e9 ou descendu du bus (ou du m\u00e9tro), vous n\u2019aurez plus qu\u2019\u00e0 marcher jusqu\u2019\u00e0 \u2013&gt; <span style=\"text-decoration: underline;\"><a href=\"https:\/\/mediagoras.fr\/exemple\/lieux-de-nos-reunions\/\">la salle de r\u00e9union<\/a><\/span><\/p>\n[\/et_pb_text][\/et_pb_column][\/et_pb_row][\/et_pb_section]\n","protected":false},"excerpt":{"rendered":"<p>Plans d&rsquo;acc\u00e8s de M\u00e9diagora LyonA )\u00a0 Acc\u00e8s pour les automobilistes par la rue DiderotSi vous arrivez suffisamment t\u00f4t, vous pourrez probablement b\u00e9n\u00e9ficier de places\u00a0 sur le parking de l\u2019H\u00f4tel de Ville (\u00e0 50 m du local, acc\u00e8s depuis la rue Diderot), mais \u2026 Nouveaut\u00e9 d\u00e9sagr\u00e9able : Le parking de l\u2019H\u00f4tel de Ville est d\u00e9sormais payant [&hellip;]<\/p>\n","protected":false},"author":38,"featured_media":0,"parent":0,"menu_order":0,"comment_status":"closed","ping_status":"closed","template":"","meta":{"_et_pb_use_builder":"on","_et_pb_old_content":"<h1 class=\"entry-title\">Plans d\u2019acc\u00e8s<\/h1>\r\n<div class=\"entry-content\">\r\n<h6>Derni\u00e8re mise \u00e0 jour de cette page le 07-0\u2032-2025<\/h6>\r\n<h2>\r\nVoici le plan d\u2019acc\u00e8s \u00e0 notre salle principale accueillant nos r\u00e9unions:<\/h2>\r\n<h2>\r\n<strong>A )\u00a0 Acc\u00e8s pour les automobilistes par la rue Diderot\r\n<\/strong><\/h2>\r\n<h3>Si vous arrivez suffisamment t\u00f4t\u00a0 vous pourrez probablement b\u00e9n\u00e9ficier de places\u00a0 sur le parking de l\u2019H\u00f4tel de Ville (\u00e0 50 m du local, acc\u00e8s depuis la rue Diderot), mais \u2026<\/h3>\r\n<strong>\u00a0Nouveaut\u00e9 d\u00e9sagr\u00e9able :\u00a0<\/strong><strong>Le parking de l\u2019H\u00f4tel de Ville est d\u00e9sormais payant et tr\u00e8s limit\u00e9 en dur\u00e9e !<\/strong>\r\n\r\nLa solution la plus \u00e9vidente est de prendre les transports en commun (cf fin de cette page) ou bien de pr\u00e9voir un budget cons\u00e9quent, ou encore \u00eatre de trouver une place dans la zone p\u00e9ri-urbaine (qui reste gratuite), mais il vous faudra alors marcher une bonne vingtaine de mn pour rejoindre notre salle.\r\n\r\n<a href=\"https:\/\/mediagoras.fr\/lyon\/files\/2011\/12\/Mairie-Oullins-et-Salle2.jpg\"><img class=\"aligncenter size-full wp-image-733\" src=\"https:\/\/mediagoras.fr\/lyon\/files\/2011\/12\/Mairie-Oullins-et-Salle2.jpg\" sizes=\"(max-width: 681px) 100vw, 681px\" srcset=\"https:\/\/mediagoras.fr\/lyon\/files\/2011\/12\/Mairie-Oullins-et-Salle2.jpg 681w, https:\/\/mediagoras.fr\/lyon\/files\/2011\/12\/Mairie-Oullins-et-Salle2-300x225.jpg 300w\" alt=\"\" width=\"681\" height=\"511\" \/><\/a>\r\n\r\n<strong>B ) Acc\u00e8s par les transports en commun<\/strong>\r\n<h3>Comme vous pouvez le constater, pas moins de 4\u00a0 lignes de bus passent devant la Mairie d\u2019Oullins (arr\u00eat \u00ab\u00a0Oullins Mairie\u00a0\u00bb, situ\u00e9e \u00e0 une centaine de m\u00e8tres de la salle de r\u00e9unions:<\/h3>\r\n<h3>Il s\u2019agit des lignes C10 et 88 (partant de Bellecour Charit\u00e9), le 63 (partant de Perrache) et le C7 (partant de Part-Dieu via Jean-Mac\u00e9). Les 14 et 17 passent non loin (pont d\u2019Oullins). La station de m\u00e9tro la plus proche n\u2019est plus celle de la Gare d\u2019Oullins (ligne B).<\/h3>\r\n<a href=\"https:\/\/mediagoras.fr\/lyon\/files\/2013\/11\/Itineraire-metro-salle.jpg\"><img class=\"aligncenter size-full wp-image-1414\" src=\"https:\/\/mediagoras.fr\/lyon\/files\/2013\/11\/Itineraire-metro-salle.jpg\" sizes=\"(max-width: 798px) 100vw, 798px\" srcset=\"https:\/\/mediagoras.fr\/lyon\/files\/2013\/11\/Itineraire-metro-salle.jpg 798w, https:\/\/mediagoras.fr\/lyon\/files\/2013\/11\/Itineraire-metro-salle-300x176.jpg 300w\" alt=\"Itineraire-metro-salle\" width=\"798\" height=\"469\" \/><\/a>L\u2019itin\u00e9raire en vert vous indique comment depuis la gare d\u2019Oullins, vous rendre \u00e0 la Grand Rue (par la rue Orsel) puis \u00e0 la Mairie et enfin \u00e0 notre salle. Vous pouvez aussi prendre le m\u00e9tro et descendre \u00e0 la station suivante, celle de \u00ab\u00a0Oullins Centre\u00a0\u00bb situ\u00e9s sous la place Anatole France. Cette place est situ\u00e9e \u00e0 200m \u00e0 peine de la Mairie, cette derni\u00e8re se trouvant \u00e0 150m de la salle communale qui accueille nos r\u00e9unions (nouveau plan \u00e0 venir).\r\n<h3><strong>C) Acc\u00e8s \u00e0 la\u00a0<a title=\"La Salle\" href=\"https:\/\/mediagoras.fr\/lyon\/le-lieu\/\">Salle de r\u00e9union<\/a><\/strong><\/h3>\r\nUne fois gar\u00e9 ou descendu du bus (ou du m\u00e9tro), vous n\u2019aurez plus qu\u2019\u00e0 marcher jusqu\u2019\u00e0 \u2013>\u00a0\u00a0<a title=\"La Salle\" href=\"https:\/\/mediagoras.fr\/lyon\/le-lieu\/\">la salle de r\u00e9union<\/a>\u00a0<\u2014\r\n\r\n<span class=\"edit-link\"><a class=\"post-edit-link\" href=\"https:\/\/mediagoras.fr\/lyon\/wp-admin\/post.php?post=333&action=edit\">Modifier<\/a><\/span><\/div>","_et_gb_content_width":"","footnotes":""},"class_list":["post-2778","page","type-page","status-publish","hentry"],"yoast_head":"<!-- This site is optimized with the Yoast SEO plugin v28.3 - https:\/\/yoast.com\/product\/yoast-seo-wordpress\/ -->\n<title>Plans d&#039;acc\u00e8s - M\u00e9diagoras Lyon<\/title>\n<meta name=\"description\" content=\"Plans d&#039;acc\u00e8s M\u00e9diagoras Lyon : La station de m\u00e9tro la plus proche n\u2019est plus celle de la Gare d\u2019Oullins (ligne B).\" \/>\n<meta name=\"robots\" content=\"index, follow, max-snippet:-1, max-image-preview:large, max-video-preview:-1\" \/>\n<link rel=\"canonical\" href=\"https:\/\/mediagoras.fr\/exemple\/plans-dacces\/\" \/>\n<meta property=\"og:locale\" content=\"fr_FR\" \/>\n<meta property=\"og:type\" content=\"article\" \/>\n<meta property=\"og:title\" content=\"Plans d&#039;acc\u00e8s - M\u00e9diagoras Lyon\" \/>\n<meta property=\"og:description\" content=\"Plans d&#039;acc\u00e8s M\u00e9diagoras Lyon : La station de m\u00e9tro la plus proche n\u2019est plus celle de la Gare d\u2019Oullins (ligne B).\" \/>\n<meta property=\"og:url\" content=\"https:\/\/mediagoras.fr\/exemple\/plans-dacces\/\" \/>\n<meta property=\"og:site_name\" content=\"M\u00e9diagoras Lyon\" \/>\n<meta property=\"article:modified_time\" content=\"2026-08-16T15:52:29+00:00\" \/>\n<meta name=\"twitter:card\" content=\"summary_large_image\" \/>\n<meta name=\"twitter:label1\" content=\"Dur\u00e9e de lecture estim\u00e9e\" \/>\n\t<meta name=\"twitter:data1\" content=\"2 minutes\" \/>\n<script type=\"application\/ld+json\" class=\"yoast-schema-graph\">{\"@context\":\"https:\\\/\\\/schema.org\",\"@graph\":[{\"@type\":\"WebPage\",\"@id\":\"https:\\\/\\\/mediagoras.fr\\\/exemple\\\/plans-dacces\\\/\",\"url\":\"https:\\\/\\\/mediagoras.fr\\\/exemple\\\/plans-dacces\\\/\",\"name\":\"Plans d'acc\u00e8s - M\u00e9diagoras Lyon\",\"isPartOf\":{\"@id\":\"https:\\\/\\\/mediagoras.fr\\\/exemple\\\/#website\"},\"datePublished\":\"2026-04-09T18:00:26+00:00\",\"dateModified\":\"2026-08-16T15:52:29+00:00\",\"description\":\"Plans d'acc\u00e8s M\u00e9diagoras Lyon : La station de m\u00e9tro la plus proche n\u2019est plus celle de la Gare d\u2019Oullins (ligne B).\",\"breadcrumb\":{\"@id\":\"https:\\\/\\\/mediagoras.fr\\\/exemple\\\/plans-dacces\\\/#breadcrumb\"},\"inLanguage\":\"fr-FR\",\"potentialAction\":[{\"@type\":\"ReadAction\",\"target\":[\"https:\\\/\\\/mediagoras.fr\\\/exemple\\\/plans-dacces\\\/\"]}]},{\"@type\":\"BreadcrumbList\",\"@id\":\"https:\\\/\\\/mediagoras.fr\\\/exemple\\\/plans-dacces\\\/#breadcrumb\",\"itemListElement\":[{\"@type\":\"ListItem\",\"position\":1,\"name\":\"Accueil\",\"item\":\"https:\\\/\\\/mediagoras.fr\\\/exemple\\\/\"},{\"@type\":\"ListItem\",\"position\":2,\"name\":\"Plans d&rsquo;acc\u00e8s\"}]},{\"@type\":\"WebSite\",\"@id\":\"https:\\\/\\\/mediagoras.fr\\\/exemple\\\/#website\",\"url\":\"https:\\\/\\\/mediagoras.fr\\\/exemple\\\/\",\"name\":\"M\u00e9diagoras Lyon\",\"description\":\"Un site utilisant R\u00e9seau Mediagora\",\"potentialAction\":[{\"@type\":\"SearchAction\",\"target\":{\"@type\":\"EntryPoint\",\"urlTemplate\":\"https:\\\/\\\/mediagoras.fr\\\/exemple\\\/?s={search_term_string}\"},\"query-input\":{\"@type\":\"PropertyValueSpecification\",\"valueRequired\":true,\"valueName\":\"search_term_string\"}}],\"inLanguage\":\"fr-FR\"}]}<\/script>\n<!-- \/ Yoast SEO plugin. -->","yoast_head_json":{"title":"Plans d'acc\u00e8s - M\u00e9diagoras Lyon","description":"Plans d'acc\u00e8s M\u00e9diagoras Lyon : La station de m\u00e9tro la plus proche n\u2019est plus celle de la Gare d\u2019Oullins (ligne B).","robots":{"index":"index","follow":"follow","max-snippet":"max-snippet:-1","max-image-preview":"max-image-preview:large","max-video-preview":"max-video-preview:-1"},"canonical":"https:\/\/mediagoras.fr\/exemple\/plans-dacces\/","og_locale":"fr_FR","og_type":"article","og_title":"Plans d'acc\u00e8s - M\u00e9diagoras Lyon","og_description":"Plans d'acc\u00e8s M\u00e9diagoras Lyon : La station de m\u00e9tro la plus proche n\u2019est plus celle de la Gare d\u2019Oullins (ligne B).","og_url":"https:\/\/mediagoras.fr\/exemple\/plans-dacces\/","og_site_name":"M\u00e9diagoras Lyon","article_modified_time":"2026-08-16T15:52:29+00:00","twitter_card":"summary_large_image","twitter_misc":{"Dur\u00e9e de lecture estim\u00e9e":"2 minutes"},"schema":{"@context":"https:\/\/schema.org","@graph":[{"@type":"WebPage","@id":"https:\/\/mediagoras.fr\/exemple\/plans-dacces\/","url":"https:\/\/mediagoras.fr\/exemple\/plans-dacces\/","name":"Plans d'acc\u00e8s - M\u00e9diagoras Lyon","isPartOf":{"@id":"https:\/\/mediagoras.fr\/exemple\/#website"},"datePublished":"2026-04-09T18:00:26+00:00","dateModified":"2026-08-16T15:52:29+00:00","description":"Plans d'acc\u00e8s M\u00e9diagoras Lyon : La station de m\u00e9tro la plus proche n\u2019est plus celle de la Gare d\u2019Oullins (ligne B).","breadcrumb":{"@id":"https:\/\/mediagoras.fr\/exemple\/plans-dacces\/#breadcrumb"},"inLanguage":"fr-FR","potentialAction":[{"@type":"ReadAction","target":["https:\/\/mediagoras.fr\/exemple\/plans-dacces\/"]}]},{"@type":"BreadcrumbList","@id":"https:\/\/mediagoras.fr\/exemple\/plans-dacces\/#breadcrumb","itemListElement":[{"@type":"ListItem","position":1,"name":"Accueil","item":"https:\/\/mediagoras.fr\/exemple\/"},{"@type":"ListItem","position":2,"name":"Plans d&rsquo;acc\u00e8s"}]},{"@type":"WebSite","@id":"https:\/\/mediagoras.fr\/exemple\/#website","url":"https:\/\/mediagoras.fr\/exemple\/","name":"M\u00e9diagoras Lyon","description":"Un site utilisant R\u00e9seau Mediagora","potentialAction":[{"@type":"SearchAction","target":{"@type":"EntryPoint","urlTemplate":"https:\/\/mediagoras.fr\/exemple\/?s={search_term_string}"},"query-input":{"@type":"PropertyValueSpecification","valueRequired":true,"valueName":"search_term_string"}}],"inLanguage":"fr-FR"}]}},"_links":{"self":[{"href":"https:\/\/mediagoras.fr\/exemple\/wp-json\/wp\/v2\/pages\/2778","targetHints":{"allow":["GET"]}}],"collection":[{"href":"https:\/\/mediagoras.fr\/exemple\/wp-json\/wp\/v2\/pages"}],"about":[{"href":"https:\/\/mediagoras.fr\/exemple\/wp-json\/wp\/v2\/types\/page"}],"author":[{"embeddable":true,"href":"https:\/\/mediagoras.fr\/exemple\/wp-json\/wp\/v2\/users\/38"}],"replies":[{"embeddable":true,"href":"https:\/\/mediagoras.fr\/exemple\/wp-json\/wp\/v2\/comments?post=2778"}],"version-history":[{"count":10,"href":"https:\/\/mediagoras.fr\/exemple\/wp-json\/wp\/v2\/pages\/2778\/revisions"}],"predecessor-version":[{"id":3871,"href":"https:\/\/mediagoras.fr\/exemple\/wp-json\/wp\/v2\/pages\/2778\/revisions\/3871"}],"wp:attachment":[{"href":"https:\/\/mediagoras.fr\/exemple\/wp-json\/wp\/v2\/media?parent=2778"}],"curies":[{"name":"wp","href":"https:\/\/api.w.org\/{rel}","templated":true}]}}