{"id":2854,"date":"2026-04-12T21:48:47","date_gmt":"2026-04-12T19:48:47","guid":{"rendered":"https:\/\/mediagoras.fr\/exemple\/?page_id=2854"},"modified":"2026-08-16T17:41:18","modified_gmt":"2026-08-16T15:41:18","slug":"reunions-hebdomadaires","status":"publish","type":"page","link":"https:\/\/mediagoras.fr\/exemple\/reunions-hebdomadaires\/","title":{"rendered":"Les r\u00e9unions de M\u00e9diagora Lyon"},"content":{"rendered":"[et_pb_section fb_built=\u00a0\u00bb1&Prime; admin_label=\u00a0\u00bbsection\u00a0\u00bb _builder_version=\u00a0\u00bb4.27.6&Prime; custom_padding=\u00a0\u00bb|6px||||\u00a0\u00bb global_colors_info=\u00a0\u00bb{}\u00a0\u00bb][et_pb_row admin_label=\u00a0\u00bbrow\u00a0\u00bb _builder_version=\u00a0\u00bb4.27.6&Prime; background_size=\u00a0\u00bbinitial\u00a0\u00bb background_position=\u00a0\u00bbtop_left\u00a0\u00bb background_repeat=\u00a0\u00bbrepeat\u00a0\u00bb global_colors_info=\u00a0\u00bb{}\u00a0\u00bb][et_pb_column type=\u00a0\u00bb4_4&Prime; _builder_version=\u00a0\u00bb4.16&Prime; custom_padding=\u00a0\u00bb|||\u00a0\u00bb global_colors_info=\u00a0\u00bb{}\u00a0\u00bb custom_padding__hover=\u00a0\u00bb|||\u00a0\u00bb][et_pb_text _builder_version=\u00a0\u00bb4.27.6&Prime; ul_font=\u00a0\u00bb||||||||\u00a0\u00bb ol_font=\u00a0\u00bb||||||||\u00a0\u00bb header_font=\u00a0\u00bb||||||||\u00a0\u00bb header_2_text_color=\u00a0\u00bb#6e1950&Prime; header_2_font_size=\u00a0\u00bb45px\u00a0\u00bb header_2_line_height=\u00a0\u00bb1.2em\u00a0\u00bb custom_margin=\u00a0\u00bb||20px|\u00a0\u00bb header_2_font_size_tablet=\u00a0\u00bb36px\u00a0\u00bb header_2_font_size_phone=\u00a0\u00bb\u00a0\u00bb header_2_font_size_last_edited=\u00a0\u00bbon|phone\u00a0\u00bb locked=\u00a0\u00bboff\u00a0\u00bb global_colors_info=\u00a0\u00bb{}\u00a0\u00bb]\n<div id=\"ez-toc-container\" class=\"ez-toc-v2_0_87 counter-hierarchy ez-toc-counter ez-toc-light-blue ez-toc-container-direction\">\n<div class=\"ez-toc-title-container\">\n<p class=\"ez-toc-title\" style=\"cursor:inherit\">Contenu de cette page<\/p>\n<span class=\"ez-toc-title-toggle\"><a href=\"#\" class=\"ez-toc-pull-right ez-toc-btn ez-toc-btn-xs ez-toc-btn-default ez-toc-toggle\" aria-label=\"Toggle Table of Content\"><span class=\"ez-toc-js-icon-con\"><span class=\"\"><span class=\"eztoc-hide\" style=\"display:none;\">Toggle<\/span><span class=\"ez-toc-icon-toggle-span\"><svg style=\"fill: #98009b;color:#98009b\" xmlns=\"http:\/\/www.w3.org\/2000\/svg\" class=\"list-377408\" width=\"20px\" height=\"20px\" viewBox=\"0 0 24 24\" fill=\"none\"><path d=\"M6 6H4v2h2V6zm14 0H8v2h12V6zM4 11h2v2H4v-2zm16 0H8v2h12v-2zM4 16h2v2H4v-2zm16 0H8v2h12v-2z\" fill=\"currentColor\"><\/path><\/svg><svg style=\"fill: #98009b;color:#98009b\" class=\"arrow-unsorted-368013\" xmlns=\"http:\/\/www.w3.org\/2000\/svg\" width=\"10px\" height=\"10px\" viewBox=\"0 0 24 24\" version=\"1.2\" baseProfile=\"tiny\"><path d=\"M18.2 9.3l-6.2-6.3-6.2 6.3c-.2.2-.3.4-.3.7s.1.5.3.7c.2.2.4.3.7.3h11c.3 0 .5-.1.7-.3.2-.2.3-.5.3-.7s-.1-.5-.3-.7zM5.8 14.7l6.2 6.3 6.2-6.3c.2-.2.3-.5.3-.7s-.1-.5-.3-.7c-.2-.2-.4-.3-.7-.3h-11c-.3 0-.5.1-.7.3-.2.2-.3.5-.3.7s.1.5.3.7z\"\/><\/svg><\/span><\/span><\/span><\/a><\/span><\/div>\n<nav><ul class='ez-toc-list ez-toc-list-level-1 ' ><li class='ez-toc-page-1 ez-toc-heading-level-2'><a class=\"ez-toc-link ez-toc-heading-1\" href=\"https:\/\/mediagoras.fr\/exemple\/reunions-hebdomadaires\/#Reunions_bi-mensuelles_de_Mediagora_Lyon\" >R\u00e9unions bi-mensuelles de M\u00e9diagora Lyon<\/a><\/li><li class='ez-toc-page-1 ez-toc-heading-level-2'><a class=\"ez-toc-link ez-toc-heading-2\" href=\"https:\/\/mediagoras.fr\/exemple\/reunions-hebdomadaires\/#Cest_pour_qui\" >C\u2019est pour qui\u00a0?<\/a><\/li><li class='ez-toc-page-1 ez-toc-heading-level-2'><a class=\"ez-toc-link ez-toc-heading-3\" href=\"https:\/\/mediagoras.fr\/exemple\/reunions-hebdomadaires\/#Comment_ca_se_passe\" >Comment \u00e7a se passe\u00a0?<\/a><ul class='ez-toc-list-level-3' ><li class='ez-toc-heading-level-3'><a class=\"ez-toc-link ez-toc-heading-4\" href=\"https:\/\/mediagoras.fr\/exemple\/reunions-hebdomadaires\/#Deroulement_type\" >D\u00e9roulement type :<\/a><\/li><li class='ez-toc-page-1 ez-toc-heading-level-3'><a class=\"ez-toc-link ez-toc-heading-5\" href=\"https:\/\/mediagoras.fr\/exemple\/reunions-hebdomadaires\/#Laccueil_des_nouveaux\" >L\u2019accueil des nouveaux<\/a><\/li><li class='ez-toc-page-1 ez-toc-heading-level-3'><a class=\"ez-toc-link ez-toc-heading-6\" href=\"https:\/\/mediagoras.fr\/exemple\/reunions-hebdomadaires\/#La_meteo\" >La m\u00e9t\u00e9o<\/a><\/li><li class='ez-toc-page-1 ez-toc-heading-level-3'><a class=\"ez-toc-link ez-toc-heading-7\" href=\"https:\/\/mediagoras.fr\/exemple\/reunions-hebdomadaires\/#La_pause\" >La pause<\/a><\/li><li class='ez-toc-page-1 ez-toc-heading-level-3'><a class=\"ez-toc-link ez-toc-heading-8\" href=\"https:\/\/mediagoras.fr\/exemple\/reunions-hebdomadaires\/#La_seconde_activite\" >La seconde activit\u00e9<\/a><\/li><\/ul><\/li><\/ul><\/nav><\/div>\n<h2><span class=\"ez-toc-section\" id=\"Reunions_bi-mensuelles_de_Mediagora_Lyon\"><\/span>R\u00e9unions bi-mensuelles de M\u00e9diagora Lyon<span class=\"ez-toc-section-end\"><\/span><\/h2>\n[\/et_pb_text][et_pb_divider divider_weight=\u00a0\u00bb9px\u00a0\u00bb _builder_version=\u00a0\u00bb4.27.6&Prime; max_width=\u00a0\u00bb50px\u00a0\u00bb locked=\u00a0\u00bboff\u00a0\u00bb global_colors_info=\u00a0\u00bb{}\u00a0\u00bb][\/et_pb_divider][et_pb_text admin_label=\u00a0\u00bbText\u00a0\u00bb _builder_version=\u00a0\u00bb4.27.6&Prime; background_size=\u00a0\u00bbinitial\u00a0\u00bb background_position=\u00a0\u00bbtop_left\u00a0\u00bb background_repeat=\u00a0\u00bbrepeat\u00a0\u00bb global_colors_info=\u00a0\u00bb{}\u00a0\u00bb]\n<p>M\u00e9diagora Lyon organise des rencontres r\u00e9guli\u00e8res. Il s\u2019agit principalement de groupes de parole et de soutien, ponctu\u00e9s parfois de petits ateliers d\u2019expressions, de d\u00e9bats sur un sujet pr\u00e9cis, ou d\u2019ateliers. Ces r\u00e9unions informelles ont lieu tous les 15 jours en moyenne, et sont l\u2019occasion d\u2019\u00e9changer, de se r\u00e9conforter, et de s\u2019encourager.<\/p>\n<h2><span class=\"ez-toc-section\" id=\"Cest_pour_qui\"><\/span>C\u2019est pour qui\u00a0?<span class=\"ez-toc-section-end\"><\/span><\/h2>\n<p>Les r\u00e9unions de M\u00e9diagora Lyon sont ouvertes \u00e0 tous : personnes souffrantes ou membres de leurs familles, personne seule ou accompagn\u00e9e\u2026<br \/>Et ce toute l\u2019ann\u00e9e : nous accueillons tous ceux qui se pr\u00e9sentent, m\u00eame durant le courant de l\u2019ann\u00e9e.<\/p>\n<p><strong>IL N\u2019EST JAMAIS TROP TARD POUR PRENDRE CONTACT.<\/strong><\/p>\n<h2><span class=\"ez-toc-section\" id=\"Comment_ca_se_passe\"><\/span>Comment \u00e7a se passe\u00a0?<span class=\"ez-toc-section-end\"><\/span><\/h2>\n<p><span style=\"text-decoration: underline;\">Horaires :<\/span>\u00a0de 14h00 \u00e0 18h00 environ<\/p>\n<h3><span class=\"ez-toc-section\" id=\"Deroulement_type\"><\/span>D\u00e9roulement type :<span class=\"ez-toc-section-end\"><\/span><\/h3>\n<p>14h00 \u2013 14h15 : Accueil des nouveaux venus<br \/>14h15\u00a0 \u2013 16h30 : Groupe de Parole<br \/>16h30\u00a0\u2013\u00a017h00\u00a0: Pause go\u00fbter<br \/>17h00\u00a0\u2013\u00a018h00\u00a0: 2nd atelier<\/p>\n<p><span style=\"text-decoration: underline;\"><strong>Aucune activit\u00e9 n\u2019est obligatoire<\/strong><\/span><\/p>\n[\/et_pb_text][\/et_pb_column][\/et_pb_row][et_pb_row column_structure=\u00a0\u00bb1_2,1_2&Prime; use_custom_gutter=\u00a0\u00bbon\u00a0\u00bb gutter_width=\u00a0\u00bb2&Prime; _builder_version=\u00a0\u00bb4.27.6&Prime; _module_preset=\u00a0\u00bbdefault\u00a0\u00bb global_colors_info=\u00a0\u00bb{}\u00a0\u00bb][et_pb_column type=\u00a0\u00bb1_2&Prime; _builder_version=\u00a0\u00bb4.27.6&Prime; _module_preset=\u00a0\u00bbdefault\u00a0\u00bb global_colors_info=\u00a0\u00bb{}\u00a0\u00bb][et_pb_image src=\u00a0\u00bbhttp:\/\/mediagoras.fr\/exemple\/files\/2026\/07\/accueil-mediagora-1.png\u00a0\u00bb title_text=\u00a0\u00bbaccueil mediagora\u00a0\u00bb _builder_version=\u00a0\u00bb4.27.6&Prime; _module_preset=\u00a0\u00bbdefault\u00a0\u00bb global_colors_info=\u00a0\u00bb{}\u00a0\u00bb][\/et_pb_image][et_pb_text _builder_version=\u00a0\u00bb4.27.6&Prime; _module_preset=\u00a0\u00bbdefault\u00a0\u00bb global_colors_info=\u00a0\u00bb{}\u00a0\u00bb]\n<h3><span class=\"ez-toc-section\" id=\"Laccueil_des_nouveaux\"><\/span>L\u2019accueil des nouveaux<span class=\"ez-toc-section-end\"><\/span><\/h3>\n<p>Cela permet aux responsables de l\u2019association de leur souhaiter la bienvenue et de les renseigner. Cette premi\u00e8re demi-heure a aussi pour but de les mettre \u00e0 l\u2019aise afin qu\u2019ils n\u2019aient pas l\u2019impression de se retrouver seuls face \u00e0 des inconnus.<\/p>\n<p>Pour les autres membres de l\u2019association, c\u2019est l\u2019occasion de se retrouver et de discuter librement.<\/p>\n[\/et_pb_text][\/et_pb_column][et_pb_column type=\u00a0\u00bb1_2&Prime; _builder_version=\u00a0\u00bb4.27.6&Prime; _module_preset=\u00a0\u00bbdefault\u00a0\u00bb global_colors_info=\u00a0\u00bb{}\u00a0\u00bb][et_pb_image src=\u00a0\u00bbhttp:\/\/mediagoras.fr\/exemple\/files\/2026\/07\/meteo-mediagora-1.png\u00a0\u00bb title_text=\u00a0\u00bbm\u00e9t\u00e9o mediagora\u00a0\u00bb _builder_version=\u00a0\u00bb4.27.6&Prime; _module_preset=\u00a0\u00bbdefault\u00a0\u00bb global_colors_info=\u00a0\u00bb{}\u00a0\u00bb][\/et_pb_image][et_pb_text _builder_version=\u00a0\u00bb4.27.6&Prime; _module_preset=\u00a0\u00bbdefault\u00a0\u00bb global_colors_info=\u00a0\u00bb{}\u00a0\u00bb]\n<h3><span class=\"ez-toc-section\" id=\"La_meteo\"><\/span>La m\u00e9t\u00e9o<span class=\"ez-toc-section-end\"><\/span><\/h3>\n<p>Il s\u2019agit d\u2019un tour de table o\u00f9 chacun indique ce qu\u2019il a v\u00e9cu depuis sa derni\u00e8re venue (en insistant sur le positif).<\/p>\n<p>Les personnes nouvelles ou trop stress\u00e9es ne sont pas oblig\u00e9es de prendre la parole.<\/p>\n[\/et_pb_text][\/et_pb_column][\/et_pb_row][et_pb_row column_structure=\u00a0\u00bb1_2,1_2&Prime; _builder_version=\u00a0\u00bb4.27.6&Prime; _module_preset=\u00a0\u00bbdefault\u00a0\u00bb global_colors_info=\u00a0\u00bb{}\u00a0\u00bb][et_pb_column type=\u00a0\u00bb1_2&Prime; _builder_version=\u00a0\u00bb4.27.6&Prime; _module_preset=\u00a0\u00bbdefault\u00a0\u00bb global_colors_info=\u00a0\u00bb{}\u00a0\u00bb][et_pb_image src=\u00a0\u00bbhttp:\/\/mediagoras.fr\/exemple\/files\/2026\/07\/pause-mediagora.png\u00a0\u00bb title_text=\u00a0\u00bbpause mediagora\u00a0\u00bb _builder_version=\u00a0\u00bb4.27.6&Prime; _module_preset=\u00a0\u00bbdefault\u00a0\u00bb global_colors_info=\u00a0\u00bb{}\u00a0\u00bb][\/et_pb_image][et_pb_text _builder_version=\u00a0\u00bb4.27.6&Prime; _module_preset=\u00a0\u00bbdefault\u00a0\u00bb global_colors_info=\u00a0\u00bb{}\u00a0\u00bb]\n<h3><span class=\"ez-toc-section\" id=\"La_pause\"><\/span>La pause<span class=\"ez-toc-section-end\"><\/span><\/h3>\n<p>A mi-parcours, l\u2019association propose une \u00ab pause go\u00fbter \u00bb.<\/p>\n<p>Ce moment convivial participe aux \u00e9changes, aux discussions entre les membres de l\u2019association autour de boissons et de biscuits. Il permet aussi aux nouveaux arrivants de faire davantage connaissance avec les autres.<\/p>\n<p>C\u2019est un moment de d\u00e9tente que certains (notamment les anxieux sociaux) trouvent difficile, mais tr\u00e8s formateur.<\/p>\n[\/et_pb_text][\/et_pb_column][et_pb_column type=\u00a0\u00bb1_2&Prime; _builder_version=\u00a0\u00bb4.27.6&Prime; _module_preset=\u00a0\u00bbdefault\u00a0\u00bb global_colors_info=\u00a0\u00bb{}\u00a0\u00bb][et_pb_image src=\u00a0\u00bbhttp:\/\/mediagoras.fr\/exemple\/files\/2026\/07\/second-atelier-mediagora.png\u00a0\u00bb title_text=\u00a0\u00bbsecond atelier mediagora\u00a0\u00bb _builder_version=\u00a0\u00bb4.27.6&Prime; _module_preset=\u00a0\u00bbdefault\u00a0\u00bb global_colors_info=\u00a0\u00bb{}\u00a0\u00bb][\/et_pb_image][et_pb_text _builder_version=\u00a0\u00bb4.27.6&Prime; _module_preset=\u00a0\u00bbdefault\u00a0\u00bb global_colors_info=\u00a0\u00bb{}\u00a0\u00bb]\n<h3><span class=\"ez-toc-section\" id=\"La_seconde_activite\"><\/span>La seconde activit\u00e9<span class=\"ez-toc-section-end\"><\/span><\/h3>\n<p>La fin de la r\u00e9union est consacr\u00e9e, selon les disponibilit\u00e9s des intervenants, \u00e0 une activit\u00e9 moins \u00ab c\u00e9r\u00e9brale \u00bb (sophrologie, danse, th\u00e9\u00e2tre, \u2026). Cette activit\u00e9 participe \u00e0 l\u2019expression corporelle des participants. S\u2019il n\u2019y pas d\u2019activit\u00e9 de pr\u00e9vue, les s\u00e9ances \u00e0 th\u00e8mes ou les \u00e9changes libres se poursuivent. Parfois nous accueillons des intervenants ext\u00e9rieurs, et le d\u00e9roulement est alors diff\u00e9rent, notamment s\u2019il s\u2019agit d\u2019un conf\u00e9rencier.<\/p>\n<p>Mais, dans ces cas-l\u00e0, plut\u00f4t qu\u2019un discours du style \u00ab grand amphi \u00bb o\u00f9 un seul serait porteur de la \u00ab bonne parole \u00bb et l\u2019auditoire passif, nous essayons toujours de favoriser les \u00e9changes et le dialogue.<\/p>\n[\/et_pb_text][\/et_pb_column][\/et_pb_row][\/et_pb_section]\n","protected":false},"excerpt":{"rendered":"<p>R\u00e9unions bi-mensuelles de M\u00e9diagora LyonM\u00e9diagora Lyon organise des rencontres r\u00e9guli\u00e8res. Il s\u2019agit principalement de groupes de parole et de soutien, ponctu\u00e9s parfois de petits ateliers d\u2019expressions, de d\u00e9bats sur un sujet pr\u00e9cis, ou d\u2019ateliers. Ces r\u00e9unions informelles ont lieu tous les 15 jours en moyenne, et sont l\u2019occasion d\u2019\u00e9changer, de se r\u00e9conforter, et de s\u2019encourager. [&hellip;]<\/p>\n","protected":false},"author":38,"featured_media":0,"parent":0,"menu_order":0,"comment_status":"closed","ping_status":"closed","template":"","meta":{"_et_pb_use_builder":"on","_et_pb_old_content":"<h1 class=\"entry-title\">Les r\u00e9unions de M\u00e9diagora Lyon<\/h1>\r\n<div class=\"entry-content\">\r\n\r\nM\u00e9diagora Lyon organise des rencontres r\u00e9guli\u00e8res. Il s\u2019agit principalement de groupes de parole et de soutien, ponctu\u00e9s parfois de petits ateliers d\u2019expressions, de d\u00e9bats sur un sujet pr\u00e9cis, ou d\u2019ateliers.\r\nCes r\u00e9unions informelles ont lieu tous les 15 jours en moyenne, et sont l\u2019occasion d\u2019\u00e9changer, de se r\u00e9conforter, et de s\u2019encourager.\r\n<h2>C\u2019est pour qui\u00a0?<\/h2>\r\nLes r\u00e9unions de M\u00e9diagora Lyon sont ouvertes \u00e0 tous : personnes souffrantes ou membres de leurs familles, personne seule ou accompagn\u00e9e\u2026\r\nEt ce toute l\u2019ann\u00e9e : nous accueillons tous ceux qui se pr\u00e9sentent, m\u00eame durant le courant de l\u2019ann\u00e9e.\r\n\r\nIL N\u2019EST JAMAIS TROP TARD POUR PRENDRE CONTACT\r\n\r\n\u00a0\r\n<div class=\"su-row\">\r\n<div class=\"su-column su-column-size-1-2\">\r\n<div class=\"su-column-inner su-u-clearfix su-u-trim\">\r\n<h2>Comment \u00e7a se passe\u00a0?<\/h2>\r\n<strong>Horaires :<\/strong>\u00a0de 14h00 \u00e0 18h00 environ\r\n\r\n<strong>D\u00e9roulement type :<\/strong>\r\n<ul>\r\n \t<li>14h00 \u2013 14h15 : Accueil des nouveaux venus<\/li>\r\n \t<li>14h15\u00a0 \u2013 16h30 : Groupe de Parole<\/li>\r\n \t<li>16h30\u00a0\u2013\u00a017h00\u00a0: Pause go\u00fbter<\/li>\r\n \t<li>17h00\u00a0\u2013\u00a018h00\u00a0: 2nd atelier<\/li>\r\n<\/ul>\r\n<strong>Aucune activit\u00e9 n\u2019est obligatoire<\/strong>\r\n<div class=\"su-accordion su-u-trim\">\r\n<div class=\"su-spoiler su-spoiler-style-default su-spoiler-icon-plus su-spoiler-closed\" data-scroll-offset=\"0\" data-anchor-in-url=\"no\">\r\n<div class=\"su-spoiler-title\" tabindex=\"0\" role=\"button\">L\u2019accueil des nouveaux<\/div>\r\n<div class=\"su-spoiler-content su-u-clearfix su-u-trim\">\r\n\r\n\u00a0\r\n\r\n\u00a0\r\n\r\n\u00a0\r\n\r\n<\/div>\r\n<\/div>\r\n<div class=\"su-spoiler su-spoiler-style-default su-spoiler-icon-plus su-spoiler-closed\" data-scroll-offset=\"0\" data-anchor-in-url=\"no\">\r\n<div class=\"su-spoiler-title\" tabindex=\"0\" role=\"button\">La m\u00e9t\u00e9o<\/div>\r\n<div class=\"su-spoiler-content su-u-clearfix su-u-trim\">\r\n\r\n\u00a0\r\n\r\n\u00a0\r\n\r\n<\/div>\r\n<\/div>\r\n<div class=\"su-spoiler su-spoiler-style-default su-spoiler-icon-plus su-spoiler-closed\" data-scroll-offset=\"0\" data-anchor-in-url=\"no\">\r\n<div class=\"su-spoiler-title\" tabindex=\"0\" role=\"button\">La pause<\/div>\r\n<div class=\"su-spoiler-content su-u-clearfix su-u-trim\">\r\n\r\n\u00a0\r\n\r\n<\/div>\r\n<\/div>\r\n<div class=\"su-spoiler su-spoiler-style-default su-spoiler-icon-plus su-spoiler-closed\" data-scroll-offset=\"0\" data-anchor-in-url=\"no\">\r\n<div class=\"su-spoiler-title\" tabindex=\"0\" role=\"button\">La 2nde activit\u00e9<\/div>\r\n<div class=\"su-spoiler-content su-u-clearfix su-u-trim\">\r\n\r\n\u00a0\r\n\r\n<\/div>\r\n<\/div>\r\n<\/div>\r\n<\/div>\r\n<\/div>\r\n<div class=\"su-column su-column-size-1-2\">\r\n<div class=\"su-column-inner su-u-clearfix su-u-trim\">\r\n<h2>Et \u00e7a se passe o\u00f9\u00a0?<\/h2>\r\n<a href=\"https:\/\/mediagoras.fr\/lyon\/reunions-hebdomadaires\/les-lieux\/\">Par ici !<\/a>\r\n\r\n<\/div>\r\n<\/div>\r\n<\/div>\r\n<span class=\"edit-link\"><a class=\"post-edit-link\" href=\"https:\/\/mediagoras.fr\/lyon\/wp-admin\/post.php?post=1184&action=edit\">Modifier<\/a><\/span><\/div>","_et_gb_content_width":"","footnotes":""},"class_list":["post-2854","page","type-page","status-publish","hentry"],"yoast_head":"<!-- This site is optimized with the Yoast SEO plugin v28.3 - https:\/\/yoast.com\/product\/yoast-seo-wordpress\/ -->\n<title>Les r\u00e9unions de M\u00e9diagora Lyon - M\u00e9diagoras Lyon<\/title>\n<meta name=\"description\" content=\"R\u00e9unions de M\u00e9diagoras Lyon : Il s\u2019agit de groupes de parole, de soutien, ponctu\u00e9s parfois d&#039;ateliers d\u2019expressions, de d\u00e9bats, ou d\u2019ateliers\" \/>\n<meta name=\"robots\" content=\"index, follow, max-snippet:-1, max-image-preview:large, max-video-preview:-1\" \/>\n<link rel=\"canonical\" href=\"https:\/\/mediagoras.fr\/exemple\/reunions-hebdomadaires\/\" \/>\n<meta property=\"og:locale\" content=\"fr_FR\" \/>\n<meta property=\"og:type\" content=\"article\" \/>\n<meta property=\"og:title\" content=\"Les r\u00e9unions de M\u00e9diagora Lyon - M\u00e9diagoras Lyon\" \/>\n<meta property=\"og:description\" content=\"R\u00e9unions de M\u00e9diagoras Lyon : Il s\u2019agit de groupes de parole, de soutien, ponctu\u00e9s parfois d&#039;ateliers d\u2019expressions, de d\u00e9bats, ou d\u2019ateliers\" \/>\n<meta property=\"og:url\" content=\"https:\/\/mediagoras.fr\/exemple\/reunions-hebdomadaires\/\" \/>\n<meta property=\"og:site_name\" content=\"M\u00e9diagoras Lyon\" \/>\n<meta property=\"article:modified_time\" content=\"2026-08-16T15:41:18+00:00\" \/>\n<meta name=\"twitter:card\" content=\"summary_large_image\" \/>\n<meta name=\"twitter:label1\" content=\"Dur\u00e9e de lecture estim\u00e9e\" \/>\n\t<meta name=\"twitter:data1\" content=\"3 minutes\" \/>\n<script type=\"application\/ld+json\" class=\"yoast-schema-graph\">{\"@context\":\"https:\\\/\\\/schema.org\",\"@graph\":[{\"@type\":\"WebPage\",\"@id\":\"https:\\\/\\\/mediagoras.fr\\\/exemple\\\/reunions-hebdomadaires\\\/\",\"url\":\"https:\\\/\\\/mediagoras.fr\\\/exemple\\\/reunions-hebdomadaires\\\/\",\"name\":\"Les r\u00e9unions de M\u00e9diagora Lyon - M\u00e9diagoras Lyon\",\"isPartOf\":{\"@id\":\"https:\\\/\\\/mediagoras.fr\\\/exemple\\\/#website\"},\"datePublished\":\"2026-04-12T19:48:47+00:00\",\"dateModified\":\"2026-08-16T15:41:18+00:00\",\"description\":\"R\u00e9unions de M\u00e9diagoras Lyon : Il s\u2019agit de groupes de parole, de soutien, ponctu\u00e9s parfois d'ateliers d\u2019expressions, de d\u00e9bats, ou d\u2019ateliers\",\"breadcrumb\":{\"@id\":\"https:\\\/\\\/mediagoras.fr\\\/exemple\\\/reunions-hebdomadaires\\\/#breadcrumb\"},\"inLanguage\":\"fr-FR\",\"potentialAction\":[{\"@type\":\"ReadAction\",\"target\":[\"https:\\\/\\\/mediagoras.fr\\\/exemple\\\/reunions-hebdomadaires\\\/\"]}]},{\"@type\":\"BreadcrumbList\",\"@id\":\"https:\\\/\\\/mediagoras.fr\\\/exemple\\\/reunions-hebdomadaires\\\/#breadcrumb\",\"itemListElement\":[{\"@type\":\"ListItem\",\"position\":1,\"name\":\"Accueil\",\"item\":\"https:\\\/\\\/mediagoras.fr\\\/exemple\\\/\"},{\"@type\":\"ListItem\",\"position\":2,\"name\":\"Les r\u00e9unions de M\u00e9diagora Lyon\"}]},{\"@type\":\"WebSite\",\"@id\":\"https:\\\/\\\/mediagoras.fr\\\/exemple\\\/#website\",\"url\":\"https:\\\/\\\/mediagoras.fr\\\/exemple\\\/\",\"name\":\"M\u00e9diagoras Lyon\",\"description\":\"Un site utilisant R\u00e9seau Mediagora\",\"potentialAction\":[{\"@type\":\"SearchAction\",\"target\":{\"@type\":\"EntryPoint\",\"urlTemplate\":\"https:\\\/\\\/mediagoras.fr\\\/exemple\\\/?s={search_term_string}\"},\"query-input\":{\"@type\":\"PropertyValueSpecification\",\"valueRequired\":true,\"valueName\":\"search_term_string\"}}],\"inLanguage\":\"fr-FR\"}]}<\/script>\n<!-- \/ Yoast SEO plugin. -->","yoast_head_json":{"title":"Les r\u00e9unions de M\u00e9diagora Lyon - M\u00e9diagoras Lyon","description":"R\u00e9unions de M\u00e9diagoras Lyon : Il s\u2019agit de groupes de parole, de soutien, ponctu\u00e9s parfois d'ateliers d\u2019expressions, de d\u00e9bats, ou d\u2019ateliers","robots":{"index":"index","follow":"follow","max-snippet":"max-snippet:-1","max-image-preview":"max-image-preview:large","max-video-preview":"max-video-preview:-1"},"canonical":"https:\/\/mediagoras.fr\/exemple\/reunions-hebdomadaires\/","og_locale":"fr_FR","og_type":"article","og_title":"Les r\u00e9unions de M\u00e9diagora Lyon - M\u00e9diagoras Lyon","og_description":"R\u00e9unions de M\u00e9diagoras Lyon : Il s\u2019agit de groupes de parole, de soutien, ponctu\u00e9s parfois d'ateliers d\u2019expressions, de d\u00e9bats, ou d\u2019ateliers","og_url":"https:\/\/mediagoras.fr\/exemple\/reunions-hebdomadaires\/","og_site_name":"M\u00e9diagoras Lyon","article_modified_time":"2026-08-16T15:41:18+00:00","twitter_card":"summary_large_image","twitter_misc":{"Dur\u00e9e de lecture estim\u00e9e":"3 minutes"},"schema":{"@context":"https:\/\/schema.org","@graph":[{"@type":"WebPage","@id":"https:\/\/mediagoras.fr\/exemple\/reunions-hebdomadaires\/","url":"https:\/\/mediagoras.fr\/exemple\/reunions-hebdomadaires\/","name":"Les r\u00e9unions de M\u00e9diagora Lyon - M\u00e9diagoras Lyon","isPartOf":{"@id":"https:\/\/mediagoras.fr\/exemple\/#website"},"datePublished":"2026-04-12T19:48:47+00:00","dateModified":"2026-08-16T15:41:18+00:00","description":"R\u00e9unions de M\u00e9diagoras Lyon : Il s\u2019agit de groupes de parole, de soutien, ponctu\u00e9s parfois d'ateliers d\u2019expressions, de d\u00e9bats, ou d\u2019ateliers","breadcrumb":{"@id":"https:\/\/mediagoras.fr\/exemple\/reunions-hebdomadaires\/#breadcrumb"},"inLanguage":"fr-FR","potentialAction":[{"@type":"ReadAction","target":["https:\/\/mediagoras.fr\/exemple\/reunions-hebdomadaires\/"]}]},{"@type":"BreadcrumbList","@id":"https:\/\/mediagoras.fr\/exemple\/reunions-hebdomadaires\/#breadcrumb","itemListElement":[{"@type":"ListItem","position":1,"name":"Accueil","item":"https:\/\/mediagoras.fr\/exemple\/"},{"@type":"ListItem","position":2,"name":"Les r\u00e9unions de M\u00e9diagora Lyon"}]},{"@type":"WebSite","@id":"https:\/\/mediagoras.fr\/exemple\/#website","url":"https:\/\/mediagoras.fr\/exemple\/","name":"M\u00e9diagoras Lyon","description":"Un site utilisant R\u00e9seau Mediagora","potentialAction":[{"@type":"SearchAction","target":{"@type":"EntryPoint","urlTemplate":"https:\/\/mediagoras.fr\/exemple\/?s={search_term_string}"},"query-input":{"@type":"PropertyValueSpecification","valueRequired":true,"valueName":"search_term_string"}}],"inLanguage":"fr-FR"}]}},"_links":{"self":[{"href":"https:\/\/mediagoras.fr\/exemple\/wp-json\/wp\/v2\/pages\/2854","targetHints":{"allow":["GET"]}}],"collection":[{"href":"https:\/\/mediagoras.fr\/exemple\/wp-json\/wp\/v2\/pages"}],"about":[{"href":"https:\/\/mediagoras.fr\/exemple\/wp-json\/wp\/v2\/types\/page"}],"author":[{"embeddable":true,"href":"https:\/\/mediagoras.fr\/exemple\/wp-json\/wp\/v2\/users\/38"}],"replies":[{"embeddable":true,"href":"https:\/\/mediagoras.fr\/exemple\/wp-json\/wp\/v2\/comments?post=2854"}],"version-history":[{"count":18,"href":"https:\/\/mediagoras.fr\/exemple\/wp-json\/wp\/v2\/pages\/2854\/revisions"}],"predecessor-version":[{"id":3770,"href":"https:\/\/mediagoras.fr\/exemple\/wp-json\/wp\/v2\/pages\/2854\/revisions\/3770"}],"wp:attachment":[{"href":"https:\/\/mediagoras.fr\/exemple\/wp-json\/wp\/v2\/media?parent=2854"}],"curies":[{"name":"wp","href":"https:\/\/api.w.org\/{rel}","templated":true}]}}