{"id":294,"date":"2016-11-06T00:36:27","date_gmt":"2016-11-05T23:36:27","guid":{"rendered":"http:\/\/mediagoras.fr\/?page_id=294"},"modified":"2016-11-06T00:36:27","modified_gmt":"2016-11-05T23:36:27","slug":"correspondant-de-vienne-38","status":"publish","type":"page","link":"https:\/\/mediagoras.fr\/exemple\/nous-contacter\/les-correspondants-du-reseau\/correspondant-de-vienne-38\/","title":{"rendered":"Correspondant de Vienne (38) &#8211; Rh\u00f4ne-Alpes"},"content":{"rendered":"<p>Ce correspondant accepte les contacts directs, par courriel et par t\u00e9l\u00e9phone. Elle pourra vous donner des renseignements sur le secteur de la ville de Vienne (en Is\u00e8re) et plus g\u00e9n\u00e9ralement accepte les prises de contact de toute la France.<\/p>\n<p>Elle a d\u00e9m\u00e9nag\u00e9 dans le Gard : &#8211;&gt; \u00a0<a href=\"\/exemple\/les-correspondants-du-reseau\/correspondant-gard\/\">voir sa nouvelle fiche<\/a>\u00a0&lt;&#8211;<\/p>\n<p style=\"text-align: right\"><span style=\"font-size: x-small\">Renseignements \u00e0 jour en \u00a0novembre\u00a02016<\/span><\/p>\n","protected":false},"excerpt":{"rendered":"<p>Ce correspondant accepte les contacts directs, par courriel et par t\u00e9l\u00e9phone. Elle pourra vous donner des renseignements sur le secteur de la ville de Vienne (en Is\u00e8re) et plus g\u00e9n\u00e9ralement accepte les prises de contact de toute la France. Elle a d\u00e9m\u00e9nag\u00e9 dans le Gard : &#8211;&gt; \u00a0voir sa nouvelle fiche\u00a0&lt;&#8211; Renseignements \u00e0 jour en [&hellip;]<\/p>\n","protected":false},"author":38,"featured_media":0,"parent":276,"menu_order":0,"comment_status":"closed","ping_status":"closed","template":"onecolumn-page.php","meta":{"_et_pb_use_builder":"","_et_pb_old_content":"","_et_gb_content_width":"","footnotes":""},"class_list":["post-294","page","type-page","status-publish","hentry"],"yoast_head":"<!-- This site is optimized with the Yoast SEO plugin v28.3 - https:\/\/yoast.com\/product\/yoast-seo-wordpress\/ -->\n<title>Correspondant de Vienne (38) - Rh\u00f4ne-Alpes - M\u00e9diagoras Lyon<\/title>\n<meta name=\"robots\" content=\"index, follow, max-snippet:-1, max-image-preview:large, max-video-preview:-1\" \/>\n<link rel=\"canonical\" href=\"https:\/\/mediagoras.fr\/exemple\/nous-contacter\/les-correspondants-du-reseau\/correspondant-de-vienne-38\/\" \/>\n<meta property=\"og:locale\" content=\"fr_FR\" \/>\n<meta property=\"og:type\" content=\"article\" \/>\n<meta property=\"og:title\" content=\"Correspondant de Vienne (38) - Rh\u00f4ne-Alpes - M\u00e9diagoras Lyon\" \/>\n<meta property=\"og:description\" content=\"Ce correspondant accepte les contacts directs, par courriel et par t\u00e9l\u00e9phone. Elle pourra vous donner des renseignements sur le secteur de la ville de Vienne (en Is\u00e8re) et plus g\u00e9n\u00e9ralement accepte les prises de contact de toute la France. Elle a d\u00e9m\u00e9nag\u00e9 dans le Gard : &#8211;&gt; \u00a0voir sa nouvelle fiche\u00a0&lt;&#8211; Renseignements \u00e0 jour en [&hellip;]\" \/>\n<meta property=\"og:url\" content=\"https:\/\/mediagoras.fr\/exemple\/nous-contacter\/les-correspondants-du-reseau\/correspondant-de-vienne-38\/\" \/>\n<meta property=\"og:site_name\" content=\"M\u00e9diagoras Lyon\" \/>\n<meta name=\"twitter:card\" content=\"summary_large_image\" \/>\n<script type=\"application\/ld+json\" class=\"yoast-schema-graph\">{\"@context\":\"https:\\\/\\\/schema.org\",\"@graph\":[{\"@type\":\"WebPage\",\"@id\":\"https:\\\/\\\/mediagoras.fr\\\/exemple\\\/nous-contacter\\\/les-correspondants-du-reseau\\\/correspondant-de-vienne-38\\\/\",\"url\":\"https:\\\/\\\/mediagoras.fr\\\/exemple\\\/nous-contacter\\\/les-correspondants-du-reseau\\\/correspondant-de-vienne-38\\\/\",\"name\":\"Correspondant de Vienne (38) - Rh\u00f4ne-Alpes - M\u00e9diagoras Lyon\",\"isPartOf\":{\"@id\":\"https:\\\/\\\/mediagoras.fr\\\/exemple\\\/#website\"},\"datePublished\":\"2016-11-05T23:36:27+00:00\",\"breadcrumb\":{\"@id\":\"https:\\\/\\\/mediagoras.fr\\\/exemple\\\/nous-contacter\\\/les-correspondants-du-reseau\\\/correspondant-de-vienne-38\\\/#breadcrumb\"},\"inLanguage\":\"fr-FR\",\"potentialAction\":[{\"@type\":\"ReadAction\",\"target\":[\"https:\\\/\\\/mediagoras.fr\\\/exemple\\\/nous-contacter\\\/les-correspondants-du-reseau\\\/correspondant-de-vienne-38\\\/\"]}]},{\"@type\":\"BreadcrumbList\",\"@id\":\"https:\\\/\\\/mediagoras.fr\\\/exemple\\\/nous-contacter\\\/les-correspondants-du-reseau\\\/correspondant-de-vienne-38\\\/#breadcrumb\",\"itemListElement\":[{\"@type\":\"ListItem\",\"position\":1,\"name\":\"Accueil\",\"item\":\"https:\\\/\\\/mediagoras.fr\\\/exemple\\\/\"},{\"@type\":\"ListItem\",\"position\":2,\"name\":\"Les Correspondants du R\u00e9seau\",\"item\":\"https:\\\/\\\/mediagoras.fr\\\/exemple\\\/nous-contacter\\\/les-correspondants-du-reseau\\\/\"},{\"@type\":\"ListItem\",\"position\":3,\"name\":\"Correspondant de Vienne (38) &#8211; Rh\u00f4ne-Alpes\"}]},{\"@type\":\"WebSite\",\"@id\":\"https:\\\/\\\/mediagoras.fr\\\/exemple\\\/#website\",\"url\":\"https:\\\/\\\/mediagoras.fr\\\/exemple\\\/\",\"name\":\"M\u00e9diagoras Lyon\",\"description\":\"Un site utilisant R\u00e9seau Mediagora\",\"potentialAction\":[{\"@type\":\"SearchAction\",\"target\":{\"@type\":\"EntryPoint\",\"urlTemplate\":\"https:\\\/\\\/mediagoras.fr\\\/exemple\\\/?s={search_term_string}\"},\"query-input\":{\"@type\":\"PropertyValueSpecification\",\"valueRequired\":true,\"valueName\":\"search_term_string\"}}],\"inLanguage\":\"fr-FR\"}]}<\/script>\n<!-- \/ Yoast SEO plugin. -->","yoast_head_json":{"title":"Correspondant de Vienne (38) - Rh\u00f4ne-Alpes - M\u00e9diagoras Lyon","robots":{"index":"index","follow":"follow","max-snippet":"max-snippet:-1","max-image-preview":"max-image-preview:large","max-video-preview":"max-video-preview:-1"},"canonical":"https:\/\/mediagoras.fr\/exemple\/nous-contacter\/les-correspondants-du-reseau\/correspondant-de-vienne-38\/","og_locale":"fr_FR","og_type":"article","og_title":"Correspondant de Vienne (38) - Rh\u00f4ne-Alpes - M\u00e9diagoras Lyon","og_description":"Ce correspondant accepte les contacts directs, par courriel et par t\u00e9l\u00e9phone. Elle pourra vous donner des renseignements sur le secteur de la ville de Vienne (en Is\u00e8re) et plus g\u00e9n\u00e9ralement accepte les prises de contact de toute la France. Elle a d\u00e9m\u00e9nag\u00e9 dans le Gard : &#8211;&gt; \u00a0voir sa nouvelle fiche\u00a0&lt;&#8211; Renseignements \u00e0 jour en [&hellip;]","og_url":"https:\/\/mediagoras.fr\/exemple\/nous-contacter\/les-correspondants-du-reseau\/correspondant-de-vienne-38\/","og_site_name":"M\u00e9diagoras Lyon","twitter_card":"summary_large_image","schema":{"@context":"https:\/\/schema.org","@graph":[{"@type":"WebPage","@id":"https:\/\/mediagoras.fr\/exemple\/nous-contacter\/les-correspondants-du-reseau\/correspondant-de-vienne-38\/","url":"https:\/\/mediagoras.fr\/exemple\/nous-contacter\/les-correspondants-du-reseau\/correspondant-de-vienne-38\/","name":"Correspondant de Vienne (38) - Rh\u00f4ne-Alpes - M\u00e9diagoras Lyon","isPartOf":{"@id":"https:\/\/mediagoras.fr\/exemple\/#website"},"datePublished":"2016-11-05T23:36:27+00:00","breadcrumb":{"@id":"https:\/\/mediagoras.fr\/exemple\/nous-contacter\/les-correspondants-du-reseau\/correspondant-de-vienne-38\/#breadcrumb"},"inLanguage":"fr-FR","potentialAction":[{"@type":"ReadAction","target":["https:\/\/mediagoras.fr\/exemple\/nous-contacter\/les-correspondants-du-reseau\/correspondant-de-vienne-38\/"]}]},{"@type":"BreadcrumbList","@id":"https:\/\/mediagoras.fr\/exemple\/nous-contacter\/les-correspondants-du-reseau\/correspondant-de-vienne-38\/#breadcrumb","itemListElement":[{"@type":"ListItem","position":1,"name":"Accueil","item":"https:\/\/mediagoras.fr\/exemple\/"},{"@type":"ListItem","position":2,"name":"Les Correspondants du R\u00e9seau","item":"https:\/\/mediagoras.fr\/exemple\/nous-contacter\/les-correspondants-du-reseau\/"},{"@type":"ListItem","position":3,"name":"Correspondant de Vienne (38) &#8211; Rh\u00f4ne-Alpes"}]},{"@type":"WebSite","@id":"https:\/\/mediagoras.fr\/exemple\/#website","url":"https:\/\/mediagoras.fr\/exemple\/","name":"M\u00e9diagoras Lyon","description":"Un site utilisant R\u00e9seau Mediagora","potentialAction":[{"@type":"SearchAction","target":{"@type":"EntryPoint","urlTemplate":"https:\/\/mediagoras.fr\/exemple\/?s={search_term_string}"},"query-input":{"@type":"PropertyValueSpecification","valueRequired":true,"valueName":"search_term_string"}}],"inLanguage":"fr-FR"}]}},"_links":{"self":[{"href":"https:\/\/mediagoras.fr\/exemple\/wp-json\/wp\/v2\/pages\/294","targetHints":{"allow":["GET"]}}],"collection":[{"href":"https:\/\/mediagoras.fr\/exemple\/wp-json\/wp\/v2\/pages"}],"about":[{"href":"https:\/\/mediagoras.fr\/exemple\/wp-json\/wp\/v2\/types\/page"}],"author":[{"embeddable":true,"href":"https:\/\/mediagoras.fr\/exemple\/wp-json\/wp\/v2\/users\/38"}],"replies":[{"embeddable":true,"href":"https:\/\/mediagoras.fr\/exemple\/wp-json\/wp\/v2\/comments?post=294"}],"version-history":[{"count":0,"href":"https:\/\/mediagoras.fr\/exemple\/wp-json\/wp\/v2\/pages\/294\/revisions"}],"up":[{"embeddable":true,"href":"https:\/\/mediagoras.fr\/exemple\/wp-json\/wp\/v2\/pages\/276"}],"wp:attachment":[{"href":"https:\/\/mediagoras.fr\/exemple\/wp-json\/wp\/v2\/media?parent=294"}],"curies":[{"name":"wp","href":"https:\/\/api.w.org\/{rel}","templated":true}]}}