{"id":3725,"date":"2026-07-19T20:32:10","date_gmt":"2026-07-19T18:32:10","guid":{"rendered":"https:\/\/mediagoras.fr\/exemple\/?page_id=3725"},"modified":"2026-07-19T20:34:21","modified_gmt":"2026-07-19T18:34:21","slug":"faq-bis-pour-divi","status":"publish","type":"page","link":"https:\/\/mediagoras.fr\/exemple\/faq-bis-pour-divi\/","title":{"rendered":"FAQ bis pour DIVI"},"content":{"rendered":"<div id=\"ez-toc-container\" class=\"ez-toc-v2_0_87 counter-hierarchy ez-toc-counter ez-toc-light-blue ez-toc-container-direction\">\n<div class=\"ez-toc-title-container\">\n<p class=\"ez-toc-title\" style=\"cursor:inherit\">Contenu de cette page<\/p>\n<span class=\"ez-toc-title-toggle\"><a href=\"#\" class=\"ez-toc-pull-right ez-toc-btn ez-toc-btn-xs ez-toc-btn-default ez-toc-toggle\" aria-label=\"Toggle Table of Content\"><span class=\"ez-toc-js-icon-con\"><span class=\"\"><span class=\"eztoc-hide\" style=\"display:none;\">Toggle<\/span><span class=\"ez-toc-icon-toggle-span\"><svg style=\"fill: #98009b;color:#98009b\" xmlns=\"http:\/\/www.w3.org\/2000\/svg\" class=\"list-377408\" width=\"20px\" height=\"20px\" viewBox=\"0 0 24 24\" fill=\"none\"><path d=\"M6 6H4v2h2V6zm14 0H8v2h12V6zM4 11h2v2H4v-2zm16 0H8v2h12v-2zM4 16h2v2H4v-2zm16 0H8v2h12v-2z\" fill=\"currentColor\"><\/path><\/svg><svg style=\"fill: #98009b;color:#98009b\" class=\"arrow-unsorted-368013\" xmlns=\"http:\/\/www.w3.org\/2000\/svg\" width=\"10px\" height=\"10px\" viewBox=\"0 0 24 24\" version=\"1.2\" baseProfile=\"tiny\"><path d=\"M18.2 9.3l-6.2-6.3-6.2 6.3c-.2.2-.3.4-.3.7s.1.5.3.7c.2.2.4.3.7.3h11c.3 0 .5-.1.7-.3.2-.2.3-.5.3-.7s-.1-.5-.3-.7zM5.8 14.7l6.2 6.3 6.2-6.3c.2-.2.3-.5.3-.7s-.1-.5-.3-.7c-.2-.2-.4-.3-.7-.3h-11c-.3 0-.5.1-.7.3-.2.2-.3.5-.3.7s.1.5.3.7z\"\/><\/svg><\/span><\/span><\/span><\/a><\/span><\/div>\n<nav><ul class='ez-toc-list ez-toc-list-level-1 ' ><ul class='ez-toc-list-level-5' ><li class='ez-toc-heading-level-5'><ul class='ez-toc-list-level-5' ><li class='ez-toc-heading-level-5'><ul class='ez-toc-list-level-5' ><li class='ez-toc-heading-level-5'><a class=\"ez-toc-link ez-toc-heading-1\" href=\"https:\/\/mediagoras.fr\/exemple\/faq-bis-pour-divi\/#Derniere_mise_a_jour_de_cette_page_le_19-7-2026\" >Derni\u00e8re mise \u00e0 jour de cette page le 19-7-2026<\/a><\/li><\/ul><\/li><\/ul><\/li><\/ul><\/li><li class='ez-toc-page-1 ez-toc-heading-level-2'><a class=\"ez-toc-link ez-toc-heading-2\" href=\"https:\/\/mediagoras.fr\/exemple\/faq-bis-pour-divi\/#Reponses_a_quelques_questions_frequemment_posees\" >R\u00e9ponses \u00e0 quelques questions fr\u00e9quemment pos\u00e9es:<\/a><ul class='ez-toc-list-level-3' ><li class='ez-toc-heading-level-3'><a class=\"ez-toc-link ez-toc-heading-3\" href=\"https:\/\/mediagoras.fr\/exemple\/faq-bis-pour-divi\/#Quelle_difference_entre_vos_reunions_et_une_therapie_de_groupe\" >Quelle diff\u00e9rence entre vos r\u00e9unions et une th\u00e9rapie de groupe ?<\/a><\/li><li class='ez-toc-page-1 ez-toc-heading-level-3'><a class=\"ez-toc-link ez-toc-heading-4\" href=\"https:\/\/mediagoras.fr\/exemple\/faq-bis-pour-divi\/#Vous_dites_que_votre_groupe_est_ouvert_Quest-ce_que_cela_signifie\" >Vous dites que votre groupe est ouvert. Qu&rsquo;est-ce que cela signifie ?<\/a><\/li><li class='ez-toc-page-1 ez-toc-heading-level-3'><a class=\"ez-toc-link ez-toc-heading-5\" href=\"https:\/\/mediagoras.fr\/exemple\/faq-bis-pour-divi\/#Pouvez-vous_me_donner_des_adresses_de_therapeutes\" >Pouvez-vous me donner des adresses de th\u00e9rapeutes ?<\/a><\/li><li class='ez-toc-page-1 ez-toc-heading-level-3'><a class=\"ez-toc-link ez-toc-heading-6\" href=\"https:\/\/mediagoras.fr\/exemple\/faq-bis-pour-divi\/#Est-ce_a_dire_que_vous_considerez_les_therapeutes_qui_pratiquent_les_TCC_Therapies_Cognitives_et_Comportementales_ou_lEMDR_comme_meilleurs_que_les_autres\" >Est-ce \u00e0 dire que vous consid\u00e9rez les th\u00e9rapeutes qui pratiquent les TCC (Th\u00e9rapies Cognitives et Comportementales) ou l&rsquo;EMDR comme meilleurs que les autres ?<\/a><\/li><li class='ez-toc-page-1 ez-toc-heading-level-3'><a class=\"ez-toc-link ez-toc-heading-7\" href=\"https:\/\/mediagoras.fr\/exemple\/faq-bis-pour-divi\/#Y_a-t-il_des_conditions_particulieres_pour_vous_rejoindre\" >Y a-t-il des conditions particuli\u00e8res pour vous rejoindre ?<\/a><\/li><li class='ez-toc-page-1 ez-toc-heading-level-3'><a class=\"ez-toc-link ez-toc-heading-8\" href=\"https:\/\/mediagoras.fr\/exemple\/faq-bis-pour-divi\/#Je_ne_peux_pas_venir_ni_rester_seule_aux_reunions_Acceptez-vous_la_presence_dune_accompagnante\" >Je ne peux pas venir ni rester seul(e) aux r\u00e9unions. Acceptez-vous la pr\u00e9sence d&rsquo;un(e) accompagnant(e) ?<\/a><\/li><\/ul><\/li><li class='ez-toc-page-1 ez-toc-heading-level-2'><a class=\"ez-toc-link ez-toc-heading-9\" href=\"https:\/\/mediagoras.fr\/exemple\/faq-bis-pour-divi\/#Quel_est_le_montant_de_votre_cotisation\" >Quel est le montant de votre cotisation ?<\/a><\/li><\/ul><\/nav><\/div>\n<h5><span class=\"ez-toc-section\" id=\"Derniere_mise_a_jour_de_cette_page_le_19-7-2026\"><\/span>Derni\u00e8re mise \u00e0 jour de cette page le 19-7-2026<span class=\"ez-toc-section-end\"><\/span><\/h5>\n<h2><span class=\"ez-toc-section\" id=\"Reponses_a_quelques_questions_frequemment_posees\"><\/span>R\u00e9ponses \u00e0 quelques questions fr\u00e9quemment pos\u00e9es:<span class=\"ez-toc-section-end\"><\/span><\/h2>\n<p>&nbsp;<\/p>\n<h3><span class=\"ez-toc-section\" id=\"Quelle_difference_entre_vos_reunions_et_une_therapie_de_groupe\"><\/span><em>Quelle diff\u00e9rence entre vos r\u00e9unions et une th\u00e9rapie de groupe ?<\/em><span class=\"ez-toc-section-end\"><\/span><\/h3>\n<ul>\n<li>Une th\u00e9rapie de groupe, au sens o\u00f9 l&rsquo;entendent la plupart des professionnels de sant\u00e9, est un groupe ferm\u00e9 ayant pour objectif, dans un temps limit\u00e9, sous la conduite d&rsquo;au moins un th\u00e9rapeute form\u00e9 sp\u00e9cifiquement, de r\u00e9duire dans une proportion significative des sympt\u00f4mes pr\u00e9cis ou un mal \u00eatre g\u00e9n\u00e9ral. Il existe un certain nombre de th\u00e9rapeutes (psychiatres ou psychologues ou autres professionnels de sant\u00e9 mentale) qui organisent de tels groupes.<br \/>\nNos r\u00e9unions sont avant tout destin\u00e9es \u00e0 rencontrer d&rsquo;autres personnes souffrant de troubles anxieux similaires aux v\u00f4tres (cf le menu\u00a0 \u00ab\u00a0Nos r\u00e9unions\u00a0\u00bb). D&rsquo;autre part, nous fonctionnons en groupe ouvert.<br \/>\nCes deux d\u00e9marches ne sont pas incompatibles, bien au contraire. Mais ce sont deux d\u00e9marches diff\u00e9rentes (m\u00eame s&rsquo;il y a des \u00e9l\u00e9ments communs, tels que l&rsquo;habituation \u00e0 un groupe et l&rsquo;apprentissage par la pratique de certaines habilet\u00e9s sociales).<\/li>\n<\/ul>\n<h3><span class=\"ez-toc-section\" id=\"Vous_dites_que_votre_groupe_est_ouvert_Quest-ce_que_cela_signifie\"><\/span><em>Vous dites que votre groupe est ouvert. Qu&rsquo;est-ce que cela signifie ?<\/em><span class=\"ez-toc-section-end\"><\/span><\/h3>\n<ul>\n<li>Un groupe est dit ouvert lorsque de nouveaux participants peuvent rejoindre ce groupe \u00e0 tout moment (par opposition aux groupes ferm\u00e9s qui n&rsquo;acceptent pas de nouveaux participants en cours de route).<br \/>\nCela ne signifie en rien que ce qui se dit au sein d&rsquo;un tel groupe puisse \u00eatre r\u00e9p\u00e9t\u00e9 \u00e0 l&rsquo;ext\u00e9rieur. Tous les participants de nos r\u00e9unions s&rsquo;engagent \u00e0 respecter l&rsquo;obligation de confidentialit\u00e9, m\u00eame ceux qui ensuite d\u00e9cident de ne pas adh\u00e9rer \u00e0 l&rsquo;association.<\/li>\n<\/ul>\n<h3><span class=\"ez-toc-section\" id=\"Pouvez-vous_me_donner_des_adresses_de_therapeutes\"><\/span><em>Pouvez-vous me donner des adresses de th\u00e9rapeutes ?<\/em><span class=\"ez-toc-section-end\"><\/span><\/h3>\n<ul>\n<li>Oui. Nous pouvons vous communiquer\u00a0des coordonn\u00e9es de th\u00e9rapeutes form\u00e9s aux TCC ou \u00e0 l&rsquo;EMDR. Plusieurs d&rsquo;entre nous suivant (ou ayant suivi) d&rsquo;autres types de psychoth\u00e9rapies, nous avons aussi d&rsquo;autres adresses, mais pour ces derni\u00e8res, nous n&rsquo;avons pas de liste \u00e0 proprement parler. Pour en obtenir, il faut vous adresser aux organismes qui chapeautent ou f\u00e9d\u00e8rent les th\u00e9rapeutes qui s&rsquo;en r\u00e9clament.<br \/>\nAttention aux psychoth\u00e9rapeutes auto-proclam\u00e9s qui ne peuvent justifier d&rsquo;aucune formation sp\u00e9cifique, ni de la reconnaissance de leurs pairs !<\/li>\n<\/ul>\n<h3><span class=\"ez-toc-section\" id=\"Est-ce_a_dire_que_vous_considerez_les_therapeutes_qui_pratiquent_les_TCC_Therapies_Cognitives_et_Comportementales_ou_lEMDR_comme_meilleurs_que_les_autres\"><\/span><em>Est-ce \u00e0 dire que vous consid\u00e9rez les th\u00e9rapeutes qui pratiquent les TCC (Th\u00e9rapies Cognitives et Comportementales) ou l&rsquo;EMDR comme meilleurs que les autres ?<\/em><span class=\"ez-toc-section-end\"><\/span><\/h3>\n<ul>\n<li>Non bien s\u00fbr ! Mais il se trouve que les TCC sont parmi les rares m\u00e9thodes \u00e0 avoir obtenu des r\u00e9sultats mesurables dans le domaine du traitement des phobies. De plus, au sein de l&rsquo;association, nous sommes nombreux \u00e0 en avoir b\u00e9n\u00e9fici\u00e9. Cela n&#8217;emp\u00eache pas certains de nos membres de pr\u00e9f\u00e9rer d&rsquo;autres approches (beaucoup de nos membres ont suivi ou suivent encore plusieurs d\u00e9marches th\u00e9rapeutiques diff\u00e9rentes). Les psychoth\u00e9rapeutes qui interviennent parfois dans nos r\u00e9unions peuvent \u00eatre form\u00e9s aux TCC, mais ce n&rsquo;est pas toujours le cas. D&rsquo;autre part, la personnalit\u00e9 du th\u00e9rapeute est elle aussi tr\u00e8s importante. <a href=\"http:\/\/www.passeportsante.net\/fr\/Therapies\/Guide\/Fiche.aspx?doc=psychotherapies_th\">Certains pensent<\/a> m\u00eame que ce qu&rsquo;on d\u00e9signe par le terme \u00ab\u00a0d&rsquo;alliance th\u00e9rapeutique\u00a0\u00bb est aussi (voire plus) important que la m\u00e9thode utilis\u00e9e. C&rsquo;est en tous cas un point fondamental. Tout comme la <strong>d\u00e9termination<\/strong> du patient et du th\u00e9rapeute \u00e0 <strong>s&rsquo;engager<\/strong> dans le travail th\u00e9rapeutique.<\/li>\n<\/ul>\n<h3><span class=\"ez-toc-section\" id=\"Y_a-t-il_des_conditions_particulieres_pour_vous_rejoindre\"><\/span><em>Y a-t-il des conditions particuli\u00e8res pour vous rejoindre ?<\/em><span class=\"ez-toc-section-end\"><\/span><\/h3>\n<ul>\n<li>Nous acceptons toutes les personnes, en souffrance ou pas, qu&rsquo;elles prennent des m\u00e9dicaments ou pas, qu&rsquo;elles soient en psychoth\u00e9rapie ou non, et quelles que soient la ou les d\u00e9marches suivies ou envisag\u00e9es. La seule condition imp\u00e9rativement exig\u00e9e est de respecter les autres (cf notre <a href=\"\/exemple\/?page_id=268\" target=\"_self\">r\u00e8glement int\u00e9rieur<\/a>).<\/li>\n<\/ul>\n<h3><span class=\"ez-toc-section\" id=\"Je_ne_peux_pas_venir_ni_rester_seule_aux_reunions_Acceptez-vous_la_presence_dune_accompagnante\"><\/span><em>Je ne peux pas venir ni rester seul(e) aux r\u00e9unions. Acceptez-vous la pr\u00e9sence d&rsquo;un(e) accompagnant(e) ?<\/em><span class=\"ez-toc-section-end\"><\/span><\/h3>\n<ul>\n<li>Si cela vous s\u00e9curise de vous faire assister par un proche, il est tout \u00e0 fait possible qu&rsquo;il assiste aux r\u00e9unions \u00e0 vos cot\u00e9s. Il suffit que cet accompagnant s&rsquo;engage \u00e0 respecter le <a href=\"\/exemple\/?page_id=268\" target=\"_self\">r\u00e8glement int\u00e9rieur<\/a> (en particulier la confidentialit\u00e9). Si vous souhaitez adh\u00e9rer et que ce besoin persiste, il suffira que votre accompagnant souscrive une cotisation r\u00e9duite (cf la partie \u00ab\u00a0membres sympathisants\u00a0\u00bb de nos <a title=\"Statuts\" href=\"\/exemple\/?page_id=71\" target=\"_self\">statuts<\/a>).<\/li>\n<\/ul>\n<h2><span class=\"ez-toc-section\" id=\"Quel_est_le_montant_de_votre_cotisation\"><\/span><em>Quel est le montant de votre cotisation ?<\/em><span class=\"ez-toc-section-end\"><\/span><\/h2>\n<ul>\n<li>\n<ul>\n<li>Le montant de la cotisation annuelle est fix\u00e9 chaque ann\u00e9e par l&rsquo;A.G. sur proposition du C.A. (cf notre page <a title=\"Statuts\" href=\"\/exemple\/?page_id=71\" target=\"_self\">statuts<\/a>). Pour 2016-2017 elle a \u00e9t\u00e9 fix\u00e9e \u00e0 la somme de 27 euros pour une ann\u00e9e compl\u00e8te (soit de l&rsquo;ordre de 1,5 \u20ac par r\u00e9union !) Malgr\u00e9 tout,\u00a0si vous vous trouvez dans une grande g\u00eane financi\u00e8re, n&rsquo;h\u00e9sitez pas \u00e0 nous en faire part au moment de votre adh\u00e9sion.<br \/>\nNous admettons aussi que les nouveaux venus assistent \u00e0 une (voire deux) r\u00e9union(s) avant d&rsquo;adh\u00e9rer, afin que leur d\u00e9cision d&rsquo;adh\u00e9sion puisse se faire en toute connaissance de cause.<\/li>\n<\/ul>\n<\/li>\n<\/ul>\n<p>&nbsp;<\/p>\n","protected":false},"excerpt":{"rendered":"<p>Derni\u00e8re mise \u00e0 jour de cette page le 19-7-2026 R\u00e9ponses \u00e0 quelques questions fr\u00e9quemment pos\u00e9es: &nbsp; Quelle diff\u00e9rence entre vos r\u00e9unions et une th\u00e9rapie de groupe ? Une th\u00e9rapie de groupe, au sens o\u00f9 l&rsquo;entendent la plupart des professionnels de sant\u00e9, est un groupe ferm\u00e9 ayant pour objectif, dans un temps limit\u00e9, sous la conduite [&hellip;]<\/p>\n","protected":false},"author":1,"featured_media":0,"parent":0,"menu_order":0,"comment_status":"closed","ping_status":"closed","template":"","meta":{"_et_pb_use_builder":"","_et_pb_old_content":"","_et_gb_content_width":"","footnotes":""},"class_list":["post-3725","page","type-page","status-publish","hentry"],"yoast_head":"<!-- This site is optimized with the Yoast SEO plugin v28.3 - https:\/\/yoast.com\/product\/yoast-seo-wordpress\/ -->\n<title>FAQ bis pour DIVI - M\u00e9diagoras Lyon<\/title>\n<meta name=\"robots\" content=\"index, follow, max-snippet:-1, max-image-preview:large, max-video-preview:-1\" \/>\n<link rel=\"canonical\" href=\"https:\/\/mediagoras.fr\/exemple\/faq-bis-pour-divi\/\" \/>\n<meta property=\"og:locale\" content=\"fr_FR\" \/>\n<meta property=\"og:type\" content=\"article\" \/>\n<meta property=\"og:title\" content=\"FAQ bis pour DIVI - M\u00e9diagoras Lyon\" \/>\n<meta property=\"og:description\" content=\"Derni\u00e8re mise \u00e0 jour de cette page le 19-7-2026 R\u00e9ponses \u00e0 quelques questions fr\u00e9quemment pos\u00e9es: &nbsp; Quelle diff\u00e9rence entre vos r\u00e9unions et une th\u00e9rapie de groupe ? Une th\u00e9rapie de groupe, au sens o\u00f9 l&rsquo;entendent la plupart des professionnels de sant\u00e9, est un groupe ferm\u00e9 ayant pour objectif, dans un temps limit\u00e9, sous la conduite [&hellip;]\" \/>\n<meta property=\"og:url\" content=\"https:\/\/mediagoras.fr\/exemple\/faq-bis-pour-divi\/\" \/>\n<meta property=\"og:site_name\" content=\"M\u00e9diagoras Lyon\" \/>\n<meta property=\"article:modified_time\" content=\"2026-07-19T18:34:21+00:00\" \/>\n<meta name=\"twitter:card\" content=\"summary_large_image\" \/>\n<meta name=\"twitter:label1\" content=\"Dur\u00e9e de lecture estim\u00e9e\" \/>\n\t<meta name=\"twitter:data1\" content=\"4 minutes\" \/>\n<script type=\"application\/ld+json\" class=\"yoast-schema-graph\">{\"@context\":\"https:\\\/\\\/schema.org\",\"@graph\":[{\"@type\":\"WebPage\",\"@id\":\"https:\\\/\\\/mediagoras.fr\\\/exemple\\\/faq-bis-pour-divi\\\/\",\"url\":\"https:\\\/\\\/mediagoras.fr\\\/exemple\\\/faq-bis-pour-divi\\\/\",\"name\":\"FAQ bis pour DIVI - M\u00e9diagoras Lyon\",\"isPartOf\":{\"@id\":\"https:\\\/\\\/mediagoras.fr\\\/exemple\\\/#website\"},\"datePublished\":\"2026-07-19T18:32:10+00:00\",\"dateModified\":\"2026-07-19T18:34:21+00:00\",\"breadcrumb\":{\"@id\":\"https:\\\/\\\/mediagoras.fr\\\/exemple\\\/faq-bis-pour-divi\\\/#breadcrumb\"},\"inLanguage\":\"fr-FR\",\"potentialAction\":[{\"@type\":\"ReadAction\",\"target\":[\"https:\\\/\\\/mediagoras.fr\\\/exemple\\\/faq-bis-pour-divi\\\/\"]}]},{\"@type\":\"BreadcrumbList\",\"@id\":\"https:\\\/\\\/mediagoras.fr\\\/exemple\\\/faq-bis-pour-divi\\\/#breadcrumb\",\"itemListElement\":[{\"@type\":\"ListItem\",\"position\":1,\"name\":\"Accueil\",\"item\":\"https:\\\/\\\/mediagoras.fr\\\/exemple\\\/\"},{\"@type\":\"ListItem\",\"position\":2,\"name\":\"FAQ bis pour DIVI\"}]},{\"@type\":\"WebSite\",\"@id\":\"https:\\\/\\\/mediagoras.fr\\\/exemple\\\/#website\",\"url\":\"https:\\\/\\\/mediagoras.fr\\\/exemple\\\/\",\"name\":\"M\u00e9diagoras Lyon\",\"description\":\"Un site utilisant R\u00e9seau Mediagora\",\"potentialAction\":[{\"@type\":\"SearchAction\",\"target\":{\"@type\":\"EntryPoint\",\"urlTemplate\":\"https:\\\/\\\/mediagoras.fr\\\/exemple\\\/?s={search_term_string}\"},\"query-input\":{\"@type\":\"PropertyValueSpecification\",\"valueRequired\":true,\"valueName\":\"search_term_string\"}}],\"inLanguage\":\"fr-FR\"}]}<\/script>\n<!-- \/ Yoast SEO plugin. -->","yoast_head_json":{"title":"FAQ bis pour DIVI - M\u00e9diagoras Lyon","robots":{"index":"index","follow":"follow","max-snippet":"max-snippet:-1","max-image-preview":"max-image-preview:large","max-video-preview":"max-video-preview:-1"},"canonical":"https:\/\/mediagoras.fr\/exemple\/faq-bis-pour-divi\/","og_locale":"fr_FR","og_type":"article","og_title":"FAQ bis pour DIVI - M\u00e9diagoras Lyon","og_description":"Derni\u00e8re mise \u00e0 jour de cette page le 19-7-2026 R\u00e9ponses \u00e0 quelques questions fr\u00e9quemment pos\u00e9es: &nbsp; Quelle diff\u00e9rence entre vos r\u00e9unions et une th\u00e9rapie de groupe ? Une th\u00e9rapie de groupe, au sens o\u00f9 l&rsquo;entendent la plupart des professionnels de sant\u00e9, est un groupe ferm\u00e9 ayant pour objectif, dans un temps limit\u00e9, sous la conduite [&hellip;]","og_url":"https:\/\/mediagoras.fr\/exemple\/faq-bis-pour-divi\/","og_site_name":"M\u00e9diagoras Lyon","article_modified_time":"2026-07-19T18:34:21+00:00","twitter_card":"summary_large_image","twitter_misc":{"Dur\u00e9e de lecture estim\u00e9e":"4 minutes"},"schema":{"@context":"https:\/\/schema.org","@graph":[{"@type":"WebPage","@id":"https:\/\/mediagoras.fr\/exemple\/faq-bis-pour-divi\/","url":"https:\/\/mediagoras.fr\/exemple\/faq-bis-pour-divi\/","name":"FAQ bis pour DIVI - M\u00e9diagoras Lyon","isPartOf":{"@id":"https:\/\/mediagoras.fr\/exemple\/#website"},"datePublished":"2026-07-19T18:32:10+00:00","dateModified":"2026-07-19T18:34:21+00:00","breadcrumb":{"@id":"https:\/\/mediagoras.fr\/exemple\/faq-bis-pour-divi\/#breadcrumb"},"inLanguage":"fr-FR","potentialAction":[{"@type":"ReadAction","target":["https:\/\/mediagoras.fr\/exemple\/faq-bis-pour-divi\/"]}]},{"@type":"BreadcrumbList","@id":"https:\/\/mediagoras.fr\/exemple\/faq-bis-pour-divi\/#breadcrumb","itemListElement":[{"@type":"ListItem","position":1,"name":"Accueil","item":"https:\/\/mediagoras.fr\/exemple\/"},{"@type":"ListItem","position":2,"name":"FAQ bis pour DIVI"}]},{"@type":"WebSite","@id":"https:\/\/mediagoras.fr\/exemple\/#website","url":"https:\/\/mediagoras.fr\/exemple\/","name":"M\u00e9diagoras Lyon","description":"Un site utilisant R\u00e9seau Mediagora","potentialAction":[{"@type":"SearchAction","target":{"@type":"EntryPoint","urlTemplate":"https:\/\/mediagoras.fr\/exemple\/?s={search_term_string}"},"query-input":{"@type":"PropertyValueSpecification","valueRequired":true,"valueName":"search_term_string"}}],"inLanguage":"fr-FR"}]}},"_links":{"self":[{"href":"https:\/\/mediagoras.fr\/exemple\/wp-json\/wp\/v2\/pages\/3725","targetHints":{"allow":["GET"]}}],"collection":[{"href":"https:\/\/mediagoras.fr\/exemple\/wp-json\/wp\/v2\/pages"}],"about":[{"href":"https:\/\/mediagoras.fr\/exemple\/wp-json\/wp\/v2\/types\/page"}],"author":[{"embeddable":true,"href":"https:\/\/mediagoras.fr\/exemple\/wp-json\/wp\/v2\/users\/1"}],"replies":[{"embeddable":true,"href":"https:\/\/mediagoras.fr\/exemple\/wp-json\/wp\/v2\/comments?post=3725"}],"version-history":[{"count":3,"href":"https:\/\/mediagoras.fr\/exemple\/wp-json\/wp\/v2\/pages\/3725\/revisions"}],"predecessor-version":[{"id":3728,"href":"https:\/\/mediagoras.fr\/exemple\/wp-json\/wp\/v2\/pages\/3725\/revisions\/3728"}],"wp:attachment":[{"href":"https:\/\/mediagoras.fr\/exemple\/wp-json\/wp\/v2\/media?parent=3725"}],"curies":[{"name":"wp","href":"https:\/\/api.w.org\/{rel}","templated":true}]}}