{"id":378,"date":"2025-04-08T00:07:46","date_gmt":"2025-04-07T22:07:46","guid":{"rendered":"http:\/\/mediagoras.fr\/?page_id=378"},"modified":"2025-04-08T00:07:46","modified_gmt":"2025-04-07T22:07:46","slug":"sen-sortir-asbl","status":"publish","type":"page","link":"https:\/\/mediagoras.fr\/exemple\/sen-sortir-asbl\/","title":{"rendered":"Une association d&rsquo;anxieux en Belgique Francophone"},"content":{"rendered":"<h6 style=\"text-align: right\">Derni\u00e8re MAJ de cette page : 08-04-25<\/h6>\n<p>Bonjour \u00e0 tous !<\/p>\n<h2 style=\"text-align: center\">\ud835\uddd4\ud835\ude02\ud835\uddf7\ud835\uddfc\ud835\ude02\ud835\uddff\ud835\uddf1&rsquo;\ud835\uddf5\ud835\ude02\ud835\uddf6, \ud835\uddf2\ud835\uddfb \ud835\uddd5\ud835\uddf2\ud835\uddf9\ud835\uddf4\ud835\uddf6\ud835\uddfe\ud835\ude02\ud835\uddf2 \ud835\uddf0\ud835\uddfc\ud835\uddfa\ud835\uddfa\ud835\uddf2 \ud835\uddee\ud835\uddf6\ud835\uddf9\ud835\uddf9\ud835\uddf2\ud835\ude02\ud835\uddff\ud835\ude00, \ud835\uddf1\ud835\uddf2 \ud835\uddfd\ud835\uddf9\ud835\ude02\ud835\ude00 \ud835\uddf2\ud835\uddfb \ud835\uddfd\ud835\uddf9\ud835\ude02\ud835\ude00 \ud835\uddf1\ud835\uddf2 \ud835\uddfd\ud835\uddf2\ud835\uddff\ud835\ude00\ud835\uddfc\ud835\uddfb\ud835\uddfb\ud835\uddf2\ud835\ude00 \ud835\ude00\ud835\uddfc\ud835\ude02\ud835\uddf3\ud835\uddf3\ud835\uddff\ud835\uddf2\ud835\uddfb\ud835\ude01 \ud835\uddf1&rsquo;\ud835\ude02\ud835\uddfb \ud835\ude01\ud835\uddff\ud835\uddfc\ud835\ude02\ud835\uddef\ud835\uddf9\ud835\uddf2 \ud835\uddee\ud835\uddfb\ud835\ude05\ud835\uddf6\ud835\uddf2\ud835\ude02\ud835\ude05.<\/h2>\n<p style=\"text-align: left\">Et bien que des th\u00e9rapeutes et cliniques sp\u00e9cialis\u00e9es existent, il n&rsquo;y a que trop peu de lieux o\u00f9 \u00e9changer, partager et se sentir soutenu hors cadre th\u00e9rapeutique. Les troubles anxieux ont pourtant connu un v\u00e9ritable \u00ab\u00a0Boom\u00a0\u00bb, notamment depuis la p\u00e9riode Covid. Et que l&rsquo;on souffre d&rsquo;un Trouble Anxieux G\u00e9n\u00e9ralis\u00e9, d&rsquo;agoraphobie, d&rsquo;anxi\u00e9t\u00e9 sociale ou d&rsquo;un trouble panique, les souffrants sont bien trop souvent seuls et incompris face \u00e0 leur probl\u00e9matique.<\/p>\n<p style=\"text-align: left\">\ud835\uddd6&rsquo;\ud835\uddf2\ud835\ude00\ud835\ude01 \ud835\uddfd\ud835\uddfc\ud835\ude02\ud835\uddff\ud835\uddfe\ud835\ude02\ud835\uddfc\ud835\uddf6 \ud835\uddfb\ud835\uddfc\ud835\ude02\ud835\ude00 \ud835\uddee\ud835\ude03\ud835\uddfc\ud835\uddfb\ud835\ude00 \ud835\uddf1\ud835\uddf2\u0301\ud835\uddf0\ud835\uddf6\ud835\uddf1\u00e9 \ud835\uddf1\ud835\uddf2 \ud835\uddf0\ud835\uddff\ud835\uddf2\u0301\ud835\uddf2\ud835\uddff \ud835\uddf9&rsquo;\ud835\uddd4\ud835\udde6\ud835\uddd5\ud835\udddf \u00ab\u00a0\ud835\udde6&rsquo;\ud835\uddf2\ud835\uddfb \ud835\udde6\ud835\uddfc\ud835\uddff\ud835\ude01\ud835\uddf6\ud835\uddff\u00a0\u00bb.<br \/>\nNotre mission ? Aider les personnes souffrant de troubles anxieux \u00e0 :<br \/>\n&#8211; Sortir de l&rsquo;isolement et s&rsquo;inscrire dans une d\u00e9marche positive en vue d&rsquo;aller vers un mieux-\u00eatre.<br \/>\n&#8211; Partager leurs exp\u00e9riences sans jugement.<br \/>\n&#8211; Acc\u00e9der \u00e0 des outils et activit\u00e9s pour avancer, pas \u00e0 pas.<\/p>\n<p style=\"text-align: left\">\ud835\udde4\ud835\ude02&rsquo;\ud835\uddee\ud835\uddf9\ud835\uddf9\ud835\uddfc\ud835\uddfb\ud835\ude00-\ud835\uddfb\ud835\uddfc\ud835\ude02\ud835\ude00 \ud835\uddfd\ud835\uddff\ud835\uddfc\ud835\uddfd\ud835\uddfc\ud835\ude00\ud835\uddf2\ud835\uddff ?<\/p>\n<p style=\"text-align: left\">Groupes de parole (en ligne et en pr\u00e9sentiel).<br \/>\nAteliers de m\u00e9ditation, sophrologie et gestion du stress, anim\u00e9s par des professionnels.<br \/>\nActivit\u00e9s ludiques et sorties : jeux de soci\u00e9t\u00e9, balades, \u00e9v\u00e9nements culturel ou sportifs,&#8230;<br \/>\nEspaces de discussion en ligne (chat vocal ou \u00e9crit) pour \u00e9changer librement.<br \/>\nRelais vers des professionnels de la sant\u00e9 mentale, pour ceux qui en ont besoin.<br \/>\nAteliers de recherche d&#8217;emploi pour les personnes souhaitant se r\u00e9ins\u00e9rer professionnellement<br \/>\nEt d&rsquo;autres activit\u00e9s \u00e0 mettre en place au fur et \u00e0 mesure<\/p>\n<p style=\"text-align: left\">\ud835\uddd6\ud835\uddf2 \ud835\uddfe\ud835\ude02\ud835\uddf2 \ud835\uddfb\ud835\uddfc\ud835\ude02\ud835\ude00 \ud835\uddfb\ud835\uddf2 \ud835\ude00\ud835\uddfc\ud835\uddfa\ud835\uddfa\ud835\uddf2\ud835\ude00 \ud835\uddfd\ud835\uddee\ud835\ude00 :<br \/>\nNous ne sommes pas des th\u00e9rapeutes ou des coaches proposant des consultations payantes.<br \/>\nNous ne rempla\u00e7ons pas une th\u00e9rapie avec un professionnel de la sant\u00e9 mentale.<br \/>\nNotre r\u00f4le est d\u2019offrir un compl\u00e9ment, bas\u00e9 sur l\u2019entraide, la communaut\u00e9 et le partage d\u2019outils utiles au quotidien.<\/p>\n<p>\ud835\udde2u \ud835\uddf2\ud835\uddfb \ud835\ude00\ud835\uddfc\ud835\uddfa\ud835\uddfa\ud835\uddf2\ud835\ude00-\ud835\uddfb\ud835\uddfc\ud835\ude02\ud835\ude00 ?<br \/>\nL\u2019ASBL sera officiellement cr\u00e9\u00e9e d\u00e9but 2025, mais nous sommes d\u00e9j\u00e0 actifs sur les r\u00e9seaux sociaux :<br \/>\n&#8211;&gt;\u00a0 <strong><a href=\"https:\/\/www.facebook.com\/profile.php?id=61567196394970\" target=\"_blank\" rel=\"noopener\">Suivez notre page Facebook<\/a><\/strong>\u00a0 &lt;&#8211;<br \/>\nNous sommes pr\u00e9sents \u00e9galement sur les r\u00e9seaux Instagram et Linkedin. Vous y trouverez des actus sur notre projet, des articles, des inspirations, et plus encore !<\/p>\n<p>\ud835\uddd6\ud835\uddfc\ud835\uddfa\ud835\uddfa\ud835\uddf2\ud835\uddfb\ud835\ude01 \ud835\ude03\ud835\uddfc\ud835\ude02\ud835\ude00 \ud835\uddfd\ud835\uddfc\ud835\ude02\ud835\ude03\ud835\uddf2\ud835\ude07 \ud835\uddfb\ud835\uddfc\ud835\ude02\ud835\ude00 \ud835\uddee\ud835\uddf6\ud835\uddf1\ud835\uddf2\ud835\uddff ?<br \/>\nPartagez ce message.<br \/>\nRejoignez-nous en tant que volontaire ou adh\u00e9rent.<br \/>\nEnsemble, nous pouvons cr\u00e9er un espace o\u00f9 personne ne se sent seul face \u00e0 l\u2019anxi\u00e9t\u00e9. Merci de faire partie de cette aventure !<\/p>\n<p style=\"text-align: right\">\ud835\udddf&rsquo;\ud835\uddf2\u0301\ud835\uddfe\ud835\ude02\ud835\uddf6\ud835\uddfd\ud835\uddf2 \ud835\uddf1\ud835\uddf2 \ud835\udde6&rsquo;\ud835\uddf2\ud835\uddfb \ud835\udde6\ud835\uddfc\ud835\uddff\ud835\ude01\ud835\uddf6\ud835\uddff \ud835\uddd4\ud835\udde6\ud835\uddd5\ud835\udddf<\/p>\n","protected":false},"excerpt":{"rendered":"<p>Derni\u00e8re MAJ de cette page : 08-04-25 Bonjour \u00e0 tous ! \ud835\uddd4\ud835\ude02\ud835\uddf7\ud835\uddfc\ud835\ude02\ud835\uddff\ud835\uddf1&rsquo;\ud835\uddf5\ud835\ude02\ud835\uddf6, \ud835\uddf2\ud835\uddfb \ud835\uddd5\ud835\uddf2\ud835\uddf9\ud835\uddf4\ud835\uddf6\ud835\uddfe\ud835\ude02\ud835\uddf2 \ud835\uddf0\ud835\uddfc\ud835\uddfa\ud835\uddfa\ud835\uddf2 \ud835\uddee\ud835\uddf6\ud835\uddf9\ud835\uddf9\ud835\uddf2\ud835\ude02\ud835\uddff\ud835\ude00, \ud835\uddf1\ud835\uddf2 \ud835\uddfd\ud835\uddf9\ud835\ude02\ud835\ude00 \ud835\uddf2\ud835\uddfb \ud835\uddfd\ud835\uddf9\ud835\ude02\ud835\ude00 \ud835\uddf1\ud835\uddf2 \ud835\uddfd\ud835\uddf2\ud835\uddff\ud835\ude00\ud835\uddfc\ud835\uddfb\ud835\uddfb\ud835\uddf2\ud835\ude00 \ud835\ude00\ud835\uddfc\ud835\ude02\ud835\uddf3\ud835\uddf3\ud835\uddff\ud835\uddf2\ud835\uddfb\ud835\ude01 \ud835\uddf1&rsquo;\ud835\ude02\ud835\uddfb \ud835\ude01\ud835\uddff\ud835\uddfc\ud835\ude02\ud835\uddef\ud835\uddf9\ud835\uddf2 \ud835\uddee\ud835\uddfb\ud835\ude05\ud835\uddf6\ud835\uddf2\ud835\ude02\ud835\ude05. Et bien que des th\u00e9rapeutes et cliniques sp\u00e9cialis\u00e9es existent, il n&rsquo;y a que trop peu de lieux o\u00f9 \u00e9changer, partager et se sentir soutenu hors cadre th\u00e9rapeutique. Les troubles [&hellip;]<\/p>\n","protected":false},"author":38,"featured_media":0,"parent":0,"menu_order":0,"comment_status":"closed","ping_status":"closed","template":"onecolumn-page.php","meta":{"_et_pb_use_builder":"","_et_pb_old_content":"","_et_gb_content_width":"","footnotes":""},"class_list":["post-378","page","type-page","status-publish","hentry"],"yoast_head":"<!-- This site is optimized with the Yoast SEO plugin v28.3 - https:\/\/yoast.com\/product\/yoast-seo-wordpress\/ -->\n<title>Une association d&#039;anxieux en Belgique Francophone - M\u00e9diagoras Lyon<\/title>\n<meta name=\"robots\" content=\"index, follow, max-snippet:-1, max-image-preview:large, max-video-preview:-1\" \/>\n<link rel=\"canonical\" href=\"https:\/\/mediagoras.fr\/exemple\/sen-sortir-asbl\/\" \/>\n<meta property=\"og:locale\" content=\"fr_FR\" \/>\n<meta property=\"og:type\" content=\"article\" \/>\n<meta property=\"og:title\" content=\"Une association d&#039;anxieux en Belgique Francophone - M\u00e9diagoras Lyon\" \/>\n<meta property=\"og:description\" content=\"Derni\u00e8re MAJ de cette page : 08-04-25 Bonjour \u00e0 tous ! \ud835\uddd4\ud835\ude02\ud835\uddf7\ud835\uddfc\ud835\ude02\ud835\uddff\ud835\uddf1&rsquo;\ud835\uddf5\ud835\ude02\ud835\uddf6, \ud835\uddf2\ud835\uddfb \ud835\uddd5\ud835\uddf2\ud835\uddf9\ud835\uddf4\ud835\uddf6\ud835\uddfe\ud835\ude02\ud835\uddf2 \ud835\uddf0\ud835\uddfc\ud835\uddfa\ud835\uddfa\ud835\uddf2 \ud835\uddee\ud835\uddf6\ud835\uddf9\ud835\uddf9\ud835\uddf2\ud835\ude02\ud835\uddff\ud835\ude00, \ud835\uddf1\ud835\uddf2 \ud835\uddfd\ud835\uddf9\ud835\ude02\ud835\ude00 \ud835\uddf2\ud835\uddfb \ud835\uddfd\ud835\uddf9\ud835\ude02\ud835\ude00 \ud835\uddf1\ud835\uddf2 \ud835\uddfd\ud835\uddf2\ud835\uddff\ud835\ude00\ud835\uddfc\ud835\uddfb\ud835\uddfb\ud835\uddf2\ud835\ude00 \ud835\ude00\ud835\uddfc\ud835\ude02\ud835\uddf3\ud835\uddf3\ud835\uddff\ud835\uddf2\ud835\uddfb\ud835\ude01 \ud835\uddf1&rsquo;\ud835\ude02\ud835\uddfb \ud835\ude01\ud835\uddff\ud835\uddfc\ud835\ude02\ud835\uddef\ud835\uddf9\ud835\uddf2 \ud835\uddee\ud835\uddfb\ud835\ude05\ud835\uddf6\ud835\uddf2\ud835\ude02\ud835\ude05. Et bien que des th\u00e9rapeutes et cliniques sp\u00e9cialis\u00e9es existent, il n&rsquo;y a que trop peu de lieux o\u00f9 \u00e9changer, partager et se sentir soutenu hors cadre th\u00e9rapeutique. Les troubles [&hellip;]\" \/>\n<meta property=\"og:url\" content=\"https:\/\/mediagoras.fr\/exemple\/sen-sortir-asbl\/\" \/>\n<meta property=\"og:site_name\" content=\"M\u00e9diagoras Lyon\" \/>\n<meta name=\"twitter:card\" content=\"summary_large_image\" \/>\n<meta name=\"twitter:label1\" content=\"Dur\u00e9e de lecture estim\u00e9e\" \/>\n\t<meta name=\"twitter:data1\" content=\"2 minutes\" \/>\n<script type=\"application\/ld+json\" class=\"yoast-schema-graph\">{\"@context\":\"https:\\\/\\\/schema.org\",\"@graph\":[{\"@type\":\"WebPage\",\"@id\":\"https:\\\/\\\/mediagoras.fr\\\/exemple\\\/sen-sortir-asbl\\\/\",\"url\":\"https:\\\/\\\/mediagoras.fr\\\/exemple\\\/sen-sortir-asbl\\\/\",\"name\":\"Une association d'anxieux en Belgique Francophone - M\u00e9diagoras Lyon\",\"isPartOf\":{\"@id\":\"https:\\\/\\\/mediagoras.fr\\\/exemple\\\/#website\"},\"datePublished\":\"2025-04-07T22:07:46+00:00\",\"breadcrumb\":{\"@id\":\"https:\\\/\\\/mediagoras.fr\\\/exemple\\\/sen-sortir-asbl\\\/#breadcrumb\"},\"inLanguage\":\"fr-FR\",\"potentialAction\":[{\"@type\":\"ReadAction\",\"target\":[\"https:\\\/\\\/mediagoras.fr\\\/exemple\\\/sen-sortir-asbl\\\/\"]}]},{\"@type\":\"BreadcrumbList\",\"@id\":\"https:\\\/\\\/mediagoras.fr\\\/exemple\\\/sen-sortir-asbl\\\/#breadcrumb\",\"itemListElement\":[{\"@type\":\"ListItem\",\"position\":1,\"name\":\"Accueil\",\"item\":\"https:\\\/\\\/mediagoras.fr\\\/exemple\\\/\"},{\"@type\":\"ListItem\",\"position\":2,\"name\":\"Une association d&rsquo;anxieux en Belgique Francophone\"}]},{\"@type\":\"WebSite\",\"@id\":\"https:\\\/\\\/mediagoras.fr\\\/exemple\\\/#website\",\"url\":\"https:\\\/\\\/mediagoras.fr\\\/exemple\\\/\",\"name\":\"M\u00e9diagoras Lyon\",\"description\":\"Un site utilisant R\u00e9seau Mediagora\",\"potentialAction\":[{\"@type\":\"SearchAction\",\"target\":{\"@type\":\"EntryPoint\",\"urlTemplate\":\"https:\\\/\\\/mediagoras.fr\\\/exemple\\\/?s={search_term_string}\"},\"query-input\":{\"@type\":\"PropertyValueSpecification\",\"valueRequired\":true,\"valueName\":\"search_term_string\"}}],\"inLanguage\":\"fr-FR\"}]}<\/script>\n<!-- \/ Yoast SEO plugin. -->","yoast_head_json":{"title":"Une association d'anxieux en Belgique Francophone - M\u00e9diagoras Lyon","robots":{"index":"index","follow":"follow","max-snippet":"max-snippet:-1","max-image-preview":"max-image-preview:large","max-video-preview":"max-video-preview:-1"},"canonical":"https:\/\/mediagoras.fr\/exemple\/sen-sortir-asbl\/","og_locale":"fr_FR","og_type":"article","og_title":"Une association d'anxieux en Belgique Francophone - M\u00e9diagoras Lyon","og_description":"Derni\u00e8re MAJ de cette page : 08-04-25 Bonjour \u00e0 tous ! \ud835\uddd4\ud835\ude02\ud835\uddf7\ud835\uddfc\ud835\ude02\ud835\uddff\ud835\uddf1&rsquo;\ud835\uddf5\ud835\ude02\ud835\uddf6, \ud835\uddf2\ud835\uddfb \ud835\uddd5\ud835\uddf2\ud835\uddf9\ud835\uddf4\ud835\uddf6\ud835\uddfe\ud835\ude02\ud835\uddf2 \ud835\uddf0\ud835\uddfc\ud835\uddfa\ud835\uddfa\ud835\uddf2 \ud835\uddee\ud835\uddf6\ud835\uddf9\ud835\uddf9\ud835\uddf2\ud835\ude02\ud835\uddff\ud835\ude00, \ud835\uddf1\ud835\uddf2 \ud835\uddfd\ud835\uddf9\ud835\ude02\ud835\ude00 \ud835\uddf2\ud835\uddfb \ud835\uddfd\ud835\uddf9\ud835\ude02\ud835\ude00 \ud835\uddf1\ud835\uddf2 \ud835\uddfd\ud835\uddf2\ud835\uddff\ud835\ude00\ud835\uddfc\ud835\uddfb\ud835\uddfb\ud835\uddf2\ud835\ude00 \ud835\ude00\ud835\uddfc\ud835\ude02\ud835\uddf3\ud835\uddf3\ud835\uddff\ud835\uddf2\ud835\uddfb\ud835\ude01 \ud835\uddf1&rsquo;\ud835\ude02\ud835\uddfb \ud835\ude01\ud835\uddff\ud835\uddfc\ud835\ude02\ud835\uddef\ud835\uddf9\ud835\uddf2 \ud835\uddee\ud835\uddfb\ud835\ude05\ud835\uddf6\ud835\uddf2\ud835\ude02\ud835\ude05. Et bien que des th\u00e9rapeutes et cliniques sp\u00e9cialis\u00e9es existent, il n&rsquo;y a que trop peu de lieux o\u00f9 \u00e9changer, partager et se sentir soutenu hors cadre th\u00e9rapeutique. Les troubles [&hellip;]","og_url":"https:\/\/mediagoras.fr\/exemple\/sen-sortir-asbl\/","og_site_name":"M\u00e9diagoras Lyon","twitter_card":"summary_large_image","twitter_misc":{"Dur\u00e9e de lecture estim\u00e9e":"2 minutes"},"schema":{"@context":"https:\/\/schema.org","@graph":[{"@type":"WebPage","@id":"https:\/\/mediagoras.fr\/exemple\/sen-sortir-asbl\/","url":"https:\/\/mediagoras.fr\/exemple\/sen-sortir-asbl\/","name":"Une association d'anxieux en Belgique Francophone - M\u00e9diagoras Lyon","isPartOf":{"@id":"https:\/\/mediagoras.fr\/exemple\/#website"},"datePublished":"2025-04-07T22:07:46+00:00","breadcrumb":{"@id":"https:\/\/mediagoras.fr\/exemple\/sen-sortir-asbl\/#breadcrumb"},"inLanguage":"fr-FR","potentialAction":[{"@type":"ReadAction","target":["https:\/\/mediagoras.fr\/exemple\/sen-sortir-asbl\/"]}]},{"@type":"BreadcrumbList","@id":"https:\/\/mediagoras.fr\/exemple\/sen-sortir-asbl\/#breadcrumb","itemListElement":[{"@type":"ListItem","position":1,"name":"Accueil","item":"https:\/\/mediagoras.fr\/exemple\/"},{"@type":"ListItem","position":2,"name":"Une association d&rsquo;anxieux en Belgique Francophone"}]},{"@type":"WebSite","@id":"https:\/\/mediagoras.fr\/exemple\/#website","url":"https:\/\/mediagoras.fr\/exemple\/","name":"M\u00e9diagoras Lyon","description":"Un site utilisant R\u00e9seau Mediagora","potentialAction":[{"@type":"SearchAction","target":{"@type":"EntryPoint","urlTemplate":"https:\/\/mediagoras.fr\/exemple\/?s={search_term_string}"},"query-input":{"@type":"PropertyValueSpecification","valueRequired":true,"valueName":"search_term_string"}}],"inLanguage":"fr-FR"}]}},"_links":{"self":[{"href":"https:\/\/mediagoras.fr\/exemple\/wp-json\/wp\/v2\/pages\/378","targetHints":{"allow":["GET"]}}],"collection":[{"href":"https:\/\/mediagoras.fr\/exemple\/wp-json\/wp\/v2\/pages"}],"about":[{"href":"https:\/\/mediagoras.fr\/exemple\/wp-json\/wp\/v2\/types\/page"}],"author":[{"embeddable":true,"href":"https:\/\/mediagoras.fr\/exemple\/wp-json\/wp\/v2\/users\/38"}],"replies":[{"embeddable":true,"href":"https:\/\/mediagoras.fr\/exemple\/wp-json\/wp\/v2\/comments?post=378"}],"version-history":[{"count":0,"href":"https:\/\/mediagoras.fr\/exemple\/wp-json\/wp\/v2\/pages\/378\/revisions"}],"wp:attachment":[{"href":"https:\/\/mediagoras.fr\/exemple\/wp-json\/wp\/v2\/media?parent=378"}],"curies":[{"name":"wp","href":"https:\/\/api.w.org\/{rel}","templated":true}]}}