{"id":3789,"date":"2026-08-04T16:04:23","date_gmt":"2026-08-04T14:04:23","guid":{"rendered":"https:\/\/mediagoras.fr\/exemple\/?page_id=3789"},"modified":"2026-08-31T16:59:48","modified_gmt":"2026-08-31T14:59:48","slug":"charte-de-mediagora-lyon","status":"publish","type":"page","link":"https:\/\/mediagoras.fr\/exemple\/charte-de-mediagora-lyon\/","title":{"rendered":"Charte de Mediagora Lyon"},"content":{"rendered":"[et_pb_section fb_built=\u00a0\u00bb1&Prime; admin_label=\u00a0\u00bbsection\u00a0\u00bb _builder_version=\u00a0\u00bb4.16&Prime; global_colors_info=\u00a0\u00bb{}\u00a0\u00bb][et_pb_row admin_label=\u00a0\u00bbrow\u00a0\u00bb _builder_version=\u00a0\u00bb4.16&Prime; background_size=\u00a0\u00bbinitial\u00a0\u00bb background_position=\u00a0\u00bbtop_left\u00a0\u00bb background_repeat=\u00a0\u00bbrepeat\u00a0\u00bb global_colors_info=\u00a0\u00bb{}\u00a0\u00bb][et_pb_column type=\u00a0\u00bb4_4&Prime; _builder_version=\u00a0\u00bb4.16&Prime; custom_padding=\u00a0\u00bb|||\u00a0\u00bb global_colors_info=\u00a0\u00bb{}\u00a0\u00bb custom_padding__hover=\u00a0\u00bb|||\u00a0\u00bb][et_pb_text _builder_version=\u00a0\u00bb4.27.6&Prime; ul_font=\u00a0\u00bb||||||||\u00a0\u00bb ol_font=\u00a0\u00bb||||||||\u00a0\u00bb header_font=\u00a0\u00bb||||||||\u00a0\u00bb header_2_text_color=\u00a0\u00bb#6e1950&Prime; header_2_font_size=\u00a0\u00bb44px\u00a0\u00bb header_2_line_height=\u00a0\u00bb1.2em\u00a0\u00bb custom_margin=\u00a0\u00bb||20px|\u00a0\u00bb header_2_font_size_tablet=\u00a0\u00bb36px\u00a0\u00bb header_2_font_size_phone=\u00a0\u00bb\u00a0\u00bb header_2_font_size_last_edited=\u00a0\u00bbon|phone\u00a0\u00bb locked=\u00a0\u00bboff\u00a0\u00bb global_colors_info=\u00a0\u00bb{}\u00a0\u00bb]\n<div id=\"ez-toc-container\" class=\"ez-toc-v2_0_87 counter-hierarchy ez-toc-counter ez-toc-light-blue ez-toc-container-direction\">\n<div class=\"ez-toc-title-container\">\n<p class=\"ez-toc-title\" style=\"cursor:inherit\">Contenu de cette page<\/p>\n<span class=\"ez-toc-title-toggle\"><a href=\"#\" class=\"ez-toc-pull-right ez-toc-btn ez-toc-btn-xs ez-toc-btn-default ez-toc-toggle\" aria-label=\"Toggle Table of Content\"><span class=\"ez-toc-js-icon-con\"><span class=\"\"><span class=\"eztoc-hide\" style=\"display:none;\">Toggle<\/span><span class=\"ez-toc-icon-toggle-span\"><svg style=\"fill: #98009b;color:#98009b\" xmlns=\"http:\/\/www.w3.org\/2000\/svg\" class=\"list-377408\" width=\"20px\" height=\"20px\" viewBox=\"0 0 24 24\" fill=\"none\"><path d=\"M6 6H4v2h2V6zm14 0H8v2h12V6zM4 11h2v2H4v-2zm16 0H8v2h12v-2zM4 16h2v2H4v-2zm16 0H8v2h12v-2z\" fill=\"currentColor\"><\/path><\/svg><svg style=\"fill: #98009b;color:#98009b\" class=\"arrow-unsorted-368013\" xmlns=\"http:\/\/www.w3.org\/2000\/svg\" width=\"10px\" height=\"10px\" viewBox=\"0 0 24 24\" version=\"1.2\" baseProfile=\"tiny\"><path d=\"M18.2 9.3l-6.2-6.3-6.2 6.3c-.2.2-.3.4-.3.7s.1.5.3.7c.2.2.4.3.7.3h11c.3 0 .5-.1.7-.3.2-.2.3-.5.3-.7s-.1-.5-.3-.7zM5.8 14.7l6.2 6.3 6.2-6.3c.2-.2.3-.5.3-.7s-.1-.5-.3-.7c-.2-.2-.4-.3-.7-.3h-11c-.3 0-.5.1-.7.3-.2.2-.3.5-.3.7s.1.5.3.7z\"\/><\/svg><\/span><\/span><\/span><\/a><\/span><\/div>\n<nav><ul class='ez-toc-list ez-toc-list-level-1 ' ><li class='ez-toc-page-1 ez-toc-heading-level-2'><a class=\"ez-toc-link ez-toc-heading-1\" href=\"https:\/\/mediagoras.fr\/exemple\/charte-de-mediagora-lyon\/#Charte_de_lassociation_Mediagora_Lyon\" >Charte de l&rsquo;association M\u00e9diagora Lyon<\/a><\/li><li class='ez-toc-page-1 ez-toc-heading-level-2'><a class=\"ez-toc-link ez-toc-heading-2\" href=\"https:\/\/mediagoras.fr\/exemple\/charte-de-mediagora-lyon\/#Preambule\" >Pre\u0301ambule<\/a><ul class='ez-toc-list-level-3' ><li class='ez-toc-heading-level-3'><a class=\"ez-toc-link ez-toc-heading-3\" href=\"https:\/\/mediagoras.fr\/exemple\/charte-de-mediagora-lyon\/#1_Ce_qui_se_dit_dans_le_groupe_reste_dans_le_groupe\" >1) Ce qui se dit dans le groupe reste dans le groupe.<\/a><\/li><li class='ez-toc-page-1 ez-toc-heading-level-3'><a class=\"ez-toc-link ez-toc-heading-4\" href=\"https:\/\/mediagoras.fr\/exemple\/charte-de-mediagora-lyon\/#2_Des_que_possible_parler_en_utilisant_le_%C2%AB_Je_%C2%BB\" >2) De\u0300s que possible, parler en utilisant le \u00ab Je \u00bb.<\/a><\/li><li class='ez-toc-page-1 ez-toc-heading-level-3'><a class=\"ez-toc-link ez-toc-heading-5\" href=\"https:\/\/mediagoras.fr\/exemple\/charte-de-mediagora-lyon\/#3_Parler_essentiellement_de_soi_et_de_son_experience\" >3) \u00a0Parler essentiellement de soi et de son expe\u0301rience.<\/a><\/li><li class='ez-toc-page-1 ez-toc-heading-level-3'><a class=\"ez-toc-link ez-toc-heading-6\" href=\"https:\/\/mediagoras.fr\/exemple\/charte-de-mediagora-lyon\/#4_Savoir_ecouter_quand_une_personne_du_groupe_parle_ne_pas_linterrompre_et_attendre_quelle_ait_fini_avant_de_prendre_la_parole\" >4) \u00a0Savoir e\u0301couter quand une personne du groupe parle, ne pas l\u2019interrompre et attendre qu\u2019elle ait fini avant de prendre la parole.<\/a><\/li><li class='ez-toc-page-1 ez-toc-heading-level-3'><a class=\"ez-toc-link ez-toc-heading-7\" href=\"https:\/\/mediagoras.fr\/exemple\/charte-de-mediagora-lyon\/#5_Si_lemotion_devient_trop_intense_ou_difficile_pour_soi_on_peut_sortir_%E2%80%94_et_revenir_%E2%80%94_sans_etre_juge\" >5) \u00a0Si l&rsquo;e\u0301motion devient trop intense ou difficile pour soi, on peut sortir \u2014 et revenir \u2014 sans e\u0302tre juge\u0301.<\/a><\/li><li class='ez-toc-page-1 ez-toc-heading-level-3'><a class=\"ez-toc-link ez-toc-heading-8\" href=\"https:\/\/mediagoras.fr\/exemple\/charte-de-mediagora-lyon\/#6_Eviter_de_donner_des_conseils_directifs_aux_autres\" >6) \u00a0E\u0301viter de donner des conseils directifs aux autres.<\/a><\/li><li class='ez-toc-page-1 ez-toc-heading-level-3'><a class=\"ez-toc-link ez-toc-heading-9\" href=\"https:\/\/mediagoras.fr\/exemple\/charte-de-mediagora-lyon\/#7_Respecter_les_opinions_qui_different_des_votres_en_essayant_de_ne_pas_porter_de_jugement\" >7) \u00a0Respecter les opinions qui diffe\u0300rent des v\u00f4tres, en essayant de ne pas porter de jugement.<\/a><\/li><li class='ez-toc-page-1 ez-toc-heading-level-3'><a class=\"ez-toc-link ez-toc-heading-10\" href=\"https:\/\/mediagoras.fr\/exemple\/charte-de-mediagora-lyon\/#8_Respecter_le_droit_au_silence_des_participants\" >8) Respecter le droit au silence des participants.<\/a><\/li><li class='ez-toc-page-1 ez-toc-heading-level-3'><a class=\"ez-toc-link ez-toc-heading-11\" href=\"https:\/\/mediagoras.fr\/exemple\/charte-de-mediagora-lyon\/#9_Sefforcer_de_respecter_les_horaires_des_activites\" >9) S\u2019efforcer de respecter les horaires des activite\u0301s.<\/a><\/li><li class='ez-toc-page-1 ez-toc-heading-level-3'><a class=\"ez-toc-link ez-toc-heading-12\" href=\"https:\/\/mediagoras.fr\/exemple\/charte-de-mediagora-lyon\/#10_Respecter_les_directives_des_animatrices_et_animateurs\" >10) Respecter les directives des animatrices et animateurs.<\/a><\/li><li class='ez-toc-page-1 ez-toc-heading-level-3'><a class=\"ez-toc-link ez-toc-heading-13\" href=\"https:\/\/mediagoras.fr\/exemple\/charte-de-mediagora-lyon\/#11_Eviter_le_plus_possible_de_parler_des_sujets_suivants_politique_religion_spiritualite_philosophie_et_autres_sujets_%C2%AB_brulants_%C2%BB\" >11) E\u0301viter le plus possible de parler des sujets suivants : politique, religion, spiritualite\u0301, philosophie, et autres sujets \u00ab\u00a0br\u00fblants\u00a0\u00bb.<\/a><\/li><li class='ez-toc-page-1 ez-toc-heading-level-3'><a class=\"ez-toc-link ez-toc-heading-14\" href=\"https:\/\/mediagoras.fr\/exemple\/charte-de-mediagora-lyon\/#12_Ne_pas_faire_de_promotion_pour_un_medicament_ou_un_therapeute_particulier\" >12) Ne pas faire de promotion pour un me\u0301dicament ou un the\u0301rapeute particulier.<\/a><\/li><\/ul><\/li><li class='ez-toc-page-1 ez-toc-heading-level-2'><a class=\"ez-toc-link ez-toc-heading-15\" href=\"https:\/\/mediagoras.fr\/exemple\/charte-de-mediagora-lyon\/#Mises_en_garde\" >Mises en garde<\/a><\/li><\/ul><\/nav><\/div>\n<h2><span class=\"ez-toc-section\" id=\"Charte_de_lassociation_Mediagora_Lyon\"><\/span>Charte de l&rsquo;association M\u00e9diagora Lyon<span class=\"ez-toc-section-end\"><\/span><\/h2>\n[\/et_pb_text][et_pb_divider divider_weight=\u00a0\u00bb9px\u00a0\u00bb _builder_version=\u00a0\u00bb4.27.6&Prime; max_width=\u00a0\u00bb50px\u00a0\u00bb locked=\u00a0\u00bboff\u00a0\u00bb global_colors_info=\u00a0\u00bb{}\u00a0\u00bb][\/et_pb_divider][et_pb_text admin_label=\u00a0\u00bbText\u00a0\u00bb _builder_version=\u00a0\u00bb4.27.6&Prime; header_2_text_color=\u00a0\u00bb#6e1950&Prime; header_3_text_color=\u00a0\u00bb#fc711c\u00a0\u00bb background_size=\u00a0\u00bbinitial\u00a0\u00bb background_position=\u00a0\u00bbtop_left\u00a0\u00bb background_repeat=\u00a0\u00bbrepeat\u00a0\u00bb global_colors_info=\u00a0\u00bb{}\u00a0\u00bb]\n<p><strong><em>version 1<\/em><\/strong><\/p>\n<p>La participation \u00e0 nos re\u0301unions (en pr\u00e9sentiel ou \u00e0 distance) entra\u00eene l\u2019acceptation et le respect des consignes suivantes :<\/p>\n<h2><span class=\"ez-toc-section\" id=\"Preambule\"><\/span>Pre\u0301ambule<span class=\"ez-toc-section-end\"><\/span><\/h2>\n<p>Le Conseil d&rsquo;Administration est responsable juridiquement aupre\u0300s de l&rsquo;Administration.<br \/>Il est garant du respect des Statuts et du Re\u0300glement Inte\u0301rieur, ainsi que du bon de\u0301roulement des activite\u0301s. Les adhe\u0301rents peuvent proposer leur aide aux administrateurs de l\u2019association, pre\u0301senter des suggestions et faire connaitre l\u2019association a\u0300 leur entourage.<\/p>\n<p>L\u2019entraide mutuelle \u2014 dans la bienveillance, le respect, l&rsquo;e\u0301coute et le non-jugement \u2014 est primordiale au sein de l&rsquo;association.<\/p>\n<p>Comportements souhait\u00e9s durant les regroupements (en pr\u00e9sentiel ou en t\u00e9l\u00e9-r\u00e9unions)<\/p>\n<h3><span class=\"ez-toc-section\" id=\"1_Ce_qui_se_dit_dans_le_groupe_reste_dans_le_groupe\"><\/span>1) Ce qui se dit dans le groupe reste dans le groupe.<span class=\"ez-toc-section-end\"><\/span><\/h3>\n<p>\u2022 Ne pas divulguer les propos e\u0301change\u0301s durant les groupes de parole.<\/p>\n<h3><span class=\"ez-toc-section\" id=\"2_Des_que_possible_parler_en_utilisant_le_%C2%AB_Je_%C2%BB\"><\/span>2) De\u0300s que possible, parler en utilisant le \u00ab Je \u00bb.<span class=\"ez-toc-section-end\"><\/span><\/h3>\n<p>\u2022 Faire part de son propre point de vue sans le ge\u0301ne\u0301raliser aux autres.<\/p>\n<h3><span class=\"ez-toc-section\" id=\"3_Parler_essentiellement_de_soi_et_de_son_experience\"><\/span>3) \u00a0Parler essentiellement de soi et de son expe\u0301rience.<span class=\"ez-toc-section-end\"><\/span><\/h3>\n<h3><span class=\"ez-toc-section\" id=\"4_Savoir_ecouter_quand_une_personne_du_groupe_parle_ne_pas_linterrompre_et_attendre_quelle_ait_fini_avant_de_prendre_la_parole\"><\/span>4) \u00a0Savoir e\u0301couter quand une personne du groupe parle, ne pas l\u2019interrompre et attendre qu\u2019elle ait fini avant de prendre la parole.<span class=\"ez-toc-section-end\"><\/span><\/h3>\n<h3><span class=\"ez-toc-section\" id=\"5_Si_lemotion_devient_trop_intense_ou_difficile_pour_soi_on_peut_sortir_%E2%80%94_et_revenir_%E2%80%94_sans_etre_juge\"><\/span>5) \u00a0Si l&rsquo;e\u0301motion devient trop intense ou difficile pour soi, on peut sortir \u2014 et revenir \u2014 sans e\u0302tre juge\u0301.<span class=\"ez-toc-section-end\"><\/span><\/h3>\n<h3><span class=\"ez-toc-section\" id=\"6_Eviter_de_donner_des_conseils_directifs_aux_autres\"><\/span>6) \u00a0E\u0301viter de donner des conseils directifs aux autres.<span class=\"ez-toc-section-end\"><\/span><\/h3>\n<p>\u2022 Ne pas dire \u00abil faut faire ceci\u00bb ou \u00abtu dois faire cela\u00bb.<\/p>\n<h3><span class=\"ez-toc-section\" id=\"7_Respecter_les_opinions_qui_different_des_votres_en_essayant_de_ne_pas_porter_de_jugement\"><\/span>7) \u00a0Respecter les opinions qui diffe\u0300rent des v\u00f4tres, en essayant de ne pas porter de jugement.<span class=\"ez-toc-section-end\"><\/span><\/h3>\n<p>\u2022 Si une discussion particulie\u0300rement anime\u0301e surgit au sein du groupe, adopter une attitude visant a\u0300 calmer le de\u0301bat.<\/p>\n<h3><span class=\"ez-toc-section\" id=\"8_Respecter_le_droit_au_silence_des_participants\"><\/span>8) Respecter le droit au silence des participants.<span class=\"ez-toc-section-end\"><\/span><\/h3>\n<p>\u2022 Chacun est libre de prendre la parole ou non.<\/p>\n<h3><span class=\"ez-toc-section\" id=\"9_Sefforcer_de_respecter_les_horaires_des_activites\"><\/span>9) S\u2019efforcer de respecter les horaires des activite\u0301s.<span class=\"ez-toc-section-end\"><\/span><\/h3>\n<p>\u2022 En cas de manque de temps disponible, privil\u00e9gier de partir en avance plut\u00f4t que d\u2019arriver en retard (car moins d\u00e9rangeant pour les autres).<\/p>\n<h3><span class=\"ez-toc-section\" id=\"10_Respecter_les_directives_des_animatrices_et_animateurs\"><\/span>10) Respecter les directives des animatrices et animateurs.<span class=\"ez-toc-section-end\"><\/span><\/h3>\n<h3><span class=\"ez-toc-section\" id=\"11_Eviter_le_plus_possible_de_parler_des_sujets_suivants_politique_religion_spiritualite_philosophie_et_autres_sujets_%C2%AB_brulants_%C2%BB\"><\/span>11) E\u0301viter le plus possible de parler des sujets suivants : politique, religion, spiritualite\u0301, philosophie, et autres sujets \u00ab\u00a0br\u00fblants\u00a0\u00bb.<span class=\"ez-toc-section-end\"><\/span><\/h3>\n<h3><span class=\"ez-toc-section\" id=\"12_Ne_pas_faire_de_promotion_pour_un_medicament_ou_un_therapeute_particulier\"><\/span>12) Ne pas faire de promotion pour un me\u0301dicament ou un the\u0301rapeute particulier.<span class=\"ez-toc-section-end\"><\/span><\/h3>\n<h2><span class=\"ez-toc-section\" id=\"Mises_en_garde\"><\/span>Mises en garde<span class=\"ez-toc-section-end\"><\/span><\/h2>\n<p>L&rsquo;association engage sa responsabilite\u0301 uniquement pour les activite\u0301s propose\u0301es et encadre\u0301es par elle-me\u0302me (avec un lieu et un horaire pre\u0301de\u0301fini). De ce fait, tout incident impactant l&rsquo;un des membres de l&rsquo;association en dehors des activite\u0301s officielles de M\u00e9diagora Lyon ne rele\u0300vera pas de sa responsabilite\u0301.<\/p>\n<p>L\u2019association ne communique pas les coordonn\u00e9es de ses membres ou passagers sans leur autorisation explicite. Aujourd&rsquo;hui existent de nombreuses possibilite\u0301s pour contacter des personnes rencontre\u0301es lors des re\u0301unions, via divers re\u0301seaux sociaux. Si la personne que vous contactez de\u0301cide de ne pas vous re\u0301pondre, ne l&rsquo;interpre\u0301tez pas comme un rejet personnel. Respectez son droit ne pas vouloir communiquer.<\/p>\n<p>Si vous e\u0301prouvez des difficulte\u0301s majeures face a\u0300 une personne lors de nos activite\u0301s, vous pouvez alerter un membre du Bureau de l\u2019association.<\/p>\n[\/et_pb_text][\/et_pb_column][\/et_pb_row][\/et_pb_section]\n","protected":false},"excerpt":{"rendered":"<p>Charte de l&rsquo;association M\u00e9diagora Lyonversion 1 La participation \u00e0 nos re\u0301unions (en pr\u00e9sentiel ou \u00e0 distance) entra\u00eene l\u2019acceptation et le respect des consignes suivantes : Pre\u0301ambule Le Conseil d&rsquo;Administration est responsable juridiquement aupre\u0300s de l&rsquo;Administration.Il est garant du respect des Statuts et du Re\u0300glement Inte\u0301rieur, ainsi que du bon de\u0301roulement des activite\u0301s. Les adhe\u0301rents peuvent [&hellip;]<\/p>\n","protected":false},"author":1,"featured_media":0,"parent":0,"menu_order":0,"comment_status":"closed","ping_status":"closed","template":"","meta":{"_et_pb_use_builder":"on","_et_pb_old_content":"<p align=\"center\"><span style=\"font-size: xx-large;\"><span style=\"color: #72aac9;\"><span style=\"font-family: ArialRoundedMTBold;\">Charte<\/span><\/span> <span style=\"color: #72aac9;\"><span style=\"font-family: ArialRoundedMTBold;\">de<\/span><\/span> <span style=\"color: #72aac9;\"><span style=\"font-family: ArialRoundedMTBold;\">l\u2019association<\/span><\/span> <span style=\"color: #72aac9;\"><span style=\"font-family: ArialRoundedMTBold;\">M\u00e9diagora <\/span><\/span><span style=\"color: #72aac9;\"><span style=\"font-family: ArialRoundedMTBold;\">Lyon<\/span><\/span> <\/span><\/p>\r\n<p align=\"center\"><span style=\"font-family: TrebuchetMS;\"><span style=\"font-size: small;\"><b>vr 1<\/b><\/span><\/span><\/p>\r\n<p style=\"text-align: center;\"><span style=\"font-family: TrebuchetMS;\"><span style=\"font-size: small;\"><b>La participation \u00e0 nos re\u0301unions (en pr\u00e9sentiel ou \u00e0 distance) entra\u00eene l\u2019acceptation et le respect des consignes suivantes :<\/b><\/span><\/span><\/p>\r\n<span style=\"color: #006dbf;\"><span style=\"font-family: TrebuchetMS;\"><span style=\"font-size: medium;\"><b>Pre\u0301ambule <\/b><\/span><\/span><\/span>\r\n\r\n<span style=\"font-family: TrebuchetMS;\"><span style=\"font-size: small;\">Le Conseil d'Administration est responsable juridiquement aupre\u0300s de l'Administration.\r\nIl est garant du respect des Statuts et du Re\u0300glement Inte\u0301rieur, ainsi que du bon de\u0301roulement des activite\u0301s. Les adhe\u0301rents peuvent proposer leur aide aux administrateurs de l\u2019association, pre\u0301senter des suggestions et faire connaitre <\/span><\/span><span style=\"font-family: TrebuchetMS;\"><span style=\"font-size: small;\">l\u2019association<\/span><\/span><i> <\/i><span style=\"font-family: TrebuchetMS;\"><span style=\"font-size: small;\">a\u0300 leur entourage. <\/span><\/span>\r\n\r\n<span style=\"font-family: TrebuchetMS;\"><span style=\"font-size: small;\"><b>L\u2019entraide mutuelle <\/b><\/span><\/span><span style=\"color: #0c0c0c;\">\u2014 <\/span><span style=\"font-family: TrebuchetMS;\"><span style=\"font-size: small;\"><b>dans la bienveillance, le respect, l'e\u0301coute et le non-jugement <\/b><\/span><\/span><span style=\"color: #0c0c0c;\">\u2014 <\/span><span style=\"font-family: TrebuchetMS;\"><span style=\"font-size: small;\"><b>est primordiale au sein de l'association<\/b><\/span><\/span><span style=\"font-family: TrebuchetMS;\"><span style=\"font-size: small;\">. <\/span><\/span>\r\n\r\n<span style=\"color: #006dbf;\"><span style=\"font-family: TrebuchetMS;\"><span style=\"font-size: medium;\"><b>Comportement durant les regroupements (en pr\u00e9sentiel ou en t\u00e9l\u00e9-r\u00e9unions)<\/b><\/span><\/span><\/span>\r\n\r\n<span style=\"font-family: TrebuchetMS;\"><span style=\"font-size: small;\"><b>1) <\/b><\/span><\/span><span style=\"font-family: TrebuchetMS;\"><span style=\"font-size: small;\">Ce qui se dit dans le groupe reste dans le groupe.\r\n<\/span><\/span>\u2022 <span style=\"font-family: TrebuchetMS;\"><span style=\"font-size: small;\"><i>Ne pas divulguer les propos e\u0301change\u0301s durant les groupes de parole. <\/i><\/span><\/span>\r\n\r\n<span style=\"font-family: TrebuchetMS;\"><span style=\"font-size: small;\"><b>2) <\/b><\/span><\/span><span style=\"font-family: TrebuchetMS;\"><span style=\"font-size: small;\">De\u0300s que possible, parler en utilisant le \u00ab Je \u00bb.\r\n<\/span><\/span>\u2022 <span style=\"font-family: TrebuchetMS;\"><span style=\"font-size: small;\"><i>Faire part de son propre point de vue sans le ge\u0301ne\u0301raliser aux autres.<\/i><\/span><\/span>\r\n\r\n<span style=\"font-family: TrebuchetMS;\"><span style=\"font-size: small;\"><b>3) \u00a0<\/b><\/span><\/span><span style=\"font-family: TrebuchetMS;\"><span style=\"font-size: small;\">Parler essentiellement de soi et de son expe\u0301rience. <\/span><\/span>\r\n\r\n<span style=\"font-family: TrebuchetMS;\"><span style=\"font-size: small;\"><b>4) \u00a0<\/b><\/span><\/span><span style=\"font-family: TrebuchetMS;\"><span style=\"font-size: small;\">Savoir e\u0301couter quand une personne du groupe parle, ne pas l\u2019interrompre et attendre qu\u2019elle ait fini avant de prendre la parole. <\/span><\/span>\r\n\r\n<span style=\"font-family: TrebuchetMS;\"><span style=\"font-size: small;\"><b>5) \u00a0<\/b><\/span><\/span><span style=\"font-family: TrebuchetMS;\"><span style=\"font-size: small;\">Si l'e\u0301motion devient trop intense ou difficile pour soi, on peut sortir <\/span><\/span><span style=\"color: #0c0c0c;\">\u2014 <\/span><span style=\"font-family: TrebuchetMS;\"><span style=\"font-size: small;\">et revenir <\/span><\/span><span style=\"color: #0c0c0c;\">\u2014 <\/span><span style=\"font-family: TrebuchetMS;\"><span style=\"font-size: small;\">sans e\u0302tre juge\u0301. <\/span><\/span>\r\n\r\n<span style=\"font-family: TrebuchetMS;\"><span style=\"font-size: small;\"><b>6) \u00a0<\/b><\/span><\/span><span style=\"font-family: TrebuchetMS;\"><span style=\"font-size: small;\">E\u0301viter de donner des conseils directifs aux autres. <\/span><\/span>\r\n\r\n\u2022 <span style=\"font-family: TrebuchetMS;\"><span style=\"font-size: small;\">Ne pas dire<\/span><\/span> <span style=\"font-family: TrebuchetMS;\"><span style=\"font-size: small;\">\u00abil faut faire ceci\u00bb<\/span><\/span> <span style=\"font-family: TrebuchetMS;\"><span style=\"font-size: small;\">ou \u00abtu dois faire <\/span><\/span><span style=\"font-family: TrebuchetMS;\"><span style=\"font-size: small;\">cel<\/span><\/span><span style=\"font-family: TrebuchetMS;\"><span style=\"font-size: small;\">a\u00bb. <\/span><\/span>\r\n\r\n<span style=\"font-family: TrebuchetMS;\"><span style=\"font-size: small;\"><b>7) \u00a0<\/b><\/span><\/span><span style=\"font-family: TrebuchetMS;\"><span style=\"font-size: small;\">Respecter les opinions qui diffe\u0300rent des <\/span><\/span><span style=\"font-family: TrebuchetMS;\"><span style=\"font-size: small;\">v\u00f4tres<\/span><\/span><span style=\"font-family: TrebuchetMS;\"><span style=\"font-size: small;\">, en essayant de ne pas porter de jugement. <\/span><\/span>\r\n\r\n\u2022 <span style=\"font-family: TrebuchetMS;\"><span style=\"font-size: small;\"><i>Si une discussion particulie\u0300rement anime\u0301e surgit au sein du groupe, adopter une attitude visant a\u0300 calmer le de\u0301bat. <\/i><\/span><\/span>\r\n\r\n<span style=\"font-family: TrebuchetMS;\"><span style=\"font-size: small;\">8) Respecter le droit <\/span><\/span><span style=\"font-family: TrebuchetMS;\"><span style=\"font-size: small;\">au<\/span><\/span><span style=\"font-family: TrebuchetMS;\"><span style=\"font-size: small;\"> silence des participants.<\/span><\/span>\r\n\r\n\u2022 <span style=\"font-family: TrebuchetMS;\"><span style=\"font-size: small;\"><i>Chacun est libre de prendre la parole ou non.<\/i><\/span><\/span>\r\n\r\n<span style=\"font-family: TrebuchetMS;\"><span style=\"font-size: small;\"><b>9)<\/b><\/span><\/span> <span style=\"font-family: TrebuchetMS;\"><span style=\"font-size: small;\">S\u2019efforcer de respecter les horaires des activite\u0301s.<\/span><\/span>\r\n\r\n\u2022 <span style=\"font-family: TrebuchetMS;\"><span style=\"font-size: small;\"><i>En cas de manque de temps disponible, privil\u00e9gier de partir en avance plut\u00f4t que d\u2019arriver en retard (car moins d\u00e9rangeant pour les autres).<\/i><\/span><\/span>\r\n\r\n<span style=\"font-family: TrebuchetMS;\"><span style=\"font-size: small;\"><b>10) <\/b><\/span><\/span><span style=\"font-family: TrebuchetMS;\"><span style=\"font-size: small;\">Respecter l<\/span><\/span><span style=\"font-family: TrebuchetMS;\"><span style=\"font-size: small;\">es<\/span><\/span><span style=\"font-family: TrebuchetMS;\"><span style=\"font-size: small;\"> directi<\/span><\/span><span style=\"font-family: TrebuchetMS;\"><span style=\"font-size: small;\">ves<\/span><\/span><span style=\"font-family: TrebuchetMS;\"><span style=\"font-size: small;\"> des animatrices et animateurs.<\/span><\/span>\r\n\r\n<span style=\"font-family: TrebuchetMS;\"><span style=\"font-size: small;\"><b>11) <\/b><\/span><\/span><span style=\"font-family: TrebuchetMS;\"><span style=\"font-size: small;\">E\u0301viter le plus possible de parler des sujets suivants : politique, religion, spiritualite\u0301, philosophie, <\/span><\/span><span style=\"font-family: TrebuchetMS;\"><span style=\"font-size: small;\">et autres sujets \u00ab\u00a0br\u00fblant<\/span><\/span><span style=\"font-family: TrebuchetMS;\"><span style=\"font-size: small;\">s<\/span><\/span><span style=\"font-family: TrebuchetMS;\"><span style=\"font-size: small;\">\u00a0\u00bb.<\/span><\/span>\r\n\r\n<span style=\"font-family: TrebuchetMS;\"><span style=\"font-size: small;\"><b>12) <\/b><\/span><\/span><span style=\"font-family: TrebuchetMS;\"><span style=\"font-size: small;\">Ne pas faire de promotion pour un me\u0301dicament ou un the\u0301rapeute particulier. <\/span><\/span>\r\n\r\n\u00a0\r\n\r\n<span style=\"color: #006dbf;\"><span style=\"font-family: TrebuchetMS;\"><span style=\"font-size: medium;\"><b>Mises en garde <\/b><\/span><\/span><\/span>\r\n\r\n<span style=\"font-family: TrebuchetMS;\"><span style=\"font-size: small;\">L'association engage sa responsabilite\u0301 uniquement pour les activite\u0301s propose\u0301es et encadre\u0301es par elle-me\u0302me (avec un lieu et un horaire pre\u0301de\u0301fini). <\/span><\/span><span style=\"font-family: TrebuchetMS;\"><span style=\"font-size: small;\"><b>De ce fait, tout incident impactant l'un des membres de l'association en dehors des activite\u0301s officielles de <\/b><\/span><\/span><span style=\"font-family: TrebuchetMS;\"><span style=\"font-size: small;\"><b>M\u00e9diagora Lyon<\/b><\/span><\/span><span style=\"font-family: TrebuchetMS;\"><span style=\"font-size: small;\"><b> ne rele\u0300vera pas de sa responsabilite\u0301. <\/b><\/span><\/span>\r\n\r\n<span style=\"font-family: TrebuchetMS;\"><span style=\"font-size: small;\"><b>L\u2019association ne c<\/b><\/span><\/span><span style=\"font-family: TrebuchetMS;\"><span style=\"font-size: small;\"><b>ommunique pas les coordonn\u00e9es de ses membres ou passagers sans leur autorisation explicite<\/b><\/span><\/span><span style=\"font-family: TrebuchetMS;\"><span style=\"font-size: small;\"><b>. <\/b><\/span><\/span><span style=\"font-family: TrebuchetMS;\"><span style=\"font-size: small;\">Aujourd'hui existent de nombreuses possibilite\u0301s pour contacter des personnes rencontre\u0301es lors des re\u0301unions, via divers re\u0301seaux sociaux. Si la personne <\/span><\/span><span style=\"font-family: TrebuchetMS;\"><span style=\"font-size: small;\">que vous <\/span><\/span><span style=\"font-family: TrebuchetMS;\"><span style=\"font-size: small;\">contacte<\/span><\/span><span style=\"font-family: TrebuchetMS;\"><span style=\"font-size: small;\">z<\/span><\/span><span style=\"font-family: TrebuchetMS;\"><span style=\"font-size: small;\"> de\u0301cide de ne pas vous re\u0301pondre, ne l'interpre\u0301tez pas comme un rejet personnel. Respectez son droit ne pas vouloir communiquer. <\/span><\/span>\r\n\r\n<span style=\"font-family: TrebuchetMS;\"><span style=\"font-size: small;\">Si vous e\u0301prouvez des difficulte\u0301s majeures face a\u0300 une personne lors de nos activite\u0301s, vous pouvez <\/span><\/span><span style=\"font-family: TrebuchetMS;\"><span style=\"font-size: small;\">alerter<\/span><\/span><span style=\"font-family: TrebuchetMS;\"><span style=\"font-size: small;\"> un membre du Bureau de l\u2019association. <\/span><\/span>","_et_gb_content_width":"","footnotes":""},"class_list":["post-3789","page","type-page","status-publish","hentry"],"yoast_head":"<!-- This site is optimized with the Yoast SEO plugin v28.3 - https:\/\/yoast.com\/product\/yoast-seo-wordpress\/ -->\n<title>Charte de Mediagora Lyon - M\u00e9diagoras Lyon<\/title>\n<meta name=\"description\" content=\"Charte de M\u00e9diagoras Lyon : La participation des re\u0301unions (pr\u00e9sentiel \/ distance) fait l\u2019acceptation et le respect des consignes suivantes.\" \/>\n<meta name=\"robots\" content=\"index, follow, max-snippet:-1, max-image-preview:large, max-video-preview:-1\" \/>\n<link rel=\"canonical\" href=\"https:\/\/mediagoras.fr\/exemple\/charte-de-mediagora-lyon\/\" \/>\n<meta property=\"og:locale\" content=\"fr_FR\" \/>\n<meta property=\"og:type\" content=\"article\" \/>\n<meta property=\"og:title\" content=\"Charte de Mediagora Lyon - M\u00e9diagoras Lyon\" \/>\n<meta property=\"og:description\" content=\"Charte de M\u00e9diagoras Lyon : La participation des re\u0301unions (pr\u00e9sentiel \/ distance) fait l\u2019acceptation et le respect des consignes suivantes.\" \/>\n<meta property=\"og:url\" content=\"https:\/\/mediagoras.fr\/exemple\/charte-de-mediagora-lyon\/\" \/>\n<meta property=\"og:site_name\" content=\"M\u00e9diagoras Lyon\" \/>\n<meta property=\"article:modified_time\" content=\"2026-08-31T14:59:48+00:00\" \/>\n<meta name=\"twitter:card\" content=\"summary_large_image\" \/>\n<meta name=\"twitter:label1\" content=\"Dur\u00e9e de lecture estim\u00e9e\" \/>\n\t<meta name=\"twitter:data1\" content=\"3 minutes\" \/>\n<script type=\"application\/ld+json\" class=\"yoast-schema-graph\">{\"@context\":\"https:\\\/\\\/schema.org\",\"@graph\":[{\"@type\":\"WebPage\",\"@id\":\"https:\\\/\\\/mediagoras.fr\\\/exemple\\\/charte-de-mediagora-lyon\\\/\",\"url\":\"https:\\\/\\\/mediagoras.fr\\\/exemple\\\/charte-de-mediagora-lyon\\\/\",\"name\":\"Charte de Mediagora Lyon - M\u00e9diagoras Lyon\",\"isPartOf\":{\"@id\":\"https:\\\/\\\/mediagoras.fr\\\/exemple\\\/#website\"},\"datePublished\":\"2026-08-04T14:04:23+00:00\",\"dateModified\":\"2026-08-31T14:59:48+00:00\",\"description\":\"Charte de M\u00e9diagoras Lyon : La participation des re\u0301unions (pr\u00e9sentiel \\\/ distance) fait l\u2019acceptation et le respect des consignes suivantes.\",\"breadcrumb\":{\"@id\":\"https:\\\/\\\/mediagoras.fr\\\/exemple\\\/charte-de-mediagora-lyon\\\/#breadcrumb\"},\"inLanguage\":\"fr-FR\",\"potentialAction\":[{\"@type\":\"ReadAction\",\"target\":[\"https:\\\/\\\/mediagoras.fr\\\/exemple\\\/charte-de-mediagora-lyon\\\/\"]}]},{\"@type\":\"BreadcrumbList\",\"@id\":\"https:\\\/\\\/mediagoras.fr\\\/exemple\\\/charte-de-mediagora-lyon\\\/#breadcrumb\",\"itemListElement\":[{\"@type\":\"ListItem\",\"position\":1,\"name\":\"Accueil\",\"item\":\"https:\\\/\\\/mediagoras.fr\\\/exemple\\\/\"},{\"@type\":\"ListItem\",\"position\":2,\"name\":\"Charte de Mediagora Lyon\"}]},{\"@type\":\"WebSite\",\"@id\":\"https:\\\/\\\/mediagoras.fr\\\/exemple\\\/#website\",\"url\":\"https:\\\/\\\/mediagoras.fr\\\/exemple\\\/\",\"name\":\"M\u00e9diagoras Lyon\",\"description\":\"Un site utilisant R\u00e9seau Mediagora\",\"potentialAction\":[{\"@type\":\"SearchAction\",\"target\":{\"@type\":\"EntryPoint\",\"urlTemplate\":\"https:\\\/\\\/mediagoras.fr\\\/exemple\\\/?s={search_term_string}\"},\"query-input\":{\"@type\":\"PropertyValueSpecification\",\"valueRequired\":true,\"valueName\":\"search_term_string\"}}],\"inLanguage\":\"fr-FR\"}]}<\/script>\n<!-- \/ Yoast SEO plugin. -->","yoast_head_json":{"title":"Charte de Mediagora Lyon - M\u00e9diagoras Lyon","description":"Charte de M\u00e9diagoras Lyon : La participation des re\u0301unions (pr\u00e9sentiel \/ distance) fait l\u2019acceptation et le respect des consignes suivantes.","robots":{"index":"index","follow":"follow","max-snippet":"max-snippet:-1","max-image-preview":"max-image-preview:large","max-video-preview":"max-video-preview:-1"},"canonical":"https:\/\/mediagoras.fr\/exemple\/charte-de-mediagora-lyon\/","og_locale":"fr_FR","og_type":"article","og_title":"Charte de Mediagora Lyon - M\u00e9diagoras Lyon","og_description":"Charte de M\u00e9diagoras Lyon : La participation des re\u0301unions (pr\u00e9sentiel \/ distance) fait l\u2019acceptation et le respect des consignes suivantes.","og_url":"https:\/\/mediagoras.fr\/exemple\/charte-de-mediagora-lyon\/","og_site_name":"M\u00e9diagoras Lyon","article_modified_time":"2026-08-31T14:59:48+00:00","twitter_card":"summary_large_image","twitter_misc":{"Dur\u00e9e de lecture estim\u00e9e":"3 minutes"},"schema":{"@context":"https:\/\/schema.org","@graph":[{"@type":"WebPage","@id":"https:\/\/mediagoras.fr\/exemple\/charte-de-mediagora-lyon\/","url":"https:\/\/mediagoras.fr\/exemple\/charte-de-mediagora-lyon\/","name":"Charte de Mediagora Lyon - M\u00e9diagoras Lyon","isPartOf":{"@id":"https:\/\/mediagoras.fr\/exemple\/#website"},"datePublished":"2026-08-04T14:04:23+00:00","dateModified":"2026-08-31T14:59:48+00:00","description":"Charte de M\u00e9diagoras Lyon : La participation des re\u0301unions (pr\u00e9sentiel \/ distance) fait l\u2019acceptation et le respect des consignes suivantes.","breadcrumb":{"@id":"https:\/\/mediagoras.fr\/exemple\/charte-de-mediagora-lyon\/#breadcrumb"},"inLanguage":"fr-FR","potentialAction":[{"@type":"ReadAction","target":["https:\/\/mediagoras.fr\/exemple\/charte-de-mediagora-lyon\/"]}]},{"@type":"BreadcrumbList","@id":"https:\/\/mediagoras.fr\/exemple\/charte-de-mediagora-lyon\/#breadcrumb","itemListElement":[{"@type":"ListItem","position":1,"name":"Accueil","item":"https:\/\/mediagoras.fr\/exemple\/"},{"@type":"ListItem","position":2,"name":"Charte de Mediagora Lyon"}]},{"@type":"WebSite","@id":"https:\/\/mediagoras.fr\/exemple\/#website","url":"https:\/\/mediagoras.fr\/exemple\/","name":"M\u00e9diagoras Lyon","description":"Un site utilisant R\u00e9seau Mediagora","potentialAction":[{"@type":"SearchAction","target":{"@type":"EntryPoint","urlTemplate":"https:\/\/mediagoras.fr\/exemple\/?s={search_term_string}"},"query-input":{"@type":"PropertyValueSpecification","valueRequired":true,"valueName":"search_term_string"}}],"inLanguage":"fr-FR"}]}},"_links":{"self":[{"href":"https:\/\/mediagoras.fr\/exemple\/wp-json\/wp\/v2\/pages\/3789","targetHints":{"allow":["GET"]}}],"collection":[{"href":"https:\/\/mediagoras.fr\/exemple\/wp-json\/wp\/v2\/pages"}],"about":[{"href":"https:\/\/mediagoras.fr\/exemple\/wp-json\/wp\/v2\/types\/page"}],"author":[{"embeddable":true,"href":"https:\/\/mediagoras.fr\/exemple\/wp-json\/wp\/v2\/users\/1"}],"replies":[{"embeddable":true,"href":"https:\/\/mediagoras.fr\/exemple\/wp-json\/wp\/v2\/comments?post=3789"}],"version-history":[{"count":9,"href":"https:\/\/mediagoras.fr\/exemple\/wp-json\/wp\/v2\/pages\/3789\/revisions"}],"predecessor-version":[{"id":3914,"href":"https:\/\/mediagoras.fr\/exemple\/wp-json\/wp\/v2\/pages\/3789\/revisions\/3914"}],"wp:attachment":[{"href":"https:\/\/mediagoras.fr\/exemple\/wp-json\/wp\/v2\/media?parent=3789"}],"curies":[{"name":"wp","href":"https:\/\/api.w.org\/{rel}","templated":true}]}}