{"id":434,"date":"2017-10-01T00:52:39","date_gmt":"2017-09-30T22:52:39","guid":{"rendered":"http:\/\/mediagoras.fr\/?page_id=434"},"modified":"2017-10-01T00:52:39","modified_gmt":"2017-09-30T22:52:39","slug":"quelques-definitions","status":"publish","type":"page","link":"https:\/\/mediagoras.fr\/exemple\/quelques-definitions\/","title":{"rendered":"Quelques d\u00e9finitions"},"content":{"rendered":"<p style=\"text-align: right\"><span style=\"font-size: x-small\">Derni\u00e8re mise \u00e0 jour de cette page 1-10-2017<\/span><\/p>\n<p><strong><span style=\"color: #cc0000\">Avertissement<\/span><\/strong> : <em>les d\u00e9finitions ci-dessous ne sont pas suffisantes pour vous permettre d&rsquo;\u00e9tablir un auto-diagnostic. Par exemple, il est fr\u00e9quent que les \u00e9tats d\u00e9pressifs augmentent (parfois tr\u00e8s fortement) notre anxi\u00e9t\u00e9. On pourrait alors croire \u00eatre atteint d&rsquo;un trouble anxieux, alors que c&rsquo;est la d\u00e9pression qui en est la cause. Inversement, beaucoup de personnes anxieuses ont tendance \u00e0 \u00ab\u00a0tomber\u00a0\u00bb en d\u00e9pression. Dans ces cas, la d\u00e9pression n&rsquo;est alors qu&rsquo;une cons\u00e9quence (qu&rsquo;il faut n\u00e9anmoins soigner), et risque de r\u00e9cidiver si on ne progresse pas parall\u00e8lement du cot\u00e9 de l&rsquo;anxi\u00e9t\u00e9 &#8230;<\/em><\/p>\n<p><em> Il existe aussi d&rsquo;autres troubles psychiques qui peuvent d\u00e9clancher de l&rsquo;anxi\u00e9t\u00e9 excessive. <\/em><\/p>\n<p><em>Voil\u00e0 pourquoi, si vous vous reconnaissez dans une des d\u00e9finitions ci-dessous, il convient de faire <strong><span style=\"color: #cc0000\">confirmer<\/span><\/strong> vos doutes par un psychologue ou psychiatre (de pr\u00e9f\u00e9rence <span style=\"color: #cc0000\">sp\u00e9cialis\u00e9 dans le traitement des troubles anxieux<\/span>).<\/em><\/p>\n<p style=\"text-align: center\">* * *<\/p>\n<p><strong>Phobie sociale<\/strong> Peur irraisonn\u00e9e, intense et persistante de situations sociales. La personne redoute d&rsquo;\u00eatre \u00e9valu\u00e9e, critiqu\u00e9e ou jug\u00e9e ridicule. Elle craint d&rsquo;\u00eatre expos\u00e9e \u00e0 l&rsquo;\u00e9ventuelle observation attentive d&rsquo;autrui et donc d&rsquo;agir de fa\u00e7on humiliante ou embarrassante Elle reconna\u00eet le caract\u00e8re excessif de la peur. Pourtant, les situations sociales ou de performance sont \u00e9vit\u00e9es ou v\u00e9cues avec une anxi\u00e9t\u00e9 et une d\u00e9tresse intenses. L&rsquo;\u00e9vitement, l&rsquo;anticipation anxieuse ou la souffrance dans les situations redout\u00e9es sociales ou de performance perturbent, de fa\u00e7on importante, les habitudes de l&rsquo;individu, ses activit\u00e9s professionnelles (ou scolaires) ou bien ses activit\u00e9s sociales ou ses relations avec autrui. Les difficult\u00e9s rencontr\u00e9es : &#8211; peur de rougir &#8211; peur de manger, d&rsquo;\u00e9crire, de travailler sous le regard d&rsquo;autrui &#8211; peur de formuler des demandes &#8211; peur de parler devant un groupe &#8211; peur de faire de nouvelles rencontres.<\/p>\n<p>De 2 \u00e0 10% des personnes pr\u00e9sentent ce trouble (selon o\u00f9 l&rsquo;on place la limite entre le normal et le pathologique).<\/p>\n<p>&nbsp;<\/p>\n<p><strong>Attaque de Panique :<\/strong> Terreur soudaine ou malaise intense survenant en dehors des circonstances impliquant un risque vital. Elle se manifeste par des sympt\u00f4mes tels que :<\/p>\n<p>&#8211; la peur de mourir &#8211; la peur de devenir fou &#8211; la peur de perdre le contr\u00f4le se soi &#8211; un sentiment d&rsquo;irr\u00e9alit\u00e9 ou de d\u00e9personnalisation &#8211; l&rsquo;impression de s&rsquo;\u00e9vanouir &#8211; des sensations d&rsquo;\u00e9vanouissement &#8211; des \u00e9tourdissements &#8211; des vertiges &#8211; des palpitations &#8211; des tremblements, des secousses musculaires &#8211; des sensations d&rsquo;\u00e9tranglement &#8211; des bourdonnements d&rsquo;oreilles &#8211; de la transpiration &#8211; un voile blanc devant les yeux &#8211; des frissons ou bouff\u00e9es de chaleur.<\/p>\n<p>Au moins 2% de la population g\u00e9n\u00e9rale souffre de ce trouble.<\/p>\n<p>&nbsp;<\/p>\n<p><strong>Agoraphobie :\u00a0<\/strong> Anxi\u00e9t\u00e9 de se retrouver dans des endroits ou des situations d&rsquo;o\u00f9 il pourrait \u00eatre difficile (ou g\u00eanant) de s&rsquo;\u00e9chapper ou dans lesquels on pourrait ne pas trouver de secours en cas d&rsquo;attaque de panique. Situations caract\u00e9ristiques : se trouver seul en dehors de son domicile; \u00eatre dans une foule ou une file d&rsquo;attente; sur un pont ou dans un m\u00e9tro. Ces situations sont soit \u00e9vit\u00e9es soit subies avec une souffrance intense ou bien avec la crainte d&rsquo;avoir une attaque de panique ou bien n\u00e9cessitant la pr\u00e9sence d&rsquo;un accompagnant.<\/p>\n<p>&nbsp;<\/p>\n<p><strong>Anxi\u00e9t\u00e9 g\u00e9n\u00e9ralis\u00e9e :<\/strong> Anxi\u00e9t\u00e9 chronique qui se manifeste par une inqui\u00e9tude continue et excessive dans toutes les activit\u00e9s courantes de la vie. Le quotidien (travail, famille, sant\u00e9, finance, etc.) est \u00e0 l\u2019origine de tourments intenses, de tensions permanentes, d\u2019angoisses insurmontables. La personne anxieuse se sent constamment d\u00e9bord\u00e9e par les \u00e9v\u00e9nements. Elle imagine des sc\u00e9narios catastrophes qui pourraient survenir \u00e0 elle ou \u00e0 ses proches. L&rsquo;anxi\u00e9t\u00e9 g\u00e9n\u00e9ralis\u00e9 va souvent de pair avec l&rsquo;intol\u00e9rance \u00e0 l&rsquo;incertitude, l&rsquo;\u00e9motivit\u00e9, l&rsquo;irritabilit\u00e9, le besoin constant de bien faire et d&rsquo;\u00eatre rassur\u00e9.<br \/>\nLes sympt\u00f4mes les plus souvent \u00e9prouv\u00e9s sont la fatigue (parfois jusqu&rsquo;\u00e0 l&rsquo;\u00e9puisement), des difficult\u00e9s de concentration, des tensions musculaires, maux de t\u00eate, migraines, troubles du sommeil ou de la digestion &#8230;<\/p>\n<p>Au moins 10% de la population g\u00e9n\u00e9rale souffrirait de ce trouble.<\/p>\n<p>&nbsp;<\/p>\n<p><strong>Stress post-traumatique :<\/strong> ce trouble survient \u00e0 la suite d\u2019une (ou plusieurs) exp\u00e9rience terrifiante ayant mis en danger la vie de l\u2019individu ou de ses proches mais aussi \u00e0 la vue d\u2019actes violents perp\u00e9tr\u00e9s contre d\u2019autres personnes:<\/p>\n<p>&#8211; attentats<br \/>\n&#8211; guerres- agressions<br \/>\n&#8211; abus sexuels<br \/>\n&#8211; accidents graves<br \/>\n&#8211; catastrophes naturelles<br \/>\n&#8211; d\u00e9c\u00e8s, etc.<\/p>\n<p>La cause peut-\u00eatre majeure en une seule fois ou bien ce peut-\u00eatre des stress moins massifs mais multiples et\/ou r\u00e9p\u00e9t\u00e9s.<\/p>\n<p>La personne a r\u00e9agit \u00e0 l\u2019\u00e9v\u00e9nement par une peur intense, un sentiment d\u2019horreur et d\u2019impuissance.<br \/>\nLe trouble appara\u00eet quand la personne se met \u00e0 revivre la situation sous forme de cauchemars, de flash-back, de ruminations obs\u00e9dantes. Elle tente d\u2019oublier tout ce qui lui rappelle l\u2019\u00e9pisode tragique.<br \/>\nElle a tendance \u00e0 \u00e9viter les lieux et les personnes li\u00e9s au traumatisme. Elle \u00e0 du mal \u00e0 s\u2019endormir et \u00e0 se concentrer, elle est tout le temps sur ses gardes, elle s\u2019irrite facilement. Pour que le trouble soit consid\u00e9r\u00e9 comme caract\u00e9ristique, il faut qu&rsquo;il dure depuis plus d\u2019un mois (mais \u00e7a ne devrait pas emp\u00eacher les personnes victimes de traumatismes de rechercher de l&rsquo;aide rapidement si elle se sentent trop impact\u00e9es) .<\/p>\n<p>&nbsp;<\/p>\n","protected":false},"excerpt":{"rendered":"<p>Derni\u00e8re mise \u00e0 jour de cette page 1-10-2017 Avertissement : les d\u00e9finitions ci-dessous ne sont pas suffisantes pour vous permettre d&rsquo;\u00e9tablir un auto-diagnostic. Par exemple, il est fr\u00e9quent que les \u00e9tats d\u00e9pressifs augmentent (parfois tr\u00e8s fortement) notre anxi\u00e9t\u00e9. On pourrait alors croire \u00eatre atteint d&rsquo;un trouble anxieux, alors que c&rsquo;est la d\u00e9pression qui en est [&hellip;]<\/p>\n","protected":false},"author":38,"featured_media":0,"parent":0,"menu_order":0,"comment_status":"closed","ping_status":"open","template":"onecolumn-page.php","meta":{"_et_pb_use_builder":"","_et_pb_old_content":"","_et_gb_content_width":"","footnotes":""},"class_list":["post-434","page","type-page","status-publish","hentry"],"yoast_head":"<!-- This site is optimized with the Yoast SEO plugin v28.3 - https:\/\/yoast.com\/product\/yoast-seo-wordpress\/ -->\n<title>attaques de panique, agoraphobie, phobie sociale, anxi\u00e9t\u00e9 g\u00e9n\u00e9ralis\u00e9e; d\u00e9pression, auto-diagnostic;<\/title>\n<meta name=\"description\" content=\"D\u00e9finitions de quelques troubles anxieux parmi les plus invalidants - attaques de panique, agoraphobie, phobie sociale, anxi\u00e9t\u00e9 g\u00e9n\u00e9ralis\u00e9e (ou chronique).\" \/>\n<meta name=\"robots\" content=\"index, follow, max-snippet:-1, max-image-preview:large, max-video-preview:-1\" \/>\n<link rel=\"canonical\" href=\"https:\/\/mediagoras.fr\/exemple\/quelques-definitions\/\" \/>\n<meta property=\"og:locale\" content=\"fr_FR\" \/>\n<meta property=\"og:type\" content=\"article\" \/>\n<meta property=\"og:title\" content=\"attaques de panique, agoraphobie, phobie sociale, anxi\u00e9t\u00e9 g\u00e9n\u00e9ralis\u00e9e; d\u00e9pression, auto-diagnostic;\" \/>\n<meta property=\"og:description\" content=\"D\u00e9finitions de quelques troubles anxieux parmi les plus invalidants - attaques de panique, agoraphobie, phobie sociale, anxi\u00e9t\u00e9 g\u00e9n\u00e9ralis\u00e9e (ou chronique).\" \/>\n<meta property=\"og:url\" content=\"https:\/\/mediagoras.fr\/exemple\/quelques-definitions\/\" \/>\n<meta property=\"og:site_name\" content=\"M\u00e9diagoras Lyon\" \/>\n<meta name=\"twitter:card\" content=\"summary_large_image\" \/>\n<meta name=\"twitter:label1\" content=\"Dur\u00e9e de lecture estim\u00e9e\" \/>\n\t<meta name=\"twitter:data1\" content=\"5 minutes\" \/>\n<script type=\"application\/ld+json\" class=\"yoast-schema-graph\">{\"@context\":\"https:\\\/\\\/schema.org\",\"@graph\":[{\"@type\":\"WebPage\",\"@id\":\"https:\\\/\\\/mediagoras.fr\\\/exemple\\\/quelques-definitions\\\/\",\"url\":\"https:\\\/\\\/mediagoras.fr\\\/exemple\\\/quelques-definitions\\\/\",\"name\":\"attaques de panique, agoraphobie, phobie sociale, anxi\u00e9t\u00e9 g\u00e9n\u00e9ralis\u00e9e; d\u00e9pression, auto-diagnostic;\",\"isPartOf\":{\"@id\":\"https:\\\/\\\/mediagoras.fr\\\/exemple\\\/#website\"},\"datePublished\":\"2017-09-30T22:52:39+00:00\",\"description\":\"D\u00e9finitions de quelques troubles anxieux parmi les plus invalidants - attaques de panique, agoraphobie, phobie sociale, anxi\u00e9t\u00e9 g\u00e9n\u00e9ralis\u00e9e (ou chronique).\",\"breadcrumb\":{\"@id\":\"https:\\\/\\\/mediagoras.fr\\\/exemple\\\/quelques-definitions\\\/#breadcrumb\"},\"inLanguage\":\"fr-FR\",\"potentialAction\":[{\"@type\":\"ReadAction\",\"target\":[\"https:\\\/\\\/mediagoras.fr\\\/exemple\\\/quelques-definitions\\\/\"]}]},{\"@type\":\"BreadcrumbList\",\"@id\":\"https:\\\/\\\/mediagoras.fr\\\/exemple\\\/quelques-definitions\\\/#breadcrumb\",\"itemListElement\":[{\"@type\":\"ListItem\",\"position\":1,\"name\":\"Accueil\",\"item\":\"https:\\\/\\\/mediagoras.fr\\\/exemple\\\/\"},{\"@type\":\"ListItem\",\"position\":2,\"name\":\"Quelques d\u00e9finitions\"}]},{\"@type\":\"WebSite\",\"@id\":\"https:\\\/\\\/mediagoras.fr\\\/exemple\\\/#website\",\"url\":\"https:\\\/\\\/mediagoras.fr\\\/exemple\\\/\",\"name\":\"M\u00e9diagoras Lyon\",\"description\":\"Un site utilisant R\u00e9seau Mediagora\",\"potentialAction\":[{\"@type\":\"SearchAction\",\"target\":{\"@type\":\"EntryPoint\",\"urlTemplate\":\"https:\\\/\\\/mediagoras.fr\\\/exemple\\\/?s={search_term_string}\"},\"query-input\":{\"@type\":\"PropertyValueSpecification\",\"valueRequired\":true,\"valueName\":\"search_term_string\"}}],\"inLanguage\":\"fr-FR\"}]}<\/script>\n<!-- \/ Yoast SEO plugin. -->","yoast_head_json":{"title":"attaques de panique, agoraphobie, phobie sociale, anxi\u00e9t\u00e9 g\u00e9n\u00e9ralis\u00e9e; d\u00e9pression, auto-diagnostic;","description":"D\u00e9finitions de quelques troubles anxieux parmi les plus invalidants - attaques de panique, agoraphobie, phobie sociale, anxi\u00e9t\u00e9 g\u00e9n\u00e9ralis\u00e9e (ou chronique).","robots":{"index":"index","follow":"follow","max-snippet":"max-snippet:-1","max-image-preview":"max-image-preview:large","max-video-preview":"max-video-preview:-1"},"canonical":"https:\/\/mediagoras.fr\/exemple\/quelques-definitions\/","og_locale":"fr_FR","og_type":"article","og_title":"attaques de panique, agoraphobie, phobie sociale, anxi\u00e9t\u00e9 g\u00e9n\u00e9ralis\u00e9e; d\u00e9pression, auto-diagnostic;","og_description":"D\u00e9finitions de quelques troubles anxieux parmi les plus invalidants - attaques de panique, agoraphobie, phobie sociale, anxi\u00e9t\u00e9 g\u00e9n\u00e9ralis\u00e9e (ou chronique).","og_url":"https:\/\/mediagoras.fr\/exemple\/quelques-definitions\/","og_site_name":"M\u00e9diagoras Lyon","twitter_card":"summary_large_image","twitter_misc":{"Dur\u00e9e de lecture estim\u00e9e":"5 minutes"},"schema":{"@context":"https:\/\/schema.org","@graph":[{"@type":"WebPage","@id":"https:\/\/mediagoras.fr\/exemple\/quelques-definitions\/","url":"https:\/\/mediagoras.fr\/exemple\/quelques-definitions\/","name":"attaques de panique, agoraphobie, phobie sociale, anxi\u00e9t\u00e9 g\u00e9n\u00e9ralis\u00e9e; d\u00e9pression, auto-diagnostic;","isPartOf":{"@id":"https:\/\/mediagoras.fr\/exemple\/#website"},"datePublished":"2017-09-30T22:52:39+00:00","description":"D\u00e9finitions de quelques troubles anxieux parmi les plus invalidants - attaques de panique, agoraphobie, phobie sociale, anxi\u00e9t\u00e9 g\u00e9n\u00e9ralis\u00e9e (ou chronique).","breadcrumb":{"@id":"https:\/\/mediagoras.fr\/exemple\/quelques-definitions\/#breadcrumb"},"inLanguage":"fr-FR","potentialAction":[{"@type":"ReadAction","target":["https:\/\/mediagoras.fr\/exemple\/quelques-definitions\/"]}]},{"@type":"BreadcrumbList","@id":"https:\/\/mediagoras.fr\/exemple\/quelques-definitions\/#breadcrumb","itemListElement":[{"@type":"ListItem","position":1,"name":"Accueil","item":"https:\/\/mediagoras.fr\/exemple\/"},{"@type":"ListItem","position":2,"name":"Quelques d\u00e9finitions"}]},{"@type":"WebSite","@id":"https:\/\/mediagoras.fr\/exemple\/#website","url":"https:\/\/mediagoras.fr\/exemple\/","name":"M\u00e9diagoras Lyon","description":"Un site utilisant R\u00e9seau Mediagora","potentialAction":[{"@type":"SearchAction","target":{"@type":"EntryPoint","urlTemplate":"https:\/\/mediagoras.fr\/exemple\/?s={search_term_string}"},"query-input":{"@type":"PropertyValueSpecification","valueRequired":true,"valueName":"search_term_string"}}],"inLanguage":"fr-FR"}]}},"_links":{"self":[{"href":"https:\/\/mediagoras.fr\/exemple\/wp-json\/wp\/v2\/pages\/434","targetHints":{"allow":["GET"]}}],"collection":[{"href":"https:\/\/mediagoras.fr\/exemple\/wp-json\/wp\/v2\/pages"}],"about":[{"href":"https:\/\/mediagoras.fr\/exemple\/wp-json\/wp\/v2\/types\/page"}],"author":[{"embeddable":true,"href":"https:\/\/mediagoras.fr\/exemple\/wp-json\/wp\/v2\/users\/38"}],"replies":[{"embeddable":true,"href":"https:\/\/mediagoras.fr\/exemple\/wp-json\/wp\/v2\/comments?post=434"}],"version-history":[{"count":0,"href":"https:\/\/mediagoras.fr\/exemple\/wp-json\/wp\/v2\/pages\/434\/revisions"}],"wp:attachment":[{"href":"https:\/\/mediagoras.fr\/exemple\/wp-json\/wp\/v2\/media?parent=434"}],"curies":[{"name":"wp","href":"https:\/\/api.w.org\/{rel}","templated":true}]}}