{"id":489,"date":"2025-09-06T00:20:10","date_gmt":"2025-09-05T22:20:10","guid":{"rendered":"http:\/\/mediagoras.fr\/?page_id=489"},"modified":"2026-07-11T18:01:04","modified_gmt":"2026-07-11T16:01:04","slug":"associations-mediagora","status":"publish","type":"page","link":"https:\/\/mediagoras.fr\/exemple\/nous-contacter\/associations-mediagora\/","title":{"rendered":"Les Associations M\u00e9diagora ou apparent\u00e9es"},"content":{"rendered":"[et_pb_section fb_built=\u00a0\u00bb1&Prime; admin_label=\u00a0\u00bbsection\u00a0\u00bb _builder_version=\u00a0\u00bb4.16&Prime; global_colors_info=\u00a0\u00bb{}\u00a0\u00bb][et_pb_row admin_label=\u00a0\u00bbrow\u00a0\u00bb _builder_version=\u00a0\u00bb4.16&Prime; background_size=\u00a0\u00bbinitial\u00a0\u00bb background_position=\u00a0\u00bbtop_left\u00a0\u00bb background_repeat=\u00a0\u00bbrepeat\u00a0\u00bb global_colors_info=\u00a0\u00bb{}\u00a0\u00bb][et_pb_column type=\u00a0\u00bb4_4&Prime; _builder_version=\u00a0\u00bb4.16&Prime; custom_padding=\u00a0\u00bb|||\u00a0\u00bb global_colors_info=\u00a0\u00bb{}\u00a0\u00bb custom_padding__hover=\u00a0\u00bb|||\u00a0\u00bb][et_pb_text _builder_version=\u00a0\u00bb4.27.6&Prime; ul_font=\u00a0\u00bb||||||||\u00a0\u00bb ol_font=\u00a0\u00bb||||||||\u00a0\u00bb header_font=\u00a0\u00bb||||||||\u00a0\u00bb header_2_text_color=\u00a0\u00bb#6e1950&Prime; header_2_font_size=\u00a0\u00bb45px\u00a0\u00bb header_2_line_height=\u00a0\u00bb1.2em\u00a0\u00bb custom_margin=\u00a0\u00bb||20px|\u00a0\u00bb header_2_font_size_tablet=\u00a0\u00bb36px\u00a0\u00bb header_2_font_size_phone=\u00a0\u00bb\u00a0\u00bb header_2_font_size_last_edited=\u00a0\u00bbon|phone\u00a0\u00bb locked=\u00a0\u00bboff\u00a0\u00bb global_colors_info=\u00a0\u00bb{}\u00a0\u00bb]\n<h2>Les associations M\u00e9diagora<\/h2>\n[\/et_pb_text][et_pb_divider divider_weight=\u00a0\u00bb9px\u00a0\u00bb _builder_version=\u00a0\u00bb4.27.6&Prime; max_width=\u00a0\u00bb50px\u00a0\u00bb locked=\u00a0\u00bboff\u00a0\u00bb global_colors_info=\u00a0\u00bb{}\u00a0\u00bb][\/et_pb_divider][et_pb_text _builder_version=\u00a0\u00bb4.27.6&Prime; _module_preset=\u00a0\u00bbdefault\u00a0\u00bb hover_enabled=\u00a0\u00bb0&Prime; sticky_enabled=\u00a0\u00bb0&Prime;]\n<h2>Les Associations M\u00e9diagora en France\u00a0<\/h2>\n<p><em>(par ordre chronologique de leurs cr\u00e9ations)<\/em><\/p>\n[\/et_pb_text][et_pb_text admin_label=\u00a0\u00bbText\u00a0\u00bb _builder_version=\u00a0\u00bb4.27.6&Prime; background_size=\u00a0\u00bbinitial\u00a0\u00bb background_position=\u00a0\u00bbtop_left\u00a0\u00bb background_repeat=\u00a0\u00bbrepeat\u00a0\u00bb hover_enabled=\u00a0\u00bb0&Prime; global_colors_info=\u00a0\u00bb{}\u00a0\u00bb sticky_enabled=\u00a0\u00bb0&Prime;]\n<p style=\"text-align: left;\">M\u00e9diagora Lille (dissoute en 2025)<br \/><a title=\"M\u00e9diagora \u00e0 Paris\" href=\"http:\/\/mediagoras.fr\/nous-contacter\/mediagora-a-paris\/\">M\u00e9diagora Paris<\/a><br \/><a title=\"M\u00e9diagora \u00e0 Rouen\" href=\"http:\/\/mediagoras.fr\/nous-contacter\/mediagora-a-rouen\/\">M\u00e9diagora Rouen<\/a><br \/><a title=\"M\u00e9diagora \u00e0 Lyon\" href=\"http:\/\/mediagoras.fr\/nous-contacter\/mediagora-a-lyon\/\">M\u00e9diagora Lyon<\/a><br \/><a title=\"M\u00e9diagora \u00e0 Bordeaux\" href=\"http:\/\/mediagoras.fr\/nous-contacter\/mediagora-a-bordeaux\/\">M\u00e9diagora Bordeaux<\/a><\/p>\n<p style=\"text-align: left;\">Bien qu&rsquo;anim\u00e9es par la m\u00eame <a title=\"Notre philosophie commune\" href=\"http:\/\/mediagoras.fr\/notre-philosophie-commune\/\">philosophie<\/a>, et partageant les m\u00eames <a title=\"Nos Objectifs communs\" href=\"http:\/\/mediagoras.fr\/nos-objectifs-communs\/\">buts<\/a>, chaque association est juridiquement ind\u00e9pendante.<br \/>Veuillez prendre contact directement avec celle dont vous \u00eates le plus proche.<\/p>\n<p style=\"text-align: left;\">En cas de difficult\u00e9 de contact direct, vous pourrez utiliser le <a title=\"Nous contacter\" href=\"http:\/\/mediagoras.fr\/nous-contacter\/\">formulaire de contact g\u00e9n\u00e9ral<\/a>, et nous ferons suivre \u00e0 l&rsquo;association concern\u00e9e.<\/p>\n[\/et_pb_text][et_pb_text _builder_version=\u00a0\u00bb4.27.6&Prime; _module_preset=\u00a0\u00bbdefault\u00a0\u00bb hover_enabled=\u00a0\u00bb0&Prime; sticky_enabled=\u00a0\u00bb0&Prime;]\n<h2>Les Associations hors du R\u00e9seau M\u00e9diagora, en France et en Europe francophone<\/h2>\n[\/et_pb_text][et_pb_text admin_label=\u00a0\u00bbText\u00a0\u00bb _builder_version=\u00a0\u00bb4.27.6&Prime; background_size=\u00a0\u00bbinitial\u00a0\u00bb background_position=\u00a0\u00bbtop_left\u00a0\u00bb background_repeat=\u00a0\u00bbrepeat\u00a0\u00bb hover_enabled=\u00a0\u00bb0&Prime; global_colors_info=\u00a0\u00bb{}\u00a0\u00bb sticky_enabled=\u00a0\u00bb0&Prime;]\n<p style=\"text-align: left;\"><a title=\"Revivre France\" href=\"https:\/\/www.revivre-france.org\/\" target=\"_blank\" rel=\"noopener\">Revivre France <\/a>(bas\u00e9e \u00e0 Toulouse)<br \/><a title=\"S'en sortir (ASBL)\" href=\"https:\/\/www.sen-sortir.be\" target=\"_blank\" rel=\"noopener\">S&rsquo;en sortir (ASBL)<\/a> (bas\u00e9e en Belgique)<\/p>\n<p style=\"text-align: left;\">Ce sont des associations amies, dans lesquelles nous retrouvons des valeurs et des objectifs tr\u00e8s proches des n\u00f4tres. Revivre France organise de fr\u00e9quentes r\u00e9unions en visio (avec la collaboration de Mediagora Lyon et de S&rsquo;en sortir).<\/p>\n<p style=\"text-align: left;\">Mentionnons aussi l&rsquo;existence de <span style=\"text-decoration: underline;\"><a href=\"http:\/\/bonjouranxiete.com\/\">Bonjour Anxi\u00e9t\u00e9<\/a><\/span> et de l&rsquo;association <span style=\"text-decoration: underline;\"><a href=\"https:\/\/www.agorafolk.fr\/\">Agorafolk.<\/a><\/span><\/p>\n[\/et_pb_text][\/et_pb_column][\/et_pb_row][\/et_pb_section]\n","protected":false},"excerpt":{"rendered":"<p>Les associations M\u00e9diagoraLes Associations M\u00e9diagora en France\u00a0 (par ordre chronologique de leurs cr\u00e9ations)M\u00e9diagora Lille (dissoute en 2025)M\u00e9diagora ParisM\u00e9diagora RouenM\u00e9diagora LyonM\u00e9diagora Bordeaux Bien qu&rsquo;anim\u00e9es par la m\u00eame philosophie, et partageant les m\u00eames buts, chaque association est juridiquement ind\u00e9pendante.Veuillez prendre contact directement avec celle dont vous \u00eates le plus proche. En cas de difficult\u00e9 de contact direct, [&hellip;]<\/p>\n","protected":false},"author":38,"featured_media":0,"parent":507,"menu_order":0,"comment_status":"closed","ping_status":"closed","template":"","meta":{"_et_pb_use_builder":"on","_et_pb_old_content":"<p style=\"text-align: right\"><span style=\"font-size: x-small\"> Derni\u00e8re mise \u00e0 jour de cette page 06-09-2025<\/span><\/p>\n\n<h2 style=\"text-align: center\"><strong><span style=\"text-decoration: underline\">Les Associations M\u00e9diagora en France\n<span style=\"font-size: small\">(par ordre chronologique de leurs cr\u00e9ations)<\/span>\n<\/span><\/strong><\/h2>\n<p style=\"text-align: center\">M\u00e9diagora Lille (dissoute en 2025)\n<a title=\"M\u00e9diagora \u00e0 Paris\" href=\"http:\/\/mediagoras.fr\/nous-contacter\/mediagora-a-paris\/\">M\u00e9diagora Paris<\/a>\n<a title=\"M\u00e9diagora \u00e0 Rouen\" href=\"http:\/\/mediagoras.fr\/nous-contacter\/mediagora-a-rouen\/\">M\u00e9diagora Rouen<\/a>\n<a title=\"M\u00e9diagora \u00e0 Lyon\" href=\"http:\/\/mediagoras.fr\/nous-contacter\/mediagora-a-lyon\/\">M\u00e9diagora Lyon<\/a>\n<a title=\"M\u00e9diagora \u00e0 Bordeaux\" href=\"http:\/\/mediagoras.fr\/nous-contacter\/mediagora-a-bordeaux\/\">M\u00e9diagora Bordeaux<\/a><\/p>\n<p style=\"text-align: center\">Bien qu'anim\u00e9es par la m\u00eame <a title=\"Notre philosophie commune\" href=\"http:\/\/mediagoras.fr\/notre-philosophie-commune\/\">philosophie<\/a>, et partageant les m\u00eames <a title=\"Nos Objectifs communs\" href=\"http:\/\/mediagoras.fr\/nos-objectifs-communs\/\">buts<\/a>, chaque association est juridiquement ind\u00e9pendante.\nVeuillez prendre contact directement avec celle dont vous \u00eates le plus proche.<\/p>\n<p style=\"text-align: center\">En cas de difficult\u00e9 de contact direct, vous pourrez utiliser le <a title=\"Nous contacter\" href=\"http:\/\/mediagoras.fr\/nous-contacter\/\">formulaire de contact g\u00e9n\u00e9ral<\/a>, et nous ferons suivre \u00e0 l'association concern\u00e9e.<\/p>\n&nbsp;\n<h2 style=\"text-align: center\"><strong>Les Associations hors du R\u00e9seau M\u00e9diagora, en France et en Europe francophone<\/strong><\/h2>\n<p style=\"text-align: center\"><a title=\"Revivre France\" href=\"https:\/\/www.revivre-france.org\/\" target=\"_blank\" rel=\"noopener\">Revivre France <\/a>\u00a0 (bas\u00e9e \u00e0 Toulouse)\n<a title=\"S'en sortir (ASBL)\" href=\"https:\/\/www.sen-sortir.be\" target=\"_blank\" rel=\"noopener\">S'en sortir (ASBL)<\/a>\u00a0 (bas\u00e9e en Belgique)<\/p>\nCe sont des associations amies, dans lesquelles nous retrouvons des valeurs et des objectifs tr\u00e8s proches des n\u00f4tres. Revivre France organise de fr\u00e9quentes r\u00e9unions en visio (avec la collaboration de Mediagora Lyon et de S'en sortir).\n\nMentionnons aussi l'existence de l'association Agorafolk.","_et_gb_content_width":"","footnotes":""},"class_list":["post-489","page","type-page","status-publish","hentry"],"yoast_head":"<!-- This site is optimized with the Yoast SEO plugin v28.3 - https:\/\/yoast.com\/product\/yoast-seo-wordpress\/ -->\n<title>Les Associations M\u00e9diagora ou apparent\u00e9es - M\u00e9diagoras Lyon<\/title>\n<meta name=\"description\" content=\"Liste purement textuelle des Associations du R\u00e9seau M\u00e9diagora plus quelques autres associations d&#039;anxieux.\" \/>\n<meta name=\"robots\" content=\"index, follow, max-snippet:-1, max-image-preview:large, max-video-preview:-1\" \/>\n<link rel=\"canonical\" href=\"https:\/\/mediagoras.fr\/exemple\/nous-contacter\/associations-mediagora\/\" \/>\n<meta property=\"og:locale\" content=\"fr_FR\" \/>\n<meta property=\"og:type\" content=\"article\" \/>\n<meta property=\"og:title\" content=\"Les Associations M\u00e9diagora ou apparent\u00e9es - M\u00e9diagoras Lyon\" \/>\n<meta property=\"og:description\" content=\"Liste purement textuelle des Associations du R\u00e9seau M\u00e9diagora plus quelques autres associations d&#039;anxieux.\" \/>\n<meta property=\"og:url\" content=\"https:\/\/mediagoras.fr\/exemple\/nous-contacter\/associations-mediagora\/\" \/>\n<meta property=\"og:site_name\" content=\"M\u00e9diagoras Lyon\" \/>\n<meta property=\"article:modified_time\" content=\"2026-07-11T16:01:04+00:00\" \/>\n<meta name=\"twitter:card\" content=\"summary_large_image\" \/>\n<meta name=\"twitter:label1\" content=\"Dur\u00e9e de lecture estim\u00e9e\" \/>\n\t<meta name=\"twitter:data1\" content=\"1 minute\" \/>\n<script type=\"application\/ld+json\" class=\"yoast-schema-graph\">{\"@context\":\"https:\\\/\\\/schema.org\",\"@graph\":[{\"@type\":\"WebPage\",\"@id\":\"https:\\\/\\\/mediagoras.fr\\\/exemple\\\/nous-contacter\\\/associations-mediagora\\\/\",\"url\":\"https:\\\/\\\/mediagoras.fr\\\/exemple\\\/nous-contacter\\\/associations-mediagora\\\/\",\"name\":\"Les Associations M\u00e9diagora ou apparent\u00e9es - M\u00e9diagoras Lyon\",\"isPartOf\":{\"@id\":\"https:\\\/\\\/mediagoras.fr\\\/exemple\\\/#website\"},\"datePublished\":\"2025-09-05T22:20:10+00:00\",\"dateModified\":\"2026-07-11T16:01:04+00:00\",\"description\":\"Liste purement textuelle des Associations du R\u00e9seau M\u00e9diagora plus quelques autres associations d'anxieux.\",\"breadcrumb\":{\"@id\":\"https:\\\/\\\/mediagoras.fr\\\/exemple\\\/nous-contacter\\\/associations-mediagora\\\/#breadcrumb\"},\"inLanguage\":\"fr-FR\",\"potentialAction\":[{\"@type\":\"ReadAction\",\"target\":[\"https:\\\/\\\/mediagoras.fr\\\/exemple\\\/nous-contacter\\\/associations-mediagora\\\/\"]}]},{\"@type\":\"BreadcrumbList\",\"@id\":\"https:\\\/\\\/mediagoras.fr\\\/exemple\\\/nous-contacter\\\/associations-mediagora\\\/#breadcrumb\",\"itemListElement\":[{\"@type\":\"ListItem\",\"position\":1,\"name\":\"Accueil\",\"item\":\"https:\\\/\\\/mediagoras.fr\\\/exemple\\\/\"},{\"@type\":\"ListItem\",\"position\":2,\"name\":\"Nous contacter\",\"item\":\"https:\\\/\\\/mediagoras.fr\\\/exemple\\\/nous-contacter\\\/\"},{\"@type\":\"ListItem\",\"position\":3,\"name\":\"Les Associations M\u00e9diagora ou apparent\u00e9es\"}]},{\"@type\":\"WebSite\",\"@id\":\"https:\\\/\\\/mediagoras.fr\\\/exemple\\\/#website\",\"url\":\"https:\\\/\\\/mediagoras.fr\\\/exemple\\\/\",\"name\":\"M\u00e9diagoras Lyon\",\"description\":\"Un site utilisant R\u00e9seau Mediagora\",\"potentialAction\":[{\"@type\":\"SearchAction\",\"target\":{\"@type\":\"EntryPoint\",\"urlTemplate\":\"https:\\\/\\\/mediagoras.fr\\\/exemple\\\/?s={search_term_string}\"},\"query-input\":{\"@type\":\"PropertyValueSpecification\",\"valueRequired\":true,\"valueName\":\"search_term_string\"}}],\"inLanguage\":\"fr-FR\"}]}<\/script>\n<!-- \/ Yoast SEO plugin. -->","yoast_head_json":{"title":"Les Associations M\u00e9diagora ou apparent\u00e9es - M\u00e9diagoras Lyon","description":"Liste purement textuelle des Associations du R\u00e9seau M\u00e9diagora plus quelques autres associations d'anxieux.","robots":{"index":"index","follow":"follow","max-snippet":"max-snippet:-1","max-image-preview":"max-image-preview:large","max-video-preview":"max-video-preview:-1"},"canonical":"https:\/\/mediagoras.fr\/exemple\/nous-contacter\/associations-mediagora\/","og_locale":"fr_FR","og_type":"article","og_title":"Les Associations M\u00e9diagora ou apparent\u00e9es - M\u00e9diagoras Lyon","og_description":"Liste purement textuelle des Associations du R\u00e9seau M\u00e9diagora plus quelques autres associations d'anxieux.","og_url":"https:\/\/mediagoras.fr\/exemple\/nous-contacter\/associations-mediagora\/","og_site_name":"M\u00e9diagoras Lyon","article_modified_time":"2026-07-11T16:01:04+00:00","twitter_card":"summary_large_image","twitter_misc":{"Dur\u00e9e de lecture estim\u00e9e":"1 minute"},"schema":{"@context":"https:\/\/schema.org","@graph":[{"@type":"WebPage","@id":"https:\/\/mediagoras.fr\/exemple\/nous-contacter\/associations-mediagora\/","url":"https:\/\/mediagoras.fr\/exemple\/nous-contacter\/associations-mediagora\/","name":"Les Associations M\u00e9diagora ou apparent\u00e9es - M\u00e9diagoras Lyon","isPartOf":{"@id":"https:\/\/mediagoras.fr\/exemple\/#website"},"datePublished":"2025-09-05T22:20:10+00:00","dateModified":"2026-07-11T16:01:04+00:00","description":"Liste purement textuelle des Associations du R\u00e9seau M\u00e9diagora plus quelques autres associations d'anxieux.","breadcrumb":{"@id":"https:\/\/mediagoras.fr\/exemple\/nous-contacter\/associations-mediagora\/#breadcrumb"},"inLanguage":"fr-FR","potentialAction":[{"@type":"ReadAction","target":["https:\/\/mediagoras.fr\/exemple\/nous-contacter\/associations-mediagora\/"]}]},{"@type":"BreadcrumbList","@id":"https:\/\/mediagoras.fr\/exemple\/nous-contacter\/associations-mediagora\/#breadcrumb","itemListElement":[{"@type":"ListItem","position":1,"name":"Accueil","item":"https:\/\/mediagoras.fr\/exemple\/"},{"@type":"ListItem","position":2,"name":"Nous contacter","item":"https:\/\/mediagoras.fr\/exemple\/nous-contacter\/"},{"@type":"ListItem","position":3,"name":"Les Associations M\u00e9diagora ou apparent\u00e9es"}]},{"@type":"WebSite","@id":"https:\/\/mediagoras.fr\/exemple\/#website","url":"https:\/\/mediagoras.fr\/exemple\/","name":"M\u00e9diagoras Lyon","description":"Un site utilisant R\u00e9seau Mediagora","potentialAction":[{"@type":"SearchAction","target":{"@type":"EntryPoint","urlTemplate":"https:\/\/mediagoras.fr\/exemple\/?s={search_term_string}"},"query-input":{"@type":"PropertyValueSpecification","valueRequired":true,"valueName":"search_term_string"}}],"inLanguage":"fr-FR"}]}},"_links":{"self":[{"href":"https:\/\/mediagoras.fr\/exemple\/wp-json\/wp\/v2\/pages\/489","targetHints":{"allow":["GET"]}}],"collection":[{"href":"https:\/\/mediagoras.fr\/exemple\/wp-json\/wp\/v2\/pages"}],"about":[{"href":"https:\/\/mediagoras.fr\/exemple\/wp-json\/wp\/v2\/types\/page"}],"author":[{"embeddable":true,"href":"https:\/\/mediagoras.fr\/exemple\/wp-json\/wp\/v2\/users\/38"}],"replies":[{"embeddable":true,"href":"https:\/\/mediagoras.fr\/exemple\/wp-json\/wp\/v2\/comments?post=489"}],"version-history":[{"count":6,"href":"https:\/\/mediagoras.fr\/exemple\/wp-json\/wp\/v2\/pages\/489\/revisions"}],"predecessor-version":[{"id":3625,"href":"https:\/\/mediagoras.fr\/exemple\/wp-json\/wp\/v2\/pages\/489\/revisions\/3625"}],"up":[{"embeddable":true,"href":"https:\/\/mediagoras.fr\/exemple\/wp-json\/wp\/v2\/pages\/507"}],"wp:attachment":[{"href":"https:\/\/mediagoras.fr\/exemple\/wp-json\/wp\/v2\/media?parent=489"}],"curies":[{"name":"wp","href":"https:\/\/api.w.org\/{rel}","templated":true}]}}