{"id":682,"date":"2011-12-18T00:00:17","date_gmt":"2011-12-17T23:00:17","guid":{"rendered":"http:\/\/mediagoras.fr\/lyon\/?page_id=682"},"modified":"2026-07-11T18:07:13","modified_gmt":"2026-07-11T16:07:13","slug":"lieu-alternatif","status":"publish","type":"page","link":"https:\/\/mediagoras.fr\/exemple\/lieu-alternatif\/","title":{"rendered":"Lieu alternatif"},"content":{"rendered":"[et_pb_section fb_built=\u00a0\u00bb1&Prime; admin_label=\u00a0\u00bbsection\u00a0\u00bb _builder_version=\u00a0\u00bb4.16&Prime; global_colors_info=\u00a0\u00bb{}\u00a0\u00bb][et_pb_row admin_label=\u00a0\u00bbrow\u00a0\u00bb _builder_version=\u00a0\u00bb4.16&Prime; background_size=\u00a0\u00bbinitial\u00a0\u00bb background_position=\u00a0\u00bbtop_left\u00a0\u00bb background_repeat=\u00a0\u00bbrepeat\u00a0\u00bb global_colors_info=\u00a0\u00bb{}\u00a0\u00bb][et_pb_column type=\u00a0\u00bb4_4&Prime; _builder_version=\u00a0\u00bb4.16&Prime; custom_padding=\u00a0\u00bb|||\u00a0\u00bb global_colors_info=\u00a0\u00bb{}\u00a0\u00bb custom_padding__hover=\u00a0\u00bb|||\u00a0\u00bb][et_pb_text _builder_version=\u00a0\u00bb4.27.6&Prime; ul_font=\u00a0\u00bb||||||||\u00a0\u00bb ol_font=\u00a0\u00bb||||||||\u00a0\u00bb header_font=\u00a0\u00bb||||||||\u00a0\u00bb header_2_text_color=\u00a0\u00bb#6e1950&Prime; header_2_font_size=\u00a0\u00bb45px\u00a0\u00bb header_2_line_height=\u00a0\u00bb1.2em\u00a0\u00bb custom_margin=\u00a0\u00bb||20px|\u00a0\u00bb header_2_font_size_tablet=\u00a0\u00bb36px\u00a0\u00bb header_2_font_size_phone=\u00a0\u00bb\u00a0\u00bb header_2_font_size_last_edited=\u00a0\u00bbon|phone\u00a0\u00bb locked=\u00a0\u00bboff\u00a0\u00bb global_colors_info=\u00a0\u00bb{}\u00a0\u00bb]\n<h2>Lieu alternatif pour M\u00e9diagora Lyon<\/h2>\n[\/et_pb_text][et_pb_divider divider_weight=\u00a0\u00bb9px\u00a0\u00bb _builder_version=\u00a0\u00bb4.27.6&Prime; max_width=\u00a0\u00bb50px\u00a0\u00bb locked=\u00a0\u00bboff\u00a0\u00bb global_colors_info=\u00a0\u00bb{}\u00a0\u00bb][\/et_pb_divider][\/et_pb_column][\/et_pb_row][et_pb_row _builder_version=\u00a0\u00bb4.27.6&Prime; _module_preset=\u00a0\u00bbdefault\u00a0\u00bb column_structure=\u00a0\u00bb3_5,2_5&Prime;][et_pb_column _builder_version=\u00a0\u00bb4.27.6&Prime; _module_preset=\u00a0\u00bbdefault\u00a0\u00bb type=\u00a0\u00bb3_5&Prime;][et_pb_text _builder_version=\u00a0\u00bb4.27.6&Prime; _module_preset=\u00a0\u00bbdefault\u00a0\u00bb hover_enabled=\u00a0\u00bb0&Prime; sticky_enabled=\u00a0\u00bb0&Prime;]\n<p>Ce lieu, mis \u00e0 notre disposition par une association amie (\u00ab\u00a0Icebergs\u00a0\u00bb), est utilis\u00e9 de fa\u00e7on exceptionnelle.<\/p>\n<p>La salle d\u00e9crite ci-dessous n&rsquo;est pas utilis\u00e9e de fa\u00e7on r\u00e9guli\u00e8re. Depuis janvier 2012 nos r\u00e9unions habituelles sont h\u00e9berg\u00e9es par une salle de la Maison des Soci\u00e9t\u00e9s d&rsquo;Oullins.<\/p>\n<p>Voici donc le lieu qui\u00a0 accueille certaines de nos r\u00e9unions &gt;<\/p>\n<p>A gauche c&rsquo;est la rue DELANDINE, \u00e0 droite la rue RAVAT.<\/p>\n[\/et_pb_text][\/et_pb_column][et_pb_column _builder_version=\u00a0\u00bb4.27.6&Prime; _module_preset=\u00a0\u00bbdefault\u00a0\u00bb type=\u00a0\u00bb2_5&Prime;][et_pb_image src=\u00a0\u00bbhttp:\/\/mediagoras.fr\/exemple\/files\/2010\/09\/Icebergs-ext.jpg\u00a0\u00bb _builder_version=\u00a0\u00bb4.27.6&Prime; _module_preset=\u00a0\u00bbdefault\u00a0\u00bb title_text=\u00a0\u00bbIcebergs-ext\u00a0\u00bb hover_enabled=\u00a0\u00bb0&Prime; sticky_enabled=\u00a0\u00bb0&Prime;][\/et_pb_image][\/et_pb_column][\/et_pb_row][et_pb_row _builder_version=\u00a0\u00bb4.27.6&Prime; _module_preset=\u00a0\u00bbdefault\u00a0\u00bb column_structure=\u00a0\u00bb1_2,1_2&Prime;][et_pb_column _builder_version=\u00a0\u00bb4.27.6&Prime; _module_preset=\u00a0\u00bbdefault\u00a0\u00bb type=\u00a0\u00bb1_2&Prime;][et_pb_image src=\u00a0\u00bbhttp:\/\/mediagoras.fr\/exemple\/files\/2026\/07\/salle-interieure.jpg\u00a0\u00bb _builder_version=\u00a0\u00bb4.27.6&Prime; _module_preset=\u00a0\u00bbdefault\u00a0\u00bb title_text=\u00a0\u00bbsalle int\u00e9rieure\u00a0\u00bb hover_enabled=\u00a0\u00bb0&Prime; sticky_enabled=\u00a0\u00bb0&Prime; align=\u00a0\u00bbcenter\u00a0\u00bb][\/et_pb_image][et_pb_text _builder_version=\u00a0\u00bb4.27.6&Prime; _module_preset=\u00a0\u00bbdefault\u00a0\u00bb hover_enabled=\u00a0\u00bb0&Prime; sticky_enabled=\u00a0\u00bb0&Prime;]\n<p>Voici un petit aper\u00e7u de l&rsquo;int\u00e9rieur de la salle principale. Cette salle vaste et lumineuse avec une entr\u00e9e directe depuis l&rsquo;ext\u00e9rieur, est tr\u00e8s bien support\u00e9e par les agoraphobes (qui de toutes fa\u00e7ons peuvent se faire accompagner).<\/p>\n[\/et_pb_text][\/et_pb_column][et_pb_column _builder_version=\u00a0\u00bb4.27.6&Prime; _module_preset=\u00a0\u00bbdefault\u00a0\u00bb type=\u00a0\u00bb1_2&Prime;][et_pb_image src=\u00a0\u00bbhttp:\/\/mediagoras.fr\/exemple\/files\/2026\/07\/salle-vaste.jpg\u00a0\u00bb _builder_version=\u00a0\u00bb4.27.6&Prime; _module_preset=\u00a0\u00bbdefault\u00a0\u00bb title_text=\u00a0\u00bbsalle vaste\u00a0\u00bb hover_enabled=\u00a0\u00bb0&Prime; sticky_enabled=\u00a0\u00bb0&Prime; align=\u00a0\u00bbcenter\u00a0\u00bb][\/et_pb_image][et_pb_text _builder_version=\u00a0\u00bb4.27.6&Prime; _module_preset=\u00a0\u00bbdefault\u00a0\u00bb hover_enabled=\u00a0\u00bb0&Prime; sticky_enabled=\u00a0\u00bb0&Prime;]\n<p>Les rideaux int\u00e9rieurs nous prot\u00e8gent du regard des passants. Il y a m\u00eame un petit coin salon qui nous permet de recevoir les nouveaux venus pour leur pr\u00e9senter l&rsquo;association.<\/p>\n[\/et_pb_text][\/et_pb_column][\/et_pb_row][et_pb_row _builder_version=\u00a0\u00bb4.27.6&Prime; _module_preset=\u00a0\u00bbdefault\u00a0\u00bb column_structure=\u00a0\u00bb1_2,1_2&Prime;][et_pb_column _builder_version=\u00a0\u00bb4.27.6&Prime; _module_preset=\u00a0\u00bbdefault\u00a0\u00bb type=\u00a0\u00bb1_2&Prime;][et_pb_text _builder_version=\u00a0\u00bb4.27.6&Prime; _module_preset=\u00a0\u00bbdefault\u00a0\u00bb hover_enabled=\u00a0\u00bb0&Prime; sticky_enabled=\u00a0\u00bb0&Prime;]\n<p>Voici le plan d&rsquo;acc\u00e8s (imprimable) de ce lieu :<a href=\"http:\/\/mediagoras.fr\/lyon\/files\/2010\/11\/Plan-Acces-Delandine.jpg\"><\/a><\/p>\n<p>Comme vous pouvez le constater, l&rsquo;arr\u00eat de tram le plus proche est \u00ab\u00a0Ste-Blandine\u00a0\u00bb, mais on peut aussi venir \u00e0 pieds depuis le centre d&rsquo;\u00e9changes de Perrache (compter 10 \u00e0 15mn de marche). Si vous venez en voiture, vous pourrez tr\u00e8s probablement vous garer non loin du local, car les places de stationnement sont toutes payantes dans les environs imm\u00e9diats.<\/p>\n<p>(Attention ! si vous venez en voiture, tram ou m\u00e9tro, ce plan est\u00a0 valable; par contre si vous venez en bus, vous devriez consulter les nouveaux plans TCL sur <a title=\"Site des Transports en Commun Lyonnais\" href=\"http:\/\/www.tcl.fr\" target=\"_blank\" rel=\"noopener\">www.tcl.fr<\/a> , car beaucoup de lignes de bus ont \u00e9t\u00e9 modifi\u00e9es et\/ou renum\u00e9rot\u00e9es depuis le 31-08-11)<\/p>\n<p>&nbsp;<\/p>\n[\/et_pb_text][\/et_pb_column][et_pb_column _builder_version=\u00a0\u00bb4.27.6&Prime; _module_preset=\u00a0\u00bbdefault\u00a0\u00bb type=\u00a0\u00bb1_2&Prime;][et_pb_image src=\u00a0\u00bbhttp:\/\/mediagoras.fr\/exemple\/files\/2013\/11\/Itineraire-metro-salle.jpg\u00a0\u00bb _builder_version=\u00a0\u00bb4.27.6&Prime; _module_preset=\u00a0\u00bbdefault\u00a0\u00bb title_text=\u00a0\u00bbItineraire-metro-salle\u00a0\u00bb hover_enabled=\u00a0\u00bb0&Prime; sticky_enabled=\u00a0\u00bb0&Prime;][\/et_pb_image][\/et_pb_column][\/et_pb_row][\/et_pb_section]\n","protected":false},"excerpt":{"rendered":"<p>Lieu alternatif pour M\u00e9diagora LyonCe lieu, mis \u00e0 notre disposition par une association amie (\u00ab\u00a0Icebergs\u00a0\u00bb), est utilis\u00e9 de fa\u00e7on exceptionnelle. La salle d\u00e9crite ci-dessous n&rsquo;est pas utilis\u00e9e de fa\u00e7on r\u00e9guli\u00e8re. Depuis janvier 2012 nos r\u00e9unions habituelles sont h\u00e9berg\u00e9es par une salle de la Maison des Soci\u00e9t\u00e9s d&rsquo;Oullins. Voici donc le lieu qui\u00a0 accueille certaines de [&hellip;]<\/p>\n","protected":false},"author":38,"featured_media":0,"parent":0,"menu_order":0,"comment_status":"closed","ping_status":"closed","template":"","meta":{"_et_pb_use_builder":"on","_et_pb_old_content":"<h2><span style=\"font-size: medium\">Ce lieu, mis \u00e0 notre disposition par une association amie (\"Icebergs\"), est utilis\u00e9 de fa\u00e7on exceptionnelle.<\/span><\/h2>\n<h2><span style=\"font-size: medium\">La salle d\u00e9crite ci-dessous n'est pas utilis\u00e9e de fa\u00e7on r\u00e9guli\u00e8re. Depuis janvier 2012 nos r\u00e9unions habituelles sont h\u00e9berg\u00e9es par une salle de la Maison des Soci\u00e9t\u00e9s d'Oullins.<\/span><\/h2>\nVoici donc le lieu qui\u00a0 accueille certaines de nos r\u00e9unions\u00a0 :\n\n<a href=\"http:\/\/mediagoras.fr\/lyon\/files\/2010\/09\/Icebergs-ext.jpg\"><img alt=\"\" src=\"http:\/\/mediagoras.fr\/lyon\/files\/2010\/09\/Icebergs-ext.jpg\" width=\"640\" height=\"480\" \/><\/a>A gauche c'est la rue DELANDINE, \u00e0 droite la rue RAVAT.\n\nVoici un petit aper\u00e7u de l'int\u00e9rieur de la salle principale:\n<a href=\"http:\/\/mediagoras.fr\/lyon\/files\/2010\/09\/Icebergs-int1.jpg\"><img alt=\"\" src=\"http:\/\/mediagoras.fr\/lyon\/files\/2010\/09\/Icebergs-int1.jpg\" width=\"320\" height=\"240\" \/><\/a>\n\nCette salle <strong>vaste et lumineuse<\/strong> avec une entr\u00e9e directe depuis l'ext\u00e9rieur, est <strong>tr\u00e8s bien support\u00e9e par les agoraphobes (qui de toutes fa\u00e7ons peuvent se faire accompagner)<\/strong>. Les rideaux int\u00e9rieurs nous prot\u00e8gent du regard des passants.\n\n<a href=\"http:\/\/mediagoras.fr\/lyon\/files\/2010\/09\/Icebergs-canaps.jpg\"><img alt=\"\" src=\"http:\/\/mediagoras.fr\/lyon\/files\/2010\/09\/Icebergs-canaps.jpg\" width=\"320\" height=\"240\" \/><\/a>\n\nIl y a m\u00eame un petit coin salon qui nous permet de recevoir les nouveaux venus pour leur pr\u00e9senter l'association.\nVoici le plan d'acc\u00e8s (imprimable) de ce lieu :\n<h5><a href=\"http:\/\/mediagoras.fr\/lyon\/files\/2010\/11\/Plan-Acces-Delandine.jpg\"><img alt=\"\" src=\"http:\/\/mediagoras.fr\/lyon\/files\/2010\/11\/Plan-Acces-Delandine.jpg\" width=\"625\" height=\"455\" \/><\/a><\/h5>\nComme vous pouvez le constater, l'arr\u00eat de tram le plus proche est \"Ste-Blandine\", mais on peut aussi venir \u00e0 pieds depuis le centre d'\u00e9changes de Perrache (compter 10 \u00e0 15mn de marche). Si vous venez en voiture, vous pourrez tr\u00e8s probablement vous garer non loin du local, car les places de stationnement sont toutes payantes dans les environs imm\u00e9diats.\n\n(Attention ! si vous venez en voiture, tram ou m\u00e9tro, ce plan est\u00a0 valable; par contre si vous venez en bus, vous devriez consulter les nouveaux plans TCL sur <a title=\"Site des Transports en Commun Lyonnais\" href=\"http:\/\/www.tcl.fr\" target=\"_blank\">www.tcl.fr<\/a> , car beaucoup de lignes de bus ont \u00e9t\u00e9 modifi\u00e9es et\/ou renum\u00e9rot\u00e9es depuis le 31-08-11)","_et_gb_content_width":"","footnotes":""},"class_list":["post-682","page","type-page","status-publish","hentry"],"yoast_head":"<!-- This site is optimized with the Yoast SEO plugin v28.3 - https:\/\/yoast.com\/product\/yoast-seo-wordpress\/ -->\n<title>Lieu alternatif - M\u00e9diagoras Lyon<\/title>\n<meta name=\"robots\" content=\"index, follow, max-snippet:-1, max-image-preview:large, max-video-preview:-1\" \/>\n<link rel=\"canonical\" href=\"https:\/\/mediagoras.fr\/exemple\/lieu-alternatif\/\" \/>\n<meta property=\"og:locale\" content=\"fr_FR\" \/>\n<meta property=\"og:type\" content=\"article\" \/>\n<meta property=\"og:title\" content=\"Lieu alternatif - M\u00e9diagoras Lyon\" \/>\n<meta property=\"og:description\" content=\"Lieu alternatif pour M\u00e9diagora LyonCe lieu, mis \u00e0 notre disposition par une association amie (&quot;Icebergs&quot;), est utilis\u00e9 de fa\u00e7on exceptionnelle. La salle d\u00e9crite ci-dessous n&#039;est pas utilis\u00e9e de fa\u00e7on r\u00e9guli\u00e8re. Depuis janvier 2012 nos r\u00e9unions habituelles sont h\u00e9berg\u00e9es par une salle de la Maison des Soci\u00e9t\u00e9s d&#039;Oullins. Voici donc le lieu qui\u00a0 accueille certaines de [&hellip;]\" \/>\n<meta property=\"og:url\" content=\"https:\/\/mediagoras.fr\/exemple\/lieu-alternatif\/\" \/>\n<meta property=\"og:site_name\" content=\"M\u00e9diagoras Lyon\" \/>\n<meta property=\"article:modified_time\" content=\"2026-07-11T16:07:13+00:00\" \/>\n<meta name=\"twitter:card\" content=\"summary_large_image\" \/>\n<meta name=\"twitter:label1\" content=\"Dur\u00e9e de lecture estim\u00e9e\" \/>\n\t<meta name=\"twitter:data1\" content=\"3 minutes\" \/>\n<script type=\"application\/ld+json\" class=\"yoast-schema-graph\">{\"@context\":\"https:\\\/\\\/schema.org\",\"@graph\":[{\"@type\":\"WebPage\",\"@id\":\"https:\\\/\\\/mediagoras.fr\\\/exemple\\\/lieu-alternatif\\\/\",\"url\":\"https:\\\/\\\/mediagoras.fr\\\/exemple\\\/lieu-alternatif\\\/\",\"name\":\"Lieu alternatif - M\u00e9diagoras Lyon\",\"isPartOf\":{\"@id\":\"https:\\\/\\\/mediagoras.fr\\\/exemple\\\/#website\"},\"datePublished\":\"2011-12-17T23:00:17+00:00\",\"dateModified\":\"2026-07-11T16:07:13+00:00\",\"breadcrumb\":{\"@id\":\"https:\\\/\\\/mediagoras.fr\\\/exemple\\\/lieu-alternatif\\\/#breadcrumb\"},\"inLanguage\":\"fr-FR\",\"potentialAction\":[{\"@type\":\"ReadAction\",\"target\":[\"https:\\\/\\\/mediagoras.fr\\\/exemple\\\/lieu-alternatif\\\/\"]}]},{\"@type\":\"BreadcrumbList\",\"@id\":\"https:\\\/\\\/mediagoras.fr\\\/exemple\\\/lieu-alternatif\\\/#breadcrumb\",\"itemListElement\":[{\"@type\":\"ListItem\",\"position\":1,\"name\":\"Accueil\",\"item\":\"https:\\\/\\\/mediagoras.fr\\\/exemple\\\/\"},{\"@type\":\"ListItem\",\"position\":2,\"name\":\"Lieu alternatif\"}]},{\"@type\":\"WebSite\",\"@id\":\"https:\\\/\\\/mediagoras.fr\\\/exemple\\\/#website\",\"url\":\"https:\\\/\\\/mediagoras.fr\\\/exemple\\\/\",\"name\":\"M\u00e9diagoras Lyon\",\"description\":\"Un site utilisant R\u00e9seau Mediagora\",\"potentialAction\":[{\"@type\":\"SearchAction\",\"target\":{\"@type\":\"EntryPoint\",\"urlTemplate\":\"https:\\\/\\\/mediagoras.fr\\\/exemple\\\/?s={search_term_string}\"},\"query-input\":{\"@type\":\"PropertyValueSpecification\",\"valueRequired\":true,\"valueName\":\"search_term_string\"}}],\"inLanguage\":\"fr-FR\"}]}<\/script>\n<!-- \/ Yoast SEO plugin. -->","yoast_head_json":{"title":"Lieu alternatif - M\u00e9diagoras Lyon","robots":{"index":"index","follow":"follow","max-snippet":"max-snippet:-1","max-image-preview":"max-image-preview:large","max-video-preview":"max-video-preview:-1"},"canonical":"https:\/\/mediagoras.fr\/exemple\/lieu-alternatif\/","og_locale":"fr_FR","og_type":"article","og_title":"Lieu alternatif - M\u00e9diagoras Lyon","og_description":"Lieu alternatif pour M\u00e9diagora LyonCe lieu, mis \u00e0 notre disposition par une association amie (\"Icebergs\"), est utilis\u00e9 de fa\u00e7on exceptionnelle. La salle d\u00e9crite ci-dessous n'est pas utilis\u00e9e de fa\u00e7on r\u00e9guli\u00e8re. Depuis janvier 2012 nos r\u00e9unions habituelles sont h\u00e9berg\u00e9es par une salle de la Maison des Soci\u00e9t\u00e9s d'Oullins. Voici donc le lieu qui\u00a0 accueille certaines de [&hellip;]","og_url":"https:\/\/mediagoras.fr\/exemple\/lieu-alternatif\/","og_site_name":"M\u00e9diagoras Lyon","article_modified_time":"2026-07-11T16:07:13+00:00","twitter_card":"summary_large_image","twitter_misc":{"Dur\u00e9e de lecture estim\u00e9e":"3 minutes"},"schema":{"@context":"https:\/\/schema.org","@graph":[{"@type":"WebPage","@id":"https:\/\/mediagoras.fr\/exemple\/lieu-alternatif\/","url":"https:\/\/mediagoras.fr\/exemple\/lieu-alternatif\/","name":"Lieu alternatif - M\u00e9diagoras Lyon","isPartOf":{"@id":"https:\/\/mediagoras.fr\/exemple\/#website"},"datePublished":"2011-12-17T23:00:17+00:00","dateModified":"2026-07-11T16:07:13+00:00","breadcrumb":{"@id":"https:\/\/mediagoras.fr\/exemple\/lieu-alternatif\/#breadcrumb"},"inLanguage":"fr-FR","potentialAction":[{"@type":"ReadAction","target":["https:\/\/mediagoras.fr\/exemple\/lieu-alternatif\/"]}]},{"@type":"BreadcrumbList","@id":"https:\/\/mediagoras.fr\/exemple\/lieu-alternatif\/#breadcrumb","itemListElement":[{"@type":"ListItem","position":1,"name":"Accueil","item":"https:\/\/mediagoras.fr\/exemple\/"},{"@type":"ListItem","position":2,"name":"Lieu alternatif"}]},{"@type":"WebSite","@id":"https:\/\/mediagoras.fr\/exemple\/#website","url":"https:\/\/mediagoras.fr\/exemple\/","name":"M\u00e9diagoras Lyon","description":"Un site utilisant R\u00e9seau Mediagora","potentialAction":[{"@type":"SearchAction","target":{"@type":"EntryPoint","urlTemplate":"https:\/\/mediagoras.fr\/exemple\/?s={search_term_string}"},"query-input":{"@type":"PropertyValueSpecification","valueRequired":true,"valueName":"search_term_string"}}],"inLanguage":"fr-FR"}]}},"_links":{"self":[{"href":"https:\/\/mediagoras.fr\/exemple\/wp-json\/wp\/v2\/pages\/682","targetHints":{"allow":["GET"]}}],"collection":[{"href":"https:\/\/mediagoras.fr\/exemple\/wp-json\/wp\/v2\/pages"}],"about":[{"href":"https:\/\/mediagoras.fr\/exemple\/wp-json\/wp\/v2\/types\/page"}],"author":[{"embeddable":true,"href":"https:\/\/mediagoras.fr\/exemple\/wp-json\/wp\/v2\/users\/38"}],"replies":[{"embeddable":true,"href":"https:\/\/mediagoras.fr\/exemple\/wp-json\/wp\/v2\/comments?post=682"}],"version-history":[{"count":5,"href":"https:\/\/mediagoras.fr\/exemple\/wp-json\/wp\/v2\/pages\/682\/revisions"}],"predecessor-version":[{"id":3630,"href":"https:\/\/mediagoras.fr\/exemple\/wp-json\/wp\/v2\/pages\/682\/revisions\/3630"}],"wp:attachment":[{"href":"https:\/\/mediagoras.fr\/exemple\/wp-json\/wp\/v2\/media?parent=682"}],"curies":[{"name":"wp","href":"https:\/\/api.w.org\/{rel}","templated":true}]}}