{"id":811,"date":"2026-03-18T00:18:39","date_gmt":"2026-03-17T23:18:39","guid":{"rendered":"http:\/\/mediagoras.fr\/?page_id=811"},"modified":"2026-08-31T21:17:44","modified_gmt":"2026-08-31T19:17:44","slug":"liens","status":"publish","type":"page","link":"https:\/\/mediagoras.fr\/exemple\/liens\/","title":{"rendered":"Liens"},"content":{"rendered":"[et_pb_section fb_built=\u00a0\u00bb1&Prime; admin_label=\u00a0\u00bbsection\u00a0\u00bb _builder_version=\u00a0\u00bb4.27.6&Prime; global_colors_info=\u00a0\u00bb{}\u00a0\u00bb][et_pb_row _builder_version=\u00a0\u00bb4.27.6&Prime; _module_preset=\u00a0\u00bbdefault\u00a0\u00bb global_colors_info=\u00a0\u00bb{}\u00a0\u00bb][et_pb_column type=\u00a0\u00bb4_4&Prime; _builder_version=\u00a0\u00bb4.27.6&Prime; _module_preset=\u00a0\u00bbdefault\u00a0\u00bb global_colors_info=\u00a0\u00bb{}\u00a0\u00bb][et_pb_text _builder_version=\u00a0\u00bb4.27.6&Prime; ul_font=\u00a0\u00bb||||||||\u00a0\u00bb ol_font=\u00a0\u00bb||||||||\u00a0\u00bb header_font=\u00a0\u00bb||||||||\u00a0\u00bb header_2_text_color=\u00a0\u00bb#6e1950&Prime; header_2_font_size=\u00a0\u00bb45px\u00a0\u00bb header_2_line_height=\u00a0\u00bb1.2em\u00a0\u00bb custom_margin=\u00a0\u00bb||20px|\u00a0\u00bb header_2_font_size_tablet=\u00a0\u00bb36px\u00a0\u00bb header_2_font_size_phone=\u00a0\u00bb\u00a0\u00bb header_2_font_size_last_edited=\u00a0\u00bbon|phone\u00a0\u00bb locked=\u00a0\u00bboff\u00a0\u00bb global_colors_info=\u00a0\u00bb{}\u00a0\u00bb]\n<div id=\"ez-toc-container\" class=\"ez-toc-v2_0_87 counter-hierarchy ez-toc-counter ez-toc-light-blue ez-toc-container-direction\">\n<div class=\"ez-toc-title-container\">\n<p class=\"ez-toc-title\" style=\"cursor:inherit\">Contenu de cette page<\/p>\n<span class=\"ez-toc-title-toggle\"><a href=\"#\" class=\"ez-toc-pull-right ez-toc-btn ez-toc-btn-xs ez-toc-btn-default ez-toc-toggle\" aria-label=\"Toggle Table of Content\"><span class=\"ez-toc-js-icon-con\"><span class=\"\"><span class=\"eztoc-hide\" style=\"display:none;\">Toggle<\/span><span class=\"ez-toc-icon-toggle-span\"><svg style=\"fill: #98009b;color:#98009b\" xmlns=\"http:\/\/www.w3.org\/2000\/svg\" class=\"list-377408\" width=\"20px\" height=\"20px\" viewBox=\"0 0 24 24\" fill=\"none\"><path d=\"M6 6H4v2h2V6zm14 0H8v2h12V6zM4 11h2v2H4v-2zm16 0H8v2h12v-2zM4 16h2v2H4v-2zm16 0H8v2h12v-2z\" fill=\"currentColor\"><\/path><\/svg><svg style=\"fill: #98009b;color:#98009b\" class=\"arrow-unsorted-368013\" xmlns=\"http:\/\/www.w3.org\/2000\/svg\" width=\"10px\" height=\"10px\" viewBox=\"0 0 24 24\" version=\"1.2\" baseProfile=\"tiny\"><path d=\"M18.2 9.3l-6.2-6.3-6.2 6.3c-.2.2-.3.4-.3.7s.1.5.3.7c.2.2.4.3.7.3h11c.3 0 .5-.1.7-.3.2-.2.3-.5.3-.7s-.1-.5-.3-.7zM5.8 14.7l6.2 6.3 6.2-6.3c.2-.2.3-.5.3-.7s-.1-.5-.3-.7c-.2-.2-.4-.3-.7-.3h-11c-.3 0-.5.1-.7.3-.2.2-.3.5-.3.7s.1.5.3.7z\"\/><\/svg><\/span><\/span><\/span><\/a><\/span><\/div>\n<nav><ul class='ez-toc-list ez-toc-list-level-1 ' ><li class='ez-toc-page-1 ez-toc-heading-level-2'><a class=\"ez-toc-link ez-toc-heading-1\" href=\"https:\/\/mediagoras.fr\/exemple\/liens\/#Liens_de_Mediagora_Lyon\" >Liens de M\u00e9diagora Lyon<\/a><\/li><li class='ez-toc-page-1 ez-toc-heading-level-2'><a class=\"ez-toc-link ez-toc-heading-2\" href=\"https:\/\/mediagoras.fr\/exemple\/liens\/#Les_autre_associations_Mediagora_en_France\" >Les autre associations M\u00e9diagora en France<\/a><\/li><li class='ez-toc-page-1 ez-toc-heading-level-2'><a class=\"ez-toc-link ez-toc-heading-3\" href=\"https:\/\/mediagoras.fr\/exemple\/liens\/#Autres_associations_danxieux_et_phobiques\" >Autres associations d&rsquo;anxieux et phobiques<\/a><\/li><li class='ez-toc-page-1 ez-toc-heading-level-2'><a class=\"ez-toc-link ez-toc-heading-4\" href=\"https:\/\/mediagoras.fr\/exemple\/liens\/#Diagnostic_et_Soins\" >Diagnostic et Soins<\/a><\/li><li class='ez-toc-page-1 ez-toc-heading-level-2'><a class=\"ez-toc-link ez-toc-heading-5\" href=\"https:\/\/mediagoras.fr\/exemple\/liens\/#Autres_sites_consacres_a_lanxiete_etou_aux_phobies\" >Autres sites consacr\u00e9s \u00e0 l&rsquo;anxi\u00e9t\u00e9 et\/ou aux phobies :<\/a><\/li><li class='ez-toc-page-1 ez-toc-heading-level-2'><a class=\"ez-toc-link ez-toc-heading-6\" href=\"https:\/\/mediagoras.fr\/exemple\/liens\/#Sites_dinformation_sur_les_autres_troubles_parfois_associes_aux_troubles_anxieux\" >Sites d&rsquo;information sur les autres troubles parfois associ\u00e9s aux troubles anxieux :<\/a><\/li><li class='ez-toc-page-1 ez-toc-heading-level-2'><a class=\"ez-toc-link ez-toc-heading-7\" href=\"https:\/\/mediagoras.fr\/exemple\/liens\/#Organismes_decoute_telephonique_etou_en_face_a_face\" >Organismes d&rsquo;\u00e9coute t\u00e9l\u00e9phonique (et\/ou en face \u00e0 face) :<\/a><\/li><li class='ez-toc-page-1 ez-toc-heading-level-2'><a class=\"ez-toc-link ez-toc-heading-8\" href=\"https:\/\/mediagoras.fr\/exemple\/liens\/#Organismes_decoute_telephonique_etou_en_face_a_face-2\" >Organismes d&rsquo;\u00e9coute t\u00e9l\u00e9phonique (et\/ou en face \u00e0 face) :<\/a><\/li><li class='ez-toc-page-1 ez-toc-heading-level-2'><a class=\"ez-toc-link ez-toc-heading-9\" href=\"https:\/\/mediagoras.fr\/exemple\/liens\/#Harcelement\" >Harc\u00e8lement :<\/a><\/li><li class='ez-toc-page-1 ez-toc-heading-level-2'><a class=\"ez-toc-link ez-toc-heading-10\" href=\"https:\/\/mediagoras.fr\/exemple\/liens\/#Si_vous_vous_sentez_capable_de_rencontrer_dautres_personnes\" >Si vous vous sentez capable de rencontrer d&rsquo;autres personnes :<\/a><\/li><li class='ez-toc-page-1 ez-toc-heading-level-2'><a class=\"ez-toc-link ez-toc-heading-11\" href=\"https:\/\/mediagoras.fr\/exemple\/liens\/#Si_votre_probleme_est_avant_tout_axe_sur_la_prise_de_parole_en_public\" >Si votre probl\u00e8me est avant tout ax\u00e9 sur la prise de parole en public :<\/a><\/li><\/ul><\/nav><\/div>\n<h2><span class=\"ez-toc-section\" id=\"Liens_de_Mediagora_Lyon\"><\/span>Liens de M\u00e9diagora Lyon<span class=\"ez-toc-section-end\"><\/span><\/h2>\n[\/et_pb_text][et_pb_divider divider_weight=\u00a0\u00bb9px\u00a0\u00bb _builder_version=\u00a0\u00bb4.27.6&Prime; max_width=\u00a0\u00bb50px\u00a0\u00bb locked=\u00a0\u00bboff\u00a0\u00bb global_colors_info=\u00a0\u00bb{}\u00a0\u00bb][\/et_pb_divider][et_pb_text _builder_version=\u00a0\u00bb4.27.6&Prime; _module_preset=\u00a0\u00bbdefault\u00a0\u00bb global_colors_info=\u00a0\u00bb{}\u00a0\u00bb]\n<p style=\"text-align: left;\"><em><strong>Avertissement !<\/strong> Vous pouvez parcourir cette page en 30 secondes, mais si vous souhaitez en retirer vraiment du profit, ciblez un domaine pr\u00e9cis ou bien pr\u00e9voyez d&rsquo;y revenir.<\/em><\/p>\n<p>Si vous voulez en savoir plus sur les troubles anxieux en g\u00e9n\u00e9ral, et sur les autres associations concern\u00e9es, nous vous conseillons d&rsquo;aller butiner les sites suivants (liste non exhaustive) :<\/p>\n[\/et_pb_text][et_pb_text _builder_version=\u00a0\u00bb4.27.6&Prime; _module_preset=\u00a0\u00bbdefault\u00a0\u00bb global_colors_info=\u00a0\u00bb{}\u00a0\u00bb]\n<h2><span class=\"ez-toc-section\" id=\"Les_autre_associations_Mediagora_en_France\"><\/span>Les autre associations M\u00e9diagora en France<span class=\"ez-toc-section-end\"><\/span><\/h2>\n[\/et_pb_text][\/et_pb_column][\/et_pb_row][et_pb_row column_structure=\u00a0\u00bb1_3,1_3,1_3&Prime; _builder_version=\u00a0\u00bb4.27.6&Prime; _module_preset=\u00a0\u00bbdefault\u00a0\u00bb global_colors_info=\u00a0\u00bb{}\u00a0\u00bb][et_pb_column type=\u00a0\u00bb1_3&Prime; _builder_version=\u00a0\u00bb4.27.6&Prime; _module_preset=\u00a0\u00bbdefault\u00a0\u00bb global_colors_info=\u00a0\u00bb{}\u00a0\u00bb][et_pb_image src=\u00a0\u00bbhttp:\/\/mediagoras.fr\/exemple\/files\/2026\/07\/mediagora-Paris.png\u00a0\u00bb title_text=\u00a0\u00bbm\u00e9diagora Paris\u00a0\u00bb url=\u00a0\u00bbhttps:\/\/mediagoraparis.fr\/\u00a0\u00bb _builder_version=\u00a0\u00bb4.27.6&Prime; _module_preset=\u00a0\u00bbdefault\u00a0\u00bb global_colors_info=\u00a0\u00bb{}\u00a0\u00bb][\/et_pb_image][\/et_pb_column][et_pb_column type=\u00a0\u00bb1_3&Prime; _builder_version=\u00a0\u00bb4.27.6&Prime; _module_preset=\u00a0\u00bbdefault\u00a0\u00bb global_colors_info=\u00a0\u00bb{}\u00a0\u00bb][et_pb_image src=\u00a0\u00bbhttp:\/\/mediagoras.fr\/exemple\/files\/2026\/07\/mediagora-bordeaux.png\u00a0\u00bb title_text=\u00a0\u00bbm\u00e9diagora bordeaux\u00a0\u00bb url=\u00a0\u00bbhttps:\/\/www.mediagorabordeaux.fr\/\u00a0\u00bb _builder_version=\u00a0\u00bb4.27.6&Prime; _module_preset=\u00a0\u00bbdefault\u00a0\u00bb global_colors_info=\u00a0\u00bb{}\u00a0\u00bb][\/et_pb_image][\/et_pb_column][et_pb_column type=\u00a0\u00bb1_3&Prime; _builder_version=\u00a0\u00bb4.27.6&Prime; _module_preset=\u00a0\u00bbdefault\u00a0\u00bb global_colors_info=\u00a0\u00bb{}\u00a0\u00bb][et_pb_image src=\u00a0\u00bbhttp:\/\/mediagoras.fr\/exemple\/files\/2026\/07\/mediagora-ROuen.png\u00a0\u00bb title_text=\u00a0\u00bbm\u00e9diagora ROuen\u00a0\u00bb url=\u00a0\u00bbhttps:\/\/www.mediagora.fr\/\u00a0\u00bb _builder_version=\u00a0\u00bb4.27.6&Prime; _module_preset=\u00a0\u00bbdefault\u00a0\u00bb global_colors_info=\u00a0\u00bb{}\u00a0\u00bb][\/et_pb_image][\/et_pb_column][\/et_pb_row][et_pb_row _builder_version=\u00a0\u00bb4.27.6&Prime; _module_preset=\u00a0\u00bbdefault\u00a0\u00bb global_colors_info=\u00a0\u00bb{}\u00a0\u00bb][et_pb_column type=\u00a0\u00bb4_4&Prime; _builder_version=\u00a0\u00bb4.27.6&Prime; _module_preset=\u00a0\u00bbdefault\u00a0\u00bb global_colors_info=\u00a0\u00bb{}\u00a0\u00bb][et_pb_text _builder_version=\u00a0\u00bb4.27.6&Prime; _module_preset=\u00a0\u00bbdefault\u00a0\u00bb global_colors_info=\u00a0\u00bb{}\u00a0\u00bb]Bien qu\u2019anim\u00e9es par la m\u00eame<span>\u00a0<\/span><a title=\"Notre philosophie commune\" href=\"https:\/\/mediagoras.fr\/notre-philosophie-commune\/\">philosophie<\/a>, et partageant les m\u00eames<span>\u00a0<\/span><a title=\"Nos Objectifs communs\" href=\"https:\/\/mediagoras.fr\/nos-objectifs-communs\/\">buts<\/a>, chaque association est juridiquement ind\u00e9pendante.<\/p>\n<p>Veuillez prendre contact directement avec celle dont vous \u00eates le plus proche.<\/p>\n<p>En cas de difficult\u00e9 de contact direct, vous pourrez utiliser le<span>\u00a0<\/span><a title=\"Nous contacter\" href=\"https:\/\/mediagoras.fr\/exemple\/nous-contacter\/\">formulaire de contact g\u00e9n\u00e9ral<\/a>, et nous ferons suivre \u00e0 l\u2019association concern\u00e9e.[\/et_pb_text][et_pb_text _builder_version=\u00a0\u00bb4.27.6&Prime; _module_preset=\u00a0\u00bbdefault\u00a0\u00bb global_colors_info=\u00a0\u00bb{}\u00a0\u00bb]<a href=\"https:\/\/www.youtube.com\/channel\/UCc5x0--sEez_d3TgOrCnbfQ\">Cha\u00eene Youtube de M\u00e9diagora<\/a> : Cette cha\u00eene pr\u00e9sente d\u00e9j\u00e0 des liens sur des vid\u00e9os \u00e0 propos des troubles anxieux, ainsi que d&rsquo;autres troubles, soit apparent\u00e9s, soit susceptibles d&rsquo;\u00eatre pr\u00e9sent chez certains anxieux en plus de leur anxi\u00e9t\u00e9 (co-morbidit\u00e9s).[\/et_pb_text][\/et_pb_column][\/et_pb_row][et_pb_row _builder_version=\u00a0\u00bb4.27.6&Prime; _module_preset=\u00a0\u00bbdefault\u00a0\u00bb global_colors_info=\u00a0\u00bb{}\u00a0\u00bb][et_pb_column type=\u00a0\u00bb4_4&Prime; _builder_version=\u00a0\u00bb4.27.6&Prime; _module_preset=\u00a0\u00bbdefault\u00a0\u00bb global_colors_info=\u00a0\u00bb{}\u00a0\u00bb][et_pb_text _builder_version=\u00a0\u00bb4.27.6&Prime; _module_preset=\u00a0\u00bbdefault\u00a0\u00bb global_colors_info=\u00a0\u00bb{}\u00a0\u00bb]\n<h2><span class=\"ez-toc-section\" id=\"Autres_associations_danxieux_et_phobiques\"><\/span>Autres associations d&rsquo;anxieux et phobiques<span class=\"ez-toc-section-end\"><\/span><\/h2>\n[\/et_pb_text][\/et_pb_column][\/et_pb_row][et_pb_row column_structure=\u00a0\u00bb1_3,1_3,1_3&Prime; _builder_version=\u00a0\u00bb4.27.6&Prime; _module_preset=\u00a0\u00bbdefault\u00a0\u00bb global_colors_info=\u00a0\u00bb{}\u00a0\u00bb][et_pb_column type=\u00a0\u00bb1_3&Prime; _builder_version=\u00a0\u00bb4.27.6&Prime; _module_preset=\u00a0\u00bbdefault\u00a0\u00bb global_colors_info=\u00a0\u00bb{}\u00a0\u00bb][et_pb_image src=\u00a0\u00bbhttp:\/\/mediagoras.fr\/exemple\/files\/2026\/07\/Revivre-France.png\u00a0\u00bb title_text=\u00a0\u00bbRevivre France\u00a0\u00bb url=\u00a0\u00bbhttps:\/\/www.revivre-france.org\/\u00a0\u00bb _builder_version=\u00a0\u00bb4.27.6&Prime; _module_preset=\u00a0\u00bbdefault\u00a0\u00bb global_colors_info=\u00a0\u00bb{}\u00a0\u00bb][\/et_pb_image][et_pb_text _builder_version=\u00a0\u00bb4.27.6&Prime; _module_preset=\u00a0\u00bbdefault\u00a0\u00bb global_colors_info=\u00a0\u00bb{}\u00a0\u00bb]\n<p><span style=\"text-decoration: underline;\"><a href=\"https:\/\/www.revivre-france.org\/\">Revivre France<\/a><\/span> : association bas\u00e9e \u00e0 Toulouse, mais accueillant tous les anxieux francophones dans ses r\u00e9unions en visio-conf\u00e9rence.<\/p>\n[\/et_pb_text][\/et_pb_column][et_pb_column type=\u00a0\u00bb1_3&Prime; _builder_version=\u00a0\u00bb4.27.6&Prime; _module_preset=\u00a0\u00bbdefault\u00a0\u00bb global_colors_info=\u00a0\u00bb{}\u00a0\u00bb][et_pb_image src=\u00a0\u00bbhttp:\/\/mediagoras.fr\/exemple\/files\/2026\/07\/Sen-sortir-ASBL.png\u00a0\u00bb title_text=\u00a0\u00bbS&rsquo;en sortir ASBL\u00a0\u00bb url=\u00a0\u00bbhttps:\/\/www.sen-sortir.be\/\u00a0\u00bb _builder_version=\u00a0\u00bb4.27.6&Prime; _module_preset=\u00a0\u00bbdefault\u00a0\u00bb global_colors_info=\u00a0\u00bb{}\u00a0\u00bb][\/et_pb_image][et_pb_text _builder_version=\u00a0\u00bb4.27.6&Prime; _module_preset=\u00a0\u00bbdefault\u00a0\u00bb global_colors_info=\u00a0\u00bb{}\u00a0\u00bb]\n<p><span style=\"text-decoration: underline;\"><a href=\"https:\/\/www.sen-sortir.be\/\">S&rsquo;en Sortir ASBL<\/a><\/span> est une association belge francophone ayant pour but d&rsquo;offrir soutien, information et entraide aux personnes souffrant de troubles anxieux.<\/p>\n[\/et_pb_text][\/et_pb_column][et_pb_column type=\u00a0\u00bb1_3&Prime; _builder_version=\u00a0\u00bb4.27.6&Prime; _module_preset=\u00a0\u00bbdefault\u00a0\u00bb global_colors_info=\u00a0\u00bb{}\u00a0\u00bb][et_pb_image src=\u00a0\u00bbhttp:\/\/mediagoras.fr\/exemple\/files\/2026\/07\/agorafolk.png\u00a0\u00bb title_text=\u00a0\u00bbagorafolk\u00a0\u00bb url=\u00a0\u00bbhttps:\/\/www.agorafolk.fr\/\u00a0\u00bb _builder_version=\u00a0\u00bb4.27.6&Prime; _module_preset=\u00a0\u00bbdefault\u00a0\u00bb locked=\u00a0\u00bboff\u00a0\u00bb global_colors_info=\u00a0\u00bb{}\u00a0\u00bb][\/et_pb_image][et_pb_text _builder_version=\u00a0\u00bb4.27.6&Prime; _module_preset=\u00a0\u00bbdefault\u00a0\u00bb global_colors_info=\u00a0\u00bb{}\u00a0\u00bb]\n<p>Chez <span style=\"text-decoration: underline;\"><a href=\"https:\/\/www.agorafolk.fr\/\">Agorafolk<\/a><\/span>, on a un r\u00eave : cr\u00e9er un r\u00e9seau social bienveillant, un \u00ab Tinder de l&rsquo;anxieux \u00bb pour trouver du soutien en deux clics.<\/p>\n[\/et_pb_text][\/et_pb_column][\/et_pb_row][et_pb_row _builder_version=\u00a0\u00bb4.27.6&Prime; _module_preset=\u00a0\u00bbdefault\u00a0\u00bb locked=\u00a0\u00bboff\u00a0\u00bb global_colors_info=\u00a0\u00bb{}\u00a0\u00bb][et_pb_column type=\u00a0\u00bb4_4&Prime; _builder_version=\u00a0\u00bb4.27.6&Prime; _module_preset=\u00a0\u00bbdefault\u00a0\u00bb global_colors_info=\u00a0\u00bb{}\u00a0\u00bb][et_pb_text _builder_version=\u00a0\u00bb4.27.6&Prime; _module_preset=\u00a0\u00bbdefault\u00a0\u00bb global_colors_info=\u00a0\u00bb{}\u00a0\u00bb]\n<h2><span class=\"ez-toc-section\" id=\"Diagnostic_et_Soins\"><\/span>Diagnostic et Soins<span class=\"ez-toc-section-end\"><\/span><\/h2>\n[\/et_pb_text][\/et_pb_column][\/et_pb_row][et_pb_row column_structure=\u00a0\u00bb1_3,1_3,1_3&Prime; _builder_version=\u00a0\u00bb4.27.6&Prime; _module_preset=\u00a0\u00bbdefault\u00a0\u00bb global_colors_info=\u00a0\u00bb{}\u00a0\u00bb][et_pb_column type=\u00a0\u00bb1_3&Prime; _builder_version=\u00a0\u00bb4.27.6&Prime; _module_preset=\u00a0\u00bbdefault\u00a0\u00bb global_colors_info=\u00a0\u00bb{}\u00a0\u00bb][et_pb_image src=\u00a0\u00bbhttp:\/\/mediagoras.fr\/exemple\/files\/2026\/07\/AFTCC.png\u00a0\u00bb alt=\u00a0\u00bbAFTCC &#8211; M\u00e9diagoras Lyon\u00a0\u00bb title_text=\u00a0\u00bbAFTCC &#8211; M\u00e9diagoras Lyon\u00a0\u00bb _builder_version=\u00a0\u00bb4.27.6&Prime; _module_preset=\u00a0\u00bbdefault\u00a0\u00bb global_colors_info=\u00a0\u00bb{}\u00a0\u00bb][\/et_pb_image][et_pb_text _builder_version=\u00a0\u00bb4.27.6&Prime; _module_preset=\u00a0\u00bbdefault\u00a0\u00bb global_colors_info=\u00a0\u00bb{}\u00a0\u00bb]\n<p><a href=\"http:\/\/www.aftcc.org\">Le site de l&rsquo;AFTCC<\/a>\u00a0 (comportant un annuaire de th\u00e9rapeutes)<\/p>\n[\/et_pb_text][\/et_pb_column][et_pb_column type=\u00a0\u00bb1_3&Prime; _builder_version=\u00a0\u00bb4.27.6&Prime; _module_preset=\u00a0\u00bbdefault\u00a0\u00bb global_colors_info=\u00a0\u00bb{}\u00a0\u00bb][et_pb_image src=\u00a0\u00bbhttp:\/\/mediagoras.fr\/exemple\/files\/2026\/07\/emdr-france.png\u00a0\u00bb alt=\u00a0\u00bbAFTCC &#8211; M\u00e9diagoras Lyon\u00a0\u00bb title_text=\u00a0\u00bbemdr france\u00a0\u00bb url=\u00a0\u00bbhttps:\/\/www.emdr-france.org\/fr\/\u00a0\u00bb _builder_version=\u00a0\u00bb4.27.6&Prime; _module_preset=\u00a0\u00bbdefault\u00a0\u00bb global_colors_info=\u00a0\u00bb{}\u00a0\u00bb][\/et_pb_image][et_pb_text _builder_version=\u00a0\u00bb4.27.6&Prime; _module_preset=\u00a0\u00bbdefault\u00a0\u00bb global_colors_info=\u00a0\u00bb{}\u00a0\u00bb]\n<p><a href=\"https:\/\/www.emdr-france.org\/fr\/\">Pour l&rsquo;EMDR en France<\/a>\u00a0 (comporte aussi un annuaire de th\u00e9rapeutes)<\/p>\n[\/et_pb_text][\/et_pb_column][et_pb_column type=\u00a0\u00bb1_3&Prime; _builder_version=\u00a0\u00bb4.27.6&Prime; _module_preset=\u00a0\u00bbdefault\u00a0\u00bb global_colors_info=\u00a0\u00bb{}\u00a0\u00bb][et_pb_image src=\u00a0\u00bbhttp:\/\/mediagoras.fr\/exemple\/files\/2026\/07\/Psychomedia.png\u00a0\u00bb alt=\u00a0\u00bbAFTCC &#8211; M\u00e9diagoras Lyon\u00a0\u00bb title_text=\u00a0\u00bbPsychom\u00e9dia\u00a0\u00bb _builder_version=\u00a0\u00bb4.27.6&Prime; _module_preset=\u00a0\u00bbdefault\u00a0\u00bb global_colors_info=\u00a0\u00bb{}\u00a0\u00bb][\/et_pb_image][et_pb_text _builder_version=\u00a0\u00bb4.27.6&Prime; _module_preset=\u00a0\u00bbdefault\u00a0\u00bb global_colors_info=\u00a0\u00bb{}\u00a0\u00bb]\n<p><span class=\"Apple-style-span\">Pour faire un pr\u00e9-diagnostic :\u00a0<a href=\"http:\/\/www.psychomedia.qc.ca\/psychologie\/tests-psychologiques\" target=\"_blank\" rel=\"noopener noreferrer\">Les test en ligne de Psychom\u00e9dia<\/a>\u00a0(\u00e0 faire valider ensuite par un professionnel de la sant\u00e9 mentale)<\/span><\/p>\n[\/et_pb_text][\/et_pb_column][\/et_pb_row][et_pb_row _builder_version=\u00a0\u00bb4.27.6&Prime; _module_preset=\u00a0\u00bbdefault\u00a0\u00bb locked=\u00a0\u00bboff\u00a0\u00bb global_colors_info=\u00a0\u00bb{}\u00a0\u00bb][et_pb_column type=\u00a0\u00bb4_4&Prime; _builder_version=\u00a0\u00bb4.27.6&Prime; _module_preset=\u00a0\u00bbdefault\u00a0\u00bb global_colors_info=\u00a0\u00bb{}\u00a0\u00bb][et_pb_text _builder_version=\u00a0\u00bb4.27.6&Prime; _module_preset=\u00a0\u00bbdefault\u00a0\u00bb global_colors_info=\u00a0\u00bb{}\u00a0\u00bb]\n<h2><span class=\"ez-toc-section\" id=\"Autres_sites_consacres_a_lanxiete_etou_aux_phobies\"><\/span>Autres sites consacr\u00e9s \u00e0 l&rsquo;anxi\u00e9t\u00e9 et\/ou aux phobies :<span class=\"ez-toc-section-end\"><\/span><\/h2>\n[\/et_pb_text][\/et_pb_column][\/et_pb_row][et_pb_row column_structure=\u00a0\u00bb1_4,1_4,1_4,1_4&Prime; _builder_version=\u00a0\u00bb4.27.6&Prime; _module_preset=\u00a0\u00bbdefault\u00a0\u00bb global_colors_info=\u00a0\u00bb{}\u00a0\u00bb][et_pb_column type=\u00a0\u00bb1_4&Prime; _builder_version=\u00a0\u00bb4.27.6&Prime; _module_preset=\u00a0\u00bbdefault\u00a0\u00bb global_colors_info=\u00a0\u00bb{}\u00a0\u00bb][et_pb_image src=\u00a0\u00bbhttp:\/\/mediagoras.fr\/exemple\/files\/2026\/07\/deploie-tes-ailes.png\u00a0\u00bb title_text=\u00a0\u00bbd\u00e9ploie tes ailes\u00a0\u00bb url=\u00a0\u00bbhttps:\/\/www.deploie-tes-ailes.org\/\u00a0\u00bb _builder_version=\u00a0\u00bb4.27.6&Prime; _module_preset=\u00a0\u00bbdefault\u00a0\u00bb global_colors_info=\u00a0\u00bb{}\u00a0\u00bb][\/et_pb_image][et_pb_text _builder_version=\u00a0\u00bb4.27.6&Prime; _module_preset=\u00a0\u00bbdefault\u00a0\u00bb global_colors_info=\u00a0\u00bb{}\u00a0\u00bb]\n<p><a title=\"Site et forum d'entraide : agoraphobie et autres phobies\" href=\"http:\/\/www.deploie-tes-ailes.org\/\" target=\"_blank\" rel=\"noopener noreferrer\">Forum D\u00e9ploie-tes-ailes<\/a> (site et forum d&rsquo;entraide)<\/p>\n[\/et_pb_text][\/et_pb_column][et_pb_column type=\u00a0\u00bb1_4&Prime; _builder_version=\u00a0\u00bb4.27.6&Prime; _module_preset=\u00a0\u00bbdefault\u00a0\u00bb global_colors_info=\u00a0\u00bb{}\u00a0\u00bb][et_pb_image src=\u00a0\u00bbhttp:\/\/mediagoras.fr\/exemple\/files\/2026\/07\/Phobie-Scolaire.png\u00a0\u00bb title_text=\u00a0\u00bbPhobie Scolaire\u00a0\u00bb url=\u00a0\u00bbhttps:\/\/phobie-scolaire.org\/\u00a0\u00bb _builder_version=\u00a0\u00bb4.27.6&Prime; _module_preset=\u00a0\u00bbdefault\u00a0\u00bb global_colors_info=\u00a0\u00bb{}\u00a0\u00bb][\/et_pb_image][et_pb_text _builder_version=\u00a0\u00bb4.27.6&Prime; _module_preset=\u00a0\u00bbdefault\u00a0\u00bb global_colors_info=\u00a0\u00bb{}\u00a0\u00bb]\n<p><a href=\"https:\/\/phobie-scolaire.org\/\" target=\"_blank\" rel=\"noopener noreferrer\">Phobie Scolaire<\/a> (site et forum consacr\u00e9 \u00e0 la phobie scolaire)<\/p>\n[\/et_pb_text][\/et_pb_column][et_pb_column type=\u00a0\u00bb1_4&Prime; _builder_version=\u00a0\u00bb4.27.6&Prime; _module_preset=\u00a0\u00bbdefault\u00a0\u00bb global_colors_info=\u00a0\u00bb{}\u00a0\u00bb][et_pb_image src=\u00a0\u00bbhttp:\/\/mediagoras.fr\/exemple\/files\/2026\/07\/emetophobie.png\u00a0\u00bb title_text=\u00a0\u00bbemetophobie\u00a0\u00bb url=\u00a0\u00bbhttps:\/\/emetophobie.forumpro.fr\/\u00a0\u00bb _builder_version=\u00a0\u00bb4.27.6&Prime; _module_preset=\u00a0\u00bbdefault\u00a0\u00bb locked=\u00a0\u00bboff\u00a0\u00bb global_colors_info=\u00a0\u00bb{}\u00a0\u00bb][\/et_pb_image][et_pb_text _builder_version=\u00a0\u00bb4.27.6&Prime; _module_preset=\u00a0\u00bbdefault\u00a0\u00bb hover_enabled=\u00a0\u00bb0&Prime; global_colors_info=\u00a0\u00bb{}\u00a0\u00bb sticky_enabled=\u00a0\u00bb0&Prime;]\n<p><a href=\"http:\/\/emetophobie.forumpro.fr\/\" target=\"_blank\" rel=\"noopener noreferrer\">Em\u00e9tophobie<\/a> (peur de vomir)\u00a0<\/p>\n<p>C&rsquo;est un forum consacr\u00e9 \u00e0 cette phobie.<\/p>\n[\/et_pb_text][\/et_pb_column][et_pb_column type=\u00a0\u00bb1_4&Prime; _builder_version=\u00a0\u00bb4.27.6&Prime; _module_preset=\u00a0\u00bbdefault\u00a0\u00bb global_colors_info=\u00a0\u00bb{}\u00a0\u00bb][et_pb_image src=\u00a0\u00bbhttp:\/\/mediagoras.fr\/exemple\/files\/2026\/07\/laxophobie.png\u00a0\u00bb title_text=\u00a0\u00bblaxophobie\u00a0\u00bb url=\u00a0\u00bbhttps:\/\/www.laxophobie.fr\/\u00a0\u00bb _builder_version=\u00a0\u00bb4.27.6&Prime; _module_preset=\u00a0\u00bbdefault\u00a0\u00bb locked=\u00a0\u00bboff\u00a0\u00bb global_colors_info=\u00a0\u00bb{}\u00a0\u00bb][\/et_pb_image][et_pb_text _builder_version=\u00a0\u00bb4.27.6&Prime; _module_preset=\u00a0\u00bbdefault\u00a0\u00bb hover_enabled=\u00a0\u00bb0&Prime; global_colors_info=\u00a0\u00bb{}\u00a0\u00bb sticky_enabled=\u00a0\u00bb0&Prime;]\n<p><a href=\"http:\/\/www.laxophobie.fr\/\" target=\"_blank\" rel=\"noopener noreferrer\">Site consacr\u00e9 \u00e0 la Laxophobie <\/a> (peur de perdre ses selles) Cet ex forum est devenu le site d&rsquo;une psychologue lib\u00e9rale, mais reste toutefois riche en informations sur cette phobie. C&rsquo;est pourquoi nous le citons, et non dans un but publicitaire.<\/p>\n[\/et_pb_text][\/et_pb_column][\/et_pb_row][et_pb_row _builder_version=\u00a0\u00bb4.27.6&Prime; _module_preset=\u00a0\u00bbdefault\u00a0\u00bb locked=\u00a0\u00bboff\u00a0\u00bb global_colors_info=\u00a0\u00bb{}\u00a0\u00bb][et_pb_column type=\u00a0\u00bb4_4&Prime; _builder_version=\u00a0\u00bb4.27.6&Prime; _module_preset=\u00a0\u00bbdefault\u00a0\u00bb global_colors_info=\u00a0\u00bb{}\u00a0\u00bb][et_pb_text _builder_version=\u00a0\u00bb4.27.6&Prime; _module_preset=\u00a0\u00bbdefault\u00a0\u00bb global_colors_info=\u00a0\u00bb{}\u00a0\u00bb]\n<h2><span class=\"ez-toc-section\" id=\"Sites_dinformation_sur_les_autres_troubles_parfois_associes_aux_troubles_anxieux\"><\/span>Sites d&rsquo;information sur les autres troubles parfois associ\u00e9s aux troubles anxieux :<span class=\"ez-toc-section-end\"><\/span><\/h2>\n[\/et_pb_text][\/et_pb_column][\/et_pb_row][et_pb_row column_structure=\u00a0\u00bb1_4,1_4,1_4,1_4&Prime; _builder_version=\u00a0\u00bb4.27.6&Prime; _module_preset=\u00a0\u00bbdefault\u00a0\u00bb global_colors_info=\u00a0\u00bb{}\u00a0\u00bb][et_pb_column type=\u00a0\u00bb1_4&Prime; _builder_version=\u00a0\u00bb4.27.6&Prime; _module_preset=\u00a0\u00bbdefault\u00a0\u00bb global_colors_info=\u00a0\u00bb{}\u00a0\u00bb][et_pb_image src=\u00a0\u00bbhttp:\/\/mediagoras.fr\/exemple\/files\/2026\/07\/psycom.png\u00a0\u00bb title_text=\u00a0\u00bbpsycom\u00a0\u00bb url=\u00a0\u00bbhttps:\/\/www.psycom.org\/\u00a0\u00bb _builder_version=\u00a0\u00bb4.27.6&Prime; _module_preset=\u00a0\u00bbdefault\u00a0\u00bb global_colors_info=\u00a0\u00bb{}\u00a0\u00bb][\/et_pb_image][et_pb_text _builder_version=\u00a0\u00bb4.27.6&Prime; _module_preset=\u00a0\u00bbdefault\u00a0\u00bb global_colors_info=\u00a0\u00bb{}\u00a0\u00bb]Site d&rsquo;informaton tr\u00e8s complet sur tous les troubles psychiques et les aides possibles : <a href=\"https:\/\/www.psycom.org\/\">PSYCOM<\/a>, (c&rsquo;est aussi un annuaire en ligne, un des plus complets sur les troubles psy)[\/et_pb_text][\/et_pb_column][et_pb_column type=\u00a0\u00bb1_4&Prime; _builder_version=\u00a0\u00bb4.27.6&Prime; _module_preset=\u00a0\u00bbdefault\u00a0\u00bb global_colors_info=\u00a0\u00bb{}\u00a0\u00bb][et_pb_image src=\u00a0\u00bbhttp:\/\/mediagoras.fr\/exemple\/files\/2026\/07\/france-depression.png\u00a0\u00bb title_text=\u00a0\u00bbfrance d\u00e9pression\u00a0\u00bb url=\u00a0\u00bbhttps:\/\/www.psycom.org\/\u00a0\u00bb _builder_version=\u00a0\u00bb4.27.6&Prime; _module_preset=\u00a0\u00bbdefault\u00a0\u00bb locked=\u00a0\u00bboff\u00a0\u00bb global_colors_info=\u00a0\u00bb{}\u00a0\u00bb][\/et_pb_image][et_pb_text _builder_version=\u00a0\u00bb4.27.6&Prime; _module_preset=\u00a0\u00bbdefault\u00a0\u00bb global_colors_info=\u00a0\u00bb{}\u00a0\u00bb]\n<p>Association contre la d\u00e9pression: <a href=\"https:\/\/francedepression.fr\/\">Association France D\u00e9pression<\/a><\/p>\n[\/et_pb_text][\/et_pb_column][et_pb_column type=\u00a0\u00bb1_4&Prime; _builder_version=\u00a0\u00bb4.27.6&Prime; _module_preset=\u00a0\u00bbdefault\u00a0\u00bb global_colors_info=\u00a0\u00bb{}\u00a0\u00bb][et_pb_image src=\u00a0\u00bbhttp:\/\/mediagoras.fr\/exemple\/files\/2026\/07\/aftoc.png\u00a0\u00bb title_text=\u00a0\u00bbaftoc\u00a0\u00bb url=\u00a0\u00bbhttps:\/\/www.psycom.org\/\u00a0\u00bb _builder_version=\u00a0\u00bb4.27.6&Prime; _module_preset=\u00a0\u00bbdefault\u00a0\u00bb locked=\u00a0\u00bboff\u00a0\u00bb global_colors_info=\u00a0\u00bb{}\u00a0\u00bb][\/et_pb_image][et_pb_text _builder_version=\u00a0\u00bb4.27.6&Prime; _module_preset=\u00a0\u00bbdefault\u00a0\u00bb global_colors_info=\u00a0\u00bb{}\u00a0\u00bb]\n<p><a title=\"Site de l'AFTOC\" href=\"http:\/\/www.aftoc.org\/\" target=\"_blank\" rel=\"noopener noreferrer\">Site de l&rsquo;AFTOC<\/a> (Troubles Obsessionnels et Compulsifs)<\/p>\n[\/et_pb_text][\/et_pb_column][et_pb_column type=\u00a0\u00bb1_4&Prime; _builder_version=\u00a0\u00bb4.27.6&Prime; _module_preset=\u00a0\u00bbdefault\u00a0\u00bb global_colors_info=\u00a0\u00bb{}\u00a0\u00bb][et_pb_image src=\u00a0\u00bbhttp:\/\/mediagoras.fr\/exemple\/files\/2026\/07\/hypersupers.png\u00a0\u00bb title_text=\u00a0\u00bbhypersupers\u00a0\u00bb url=\u00a0\u00bbhttps:\/\/www.psycom.org\/\u00a0\u00bb _builder_version=\u00a0\u00bb4.27.6&Prime; _module_preset=\u00a0\u00bbdefault\u00a0\u00bb locked=\u00a0\u00bboff\u00a0\u00bb global_colors_info=\u00a0\u00bb{}\u00a0\u00bb][\/et_pb_image][et_pb_text _builder_version=\u00a0\u00bb4.27.6&Prime; _module_preset=\u00a0\u00bbdefault\u00a0\u00bb global_colors_info=\u00a0\u00bb{}\u00a0\u00bb]\n<p>Trouble du d\u00e9ficit de l&rsquo;attention avec ou sans hyperactivit\u00e9 (TDA\/H): <a href=\"https:\/\/www.tdah-france.fr\/\">Association HyperSupers TDAH France<\/a><\/p>\n[\/et_pb_text][\/et_pb_column][\/et_pb_row][et_pb_row column_structure=\u00a0\u00bb1_4,1_4,1_4,1_4&Prime; _builder_version=\u00a0\u00bb4.27.6&Prime; _module_preset=\u00a0\u00bbdefault\u00a0\u00bb global_colors_info=\u00a0\u00bb{}\u00a0\u00bb][et_pb_column type=\u00a0\u00bb1_4&Prime; _builder_version=\u00a0\u00bb4.27.6&Prime; _module_preset=\u00a0\u00bbdefault\u00a0\u00bb global_colors_info=\u00a0\u00bb{}\u00a0\u00bb][et_pb_image src=\u00a0\u00bbhttp:\/\/mediagoras.fr\/exemple\/files\/2026\/07\/tdah.jpg\u00a0\u00bb title_text=\u00a0\u00bbtdah\u00a0\u00bb url=\u00a0\u00bbhttps:\/\/www.psycom.org\/\u00a0\u00bb _builder_version=\u00a0\u00bb4.27.6&Prime; _module_preset=\u00a0\u00bbdefault\u00a0\u00bb global_colors_info=\u00a0\u00bb{}\u00a0\u00bb][\/et_pb_image][et_pb_text _builder_version=\u00a0\u00bb4.27.6&Prime; _module_preset=\u00a0\u00bbdefault\u00a0\u00bb global_colors_info=\u00a0\u00bb{}\u00a0\u00bb]\n<p>Pr\u00e9sentation du TDA\/H: <a href=\"https:\/\/docs.google.com\/presentation\/d\/1pX3-KGUWLL68v2ALBf_97mWRiUx16uKw\/edit?usp=share_link&amp;ouid=110618061508199864016&amp;rtpof=true&amp;sd=true\">Lien vers la pr\u00e9sentation du TDA\/H<\/a><\/p>\n[\/et_pb_text][\/et_pb_column][et_pb_column type=\u00a0\u00bb1_4&Prime; _builder_version=\u00a0\u00bb4.27.6&Prime; _module_preset=\u00a0\u00bbdefault\u00a0\u00bb global_colors_info=\u00a0\u00bb{}\u00a0\u00bb][et_pb_image src=\u00a0\u00bbhttp:\/\/mediagoras.fr\/exemple\/files\/2026\/07\/chu-montpellier.png\u00a0\u00bb title_text=\u00a0\u00bbchu montpellier\u00a0\u00bb url=\u00a0\u00bbhttps:\/\/www.psycom.org\/\u00a0\u00bb _builder_version=\u00a0\u00bb4.27.6&Prime; _module_preset=\u00a0\u00bbdefault\u00a0\u00bb global_colors_info=\u00a0\u00bb{}\u00a0\u00bb][\/et_pb_image][et_pb_text _builder_version=\u00a0\u00bb4.27.6&Prime; _module_preset=\u00a0\u00bbdefault\u00a0\u00bb global_colors_info=\u00a0\u00bb{}\u00a0\u00bb]\n<p>Trouble de la personnalit\u00e9 borderline: <a href=\"https:\/\/www.chu-montpellier.fr\/fr\/professionnels\/journalistes-media\/actualites\/un-nouveau-centre-de-therapies-des-troubles-de-lhumeur-et-emotionnels-a-la-colombiere-5166\">P\u00f4le expert du trouble Borderline \u00e0 Montpellier<\/a><\/p>\n[\/et_pb_text][\/et_pb_column][et_pb_column type=\u00a0\u00bb1_4&Prime; _builder_version=\u00a0\u00bb4.27.6&Prime; _module_preset=\u00a0\u00bbdefault\u00a0\u00bb global_colors_info=\u00a0\u00bb{}\u00a0\u00bb][et_pb_image src=\u00a0\u00bbhttp:\/\/mediagoras.fr\/exemple\/files\/2026\/07\/dbt-france.jpg\u00a0\u00bb title_text=\u00a0\u00bbdbt france\u00a0\u00bb url=\u00a0\u00bbhttps:\/\/www.psycom.org\/\u00a0\u00bb _builder_version=\u00a0\u00bb4.27.6&Prime; _module_preset=\u00a0\u00bbdefault\u00a0\u00bb global_colors_info=\u00a0\u00bb{}\u00a0\u00bb][\/et_pb_image][et_pb_text _builder_version=\u00a0\u00bb4.27.6&Prime; _module_preset=\u00a0\u00bbdefault\u00a0\u00bb global_colors_info=\u00a0\u00bb{}\u00a0\u00bb]\n<p><span>Th\u00e9rapie comportementale et dialectique France (TCD \/ Trouble Borderline, pour\u00a0 une th\u00e9rapie en visio):<\/span><\/p>\n<p><span>\u00a0<\/span><a href=\"https:\/\/www.dbt-france.com\/\">https:\/\/www.dbt-france.com<\/a><\/p>\n[\/et_pb_text][\/et_pb_column][et_pb_column type=\u00a0\u00bb1_4&Prime; _builder_version=\u00a0\u00bb4.27.6&Prime; _module_preset=\u00a0\u00bbdefault\u00a0\u00bb global_colors_info=\u00a0\u00bb{}\u00a0\u00bb][et_pb_image src=\u00a0\u00bbhttp:\/\/mediagoras.fr\/exemple\/files\/2026\/07\/vinatier.jpg\u00a0\u00bb title_text=\u00a0\u00bbvinatier\u00a0\u00bb url=\u00a0\u00bbhttps:\/\/www.psycom.org\/\u00a0\u00bb _builder_version=\u00a0\u00bb4.27.6&Prime; _module_preset=\u00a0\u00bbdefault\u00a0\u00bb global_colors_info=\u00a0\u00bb{}\u00a0\u00bb][\/et_pb_image][et_pb_text _builder_version=\u00a0\u00bb4.27.6&Prime; _module_preset=\u00a0\u00bbdefault\u00a0\u00bb global_colors_info=\u00a0\u00bb{}\u00a0\u00bb]\n<p><span>Centre expert en psychiatrie de l\u2019adulte de Lyon (d\u00e9pressions r\u00e9sistantes, schizophr\u00e9nie, bipolaire<\/span><strong>) :<span>\u00a0<\/span><\/strong><a href=\"http:\/\/www.ch-le-vinatier.fr\/annuaires\/poles-et-services\/unites-657\/centre-expert-en-psychiatrie-de-l-adulte-de-lyon-280.html?cHash=656bd72dc672d1a72568083e29fb5508\">Lien vers l\u2019h\u00f4pital du Vinatier<\/a><\/p>\n[\/et_pb_text][\/et_pb_column][\/et_pb_row][et_pb_row _builder_version=\u00a0\u00bb4.27.6&Prime; _module_preset=\u00a0\u00bbdefault\u00a0\u00bb locked=\u00a0\u00bboff\u00a0\u00bb global_colors_info=\u00a0\u00bb{}\u00a0\u00bb][et_pb_column type=\u00a0\u00bb4_4&Prime; _builder_version=\u00a0\u00bb4.27.6&Prime; _module_preset=\u00a0\u00bbdefault\u00a0\u00bb global_colors_info=\u00a0\u00bb{}\u00a0\u00bb][et_pb_text _builder_version=\u00a0\u00bb4.27.6&Prime; _module_preset=\u00a0\u00bbdefault\u00a0\u00bb global_colors_info=\u00a0\u00bb{}\u00a0\u00bb]\n<h2><span class=\"ez-toc-section\" id=\"Organismes_decoute_telephonique_etou_en_face_a_face\"><\/span>Organismes d&rsquo;\u00e9coute t\u00e9l\u00e9phonique (et\/ou en face \u00e0 face) :<span class=\"ez-toc-section-end\"><\/span><\/h2>\n[\/et_pb_text][\/et_pb_column][\/et_pb_row][et_pb_row column_structure=\u00a0\u00bb1_3,1_3,1_3&Prime; _builder_version=\u00a0\u00bb4.27.6&Prime; _module_preset=\u00a0\u00bbdefault\u00a0\u00bb global_colors_info=\u00a0\u00bb{}\u00a0\u00bb][et_pb_column type=\u00a0\u00bb1_3&Prime; _builder_version=\u00a0\u00bb4.27.6&Prime; _module_preset=\u00a0\u00bbdefault\u00a0\u00bb global_colors_info=\u00a0\u00bb{}\u00a0\u00bb][et_pb_image src=\u00a0\u00bbhttp:\/\/mediagoras.fr\/exemple\/files\/2026\/07\/vinatier.jpg\u00a0\u00bb alt=\u00a0\u00bbM\u00e9diagora Lyon &#8211; Associations Troubles Anxieux\u00a0\u00bb title_text=\u00a0\u00bbvinatier\u00a0\u00bb url=\u00a0\u00bbhttps:\/\/www.ch-le-vinatier.fr\/patients-et-entourage\/live-une-ecoute-professionnelle-et-engageante-2867.html\u00a0\u00bb _builder_version=\u00a0\u00bb4.27.6&Prime; _module_preset=\u00a0\u00bbdefault\u00a0\u00bb global_colors_info=\u00a0\u00bb{}\u00a0\u00bb][\/et_pb_image][et_pb_text _builder_version=\u00a0\u00bb4.27.6&Prime; _module_preset=\u00a0\u00bbdefault\u00a0\u00bb global_colors_info=\u00a0\u00bb{}\u00a0\u00bb]\n<p><span>Service\u00a0<\/span><a href=\"https:\/\/www.ch-le-vinatier.fr\/patients-et-entourage\/live-une-ecoute-professionnelle-et-engageante-2867.html\">LIVE<\/a><span> (service t\u00e9l\u00e9phonique d\u2019information et d\u2019orientation en sant\u00e9 mentale)<\/span><\/p>\n<p><span>Centre de sant\u00e9 universitaire\u00a0<\/span><a href=\"https:\/\/masante.universite-lyon.fr\/le-102-centre-de-sante-universite-de-lyon-357821.kjsp?RH=PORT-SANTE\">\u00ab\u00a0Le 102\u00a0\u00bb<\/a><span>\u00a0 (service de soins gratuis pour les \u00e9tudiants de l\u2019acad\u00e9mie de Lyon)<\/span><\/p>\n[\/et_pb_text][\/et_pb_column][et_pb_column type=\u00a0\u00bb1_3&Prime; _builder_version=\u00a0\u00bb4.27.6&Prime; _module_preset=\u00a0\u00bbdefault\u00a0\u00bb global_colors_info=\u00a0\u00bb{}\u00a0\u00bb][et_pb_image src=\u00a0\u00bbhttp:\/\/mediagoras.fr\/exemple\/files\/2026\/07\/coordination69.jpg\u00a0\u00bb alt=\u00a0\u00bbM\u00e9diagora Lyon &#8211; Associations Troubles Anxieux\u00a0\u00bb title_text=\u00a0\u00bbcoordination69&Prime; url=\u00a0\u00bbhttps:\/\/www.coordination69.asso.fr\/fr\/\u00a0\u00bb _builder_version=\u00a0\u00bb4.27.6&Prime; _module_preset=\u00a0\u00bbdefault\u00a0\u00bb global_colors_info=\u00a0\u00bb{}\u00a0\u00bb][\/et_pb_image][et_pb_text _builder_version=\u00a0\u00bb4.27.6&Prime; _module_preset=\u00a0\u00bbdefault\u00a0\u00bb global_colors_info=\u00a0\u00bb{}\u00a0\u00bb]\n<p><b>R\u00e9seau de sant\u00e9 mentale<\/b><span>, l\u2019association regroupe la majorit\u00e9 des \u00e9tablissements publics, associations et fondations du d\u00e9partement du Rh\u00f4ne et de la M\u00e9tropole de Lyon qui promeuvent la r\u00e9habilitation des personnes vivant avec des troubles psychiques.<\/span><\/p>\n[\/et_pb_text][\/et_pb_column][et_pb_column type=\u00a0\u00bb1_3&Prime; _builder_version=\u00a0\u00bb4.27.6&Prime; _module_preset=\u00a0\u00bbdefault\u00a0\u00bb global_colors_info=\u00a0\u00bb{}\u00a0\u00bb][et_pb_image src=\u00a0\u00bbhttp:\/\/mediagoras.fr\/exemple\/files\/2026\/07\/sante.fr_.jpg\u00a0\u00bb alt=\u00a0\u00bbM\u00e9diagora Lyon &#8211; Associations Troubles Anxieux\u00a0\u00bb title_text=\u00a0\u00bbsant\u00e9.fr\u00a0\u00bb url=\u00a0\u00bbhttps:\/\/www.sante.fr\/centre-daccueil-therapeutique-temps-partiel-cattp\/lyon\/centre-pizay-espace-de-psychotherapie-ambulatoire-lyon-1er\u00a0\u00bb _builder_version=\u00a0\u00bb4.27.6&Prime; _module_preset=\u00a0\u00bbdefault\u00a0\u00bb global_colors_info=\u00a0\u00bb{}\u00a0\u00bb][\/et_pb_image][et_pb_text _builder_version=\u00a0\u00bb4.27.6&Prime; _module_preset=\u00a0\u00bbdefault\u00a0\u00bb global_colors_info=\u00a0\u00bb{}\u00a0\u00bb]\n<p><span>Le centre d&rsquo;acceuil th\u00e9rapeutique \u00e0 temps partiel (CATTP) est une structure de soins faisant partie du dispositif de sant\u00e9 mentale mis \u00e0 la disposition de la population dans le cadre de la sectorisation. Il propose aux patients des actions de soutien et de th\u00e9rapeutique de groupe, visant \u00e0 maintenir, ou favoriser, une existence autonome.<\/span><\/p>\n[\/et_pb_text][\/et_pb_column][\/et_pb_row][et_pb_row _builder_version=\u00a0\u00bb4.27.6&Prime; _module_preset=\u00a0\u00bbdefault\u00a0\u00bb locked=\u00a0\u00bboff\u00a0\u00bb global_colors_info=\u00a0\u00bb{}\u00a0\u00bb][et_pb_column type=\u00a0\u00bb4_4&Prime; _builder_version=\u00a0\u00bb4.27.6&Prime; _module_preset=\u00a0\u00bbdefault\u00a0\u00bb global_colors_info=\u00a0\u00bb{}\u00a0\u00bb][et_pb_text _builder_version=\u00a0\u00bb4.27.6&Prime; _module_preset=\u00a0\u00bbdefault\u00a0\u00bb global_colors_info=\u00a0\u00bb{}\u00a0\u00bb]\n<h2><span class=\"ez-toc-section\" id=\"Organismes_decoute_telephonique_etou_en_face_a_face-2\"><\/span>Organismes d&rsquo;\u00e9coute t\u00e9l\u00e9phonique (et\/ou en face \u00e0 face) :<span class=\"ez-toc-section-end\"><\/span><\/h2>\n[\/et_pb_text][\/et_pb_column][\/et_pb_row][et_pb_row column_structure=\u00a0\u00bb1_4,1_4,1_4,1_4&Prime; _builder_version=\u00a0\u00bb4.27.6&Prime; _module_preset=\u00a0\u00bbdefault\u00a0\u00bb global_colors_info=\u00a0\u00bb{}\u00a0\u00bb][et_pb_column type=\u00a0\u00bb1_4&Prime; _builder_version=\u00a0\u00bb4.27.6&Prime; _module_preset=\u00a0\u00bbdefault\u00a0\u00bb global_colors_info=\u00a0\u00bb{}\u00a0\u00bb][et_pb_image src=\u00a0\u00bbhttp:\/\/mediagoras.fr\/exemple\/files\/2026\/07\/le-phare.png\u00a0\u00bb alt=\u00a0\u00bbM\u00e9diagora Lyon &#8211; Associations Troubles Anxieux\u00a0\u00bb title_text=\u00a0\u00bble phare\u00a0\u00bb url=\u00a0\u00bbhttp:\/\/www.phare.org\u00a0\u00bb _builder_version=\u00a0\u00bb4.27.6&Prime; _module_preset=\u00a0\u00bbdefault\u00a0\u00bb global_colors_info=\u00a0\u00bb{}\u00a0\u00bb][\/et_pb_image][et_pb_text _builder_version=\u00a0\u00bb4.27.6&Prime; _module_preset=\u00a0\u00bbdefault\u00a0\u00bb global_colors_info=\u00a0\u00bb{}\u00a0\u00bb]\n<p><a href=\"http:\/\/www.phare.org\/\" target=\"_blank\" rel=\"noopener noreferrer\">Le phare<\/a> <span style=\"font-size: small;\"> (pr\u00e9vention du suicide chez les jeunes)<\/span><\/p>\n[\/et_pb_text][\/et_pb_column][et_pb_column type=\u00a0\u00bb1_4&Prime; _builder_version=\u00a0\u00bb4.27.6&Prime; _module_preset=\u00a0\u00bbdefault\u00a0\u00bb global_colors_info=\u00a0\u00bb{}\u00a0\u00bb][et_pb_image src=\u00a0\u00bbhttp:\/\/mediagoras.fr\/exemple\/files\/2026\/07\/unafam.png\u00a0\u00bb alt=\u00a0\u00bbM\u00e9diagora Lyon &#8211; Associations Troubles Anxieux\u00a0\u00bb title_text=\u00a0\u00bbunafam\u00a0\u00bb url=\u00a0\u00bbhttp:\/\/www.unafam.org\/sinformer\/trouver-une-structure\u00a0\u00bb _builder_version=\u00a0\u00bb4.27.6&Prime; _module_preset=\u00a0\u00bbdefault\u00a0\u00bb global_colors_info=\u00a0\u00bb{}\u00a0\u00bb][\/et_pb_image][et_pb_text _builder_version=\u00a0\u00bb4.27.6&Prime; _module_preset=\u00a0\u00bbdefault\u00a0\u00bb global_colors_info=\u00a0\u00bb{}\u00a0\u00bb]\n<p><a href=\"http:\/\/www.unafam.org\/sinformer\/trouver-une-structure\" target=\"_blank\" rel=\"noopener noreferrer\">Liste de la plupart des G.E.M. en France<\/a>\u00a0<span class=\"Apple-style-span\" style=\"font-size: 10pt;\">(choisir \u00ab\u00a0GEM\u00a0\u00bb et votre d\u00e9partement ou r\u00e9gion dans le formulaire de recherche)<\/span><\/p>\n[\/et_pb_text][\/et_pb_column][et_pb_column type=\u00a0\u00bb1_4&Prime; _builder_version=\u00a0\u00bb4.27.6&Prime; _module_preset=\u00a0\u00bbdefault\u00a0\u00bb global_colors_info=\u00a0\u00bb{}\u00a0\u00bb][et_pb_image src=\u00a0\u00bbhttp:\/\/mediagoras.fr\/exemple\/files\/2026\/07\/ameli.png\u00a0\u00bb alt=\u00a0\u00bbM\u00e9diagora Lyon &#8211; Associations Troubles Anxieux\u00a0\u00bb title_text=\u00a0\u00bbameli\u00a0\u00bb url=\u00a0\u00bbhttps:\/\/www.ameli.fr\/assure\/sante\/themes\/sante-mentale-de-l-adulte\/sante-mentale-de-l-adulte-comment-etre-aide\u00a0\u00bb _builder_version=\u00a0\u00bb4.27.6&Prime; _module_preset=\u00a0\u00bbdefault\u00a0\u00bb global_colors_info=\u00a0\u00bb{}\u00a0\u00bb][\/et_pb_image][et_pb_text _builder_version=\u00a0\u00bb4.27.6&Prime; _module_preset=\u00a0\u00bbdefault\u00a0\u00bb global_colors_info=\u00a0\u00bb{}\u00a0\u00bb]\n<p><a title=\"Quelques autres num\u00e9ros d'\u00e9coute\" href=\"https:\/\/www.ameli.fr\/assure\/sante\/themes\/sante-mentale-de-l-adulte\/sante-mentale-de-l-adulte-comment-etre-aide\" target=\"_blank\" rel=\"noopener noreferrer\">Liste de N\u00b0 d&rsquo;\u00e9coute t\u00e9l\u00e9phonique et d&rsquo;aide d&rsquo;urgence<\/a> <span style=\"font-size: small;\"> (quelques autres num\u00e9ros &#8211; ATTENTION, certains sont payants, et les plus chers ne sont pas les meilleurs !)<\/span><\/p>\n[\/et_pb_text][\/et_pb_column][et_pb_column type=\u00a0\u00bb1_4&Prime; _builder_version=\u00a0\u00bb4.27.6&Prime; _module_preset=\u00a0\u00bbdefault\u00a0\u00bb global_colors_info=\u00a0\u00bb{}\u00a0\u00bb][et_pb_image src=\u00a0\u00bbhttp:\/\/mediagoras.fr\/exemple\/files\/2026\/07\/maison-des-adolescents-du-rhone.jpg\u00a0\u00bb title_text=\u00a0\u00bbmaison des adolescents du rhone\u00a0\u00bb url=\u00a0\u00bbhttp:\/\/www.maisondesados69.fr\/\u00a0\u00bb _builder_version=\u00a0\u00bb4.27.6&Prime; _module_preset=\u00a0\u00bbdefault\u00a0\u00bb global_colors_info=\u00a0\u00bb{}\u00a0\u00bb][\/et_pb_image][et_pb_text _builder_version=\u00a0\u00bb4.27.6&Prime; _module_preset=\u00a0\u00bbdefault\u00a0\u00bb global_colors_info=\u00a0\u00bb{}\u00a0\u00bb]\n<p><a href=\"http:\/\/www.maisondesados69.fr\/\">La maison des ados du Rh\u00f4ne<\/a><span>\u00a0 L\u2019accueil (t\u00e9l\u00e9phonique ou sur place) est gratuit et peut \u00eatre anonyme pour les ados en difficult\u00e9.<\/span><\/p>\n[\/et_pb_text][\/et_pb_column][\/et_pb_row][et_pb_row column_structure=\u00a0\u00bb1_4,1_4,1_4,1_4&Prime; _builder_version=\u00a0\u00bb4.27.6&Prime; _module_preset=\u00a0\u00bbdefault\u00a0\u00bb global_colors_info=\u00a0\u00bb{}\u00a0\u00bb][et_pb_column type=\u00a0\u00bb1_4&Prime; _builder_version=\u00a0\u00bb4.27.6&Prime; _module_preset=\u00a0\u00bbdefault\u00a0\u00bb global_colors_info=\u00a0\u00bb{}\u00a0\u00bb][et_pb_image src=\u00a0\u00bbhttp:\/\/mediagoras.fr\/exemple\/files\/2026\/07\/contact-rhone.jpg\u00a0\u00bb alt=\u00a0\u00bbM\u00e9diagora Lyon &#8211; Associations Troubles Anxieux\u00a0\u00bb title_text=\u00a0\u00bbcontact rhone\u00a0\u00bb url=\u00a0\u00bbhttps:\/\/www.asso-contact.org\/asso\/69&Prime; _builder_version=\u00a0\u00bb4.27.6&Prime; _module_preset=\u00a0\u00bbdefault\u00a0\u00bb global_colors_info=\u00a0\u00bb{}\u00a0\u00bb][\/et_pb_image][et_pb_text _builder_version=\u00a0\u00bb4.27.6&Prime; _module_preset=\u00a0\u00bbdefault\u00a0\u00bb global_colors_info=\u00a0\u00bb{}\u00a0\u00bb]\n<p><a href=\"http:\/\/www.asso-contact.org\/69\">Contact Rh\u00f4ne<\/a><span>\u00a0(association visant \u00e0 faciliter le diaglogue entre les gays et lesbiennes et leurs proches)<\/span><\/p>\n[\/et_pb_text][\/et_pb_column][et_pb_column type=\u00a0\u00bb1_4&Prime; _builder_version=\u00a0\u00bb4.27.6&Prime; _module_preset=\u00a0\u00bbdefault\u00a0\u00bb global_colors_info=\u00a0\u00bb{}\u00a0\u00bb][et_pb_image src=\u00a0\u00bbhttp:\/\/mediagoras.fr\/exemple\/files\/2026\/07\/icebergs.jpg\u00a0\u00bb alt=\u00a0\u00bbM\u00e9diagora Lyon &#8211; Associations Troubles Anxieux\u00a0\u00bb title_text=\u00a0\u00bbicebergs\u00a0\u00bb url=\u00a0\u00bbhttp:\/\/icebergs.free.fr\/\u00a0\u00bb _builder_version=\u00a0\u00bb4.27.6&Prime; _module_preset=\u00a0\u00bbdefault\u00a0\u00bb global_colors_info=\u00a0\u00bb{}\u00a0\u00bb][\/et_pb_image][et_pb_text _builder_version=\u00a0\u00bb4.27.6&Prime; _module_preset=\u00a0\u00bbdefault\u00a0\u00bb global_colors_info=\u00a0\u00bb{}\u00a0\u00bb]\n<p><a href=\"http:\/\/icebergs.free.fr\/\" target=\"_blank\" rel=\"noopener noreferrer\">Site d\u2019Icebergs<\/a><span>\u00a0(GEM lyonnais de personnes bipolaires)<\/span><\/p>\n[\/et_pb_text][\/et_pb_column][et_pb_column type=\u00a0\u00bb1_4&Prime; _builder_version=\u00a0\u00bb4.27.6&Prime; _module_preset=\u00a0\u00bbdefault\u00a0\u00bb global_colors_info=\u00a0\u00bb{}\u00a0\u00bb][\/et_pb_column][et_pb_column type=\u00a0\u00bb1_4&Prime; _builder_version=\u00a0\u00bb4.27.6&Prime; _module_preset=\u00a0\u00bbdefault\u00a0\u00bb global_colors_info=\u00a0\u00bb{}\u00a0\u00bb][\/et_pb_column][\/et_pb_row][et_pb_row _builder_version=\u00a0\u00bb4.27.6&Prime; _module_preset=\u00a0\u00bbdefault\u00a0\u00bb locked=\u00a0\u00bboff\u00a0\u00bb global_colors_info=\u00a0\u00bb{}\u00a0\u00bb][et_pb_column type=\u00a0\u00bb4_4&Prime; _builder_version=\u00a0\u00bb4.27.6&Prime; _module_preset=\u00a0\u00bbdefault\u00a0\u00bb global_colors_info=\u00a0\u00bb{}\u00a0\u00bb][et_pb_text _builder_version=\u00a0\u00bb4.27.6&Prime; _module_preset=\u00a0\u00bbdefault\u00a0\u00bb global_colors_info=\u00a0\u00bb{}\u00a0\u00bb]\n<h2><span class=\"ez-toc-section\" id=\"Harcelement\"><\/span>Harc\u00e8lement :<span class=\"ez-toc-section-end\"><\/span><\/h2>\n[\/et_pb_text][\/et_pb_column][\/et_pb_row][et_pb_row column_structure=\u00a0\u00bb1_3,1_3,1_3&Prime; _builder_version=\u00a0\u00bb4.27.6&Prime; _module_preset=\u00a0\u00bbdefault\u00a0\u00bb global_colors_info=\u00a0\u00bb{}\u00a0\u00bb][et_pb_column type=\u00a0\u00bb1_3&Prime; _builder_version=\u00a0\u00bb4.27.6&Prime; _module_preset=\u00a0\u00bbdefault\u00a0\u00bb global_colors_info=\u00a0\u00bb{}\u00a0\u00bb][et_pb_image src=\u00a0\u00bbhttp:\/\/mediagoras.fr\/exemple\/files\/2026\/07\/avht.png\u00a0\u00bb alt=\u00a0\u00bbM\u00e9diagora Lyon &#8211; Associations Troubles Anxieux\u00a0\u00bb title_text=\u00a0\u00bbavht\u00a0\u00bb url=\u00a0\u00bbhttp:\/\/www.avht.org\/\u00a0\u00bb _builder_version=\u00a0\u00bb4.27.6&Prime; _module_preset=\u00a0\u00bbdefault\u00a0\u00bb global_colors_info=\u00a0\u00bb{}\u00a0\u00bb][\/et_pb_image][et_pb_text _builder_version=\u00a0\u00bb4.27.6&Prime; _module_preset=\u00a0\u00bbdefault\u00a0\u00bb global_colors_info=\u00a0\u00bb{}\u00a0\u00bb]\n<p><a title=\"Site de l'association AVHT\" href=\"http:\/\/www.avht.org\/\" target=\"_blank\" rel=\"noopener noreferrer\">Association de Victimes de Harc\u00e8lement au Travail<\/a><\/p>\n[\/et_pb_text][\/et_pb_column][et_pb_column type=\u00a0\u00bb1_3&Prime; _builder_version=\u00a0\u00bb4.27.6&Prime; _module_preset=\u00a0\u00bbdefault\u00a0\u00bb global_colors_info=\u00a0\u00bb{}\u00a0\u00bb][et_pb_image src=\u00a0\u00bbhttp:\/\/mediagoras.fr\/exemple\/files\/2026\/07\/association-ajc.jpg\u00a0\u00bb alt=\u00a0\u00bbM\u00e9diagora Lyon &#8211; Associations Troubles Anxieux\u00a0\u00bb title_text=\u00a0\u00bbassociation-ajc\u00a0\u00bb url=\u00a0\u00bbhttp:\/\/www.ajc-violence.org\/\u00a0\u00bb _builder_version=\u00a0\u00bb4.27.6&Prime; _module_preset=\u00a0\u00bbdefault\u00a0\u00bb global_colors_info=\u00a0\u00bb{}\u00a0\u00bb][\/et_pb_image][et_pb_text _builder_version=\u00a0\u00bb4.27.6&Prime; _module_preset=\u00a0\u00bbdefault\u00a0\u00bb global_colors_info=\u00a0\u00bb{}\u00a0\u00bb]\n<p><a title=\"Site de l'association AJC\" href=\"http:\/\/www.ajc-violence.org\/\" target=\"_blank\" rel=\"noopener noreferrer\">Association AJC contre la violence intra-familiale<\/a><\/p>\n[\/et_pb_text][\/et_pb_column][et_pb_column type=\u00a0\u00bb1_3&Prime; _builder_version=\u00a0\u00bb4.27.6&Prime; _module_preset=\u00a0\u00bbdefault\u00a0\u00bb global_colors_info=\u00a0\u00bb{}\u00a0\u00bb][\/et_pb_column][\/et_pb_row][et_pb_row _builder_version=\u00a0\u00bb4.27.6&Prime; _module_preset=\u00a0\u00bbdefault\u00a0\u00bb locked=\u00a0\u00bboff\u00a0\u00bb global_colors_info=\u00a0\u00bb{}\u00a0\u00bb][et_pb_column type=\u00a0\u00bb4_4&Prime; _builder_version=\u00a0\u00bb4.27.6&Prime; _module_preset=\u00a0\u00bbdefault\u00a0\u00bb global_colors_info=\u00a0\u00bb{}\u00a0\u00bb][et_pb_text _builder_version=\u00a0\u00bb4.27.6&Prime; _module_preset=\u00a0\u00bbdefault\u00a0\u00bb global_colors_info=\u00a0\u00bb{}\u00a0\u00bb]\n<h2><span class=\"ez-toc-section\" id=\"Si_vous_vous_sentez_capable_de_rencontrer_dautres_personnes\"><\/span>Si vous vous sentez capable de rencontrer d&rsquo;autres personnes :<span class=\"ez-toc-section-end\"><\/span><\/h2>\n[\/et_pb_text][\/et_pb_column][\/et_pb_row][et_pb_row column_structure=\u00a0\u00bb1_5,1_5,1_5,1_5,1_5&Prime; _builder_version=\u00a0\u00bb4.27.6&Prime; _module_preset=\u00a0\u00bbdefault\u00a0\u00bb global_colors_info=\u00a0\u00bb{}\u00a0\u00bb][et_pb_column type=\u00a0\u00bb1_5&Prime; _builder_version=\u00a0\u00bb4.27.6&Prime; _module_preset=\u00a0\u00bbdefault\u00a0\u00bb global_colors_info=\u00a0\u00bb{}\u00a0\u00bb][et_pb_image src=\u00a0\u00bbhttp:\/\/mediagoras.fr\/exemple\/files\/2026\/07\/ovs.jpg\u00a0\u00bb title_text=\u00a0\u00bbovs\u00a0\u00bb _builder_version=\u00a0\u00bb4.27.6&Prime; _module_preset=\u00a0\u00bbdefault\u00a0\u00bb global_colors_info=\u00a0\u00bb{}\u00a0\u00bb][\/et_pb_image][et_pb_text _builder_version=\u00a0\u00bb4.27.6&Prime; _module_preset=\u00a0\u00bbdefault\u00a0\u00bb global_colors_info=\u00a0\u00bb{}\u00a0\u00bb]\n<p><span style=\"text-decoration: underline;\"><a href=\"https:\/\/lyon.onvasortir.com\/\">On Va Sortir<\/a><\/span><span><span style=\"text-decoration: underline;\"><a href=\"https:\/\/lyon.onvasortir.com\/\">\u00a0:<\/a><\/span> le site des rencontres amicales et sorties entre amis dans votre ville.<\/span><\/p>\n[\/et_pb_text][\/et_pb_column][et_pb_column type=\u00a0\u00bb1_5&Prime; _builder_version=\u00a0\u00bb4.27.6&Prime; _module_preset=\u00a0\u00bbdefault\u00a0\u00bb global_colors_info=\u00a0\u00bb{}\u00a0\u00bb][et_pb_image src=\u00a0\u00bbhttp:\/\/mediagoras.fr\/exemple\/files\/2026\/07\/timeleft.jpg\u00a0\u00bb title_text=\u00a0\u00bbtimeleft\u00a0\u00bb _builder_version=\u00a0\u00bb4.27.6&Prime; _module_preset=\u00a0\u00bbdefault\u00a0\u00bb global_colors_info=\u00a0\u00bb{}\u00a0\u00bb][\/et_pb_image][et_pb_text _builder_version=\u00a0\u00bb4.27.6&Prime; _module_preset=\u00a0\u00bbdefault\u00a0\u00bb global_colors_info=\u00a0\u00bb{}\u00a0\u00bb]\n<p><span style=\"text-decoration: underline;\"><a href=\"https:\/\/timeleft.com\/fr\/\">Timeleft<\/a> <\/span>: Des activit\u00e9s chaque semaine dans plus de 200 villes pour rencontrer des gens qui vous correspondent.<\/p>\n[\/et_pb_text][\/et_pb_column][et_pb_column type=\u00a0\u00bb1_5&Prime; _builder_version=\u00a0\u00bb4.27.6&Prime; _module_preset=\u00a0\u00bbdefault\u00a0\u00bb global_colors_info=\u00a0\u00bb{}\u00a0\u00bb][et_pb_image src=\u00a0\u00bbhttp:\/\/mediagoras.fr\/exemple\/files\/2026\/07\/meet5.jpg\u00a0\u00bb title_text=\u00a0\u00bbmeet5&Prime; _builder_version=\u00a0\u00bb4.27.6&Prime; _module_preset=\u00a0\u00bbdefault\u00a0\u00bb global_colors_info=\u00a0\u00bb{}\u00a0\u00bb][\/et_pb_image][et_pb_text _builder_version=\u00a0\u00bb4.27.6&Prime; _module_preset=\u00a0\u00bbdefault\u00a0\u00bb global_colors_info=\u00a0\u00bb{}\u00a0\u00bb]\n<p><span style=\"text-decoration: underline;\"><a href=\"http:\/\/meet5.fr\/\">Meet5<\/a><\/span> : participez \u00e0 des rencontres amicales en groupe, ou organisez vos propres sorties locales en toute s\u00e9curit\u00e9 et simplicit\u00e9<\/p>\n[\/et_pb_text][\/et_pb_column][et_pb_column type=\u00a0\u00bb1_5&Prime; _builder_version=\u00a0\u00bb4.27.6&Prime; _module_preset=\u00a0\u00bbdefault\u00a0\u00bb global_colors_info=\u00a0\u00bb{}\u00a0\u00bb][et_pb_image src=\u00a0\u00bbhttp:\/\/mediagoras.fr\/exemple\/files\/2026\/07\/entre-potes.jpg\u00a0\u00bb title_text=\u00a0\u00bbentre potes\u00a0\u00bb _builder_version=\u00a0\u00bb4.27.6&Prime; _module_preset=\u00a0\u00bbdefault\u00a0\u00bb global_colors_info=\u00a0\u00bb{}\u00a0\u00bb][\/et_pb_image][et_pb_text _builder_version=\u00a0\u00bb4.27.6&Prime; _module_preset=\u00a0\u00bbdefault\u00a0\u00bb global_colors_info=\u00a0\u00bb{}\u00a0\u00bb]\n<p><span style=\"text-decoration: underline;\"><a href=\"https:\/\/entrepotes.org\/\">Entre Potes<\/a><\/span> : L&rsquo;app qui te fait d\u00e9couvrir des activit\u00e9s et des amis autour de toi.<\/p>\n[\/et_pb_text][\/et_pb_column][et_pb_column type=\u00a0\u00bb1_5&Prime; _builder_version=\u00a0\u00bb4.27.6&Prime; _module_preset=\u00a0\u00bbdefault\u00a0\u00bb global_colors_info=\u00a0\u00bb{}\u00a0\u00bb][et_pb_image src=\u00a0\u00bbhttp:\/\/mediagoras.fr\/exemple\/files\/2026\/07\/frimake.jpg\u00a0\u00bb title_text=\u00a0\u00bbfrimake\u00a0\u00bb _builder_version=\u00a0\u00bb4.27.6&Prime; _module_preset=\u00a0\u00bbdefault\u00a0\u00bb global_colors_info=\u00a0\u00bb{}\u00a0\u00bb][\/et_pb_image][et_pb_text _builder_version=\u00a0\u00bb4.27.6&Prime; _module_preset=\u00a0\u00bbdefault\u00a0\u00bb global_colors_info=\u00a0\u00bb{}\u00a0\u00bb]\n<p><span style=\"text-decoration: underline;\"><a href=\"https:\/\/frimake.com\/\">Frimake<\/a> <\/span>: D\u00e9couvrez des activit\u00e9s sportives, ludiques et culturelles pr\u00e8s de chez vous.<\/p>\n[\/et_pb_text][\/et_pb_column][\/et_pb_row][et_pb_row _builder_version=\u00a0\u00bb4.27.6&Prime; _module_preset=\u00a0\u00bbdefault\u00a0\u00bb locked=\u00a0\u00bboff\u00a0\u00bb global_colors_info=\u00a0\u00bb{}\u00a0\u00bb][et_pb_column type=\u00a0\u00bb4_4&Prime; _builder_version=\u00a0\u00bb4.27.6&Prime; _module_preset=\u00a0\u00bbdefault\u00a0\u00bb global_colors_info=\u00a0\u00bb{}\u00a0\u00bb][et_pb_text _builder_version=\u00a0\u00bb4.27.6&Prime; _module_preset=\u00a0\u00bbdefault\u00a0\u00bb global_colors_info=\u00a0\u00bb{}\u00a0\u00bb]\n<h2><span class=\"ez-toc-section\" id=\"Si_votre_probleme_est_avant_tout_axe_sur_la_prise_de_parole_en_public\"><\/span>Si votre probl\u00e8me est avant tout ax\u00e9 sur la prise de parole en public :<span class=\"ez-toc-section-end\"><\/span><\/h2>\n[\/et_pb_text][\/et_pb_column][\/et_pb_row][et_pb_row column_structure=\u00a0\u00bb1_3,1_3,1_3&Prime; _builder_version=\u00a0\u00bb4.27.6&Prime; _module_preset=\u00a0\u00bbdefault\u00a0\u00bb global_colors_info=\u00a0\u00bb{}\u00a0\u00bb][et_pb_column type=\u00a0\u00bb1_3&Prime; _builder_version=\u00a0\u00bb4.27.6&Prime; _module_preset=\u00a0\u00bbdefault\u00a0\u00bb global_colors_info=\u00a0\u00bb{}\u00a0\u00bb][et_pb_image src=\u00a0\u00bbhttp:\/\/mediagoras.fr\/exemple\/files\/2026\/07\/toastmaters.jpg\u00a0\u00bb title_text=\u00a0\u00bbtoastmaters\u00a0\u00bb _builder_version=\u00a0\u00bb4.27.6&Prime; _module_preset=\u00a0\u00bbdefault\u00a0\u00bb global_colors_info=\u00a0\u00bb{}\u00a0\u00bb][\/et_pb_image][et_pb_text _builder_version=\u00a0\u00bb4.27.6&Prime; _module_preset=\u00a0\u00bbdefault\u00a0\u00bb global_colors_info=\u00a0\u00bb{}\u00a0\u00bb]\n<p><a href=\"http:\/\/www.toastmasters.org\/Find-a-Club\/\" target=\"_blank\" rel=\"noopener noreferrer\">Clubs ToastMasters<\/a> <span style=\"font-size: 10pt;\">(r\u00e9seau de Clubs pour maitriser la prise de parole en public)<\/span><\/p>\n[\/et_pb_text][\/et_pb_column][et_pb_column type=\u00a0\u00bb1_3&Prime; _builder_version=\u00a0\u00bb4.27.6&Prime; _module_preset=\u00a0\u00bbdefault\u00a0\u00bb global_colors_info=\u00a0\u00bb{}\u00a0\u00bb][et_pb_image src=\u00a0\u00bbhttp:\/\/mediagoras.fr\/exemple\/files\/2026\/07\/christophe-andre.jpg\u00a0\u00bb title_text=\u00a0\u00bbchristophe andr\u00e9\u00a0\u00bb _builder_version=\u00a0\u00bb4.27.6&Prime; _module_preset=\u00a0\u00bbdefault\u00a0\u00bb global_colors_info=\u00a0\u00bb{}\u00a0\u00bb][\/et_pb_image][et_pb_text _builder_version=\u00a0\u00bb4.27.6&Prime; _module_preset=\u00a0\u00bbdefault\u00a0\u00bb global_colors_info=\u00a0\u00bb{}\u00a0\u00bb]\n<p>Le<strong> <a title=\"Etats d'\u00e2me d'un psychiatre\" href=\"http:\/\/psychoactif.blogspot.fr\/\" target=\"_blank\" rel=\"noopener noreferrer\">blog de Christophe Andr\u00e9<\/a> :<\/strong>\u00a0Psychiatre sp\u00e9cialis\u00e9 dans les troubles anxieux, philosophe, moraliste, &#8230;\u00a0\u00a0 C. Andr\u00e9 est un peu tout \u00e7a \u00e0 la fois.<\/p>\n[\/et_pb_text][\/et_pb_column][et_pb_column type=\u00a0\u00bb1_3&Prime; _builder_version=\u00a0\u00bb4.27.6&Prime; _module_preset=\u00a0\u00bbdefault\u00a0\u00bb global_colors_info=\u00a0\u00bb{}\u00a0\u00bb][et_pb_image src=\u00a0\u00bbhttp:\/\/mediagoras.fr\/exemple\/files\/2026\/07\/passeport-sante.jpg\u00a0\u00bb title_text=\u00a0\u00bbpasseport sant\u00e9\u00a0\u00bb _builder_version=\u00a0\u00bb4.27.6&Prime; _module_preset=\u00a0\u00bbdefault\u00a0\u00bb global_colors_info=\u00a0\u00bb{}\u00a0\u00bb][\/et_pb_image][et_pb_text _builder_version=\u00a0\u00bb4.27.6&Prime; _module_preset=\u00a0\u00bbdefault\u00a0\u00bb global_colors_info=\u00a0\u00bb{}\u00a0\u00bb]\n<p>Enfin, <a href=\"http:\/\/www.passeportsante.net\/fr\/Therapies\/Guide\/Fiche.aspx?doc=psychotherapies_th\"><strong> un article <\/strong>sur les diff\u00e9rentes sortes de psychoth\u00e9rapies.<\/a><\/p>\n[\/et_pb_text][\/et_pb_column][\/et_pb_row][et_pb_row admin_label=\u00a0\u00bbrow\u00a0\u00bb _builder_version=\u00a0\u00bb4.16&Prime; background_size=\u00a0\u00bbinitial\u00a0\u00bb background_position=\u00a0\u00bbtop_left\u00a0\u00bb background_repeat=\u00a0\u00bbrepeat\u00a0\u00bb custom_margin=\u00a0\u00bb-3px|auto||auto||\u00a0\u00bb global_colors_info=\u00a0\u00bb{}\u00a0\u00bb][et_pb_column type=\u00a0\u00bb4_4&Prime; _builder_version=\u00a0\u00bb4.16&Prime; custom_padding=\u00a0\u00bb|||\u00a0\u00bb global_colors_info=\u00a0\u00bb{}\u00a0\u00bb custom_padding__hover=\u00a0\u00bb|||\u00a0\u00bb][et_pb_text admin_label=\u00a0\u00bbText\u00a0\u00bb _builder_version=\u00a0\u00bb4.27.6&Prime; background_size=\u00a0\u00bbinitial\u00a0\u00bb background_position=\u00a0\u00bbtop_left\u00a0\u00bb background_repeat=\u00a0\u00bbrepeat\u00a0\u00bb custom_padding=\u00a0\u00bb20px|||||\u00a0\u00bb global_colors_info=\u00a0\u00bb{}\u00a0\u00bb]\n<p>Vous trouverez bien s\u00fbr beaucoup d&rsquo;autres liens dans les sites mentionn\u00e9s ci-dessus. Nous ne pouvons pas vous garantir la pertinence de ces liens indirects.<\/p>\n<p>Vous pouvez nous signaler les liens p\u00e9rim\u00e9s ou douteux, ou encore nous sugg\u00e9rer de mentionner d&rsquo;autres sites, en nous \u00e9crivant \u00e0 l&rsquo;adresse suivante : mediagoras (\u00e0) free.fr <span style=\"font-size: 10pt;\">\u00a0(r\u00e9tablir l&rsquo;adresse avant usage !) \u00a0<span style=\"font-size: 12pt;\">ou bien en utilisant notre <a href=\"https:\/\/mediagoras.fr\/exemple\/nous-contacter\/\">formulaire de contact<\/a>. Merci d&rsquo;avance.<\/span><\/span><\/p>\n[\/et_pb_text][\/et_pb_column][\/et_pb_row][\/et_pb_section]\n","protected":false},"excerpt":{"rendered":"<p>Liens de M\u00e9diagora LyonAvertissement ! Vous pouvez parcourir cette page en 30 secondes, mais si vous souhaitez en retirer vraiment du profit, ciblez un domaine pr\u00e9cis ou bien pr\u00e9voyez d&rsquo;y revenir. Si vous voulez en savoir plus sur les troubles anxieux en g\u00e9n\u00e9ral, et sur les autres associations concern\u00e9es, nous vous conseillons d&rsquo;aller butiner les [&hellip;]<\/p>\n","protected":false},"author":38,"featured_media":0,"parent":0,"menu_order":0,"comment_status":"closed","ping_status":"closed","template":"","meta":{"_et_pb_use_builder":"on","_et_pb_old_content":"<h5 style=\"text-align: right\">Derni\u00e8re mise \u00e0 jour de cette page le 18-03-2026<\/h5>\r\n<h3 style=\"text-align: center\"><em><strong>Avertissement !<\/strong> Vous pouvez parcourir cette page en 30 secondes, mais si vous souhaitez en retirer vraiment du profit, ciblez un domaine pr\u00e9cis ou bien pr\u00e9voyez d'y revenir.<\/em><\/h3>\r\n<h3>Si vous voulez en savoir plus sur les troubles anxieux en g\u00e9n\u00e9ral, et sur les autres associations concern\u00e9es, nous vous conseillons d'aller butiner les sites suivants (liste non exhaustive) :<\/h3>\r\n<strong><span style=\"text-decoration: underline\">Les autres associations <span style=\"color: #99cc00\">M\u00e9diagora<\/span> en France:<\/span><\/strong>\r\n\r\n<a href=\"\/exemple\/nous-contacter\/associations-mediagora\/\">Liste des associations M\u00e9diagora <\/a>\r\n\r\n<strong><span style=\"text-decoration: underline\">Autres associations d'anxieux et phobiques:<\/span><\/strong>\r\n\r\n<a href=\"http:\/\/www.revivre-france.org\" target=\"_blank\" rel=\"noopener\">Revivre France<\/a> : association bas\u00e9e \u00e0 Toulouse, mais accueillant tous les anxieux francophones dans ses r\u00e9unions en visio-conf\u00e9rence.\r\n\r\n\"S'en sortir ASBL\" association belge francophone.\r\n\r\nAgorafolk\u00a0 \u00a0(association fran\u00e7aise).\r\n\r\n<strong>Diagnostic et Soins :<\/strong>\r\n\r\n<a href=\"http:\/\/www.aftcc.org\">Le site de l'AFTCC<\/a>\u00a0 (comportant un annuaire de th\u00e9rapeutes)\r\n\r\n<a href=\"https:\/\/www.emdr-france.org\/fr\/\">Pour l'EMDR en France<\/a>\u00a0 (comporte aussi un annuaire de th\u00e9rapeutes)\r\n\r\n<span class=\"Apple-style-span\">Pour faire un pr\u00e9-diagnostic :\u00a0<a href=\"http:\/\/www.psychomedia.qc.ca\/psychologie\/tests-psychologiques\" target=\"_blank\" rel=\"noopener noreferrer\">Les test en ligne de Psychom\u00e9dia<\/a>\u00a0(\u00e0 faire valider ensuite par un professionnel de la sant\u00e9 mentale)<\/span>\r\n\r\n<strong><span style=\"text-decoration: underline\">Autres sites consacr\u00e9s \u00e0 l'anxi\u00e9t\u00e9 et\/ou aux phobies<\/span><\/strong>:\r\n\r\n<a title=\"Site et forum d'entraide : agoraphobie et autres phobies\" href=\"http:\/\/www.deploie-tes-ailes.org\/\" target=\"_blank\" rel=\"noopener noreferrer\">Forum D\u00e9ploie-tes-ailes<\/a> (site et forum d'entraide)\r\n<a href=\"https:\/\/phobie-scolaire.org\/\" target=\"_blank\" rel=\"noopener noreferrer\">Phobie Scolaire<\/a> (site et forum consacr\u00e9 \u00e0 la phobie scolaire)\r\n<a href=\"http:\/\/emetophobie.forumpro.fr\/\" target=\"_blank\" rel=\"noopener noreferrer\">Em\u00e9tophobie<\/a> (peur de vomir)\r\n<a href=\"http:\/\/www.laxophobie.fr\/\" target=\"_blank\" rel=\"noopener noreferrer\">Forum consacr\u00e9 \u00e0 la Laxophobie <\/a> (peur de perdre ses selles)\r\n<h3><strong>Sites d'information sur les autres troubles parfois associ\u00e9s aux troubles anxieux <\/strong>:<\/h3>\r\n- Site d'informaton tr\u00e8s complet sur tous les troubles psychiques et les aides possibles : <a href=\"https:\/\/www.psycom.org\/\">PSYCOM<\/a>\r\n\r\n- Association contre la d\u00e9pression: <a href=\"https:\/\/francedepression.fr\/\">Association France D\u00e9pression<\/a>\r\n\r\n<a title=\"Site de l'AFTOC\" href=\"http:\/\/www.aftoc.org\/\" target=\"_blank\" rel=\"noopener noreferrer\">Site de l'AFTOC<\/a>\u00a0 \u00a0(Troubles Obsessionnels et Compulsifs)\r\n\r\n- Trouble du d\u00e9ficit de l'attention avec ou sans hyperactivit\u00e9 (TDA\/H): <a href=\"https:\/\/www.tdah-france.fr\/\">Association HyperSupers TDAH France<\/a>\r\n\r\nPr\u00e9sentation du TDA\/H: <a href=\"https:\/\/docs.google.com\/presentation\/d\/1pX3-KGUWLL68v2ALBf_97mWRiUx16uKw\/edit?usp=share_link&ouid=110618061508199864016&rtpof=true&sd=true\">Lien vers la pr\u00e9sentation du TDA\/H<\/a>\r\n\r\n- Trouble de la personnalit\u00e9 borderline: <a href=\"https:\/\/www.chu-montpellier.fr\/fr\/professionnels\/journalistes-media\/actualites\/un-nouveau-centre-de-therapies-des-troubles-de-lhumeur-et-emotionnels-a-la-colombiere-5166\">Pole expert du trouble Borderline \u00e0 Montpellier<\/a>\r\n\r\n<a href=\"https:\/\/www.youtube.com\/channel\/UCc5x0--sEez_d3TgOrCnbfQ\">Cha\u00eene Youtube de M\u00e9diagora<\/a>\r\n\r\nCette cha\u00eene pr\u00e9sente d\u00e9j\u00e0 des liens sur des vid\u00e9os \u00e0 propos des troubles anxieux, ainsi que d'autres troubles, soit apparent\u00e9s, soit susceptibles d'\u00eatre pr\u00e9sent chez certains anxieux en plus de leur anxi\u00e9t\u00e9 (co-morbidit\u00e9s).\r\n<h3><strong>Annuaires d'associations:<\/strong><\/h3>\r\n<strong>Psycom<\/strong> (c'est aussi un annuaire en ligne, un des plus complets sur les troubles psy) : <a href=\"https:\/\/www.psycom.org\/\">PSYCOM<\/a>\r\n\r\n\u00a0\r\n\r\n<strong><span style=\"text-decoration: underline\">Organismes d'\u00e9coute t\u00e9l\u00e9phonique (et\/ou en face \u00e0 face):<\/span><\/strong>\r\n<a href=\"http:\/\/www.la-porte-ouverte.fr\/\" target=\"_blank\" rel=\"noopener noreferrer\">\"La Porte Ouverte\"<\/a>\u00a0(plusieurs villes en France)\r\n<a href=\"http:\/\/www.astree.asso.fr\/\" target=\"_blank\" rel=\"noopener noreferrer\">\"Association Astr\u00e9e\"<\/a>\u00a0 (idem)\r\n<a href=\"http:\/\/www.sos-amitie.com\/\" target=\"_blank\" rel=\"noopener noreferrer\">S.O.S Amiti\u00e9 <\/a>\u00a0 \u00a0 \u00a0 \u00a0 \u00a0 \u00a0 \u00a0(idem)\r\n<a href=\"https:\/\/www.sos-suicide-phenix.org\/\" target=\"_blank\" rel=\"noopener noreferrer\">SOS Suicide Ph\u00e9nix<\/a>\u00a0<span style=\"font-size: small\">(\u00e9coute anonyme avec possibilit\u00e9, dans certaines villes, de rencontrer l'\u00e9quipe)<\/span>\r\n<a href=\"http:\/\/www.phare.org\/\" target=\"_blank\" rel=\"noopener noreferrer\">Le phare<\/a> <span style=\"font-size: small\"> (pr\u00e9vention du suicide chez les jeunes)<\/span>\r\n<a href=\"http:\/\/www.unafam.org\/sinformer\/trouver-une-structure\" target=\"_blank\" rel=\"noopener noreferrer\">Liste de la plupart des G.E.M. en France<\/a>\u00a0<span class=\"Apple-style-span\" style=\"font-size: 10pt\">(choisir \"GEM\" et votre d\u00e9partement ou r\u00e9gion dans le formulaire de recherche)<\/span>\r\n<a title=\"Quelques autres num\u00e9ros d'\u00e9coute\" href=\"https:\/\/www.ameli.fr\/assure\/sante\/themes\/sante-mentale-de-l-adulte\/sante-mentale-de-l-adulte-comment-etre-aide\" target=\"_blank\" rel=\"noopener noreferrer\"> Liste de N\u00b0 d'\u00e9coute t\u00e9l\u00e9phonique et d'aide d'urgence<\/a> <span style=\"font-size: small\"> (quelques autres num\u00e9ros - ATTENTION, certains sont payant, et les plus chers ne sont pas les meilleurs !) <\/span>\r\n\r\n<strong><span style=\"text-decoration: underline\">Harc\u00e8lement:<\/span><\/strong>\r\n<a title=\"Site de l'association AVHT\" href=\"http:\/\/www.avht.org\/\" target=\"_blank\" rel=\"noopener noreferrer\">Association de Victimes de Harc\u00e8lement au Travail<\/a>\r\n<a title=\"Site de l'association AJC\" href=\"http:\/\/www.ajc-violence.org\/\" target=\"_blank\" rel=\"noopener noreferrer\">Association AJC contre la violence intra-familiale<\/a>\r\n\r\n\u00a0\r\n\r\n<strong><span style=\"text-decoration: underline\">Si vous vous sentez capable de rencontrer d'autres personnes:<\/span><\/strong>\r\n<a href=\"http:\/\/www.onvasortir.com\/\" target=\"_blank\" rel=\"noopener noreferrer\">On Va Sortir (site de rencontres amicales payant)<\/a>\r\n\r\n<strong><span style=\"text-decoration: underline\">Si votre probl\u00e8me est avant tout ax\u00e9s sur la prise de parole en public:<\/span><\/strong>\r\n<a href=\"http:\/\/www.toastmasters.org\/Find-a-Club\/\" target=\"_blank\" rel=\"noopener noreferrer\">Clubs ToastMasters<\/a> <span style=\"font-size: 10pt\">(r\u00e9seau de Clubs pour maitriser la prise de parole en public)<\/span>\r\n\r\nLe<strong> <a title=\"Etats d'\u00e2me d'un psychiatre\" href=\"http:\/\/psychoactif.blogspot.fr\/\" target=\"_blank\" rel=\"noopener noreferrer\">blog de Christophe Andr\u00e9<\/a>\u00a0<\/strong>\u00a0 Psychiatre sp\u00e9cialis\u00e9 dans les troubles anxieux, philosophe, moraliste, ...\u00a0\u00a0 C. Andr\u00e9 est un peu tout \u00e7a \u00e0 la fois.\r\n\r\nEnfin, <a href=\"http:\/\/www.passeportsante.net\/fr\/Therapies\/Guide\/Fiche.aspx?doc=psychotherapies_th\"><strong> un article\u00a0<\/strong> sur les diff\u00e9rentes sortes de psychoth\u00e9rapies<\/a>\r\n<h3>Vous trouverez bien s\u00fbr beaucoup d'autres liens dans les sites mentionn\u00e9s ci-dessus. Nous ne pouvons pas vous garantir la pertinence de ces liens indirects.<\/h3>\r\nVous pouvez nous signaler les liens p\u00e9rim\u00e9s ou douteux, ou encore nous sugg\u00e9rer de mentionner d'autres sites, en nous \u00e9crivant \u00e0 l'adresse suivante: mediagoras (\u00e0) free.fr <span style=\"font-size: 10pt\">\u00a0(r\u00e9tablir l'adresse avant usage !) \u00a0<span style=\"font-size: 12pt\">ou bien en utilisant notre <a href=\"\/exemple\/nous-contacter\/formulaire-contact\/\">formulaire de contact<\/a>. Merci d'avance.<\/span><\/span>","_et_gb_content_width":"","footnotes":""},"class_list":["post-811","page","type-page","status-publish","hentry"],"yoast_head":"<!-- This site is optimized with the Yoast SEO plugin v28.3 - https:\/\/yoast.com\/product\/yoast-seo-wordpress\/ -->\n<title>Liens - M\u00e9diagoras Lyon<\/title>\n<meta name=\"description\" content=\"Liens de M\u00e9diagoras Lyon : nous vous conseillons d\u2019aller butiner les sites de cette page pour en apprendre un peu plus sur les pathologies.\" \/>\n<meta name=\"robots\" content=\"index, follow, max-snippet:-1, max-image-preview:large, max-video-preview:-1\" \/>\n<link rel=\"canonical\" href=\"https:\/\/mediagoras.fr\/exemple\/liens\/\" \/>\n<meta property=\"og:locale\" content=\"fr_FR\" \/>\n<meta property=\"og:type\" content=\"article\" \/>\n<meta property=\"og:title\" content=\"Liens - M\u00e9diagoras Lyon\" \/>\n<meta property=\"og:description\" content=\"Liens de M\u00e9diagoras Lyon : nous vous conseillons d\u2019aller butiner les sites de cette page pour en apprendre un peu plus sur les pathologies.\" \/>\n<meta property=\"og:url\" content=\"https:\/\/mediagoras.fr\/exemple\/liens\/\" \/>\n<meta property=\"og:site_name\" content=\"M\u00e9diagoras Lyon\" \/>\n<meta property=\"article:modified_time\" content=\"2026-08-31T19:17:44+00:00\" \/>\n<meta name=\"twitter:card\" content=\"summary_large_image\" \/>\n<meta name=\"twitter:label1\" content=\"Dur\u00e9e de lecture estim\u00e9e\" \/>\n\t<meta name=\"twitter:data1\" content=\"13 minutes\" \/>\n<script type=\"application\/ld+json\" class=\"yoast-schema-graph\">{\"@context\":\"https:\\\/\\\/schema.org\",\"@graph\":[{\"@type\":\"WebPage\",\"@id\":\"https:\\\/\\\/mediagoras.fr\\\/exemple\\\/liens\\\/\",\"url\":\"https:\\\/\\\/mediagoras.fr\\\/exemple\\\/liens\\\/\",\"name\":\"Liens - M\u00e9diagoras Lyon\",\"isPartOf\":{\"@id\":\"https:\\\/\\\/mediagoras.fr\\\/exemple\\\/#website\"},\"datePublished\":\"2026-03-17T23:18:39+00:00\",\"dateModified\":\"2026-08-31T19:17:44+00:00\",\"description\":\"Liens de M\u00e9diagoras Lyon : nous vous conseillons d\u2019aller butiner les sites de cette page pour en apprendre un peu plus sur les pathologies.\",\"breadcrumb\":{\"@id\":\"https:\\\/\\\/mediagoras.fr\\\/exemple\\\/liens\\\/#breadcrumb\"},\"inLanguage\":\"fr-FR\",\"potentialAction\":[{\"@type\":\"ReadAction\",\"target\":[\"https:\\\/\\\/mediagoras.fr\\\/exemple\\\/liens\\\/\"]}]},{\"@type\":\"BreadcrumbList\",\"@id\":\"https:\\\/\\\/mediagoras.fr\\\/exemple\\\/liens\\\/#breadcrumb\",\"itemListElement\":[{\"@type\":\"ListItem\",\"position\":1,\"name\":\"Accueil\",\"item\":\"https:\\\/\\\/mediagoras.fr\\\/exemple\\\/\"},{\"@type\":\"ListItem\",\"position\":2,\"name\":\"Liens\"}]},{\"@type\":\"WebSite\",\"@id\":\"https:\\\/\\\/mediagoras.fr\\\/exemple\\\/#website\",\"url\":\"https:\\\/\\\/mediagoras.fr\\\/exemple\\\/\",\"name\":\"M\u00e9diagoras Lyon\",\"description\":\"Un site utilisant R\u00e9seau Mediagora\",\"potentialAction\":[{\"@type\":\"SearchAction\",\"target\":{\"@type\":\"EntryPoint\",\"urlTemplate\":\"https:\\\/\\\/mediagoras.fr\\\/exemple\\\/?s={search_term_string}\"},\"query-input\":{\"@type\":\"PropertyValueSpecification\",\"valueRequired\":true,\"valueName\":\"search_term_string\"}}],\"inLanguage\":\"fr-FR\"}]}<\/script>\n<!-- \/ Yoast SEO plugin. -->","yoast_head_json":{"title":"Liens - M\u00e9diagoras Lyon","description":"Liens de M\u00e9diagoras Lyon : nous vous conseillons d\u2019aller butiner les sites de cette page pour en apprendre un peu plus sur les pathologies.","robots":{"index":"index","follow":"follow","max-snippet":"max-snippet:-1","max-image-preview":"max-image-preview:large","max-video-preview":"max-video-preview:-1"},"canonical":"https:\/\/mediagoras.fr\/exemple\/liens\/","og_locale":"fr_FR","og_type":"article","og_title":"Liens - M\u00e9diagoras Lyon","og_description":"Liens de M\u00e9diagoras Lyon : nous vous conseillons d\u2019aller butiner les sites de cette page pour en apprendre un peu plus sur les pathologies.","og_url":"https:\/\/mediagoras.fr\/exemple\/liens\/","og_site_name":"M\u00e9diagoras Lyon","article_modified_time":"2026-08-31T19:17:44+00:00","twitter_card":"summary_large_image","twitter_misc":{"Dur\u00e9e de lecture estim\u00e9e":"13 minutes"},"schema":{"@context":"https:\/\/schema.org","@graph":[{"@type":"WebPage","@id":"https:\/\/mediagoras.fr\/exemple\/liens\/","url":"https:\/\/mediagoras.fr\/exemple\/liens\/","name":"Liens - M\u00e9diagoras Lyon","isPartOf":{"@id":"https:\/\/mediagoras.fr\/exemple\/#website"},"datePublished":"2026-03-17T23:18:39+00:00","dateModified":"2026-08-31T19:17:44+00:00","description":"Liens de M\u00e9diagoras Lyon : nous vous conseillons d\u2019aller butiner les sites de cette page pour en apprendre un peu plus sur les pathologies.","breadcrumb":{"@id":"https:\/\/mediagoras.fr\/exemple\/liens\/#breadcrumb"},"inLanguage":"fr-FR","potentialAction":[{"@type":"ReadAction","target":["https:\/\/mediagoras.fr\/exemple\/liens\/"]}]},{"@type":"BreadcrumbList","@id":"https:\/\/mediagoras.fr\/exemple\/liens\/#breadcrumb","itemListElement":[{"@type":"ListItem","position":1,"name":"Accueil","item":"https:\/\/mediagoras.fr\/exemple\/"},{"@type":"ListItem","position":2,"name":"Liens"}]},{"@type":"WebSite","@id":"https:\/\/mediagoras.fr\/exemple\/#website","url":"https:\/\/mediagoras.fr\/exemple\/","name":"M\u00e9diagoras Lyon","description":"Un site utilisant R\u00e9seau Mediagora","potentialAction":[{"@type":"SearchAction","target":{"@type":"EntryPoint","urlTemplate":"https:\/\/mediagoras.fr\/exemple\/?s={search_term_string}"},"query-input":{"@type":"PropertyValueSpecification","valueRequired":true,"valueName":"search_term_string"}}],"inLanguage":"fr-FR"}]}},"_links":{"self":[{"href":"https:\/\/mediagoras.fr\/exemple\/wp-json\/wp\/v2\/pages\/811","targetHints":{"allow":["GET"]}}],"collection":[{"href":"https:\/\/mediagoras.fr\/exemple\/wp-json\/wp\/v2\/pages"}],"about":[{"href":"https:\/\/mediagoras.fr\/exemple\/wp-json\/wp\/v2\/types\/page"}],"author":[{"embeddable":true,"href":"https:\/\/mediagoras.fr\/exemple\/wp-json\/wp\/v2\/users\/38"}],"replies":[{"embeddable":true,"href":"https:\/\/mediagoras.fr\/exemple\/wp-json\/wp\/v2\/comments?post=811"}],"version-history":[{"count":92,"href":"https:\/\/mediagoras.fr\/exemple\/wp-json\/wp\/v2\/pages\/811\/revisions"}],"predecessor-version":[{"id":3926,"href":"https:\/\/mediagoras.fr\/exemple\/wp-json\/wp\/v2\/pages\/811\/revisions\/3926"}],"wp:attachment":[{"href":"https:\/\/mediagoras.fr\/exemple\/wp-json\/wp\/v2\/media?parent=811"}],"curies":[{"name":"wp","href":"https:\/\/api.w.org\/{rel}","templated":true}]}}