{"version":"1.0","provider_name":"M\u00e9diagora Lyon","provider_url":"https:\/\/mediagoras.fr\/lyon","author_name":"coordinateur","author_url":"https:\/\/mediagoras.fr\/lyon\/author\/coordinateur\/","title":"Agenda 2011-2012 - M\u00e9diagora Lyon","type":"rich","width":600,"height":338,"html":"<blockquote class=\"wp-embedded-content\" data-secret=\"RV83n2u8nx\"><a href=\"https:\/\/mediagoras.fr\/lyon\/agenda-2011-2012\/\">Agenda 2011-2012<\/a><\/blockquote><iframe sandbox=\"allow-scripts\" security=\"restricted\" src=\"https:\/\/mediagoras.fr\/lyon\/agenda-2011-2012\/embed\/#?secret=RV83n2u8nx\" width=\"600\" height=\"338\" title=\"\u00ab\u00a0Agenda 2011-2012\u00a0\u00bb &#8212; M\u00e9diagora Lyon\" data-secret=\"RV83n2u8nx\" frameborder=\"0\" marginwidth=\"0\" marginheight=\"0\" scrolling=\"no\" class=\"wp-embedded-content\"><\/iframe><script type=\"text\/javascript\">\n\/* <![CDATA[ *\/\n\/*! This file is auto-generated *\/\n!function(d,l){\"use strict\";l.querySelector&&d.addEventListener&&\"undefined\"!=typeof URL&&(d.wp=d.wp||{},d.wp.receiveEmbedMessage||(d.wp.receiveEmbedMessage=function(e){var t=e.data;if((t||t.secret||t.message||t.value)&&!\/[^a-zA-Z0-9]\/.test(t.secret)){for(var s,r,n,a=l.querySelectorAll('iframe[data-secret=\"'+t.secret+'\"]'),o=l.querySelectorAll('blockquote[data-secret=\"'+t.secret+'\"]'),c=new RegExp(\"^https?:$\",\"i\"),i=0;i<o.length;i++)o[i].style.display=\"none\";for(i=0;i<a.length;i++)s=a[i],e.source===s.contentWindow&&(s.removeAttribute(\"style\"),\"height\"===t.message?(1e3<(r=parseInt(t.value,10))?r=1e3:~~r<200&&(r=200),s.height=r):\"link\"===t.message&&(r=new URL(s.getAttribute(\"src\")),n=new URL(t.value),c.test(n.protocol))&&n.host===r.host&&l.activeElement===s&&(d.top.location.href=t.value))}},d.addEventListener(\"message\",d.wp.receiveEmbedMessage,!1),l.addEventListener(\"DOMContentLoaded\",function(){for(var e,t,s=l.querySelectorAll(\"iframe.wp-embedded-content\"),r=0;r<s.length;r++)(t=(e=s[r]).getAttribute(\"data-secret\"))||(t=Math.random().toString(36).substring(2,12),e.src+=\"#?secret=\"+t,e.setAttribute(\"data-secret\",t)),e.contentWindow.postMessage({message:\"ready\",secret:t},\"*\")},!1)))}(window,document);\n\/\/# sourceURL=https:\/\/mediagoras.fr\/lyon\/wp-includes\/js\/wp-embed.min.js\n\/* ]]> *\/\n<\/script>\n","description":"Cette ann\u00e9e a \u00e9t\u00e9 pour notre association celle du renouveau ! En effet, non seulement nous avons b\u00e9n\u00e9fici\u00e9 de l\u2019intervention b\u00e9n\u00e9vole de nouveaux animateurs, nous allons f\u00eater notre 10\u00e8me anniversaire, et nous avons d\u00e9j\u00e0 inaugur\u00e9 un nouveau lieu de r\u00e9union. 1\u00e8re nouveaut\u00e9, les annonces de cet agenda sont en ordre chronologique inverse, comme les articles [&hellip;]"}